{"id":1662,"date":"2021-06-21T09:22:23","date_gmt":"2021-06-21T12:22:23","guid":{"rendered":"https:\/\/latec.uff.br\/mba\/?page_id=1662"},"modified":"2021-08-20T11:49:39","modified_gmt":"2021-08-20T14:49:39","slug":"depoimentos","status":"publish","type":"page","link":"https:\/\/latec.uff.br\/mba\/depoimentos\/","title":{"rendered":"Depoimentos"},"content":{"rendered":"\t\t<div data-elementor-type=\"wp-page\" data-elementor-id=\"1662\" class=\"elementor elementor-1662\" data-elementor-settings=\"[]\">\n\t\t\t\t\t\t\t<div class=\"elementor-section-wrap\">\n\t\t\t\t\t\t\t<section class=\"elementor-section elementor-top-section elementor-element elementor-element-0c1cec0 elementor-section-boxed elementor-section-height-default elementor-section-height-default\" data-id=\"0c1cec0\" data-element_type=\"section\" data-settings=\"{&quot;background_background&quot;:&quot;classic&quot;}\">\n\t\t\t\t\t\t\t<div class=\"elementor-background-overlay\"><\/div>\n\t\t\t\t\t\t\t<div class=\"elementor-container elementor-column-gap-no\">\n\t\t\t\t\t<div class=\"elementor-column elementor-col-100 elementor-top-column elementor-element elementor-element-0565cc7\" data-id=\"0565cc7\" data-element_type=\"column\">\n\t\t\t<div class=\"elementor-widget-wrap elementor-element-populated\">\n\t\t\t\t\t\t\t\t<div class=\"elementor-element elementor-element-f8d1dde elementor-widget elementor-widget-heading\" data-id=\"f8d1dde\" data-element_type=\"widget\" data-widget_type=\"heading.default\">\n\t\t\t\t<div class=\"elementor-widget-container\">\n\t\t\t<h1 class=\"elementor-heading-title elementor-size-default\">Depoimentos<\/h1>\t\t<\/div>\n\t\t\t\t<\/div>\n\t\t\t\t\t<\/div>\n\t\t<\/div>\n\t\t\t\t\t\t\t<\/div>\n\t\t<\/section>\n\t\t\t\t<section class=\"elementor-section elementor-top-section elementor-element elementor-element-9b08245 elementor-section-boxed elementor-section-height-default elementor-section-height-default\" data-id=\"9b08245\" data-element_type=\"section\">\n\t\t\t\t\t\t<div class=\"elementor-container elementor-column-gap-default\">\n\t\t\t\t\t<div class=\"elementor-column elementor-col-100 elementor-top-column elementor-element elementor-element-d466448\" data-id=\"d466448\" data-element_type=\"column\">\n\t\t\t<div class=\"elementor-widget-wrap elementor-element-populated\">\n\t\t\t\t\t\t\t\t<div class=\"elementor-element elementor-element-9c4cd7a elementor-invisible elementor-widget elementor-widget-elementskit-testimonial\" data-id=\"9c4cd7a\" data-element_type=\"widget\" data-settings=\"{&quot;_animation&quot;:&quot;bounceInUp&quot;}\" data-widget_type=\"elementskit-testimonial.default\">\n\t\t\t\t<div class=\"elementor-widget-container\">\n\t\t\t<div class=\"ekit-wid-con\" ><div class=\"elementskit-testimonial-slider ekit_testimonial_style_5\" data-config=\"{&quot;rtl&quot;:false,&quot;arrows&quot;:true,&quot;dots&quot;:true,&quot;pauseOnHover&quot;:true,&quot;prevArrow&quot;:&quot;icon icon-left-arrow2&quot;,&quot;nextArrow&quot;:&quot;icon icon-right-arrow2&quot;,&quot;autoplay&quot;:true,&quot;autoplaySpeed&quot;:5000,&quot;infinite&quot;:true,&quot;slidesToShow&quot;:1,&quot;slidesToScroll&quot;:1,&quot;responsive&quot;:[]}\">\n\t\t<div class=\"elementskit-single-testimonial-slider elementskit-testimonial-slider-block-style elementskit-testimonial-slider-block-style-two elementor-repeater-item-696e415\">\n        <div class=\"elementskit-commentor-header\">\n\t\t\t\n            \t\t<\/div>\n\t\t\n        \t\t\t<div class=\"elementskit-commentor-content\"><p>Tenho um querido amigo espanhol, um engenheiro que abra\u00e7ou a educa\u00e7\u00e3o, que diz que voc\u00ea pode organizar a sua vida inteira, por\u00e9m a melhor coisa que vai lhe acontecer \u2013 e que, justamente, vai fazer toda a diferen\u00e7a na sua vida \u2013 \u00e9 o inesperado.\n\nMinha vida tem sido pautada pelos \u201cinesperados\u201d e o maior deles at\u00e9 agora, sem d\u00favidas, foi ter conhecido o LATEC. Na \u00e9poca eu era propriet\u00e1rio de uma pequena empresa de viagens e eventos, dentre v\u00e1rias iniciativas profissionais anteriores, e a minha primeira aproxima\u00e7\u00e3o com o departamento foi ter organizado o seu primeiro m\u00f3dulo internacional com a Universidade de P\u00e1dua, na It\u00e1lia.\nDali para integrar uma das primeiras turmas de mestrado profissional do pa\u00eds foi um pulo. Isso ocorreu naquela ensolarada tarde de s\u00e1bado do ano 2000, quando o telefone tocou e do outro lado da linha tinha o Prof. Osvaldo Quelhas me dizendo: \u201cCid, voc\u00ea tem um perfil acad\u00eamico, porque voc\u00ea n\u00e3o topa o desafio de fazer um mestrado?\u201d. \n\nAssim, dessa maneira simples, despretensiosa e \u201cinesperada\u201d, minha vida ali mudou de forma radical e definitiva.\n\nAqui no Brasil temos o h\u00e1bito de dizer que \u201ca vida come\u00e7a aos 40\u201d. Que fant\u00e1stica verdade! Como sempre tive uma tend\u00eancia \u00e0 precocidade, minha vida, digamos assim, come\u00e7ou um pouco antes, aos 37 anos. Eu n\u00e3o imaginava voltar \u00e0s cadeiras de sala de aula e muito menos tinha uma ideia exata do que representava fazer um curso de p\u00f3s-gradua\u00e7\u00e3o strictu sensu.\nA partir dali, tudo o que aconteceu foi uma coisa \u201cm\u00e1gica\u201d. Das m\u00e3os do Prof. Gilson Brito recebi o primeiro paper sobre um novo movimento empresarial: a responsabilidade social. Como eu n\u00e3o tinha sido autorizado a escrever sobre a corrup\u00e7\u00e3o nas organiza\u00e7\u00f5es e sobre o p\u00e9ssimo ambiente do pa\u00eds para a realiza\u00e7\u00e3o de neg\u00f3cios, aquele estudo caiu como uma luva. Foi a  primeira aula que ministrei sobre o tema \u2013 e tamb\u00e9m a primeira da minha vida, ainda de bermudas, uma descontra\u00e7\u00e3o que o meio acad\u00eamico propicia.\nTornei-me professor, coordenador de cursos e eventos, consultor e volunt\u00e1rio nas \u00e1reas de \u00e9tica, di\u00e1logo, transpar\u00eancia, responsabilidade social e sustentabilidade nos neg\u00f3cios. N\u00e3o queria, n\u00e3o imaginei, n\u00e3o \u201cesperei\u201d nada disso.\nEu tinha somente o prop\u00f3sito dentro de mim de, um dia podendo, contribuir para a constru\u00e7\u00e3o de um mundo com pessoas e organiza\u00e7\u00f5es mais \u00e9ticas, mais justas, mais sens\u00edveis, mais cuidadosas.\nIsso tudo tem se tornado poss\u00edvel porque um dia atendi aquele telefonema, de forma \u2013 agora sim sem aspas \u2013 inesperada.\n\nBoa caminhada e bons inesperados a todos.<\/p><\/div>\n\t\t\n\t\t<div class=\"elementskit-commentor-bio\">\n\t\t\t<div class=\"elementkit-commentor-details \">\n\t\t\t\t\t\t\t\t\t<div class=\"elementskit-commentor-image ekit-testimonial--avatar\">\n\t\t\t\t\t\t<img loading=\"lazy\" src=\"https:\/\/latec.uff.br\/mba\/wp-content\/uploads\/2021\/08\/Cid.jpg\"  height=\"70\" width=\"70\" alt=\"Client Logo\">\n\t\t\t\t\t<\/div>\n\t\t\t\t\t\t\t\t<div class=\"elementskit-profile-info\">\n\t\t\t\t\t<strong class=\"elementskit-author-name\">Cid Alledi Filho<\/strong>\n\t\t\t\t\t<span class=\"elementskit-author-des\">Diretor Executivo na N\u00facleo \u00c9tico <br>S\u00f3cio Fundador da Casa dos Felizardos<\/span>\n\t\t\t\t<\/div>\n\t\t\t<\/div>\n\t\t\t\t\t\t<div class=\"elementskit-icon-content elementskit-watermark-icon \">\n\t\t\t\t<i aria-hidden=\"true\" class=\"icon icon-quote\"><\/i>\t\t\t<\/div>\n\t\t\t\t\t<\/div>\n\t\t\n\t<\/div>\n\t\t<div class=\"elementskit-single-testimonial-slider elementskit-testimonial-slider-block-style elementskit-testimonial-slider-block-style-two elementor-repeater-item-5aac4e2\">\n        <div class=\"elementskit-commentor-header\">\n\t\t\t\n            \t\t<\/div>\n\t\t\n        \t\t\t<div class=\"elementskit-commentor-content\"><p>Em 2007, ao concluir um MBA no LATEC, n\u00e3o hesitei: aquela era a Escola ideal para me levar ainda mais longe! E assim, ingressei naquele mesmo ano no Mestrado em Sistemas de Gest\u00e3o, com o firme prop\u00f3sito de dar mais um passo na minha vida acad\u00eamica e profissional.\n\nO que eu sequer poderia imaginar \u00e9 que aquela decis\u00e3o mudaria, definitivamente, o meu futuro em v\u00e1rios sentidos...\n\nE essa constata\u00e7\u00e3o n\u00e3o foi apenas minha! Com a defesa e conclus\u00e3o do Mestrado, da nossa turma, muitos contempor\u00e2neos voaram alto e se destacaram ainda mais em suas carreiras. V\u00e1rios mudaram seu foco e sua \u00e1rea de atua\u00e7\u00e3o, se lan\u00e7ando a novos e mais prazerosos projetos. Outros ainda, devido \u00e0 diferentes adversidades, com maturidade e determina\u00e7\u00e3o, reavaliaram seus neg\u00f3cios, se prepararam e os reestruturaram e reposicionaram com a seguran\u00e7a que s\u00f3 a experi\u00eancia adquirida, com aqueles anos de estudo, lhes poderia proporcionar. As est\u00f3rias de coragem, enfrentamento e sucesso s\u00e3o muitas entre n\u00f3s!\n\nAo longo de longos e inesquec\u00edveis 4 anos, com nossos grandes Mestres, aprendi muito mais do que conceitos ou teorias, produzi muito mais do que papers ou uma disserta\u00e7\u00e3o... Passei a entender melhor sobre o nosso papel de \u2018respons\u00e1veis pelo social\u2019, sobre os outros \u2018pontos de vista\u2019, sobre o cuidado com o que se precisa descartar e sobre o que se tem de preservar, a qualquer custo.\n\nE aqui, passo a falar n\u00e3o apenas do descarte ou preserva\u00e7\u00e3o das coisas, mas... de gente! \u00c9 imposs\u00edvel falar de LATEC sem falar de gente \u2013 de toda gente!\n\nGra\u00e7as ao clima que reina naqueles corredores e salas de aula, a integra\u00e7\u00e3o com os coordenadores, os professores, com o pessoal da secretaria e da administra\u00e7\u00e3o \u00e9 f\u00e1cil e a identifica\u00e7\u00e3o imediata!  At\u00e9 hoje, a turma de 2007 se relaciona como se fosse uma grande fam\u00edlia! Somos amigos muito pr\u00f3ximos, muito queridos, pessoas que convivem, se respeitam e se apoiam mutuamente, numa rede virtuosa inigual\u00e1vel!\n\nE \u00e9 por conta dessa empatia, desse esp\u00edrito de uni\u00e3o e de admira\u00e7\u00e3o que mantemos pulsante, que me regozijo pela escolha que fiz h\u00e1 1 d\u00e9cada!\n\nNo m\u00eas em que nos reunimos com amigos e ex-professores para celebrar os nossos 10 anos de amizade, uso este canal para formalmente expressar o meu mais sincero reconhecimento \u00e0 essa grande Escola. Ao LATEC, seus diretores, professores e equipe de apoio, o meu carinho e eterna gratid\u00e3o!<\/p><\/div>\n\t\t\n\t\t<div class=\"elementskit-commentor-bio\">\n\t\t\t<div class=\"elementkit-commentor-details \">\n\t\t\t\t\t\t\t\t\t<div class=\"elementskit-commentor-image ekit-testimonial--avatar\">\n\t\t\t\t\t\t<img loading=\"lazy\" src=\"https:\/\/latec.uff.br\/mba\/wp-content\/uploads\/2021\/08\/Neide.jpg\"  height=\"70\" width=\"70\" alt=\"Client Logo\">\n\t\t\t\t\t<\/div>\n\t\t\t\t\t\t\t\t<div class=\"elementskit-profile-info\">\n\t\t\t\t\t<strong class=\"elementskit-author-name\">Neide L\u00facia de Oliveira Almeida<\/strong>\n\t\t\t\t\t<span class=\"elementskit-author-des\">Empres\u00e1ria, Professora Multidisciplinar e <br>Consultora em Gest\u00e3o Organizacional<\/span>\n\t\t\t\t<\/div>\n\t\t\t<\/div>\n\t\t\t\t\t\t<div class=\"elementskit-icon-content elementskit-watermark-icon \">\n\t\t\t\t<i aria-hidden=\"true\" class=\"icon icon-quote\"><\/i>\t\t\t<\/div>\n\t\t\t\t\t<\/div>\n\t\t\n\t<\/div>\n\t\t<div class=\"elementskit-single-testimonial-slider elementskit-testimonial-slider-block-style elementskit-testimonial-slider-block-style-two elementor-repeater-item-d3138c9\">\n        <div class=\"elementskit-commentor-header\">\n\t\t\t\n            \t\t<\/div>\n\t\t\n        \t\t\t<div class=\"elementskit-commentor-content\"><p>Finalizei o curso com muita gratid\u00e3o, n\u00e3o somente pelos conhecimentos t\u00e9cnicos desenvolvidos em sala de aula, mas tamb\u00e9m com o desenvolvimento da capacidade de realizar uma an\u00e1lise cr\u00edtica em diversas \u00e1reas dentro de uma rotina profissional com uma vis\u00e3o diferenciada, desenvolvida em cima dos princ\u00edpios Lean. E como recompensa maior, desenvolvemos um network com profissionais de diversos setores da economia, possibilitando acessos a diferentes entendimentos profissionais sobre temas abordados em classe, e de forma enriquecedora pudemos trazer esse network para nossas vidas pessoais transformando em amigos.<\/p><\/div>\n\t\t\n\t\t<div class=\"elementskit-commentor-bio\">\n\t\t\t<div class=\"elementkit-commentor-details \">\n\t\t\t\t\t\t\t\t\t<div class=\"elementskit-commentor-image ekit-testimonial--avatar\">\n\t\t\t\t\t\t<img loading=\"lazy\" src=\"https:\/\/latec.uff.br\/mba\/wp-content\/uploads\/2021\/06\/philipe.jpg\"  height=\"70\" width=\"70\" alt=\"Client Logo\">\n\t\t\t\t\t<\/div>\n\t\t\t\t\t\t\t\t<div class=\"elementskit-profile-info\">\n\t\t\t\t\t<strong class=\"elementskit-author-name\">Philipe L. Campos<\/strong>\n\t\t\t\t\t<span class=\"elementskit-author-des\">Engenheiro Civil<br>MBA Produ\u00e7\u00e3o Enxuta Seis Sigma<\/span>\n\t\t\t\t<\/div>\n\t\t\t<\/div>\n\t\t\t\t\t\t<div class=\"elementskit-icon-content elementskit-watermark-icon \">\n\t\t\t\t<i aria-hidden=\"true\" class=\"icon icon-quote\"><\/i>\t\t\t<\/div>\n\t\t\t\t\t<\/div>\n\t\t\n\t<\/div>\n\t\t<div class=\"elementskit-single-testimonial-slider elementskit-testimonial-slider-block-style elementskit-testimonial-slider-block-style-two elementor-repeater-item-176a244\">\n        <div class=\"elementskit-commentor-header\">\n\t\t\t\n            \t\t<\/div>\n\t\t\n        \t\t\t<div class=\"elementskit-commentor-content\"><p>A Universidade Federal Fluminense - UFF mant\u00e9m infra-estrutura material e imaterial de ensino que proporciona qualidade t\u00e9cnica sem perder de vista o humanismo.\nO corpo docente e o pessoal de secretaria do Laborat\u00f3rio de Tecnologia, Gest\u00e3o de Neg\u00f3cios e Meio Ambiente da UFF - LATEC \u00e9 interessado, possui disponibilidade, atua com gentileza, contribui de modo efetivo para a pesquisa e presta o devido apoio \u00e0s atividades acad\u00eamicas.\nOs colegas discentes agem com uni\u00e3o, coopera\u00e7\u00e3o e coleguismo.\nO mestrado profissional interdisciplinar em sistemas de gest\u00e3o propicia oportunidade para aprendizado, amadurecimento, acesso a relacionamentos bem como gera\u00e7\u00e3o de valor sob variadas formas.\n<\/p><\/div>\n\t\t\n\t\t<div class=\"elementskit-commentor-bio\">\n\t\t\t<div class=\"elementkit-commentor-details \">\n\t\t\t\t\t\t\t\t\t<div class=\"elementskit-commentor-image ekit-testimonial--avatar\">\n\t\t\t\t\t\t<img loading=\"lazy\" src=\"https:\/\/latec.uff.br\/mba\/wp-content\/uploads\/2021\/08\/Dirceu-Candido-Silveira-Junior.jpg\"  height=\"70\" width=\"70\" alt=\"Client Logo\">\n\t\t\t\t\t<\/div>\n\t\t\t\t\t\t\t\t<div class=\"elementskit-profile-info\">\n\t\t\t\t\t<strong class=\"elementskit-author-name\"><\/strong>\n\t\t\t\t\t<span class=\"elementskit-author-des\">Engenheiro Civil<br>MBA Produ\u00e7\u00e3o Enxuta Seis Sigma<\/span>\n\t\t\t\t<\/div>\n\t\t\t<\/div>\n\t\t\t\t\t\t<div class=\"elementskit-icon-content elementskit-watermark-icon \">\n\t\t\t\t<i aria-hidden=\"true\" class=\"icon icon-quote\"><\/i>\t\t\t<\/div>\n\t\t\t\t\t<\/div>\n\t\t\n\t<\/div>\n\t\t<div class=\"elementskit-single-testimonial-slider elementskit-testimonial-slider-block-style elementskit-testimonial-slider-block-style-two elementor-repeater-item-28aaede\">\n        <div class=\"elementskit-commentor-header\">\n\t\t\t\n            \t\t<\/div>\n\t\t\n        \t\t\t<div class=\"elementskit-commentor-content\"><p>O Latec UFF capacita muito bem seus alunos no enfrentamento e busca de solu\u00e7\u00f5es para problemas complexos em sistemas de gest\u00e3o nas organiza\u00e7\u00f5es. Seu conte\u00fado program\u00e1tico reflete de maneira exemplar as abordagens para os desafios que ocorrem dentro das empresas e prepara o egresso para continuar a se desenvolver por conta pr\u00f3pria tendo todo um embasamento cient\u00edfico. O corpo docente e toda a equipe administrativa do programa est\u00e3o de parab\u00e9ns.<\/p><\/div>\n\t\t\n\t\t<div class=\"elementskit-commentor-bio\">\n\t\t\t<div class=\"elementkit-commentor-details \">\n\t\t\t\t\t\t\t\t\t<div class=\"elementskit-commentor-image ekit-testimonial--avatar\">\n\t\t\t\t\t\t<img loading=\"lazy\" src=\"https:\/\/latec.uff.br\/mba\/wp-content\/uploads\/2021\/08\/pablo.jpg\"  height=\"70\" width=\"70\" alt=\"Client Logo\">\n\t\t\t\t\t<\/div>\n\t\t\t\t\t\t\t\t<div class=\"elementskit-profile-info\">\n\t\t\t\t\t<strong class=\"elementskit-author-name\">Pablo Ibeas Essabb\u00e1<\/strong>\n\t\t\t\t\t<span class=\"elementskit-author-des\">Engenheiro de Produ\u00e7\u00e3o<br>Product Management<\/span>\n\t\t\t\t<\/div>\n\t\t\t<\/div>\n\t\t\t\t\t\t<div class=\"elementskit-icon-content elementskit-watermark-icon \">\n\t\t\t\t<i aria-hidden=\"true\" class=\"icon icon-quote\"><\/i>\t\t\t<\/div>\n\t\t\t\t\t<\/div>\n\t\t\n\t<\/div>\n\t\t<div class=\"elementskit-single-testimonial-slider elementskit-testimonial-slider-block-style elementskit-testimonial-slider-block-style-two elementor-repeater-item-f502d52\">\n        <div class=\"elementskit-commentor-header\">\n\t\t\t\n            \t\t<\/div>\n\t\t\n        \t\t\t<div class=\"elementskit-commentor-content\"><p>O Latec UFF me surpreendeu positivamente, pois al\u00e9m da qualidade da aulas, tivemos \u00f3tima infraestrutura e suporte da secretaria e coordena\u00e7\u00e3o do curso. Os resultados obtidos de minha pesquisa contribuiu para o desenvolvimento de um projeto, na empresa em que atuo, que agregou grande valor no desenvolvimento estrat\u00e9gico da Equipe de Lideran\u00e7a.<\/p><\/div>\n\t\t\n\t\t<div class=\"elementskit-commentor-bio\">\n\t\t\t<div class=\"elementkit-commentor-details \">\n\t\t\t\t\t\t\t\t\t<div class=\"elementskit-commentor-image ekit-testimonial--avatar\">\n\t\t\t\t\t\t<img loading=\"lazy\" src=\"https:\/\/latec.uff.br\/mba\/wp-content\/uploads\/2021\/08\/Gisane.jpg\"  height=\"70\" width=\"70\" alt=\"Client Logo\">\n\t\t\t\t\t<\/div>\n\t\t\t\t\t\t\t\t<div class=\"elementskit-profile-info\">\n\t\t\t\t\t<strong class=\"elementskit-author-name\">Gisane Bazet<\/strong>\n\t\t\t\t\t<span class=\"elementskit-author-des\">Gestora de Recursos Humanos<br>Product Management<\/span>\n\t\t\t\t<\/div>\n\t\t\t<\/div>\n\t\t\t\t\t\t<div class=\"elementskit-icon-content elementskit-watermark-icon \">\n\t\t\t\t<i aria-hidden=\"true\" class=\"icon icon-quote\"><\/i>\t\t\t<\/div>\n\t\t\t\t\t<\/div>\n\t\t\n\t<\/div>\n\t\t<div class=\"elementskit-single-testimonial-slider elementskit-testimonial-slider-block-style elementskit-testimonial-slider-block-style-two elementor-repeater-item-6c583ec\">\n        <div class=\"elementskit-commentor-header\">\n\t\t\t\n            \t\t<\/div>\n\t\t\n        \t\t\t<div class=\"elementskit-commentor-content\"><p>O curso me deu uma vis\u00e3o completamente nova e ampla sobre pesquisa cient\u00edfica, contribuindo para o meu desenvolvimento profissional enquanto coordenador de curso e professor no ensino superior.<\/p><\/div>\n\t\t\n\t\t<div class=\"elementskit-commentor-bio\">\n\t\t\t<div class=\"elementkit-commentor-details \">\n\t\t\t\t\t\t\t\t\t<div class=\"elementskit-commentor-image ekit-testimonial--avatar\">\n\t\t\t\t\t\t<img loading=\"lazy\" src=\"https:\/\/latec.uff.br\/mba\/wp-content\/uploads\/2021\/08\/Wislley-de-Jesus-Vieira.jpg\"  height=\"70\" width=\"70\" alt=\"Client Logo\">\n\t\t\t\t\t<\/div>\n\t\t\t\t\t\t\t\t<div class=\"elementskit-profile-info\">\n\t\t\t\t\t<strong class=\"elementskit-author-name\">Wislley de Jesus Vieira<\/strong>\n\t\t\t\t\t<span class=\"elementskit-author-des\">Especialista em Contabilidade Decisorial<br>coordenador do curso de bacharel em Ci\u00eancias Cont\u00e1beis no Centro Universit\u00e1rio FAMINAS<\/span>\n\t\t\t\t<\/div>\n\t\t\t<\/div>\n\t\t\t\t\t\t<div class=\"elementskit-icon-content elementskit-watermark-icon \">\n\t\t\t\t<i aria-hidden=\"true\" class=\"icon icon-quote\"><\/i>\t\t\t<\/div>\n\t\t\t\t\t<\/div>\n\t\t\n\t<\/div>\n\t\t<div class=\"elementskit-single-testimonial-slider elementskit-testimonial-slider-block-style elementskit-testimonial-slider-block-style-two elementor-repeater-item-ea4ccc3\">\n        <div class=\"elementskit-commentor-header\">\n\t\t\t\n            \t\t<\/div>\n\t\t\n        \t\t\t<div class=\"elementskit-commentor-content\"><p>No ano de 2000 resolvi voltar a estudar. Na \u00e9poca me matriculei em 2 cursos ao mesmo tempo. Gest\u00e3o Ambiental Empresarial no LATEC e Gest\u00e3o Ambiental em uma outra Universidade. Nesta segunda assisti apenas a uma aula e nunca mais voltei. No LATEC estou at\u00e9 hoje, 17 anos !! N\u00e3o s\u00f3 terminei o GAE como ainda fiz o MBA de Gest\u00e3o de Neg\u00f3cios Sustent\u00e1veis e o Mestrado Profissional em Sistema de Gest\u00e3o. Me senti t\u00e3o preparada t\u00e9cnica e academicamente, que, mesmo sendo bi\u00f3loga de forma\u00e7\u00e3o, encarei um Doutorado na Engenharia Civil da UFF. O que foi fundamental neste processo? Acho que a constata\u00e7\u00e3o di\u00e1ria de que mais que formar profissionais, o LATEC se preocupa em formar cidad\u00e3os melhores. L\u00e1 eu vivencio o respeito \u00e0 diversidade, aos objetivos de vida, a hist\u00f3ria e ao tempo de cada um. E isso tudo com um custo financeiro compat\u00edvel \u00e0 realidade brasileira.\nO LATEC \u00e9 um espa\u00e7o de inclus\u00e3o!<\/p><\/div>\n\t\t\n\t\t<div class=\"elementskit-commentor-bio\">\n\t\t\t<div class=\"elementkit-commentor-details \">\n\t\t\t\t\t\t\t\t\t<div class=\"elementskit-commentor-image ekit-testimonial--avatar\">\n\t\t\t\t\t\t<img loading=\"lazy\" src=\"https:\/\/latec.uff.br\/mba\/wp-content\/uploads\/2021\/08\/Dilma.jpg\"  height=\"70\" width=\"70\" alt=\"Client Logo\">\n\t\t\t\t\t<\/div>\n\t\t\t\t\t\t\t\t<div class=\"elementskit-profile-info\">\n\t\t\t\t\t<strong class=\"elementskit-author-name\">Dilma Pimentel, ex aluna do LATEC<\/strong>\n\t\t\t\t\t<span class=\"elementskit-author-des\">Consultora em Gest\u00e3o Integrada<\/span>\n\t\t\t\t<\/div>\n\t\t\t<\/div>\n\t\t\t\t\t\t<div class=\"elementskit-icon-content elementskit-watermark-icon \">\n\t\t\t\t<i aria-hidden=\"true\" class=\"icon icon-quote\"><\/i>\t\t\t<\/div>\n\t\t\t\t\t<\/div>\n\t\t\n\t<\/div>\n\t\t<div class=\"elementskit-single-testimonial-slider elementskit-testimonial-slider-block-style elementskit-testimonial-slider-block-style-two elementor-repeater-item-a15d323\">\n        <div class=\"elementskit-commentor-header\">\n\t\t\t\n            \t\t<\/div>\n\t\t\n        \t\t\t<div class=\"elementskit-commentor-content\"><p>Costumo dizer que ao longo de minha forma\u00e7\u00e3o acad\u00eamica tive a oportunidade de conhecer alguns poucos \"professores humanos\". Como sabem, o ambiente acad\u00eamico \u00e9 um universo por demais egoc\u00eantrico. Poucos s\u00e3o os profissionais que t\u00eam na doc\u00eancia um objetivo de vida. Poucos s\u00e3o os que a exercem atrav\u00e9s de um verdadeiro estado da \u201carte\u201d, objetivando n\u00e3o apenas a lapida\u00e7\u00e3o profissional, como tamb\u00e9m a transforma\u00e7\u00e3o intelectual, humana, \u00e9tica e moral de seus alunos. Confesso que, enquanto discente, jamais havia me deparado com um CORPO DOCENTE que transparecesse e disseminasse, em sua totalidade, esse ideal com tamanha propriedade. Sou imensamente grato pelo per\u00edodo que pude conviver com estes mestres do saber. Digo que minha passagem pelo Latec foi um verdadeiro divisor de \u00e1guas em minha jornada como docente e pesquisador. O aprendizado obtido foi, sem d\u00favida alguma, extraordin\u00e1rio. Pesquisas intensas\/densas\/rigorosas, trabalhos disciplinares que objetivam o amadurecimento sist\u00eamico, hol\u00edstico, integrado e participativo. H\u00e1 no Latec toda uma estrutura que s\u00f3 propicia o aluno alcan\u00e7ar o seu melhor. Basta que este tenha comprometimento, gana, uma vontade constante de apreender. Gratid\u00e3o eterna resume!!!!<\/p><\/div>\n\t\t\n\t\t<div class=\"elementskit-commentor-bio\">\n\t\t\t<div class=\"elementkit-commentor-details \">\n\t\t\t\t\t\t\t\t\t<div class=\"elementskit-commentor-image ekit-testimonial--avatar\">\n\t\t\t\t\t\t<img loading=\"lazy\" src=\"https:\/\/latec.uff.br\/mba\/wp-content\/uploads\/2021\/08\/Rodrigo.jpg\"  height=\"70\" width=\"70\" alt=\"Client Logo\">\n\t\t\t\t\t<\/div>\n\t\t\t\t\t\t\t\t<div class=\"elementskit-profile-info\">\n\t\t\t\t\t<strong class=\"elementskit-author-name\">Rodrigo Amado dos Santos<\/strong>\n\t\t\t\t\t<span class=\"elementskit-author-des\">Professor da Universidade Federal Rural do Rio de Janeiro ( UFRRJ)<\/span>\n\t\t\t\t<\/div>\n\t\t\t<\/div>\n\t\t\t\t\t\t<div class=\"elementskit-icon-content elementskit-watermark-icon \">\n\t\t\t\t<i aria-hidden=\"true\" class=\"icon icon-quote\"><\/i>\t\t\t<\/div>\n\t\t\t\t\t<\/div>\n\t\t\n\t<\/div>\n\t\t<div class=\"elementskit-single-testimonial-slider elementskit-testimonial-slider-block-style elementskit-testimonial-slider-block-style-two elementor-repeater-item-7d13215\">\n        <div class=\"elementskit-commentor-header\">\n\t\t\t\n            \t\t<\/div>\n\t\t\n        \t\t\t<div class=\"elementskit-commentor-content\"><p>O doutorado em sistemas de gest\u00e3o sustent\u00e1veis do Latec UFF modificou tanto a abordagem t\u00e9cnico-cient\u00edfica quanto o modelo de ensino-aprendizagem em minha carreira profissional, tornando a contribui\u00e7\u00e3o para sociedade mais efetiva e clara em prol do aumento da produtividade e sustentabilidade das organiza\u00e7\u00f5es.<\/p><\/div>\n\t\t\n\t\t<div class=\"elementskit-commentor-bio\">\n\t\t\t<div class=\"elementkit-commentor-details \">\n\t\t\t\t\t\t\t\t\t<div class=\"elementskit-commentor-image ekit-testimonial--avatar\">\n\t\t\t\t\t\t<img loading=\"lazy\" src=\"https:\/\/latec.uff.br\/mba\/wp-content\/uploads\/2021\/08\/daniel.jpg\"  height=\"70\" width=\"70\" alt=\"Client Logo\">\n\t\t\t\t\t<\/div>\n\t\t\t\t\t\t\t\t<div class=\"elementskit-profile-info\">\n\t\t\t\t\t<strong class=\"elementskit-author-name\">Daniel Luiz de Mattos Nascimento<\/strong>\n\t\t\t\t\t<span class=\"elementskit-author-des\">Coordenador da \u00c1rea de BIM e<br> Lean 4.0 da Funda\u00e7\u00e3o CERTI<\/span>\n\t\t\t\t<\/div>\n\t\t\t<\/div>\n\t\t\t\t\t\t<div class=\"elementskit-icon-content elementskit-watermark-icon \">\n\t\t\t\t<i aria-hidden=\"true\" class=\"icon icon-quote\"><\/i>\t\t\t<\/div>\n\t\t\t\t\t<\/div>\n\t\t\n\t<\/div>\n\t\t<div class=\"elementskit-single-testimonial-slider elementskit-testimonial-slider-block-style elementskit-testimonial-slider-block-style-two elementor-repeater-item-2c6ec1d\">\n        <div class=\"elementskit-commentor-header\">\n\t\t\t\n            \t\t<\/div>\n\t\t\n        \t\t\t<div class=\"elementskit-commentor-content\"><p>Ter tido a honra de participar deste curso me trouxe a possibilidade de abertura de novos horizontes, melhorou meu pensamento cr\u00edtico e trouxe um ganho de experi\u00eancia muito grande, ao poder participar das aulas com professores renomados de com vasto conhecimento.<\/p><\/div>\n\t\t\n\t\t<div class=\"elementskit-commentor-bio\">\n\t\t\t<div class=\"elementkit-commentor-details \">\n\t\t\t\t\t\t\t\t<div class=\"elementskit-profile-info\">\n\t\t\t\t\t<strong class=\"elementskit-author-name\">Pablo Machado Amorim<\/strong>\n\t\t\t\t\t<span class=\"elementskit-author-des\">Gerente Administrativo<br>CEFET\/RJ <\/span>\n\t\t\t\t<\/div>\n\t\t\t<\/div>\n\t\t\t\t\t\t<div class=\"elementskit-icon-content elementskit-watermark-icon \">\n\t\t\t\t<i aria-hidden=\"true\" class=\"icon icon-quote\"><\/i>\t\t\t<\/div>\n\t\t\t\t\t<\/div>\n\t\t\n\t<\/div>\n\t\t<div class=\"elementskit-single-testimonial-slider elementskit-testimonial-slider-block-style elementskit-testimonial-slider-block-style-two elementor-repeater-item-24346fa\">\n        <div class=\"elementskit-commentor-header\">\n\t\t\t\n            \t\t<\/div>\n\t\t\n        \t\t\t<div class=\"elementskit-commentor-content\"><p>Minha hist\u00f3ria com a UFF iniciou em 2007, quando liguei a primeira vez pedindo informa\u00e7\u00f5es sobre o MBA em Responsabilidade Social e que naquele semestre n\u00e3o iniciaria nenhuma turma.\n\nFui informado sobre o MBA em Gest\u00e3o de Neg\u00f3cios Sustent\u00e1veis, o qual me interessei e iniciei de imediato, na turma GNS 9, e que tinha corpo docente de excelente qualidade e com alunos bastante comprometidos.\n\nA partir desta experi\u00eancia passei a estudar cada vez mais, e participar dos congressos realizados pela UFF.\n\nPosteriormente, a conclus\u00e3o do Mestrado no Latec foi a realiza\u00e7\u00e3o de um grande sonho e que n\u00e3o pretendo parar e sim dar continuidade com o Doutorado. Iniciei em 2011, na turma MSG 11, com alunos mais uma vez totalmente engajados, e de vasta experi\u00eancia profissional e sem falar na qualidade do corpo docente, formado por experientes professores, todos com Doutorado e P\u00f3s-Doutorado, o que muito contribui na minha forma\u00e7\u00e3o acad\u00eamica e profissional.\n\nO MBA e Mestrado do Latec UFF tiveram um papel fundamental na constru\u00e7\u00e3o da minha carreira profissional, impulsionando o meu conhecimento e ampliando a minha vis\u00e3o como l\u00edder, preparando alunos para serem bem sucedidos em um mercado de trabalho cada vez mais competitivo.\n\nSou apaixonado pela UFF, fa\u00e7o maior propaganda dos cursos e sempre vou fazer, pois vale a pena o investimento, esfor\u00e7o e dedica\u00e7\u00e3o, pois o retorno parece certo.\n\nProfessores Osvaldo, S\u00e9rgio Fran\u00e7a e demais envolvidos parab\u00e9ns por tornarem o Latec esta excelente Institui\u00e7\u00e3o de Ensino.<\/p><\/div>\n\t\t\n\t\t<div class=\"elementskit-commentor-bio\">\n\t\t\t<div class=\"elementkit-commentor-details \">\n\t\t\t\t\t\t\t\t\t<div class=\"elementskit-commentor-image ekit-testimonial--avatar\">\n\t\t\t\t\t\t<img loading=\"lazy\" src=\"https:\/\/latec.uff.br\/mba\/wp-content\/uploads\/2021\/06\/philipe.jpg\"  height=\"70\" width=\"70\" alt=\"Client Logo\">\n\t\t\t\t\t<\/div>\n\t\t\t\t\t\t\t\t<div class=\"elementskit-profile-info\">\n\t\t\t\t\t<strong class=\"elementskit-author-name\">Wellington Oscar dos Santos<\/strong>\n\t\t\t\t\t<span class=\"elementskit-author-des\">Economista<br> Auditor e Conselheiro do Conselho de Responsabilidade Social da Federa\u00e7\u00e3o das Ind\u00fastrias do Estado do Rio de Janeiro<\/span>\n\t\t\t\t<\/div>\n\t\t\t<\/div>\n\t\t\t\t\t\t<div class=\"elementskit-icon-content elementskit-watermark-icon \">\n\t\t\t\t<i aria-hidden=\"true\" class=\"icon icon-quote\"><\/i>\t\t\t<\/div>\n\t\t\t\t\t<\/div>\n\t\t\n\t<\/div>\n\t<\/div><!-- .testimonial-block-slider2 END -->\n<\/div>\t\t<\/div>\n\t\t\t\t<\/div>\n\t\t\t\t\t<\/div>\n\t\t<\/div>\n\t\t\t\t\t\t\t<\/div>\n\t\t<\/section>\n\t\t\t\t\t\t<\/div>\n\t\t\t\t\t<\/div>\n\t\t","protected":false},"excerpt":{"rendered":"<p>Depoimentos Tenho um querido amigo espanhol, um engenheiro que abra\u00e7ou a educa\u00e7\u00e3o, que diz que voc\u00ea pode organizar a sua vida inteira, por\u00e9m a melhor coisa que vai lhe acontecer \u2013 e que, justamente, vai fazer toda a diferen\u00e7a na sua vida \u2013 \u00e9 o inesperado. Minha vida tem sido pautada pelos \u201cinesperados\u201d e o &hellip;<\/p>\n<p class=\"read-more\"> <a class=\"\" href=\"https:\/\/latec.uff.br\/mba\/depoimentos\/\"> <span class=\"screen-reader-text\">Depoimentos<\/span> Leia mais &raquo;<\/a><\/p>\n","protected":false},"author":1,"featured_media":0,"parent":0,"menu_order":0,"comment_status":"closed","ping_status":"closed","template":"","meta":{"om_disable_all_campaigns":false},"_links":{"self":[{"href":"https:\/\/latec.uff.br\/mba\/wp-json\/wp\/v2\/pages\/1662"}],"collection":[{"href":"https:\/\/latec.uff.br\/mba\/wp-json\/wp\/v2\/pages"}],"about":[{"href":"https:\/\/latec.uff.br\/mba\/wp-json\/wp\/v2\/types\/page"}],"author":[{"embeddable":true,"href":"https:\/\/latec.uff.br\/mba\/wp-json\/wp\/v2\/users\/1"}],"replies":[{"embeddable":true,"href":"https:\/\/latec.uff.br\/mba\/wp-json\/wp\/v2\/comments?post=1662"}],"version-history":[{"count":146,"href":"https:\/\/latec.uff.br\/mba\/wp-json\/wp\/v2\/pages\/1662\/revisions"}],"predecessor-version":[{"id":2700,"href":"https:\/\/latec.uff.br\/mba\/wp-json\/wp\/v2\/pages\/1662\/revisions\/2700"}],"wp:attachment":[{"href":"https:\/\/latec.uff.br\/mba\/wp-json\/wp\/v2\/media?parent=1662"}],"curies":[{"name":"wp","href":"https:\/\/api.w.org\/{rel}","templated":true}]}}