{"id":1729,"date":"2021-06-21T19:45:29","date_gmt":"2021-06-21T22:45:29","guid":{"rendered":"https:\/\/latec.uff.br\/mba\/?page_id=1729"},"modified":"2024-01-23T23:13:14","modified_gmt":"2024-01-24T02:13:14","slug":"mba-dga-enfase-producao-enxuta-seis-sigma","status":"publish","type":"page","link":"https:\/\/latec.uff.br\/mba\/mba-dga-enfase-producao-enxuta-seis-sigma\/","title":{"rendered":"MBA &#8211; DGA | \u00canfase: Produ\u00e7\u00e3o Enxuta Seis Sigma"},"content":{"rendered":"\t\t<div data-elementor-type=\"wp-page\" data-elementor-id=\"1729\" class=\"elementor elementor-1729\" data-elementor-settings=\"[]\">\n\t\t\t\t\t\t\t<div class=\"elementor-section-wrap\">\n\t\t\t\t\t\t\t<section class=\"elementor-section elementor-top-section elementor-element elementor-element-d963453 elementor-section-boxed elementor-section-height-default elementor-section-height-default\" data-id=\"d963453\" data-element_type=\"section\" data-settings=\"{&quot;background_background&quot;:&quot;classic&quot;}\">\n\t\t\t\t\t\t\t<div class=\"elementor-background-overlay\"><\/div>\n\t\t\t\t\t\t\t<div class=\"elementor-container elementor-column-gap-no\">\n\t\t\t\t\t<div class=\"elementor-column elementor-col-100 elementor-top-column elementor-element elementor-element-d1ec4fc\" data-id=\"d1ec4fc\" data-element_type=\"column\">\n\t\t\t<div class=\"elementor-widget-wrap elementor-element-populated\">\n\t\t\t\t\t\t\t\t<div class=\"elementor-element elementor-element-35e7a1e elementor-invisible elementor-widget elementor-widget-button\" data-id=\"35e7a1e\" data-element_type=\"widget\" data-settings=\"{&quot;_animation&quot;:&quot;fadeInDown&quot;}\" data-widget_type=\"button.default\">\n\t\t\t\t<div class=\"elementor-widget-container\">\n\t\t\t\t\t<div class=\"elementor-button-wrapper\">\n\t\t\t<a href=\"#\" class=\"elementor-button-link elementor-button elementor-size-sm\" role=\"button\">\n\t\t\t\t\t\t<span class=\"elementor-button-content-wrapper\">\n\t\t\t\t\t\t<span class=\"elementor-button-text\">MBA - DGA<\/span>\n\t\t<\/span>\n\t\t\t\t\t<\/a>\n\t\t<\/div>\n\t\t\t\t<\/div>\n\t\t\t\t<\/div>\n\t\t\t\t<div class=\"elementor-element elementor-element-e26203d elementor-invisible elementor-widget elementor-widget-heading\" data-id=\"e26203d\" data-element_type=\"widget\" data-settings=\"{&quot;_animation&quot;:&quot;fadeInUp&quot;}\" data-widget_type=\"heading.default\">\n\t\t\t\t<div class=\"elementor-widget-container\">\n\t\t\t<h1 class=\"elementor-heading-title elementor-size-default\">Produ\u00e7\u00e3o Enxuta Seis Sigma<\/h1>\t\t<\/div>\n\t\t\t\t<\/div>\n\t\t\t\t\t<\/div>\n\t\t<\/div>\n\t\t\t\t\t\t\t<\/div>\n\t\t<\/section>\n\t\t\t\t<section class=\"elementor-section elementor-top-section elementor-element elementor-element-4b6c651 elementor-section-boxed elementor-section-height-default elementor-section-height-default\" data-id=\"4b6c651\" data-element_type=\"section\">\n\t\t\t\t\t\t<div class=\"elementor-container elementor-column-gap-default\">\n\t\t\t\t\t<div class=\"elementor-column elementor-col-25 elementor-top-column elementor-element elementor-element-17061d9\" data-id=\"17061d9\" data-element_type=\"column\">\n\t\t\t<div class=\"elementor-widget-wrap\">\n\t\t\t\t\t\t\t\t\t<\/div>\n\t\t<\/div>\n\t\t\t\t<div class=\"elementor-column elementor-col-25 elementor-top-column elementor-element elementor-element-256facf elementor-invisible\" data-id=\"256facf\" data-element_type=\"column\" data-settings=\"{&quot;background_background&quot;:&quot;classic&quot;,&quot;animation&quot;:&quot;fadeInDown&quot;}\">\n\t\t\t<div class=\"elementor-widget-wrap elementor-element-populated\">\n\t\t\t\t\t\t\t\t<div class=\"elementor-element elementor-element-1a3d063 elementor-view-stacked elementor-shape-circle elementor-position-top elementor-vertical-align-top elementor-widget elementor-widget-icon-box\" data-id=\"1a3d063\" data-element_type=\"widget\" data-widget_type=\"icon-box.default\">\n\t\t\t\t<div class=\"elementor-widget-container\">\n\t\t\t\t\t<div class=\"elementor-icon-box-wrapper\">\n\t\t\t\t\t\t<div class=\"elementor-icon-box-icon\">\n\t\t\t\t<span class=\"elementor-icon elementor-animation-\" >\n\t\t\t\t<i aria-hidden=\"true\" class=\"icon icon-calendar-full\"><\/i>\t\t\t\t<\/span>\n\t\t\t<\/div>\n\t\t\t\t\t\t<div class=\"elementor-icon-box-content\">\n\t\t\t\t<h3 class=\"elementor-icon-box-title\">\n\t\t\t\t\t<span >In\u00edcio<\/span>\n\t\t\t\t<\/h3>\n\t\t\t\t\t\t\t\t<p class=\"elementor-icon-box-description\">A definir<\/p>\n\t\t\t\t\t\t\t<\/div>\n\t\t<\/div>\n\t\t\t\t<\/div>\n\t\t\t\t<\/div>\n\t\t\t\t\t<\/div>\n\t\t<\/div>\n\t\t\t\t<div class=\"elementor-column elementor-col-25 elementor-top-column elementor-element elementor-element-c6e1b1e elementor-invisible\" data-id=\"c6e1b1e\" data-element_type=\"column\" data-settings=\"{&quot;background_background&quot;:&quot;classic&quot;,&quot;animation&quot;:&quot;fadeInUp&quot;}\">\n\t\t\t<div class=\"elementor-widget-wrap elementor-element-populated\">\n\t\t\t\t\t\t\t\t<div class=\"elementor-element elementor-element-42430fa elementor-view-stacked elementor-shape-circle elementor-position-top elementor-vertical-align-top elementor-widget elementor-widget-icon-box\" data-id=\"42430fa\" data-element_type=\"widget\" data-widget_type=\"icon-box.default\">\n\t\t\t\t<div class=\"elementor-widget-container\">\n\t\t\t\t\t<div class=\"elementor-icon-box-wrapper\">\n\t\t\t\t\t\t<div class=\"elementor-icon-box-icon\">\n\t\t\t\t<span class=\"elementor-icon elementor-animation-\" >\n\t\t\t\t<i aria-hidden=\"true\" class=\"icon icon-clock2\"><\/i>\t\t\t\t<\/span>\n\t\t\t<\/div>\n\t\t\t\t\t\t<div class=\"elementor-icon-box-content\">\n\t\t\t\t<h3 class=\"elementor-icon-box-title\">\n\t\t\t\t\t<span >Hor\u00e1rio<\/span>\n\t\t\t\t<\/h3>\n\t\t\t\t\t\t\t\t<p class=\"elementor-icon-box-description\">S\u00e1bados das 8:15h \u00e0s 17h<\/p>\n\t\t\t\t\t\t\t<\/div>\n\t\t<\/div>\n\t\t\t\t<\/div>\n\t\t\t\t<\/div>\n\t\t\t\t\t<\/div>\n\t\t<\/div>\n\t\t\t\t<div class=\"elementor-column elementor-col-25 elementor-top-column elementor-element elementor-element-c011c24 elementor-invisible\" data-id=\"c011c24\" data-element_type=\"column\" data-settings=\"{&quot;background_background&quot;:&quot;classic&quot;,&quot;animation&quot;:&quot;fadeInDown&quot;}\">\n\t\t\t<div class=\"elementor-widget-wrap elementor-element-populated\">\n\t\t\t\t\t\t\t\t<div class=\"elementor-element elementor-element-defb9e3 elementor-view-stacked elementor-shape-circle elementor-position-top elementor-vertical-align-top elementor-widget elementor-widget-icon-box\" data-id=\"defb9e3\" data-element_type=\"widget\" data-widget_type=\"icon-box.default\">\n\t\t\t\t<div class=\"elementor-widget-container\">\n\t\t\t\t\t<div class=\"elementor-icon-box-wrapper\">\n\t\t\t\t\t\t<div class=\"elementor-icon-box-icon\">\n\t\t\t\t<span class=\"elementor-icon elementor-animation-\" >\n\t\t\t\t<i aria-hidden=\"true\" class=\"icon icon-google-map\"><\/i>\t\t\t\t<\/span>\n\t\t\t<\/div>\n\t\t\t\t\t\t<div class=\"elementor-icon-box-content\">\n\t\t\t\t<h3 class=\"elementor-icon-box-title\">\n\t\t\t\t\t<span >Local<\/span>\n\t\t\t\t<\/h3>\n\t\t\t\t\t\t\t\t<p class=\"elementor-icon-box-description\">Aulas realizadas em formato sala virtual<\/p>\n\t\t\t\t\t\t\t<\/div>\n\t\t<\/div>\n\t\t\t\t<\/div>\n\t\t\t\t<\/div>\n\t\t\t\t\t<\/div>\n\t\t<\/div>\n\t\t\t\t\t\t\t<\/div>\n\t\t<\/section>\n\t\t\t\t<section class=\"elementor-section elementor-top-section elementor-element elementor-element-18628d9 elementor-section-boxed elementor-section-height-default elementor-section-height-default\" data-id=\"18628d9\" data-element_type=\"section\">\n\t\t\t\t\t\t<div class=\"elementor-container elementor-column-gap-default\">\n\t\t\t\t\t<div class=\"elementor-column elementor-col-50 elementor-top-column elementor-element elementor-element-3b8b81d\" data-id=\"3b8b81d\" data-element_type=\"column\">\n\t\t\t<div class=\"elementor-widget-wrap elementor-element-populated\">\n\t\t\t\t\t\t\t\t<div class=\"elementor-element elementor-element-c88008d elementor-invisible elementor-widget elementor-widget-heading\" data-id=\"c88008d\" data-element_type=\"widget\" data-settings=\"{&quot;_animation&quot;:&quot;fadeInLeft&quot;}\" data-widget_type=\"heading.default\">\n\t\t\t\t<div class=\"elementor-widget-container\">\n\t\t\t<h2 class=\"elementor-heading-title elementor-size-default\">Sobre<br>o curso<\/h2>\t\t<\/div>\n\t\t\t\t<\/div>\n\t\t\t\t\t<\/div>\n\t\t<\/div>\n\t\t\t\t<div class=\"elementor-column elementor-col-50 elementor-top-column elementor-element elementor-element-9823037\" data-id=\"9823037\" data-element_type=\"column\">\n\t\t\t<div class=\"elementor-widget-wrap elementor-element-populated\">\n\t\t\t\t\t\t\t\t<div class=\"elementor-element elementor-element-d630570 elementor-invisible elementor-widget elementor-widget-text-editor\" data-id=\"d630570\" data-element_type=\"widget\" data-settings=\"{&quot;_animation&quot;:&quot;fadeInRight&quot;}\" data-widget_type=\"text-editor.default\">\n\t\t\t\t<div class=\"elementor-widget-container\">\n\t\t\t\t\t\t\t\t<p>O Rio de Janeiro foi fortemente afetado pela crise econ\u00f4mica, especialmente os setores\u00a0 industrial e de servi\u00e7os, de grande import\u00e2ncia econ\u00f4mica e social. Em virtude disso, houve desacelera\u00e7\u00e3o econ\u00f4mica, queda na inten\u00e7\u00e3o de investimentos por parte das empresas e desemprego em massa.<\/p><p>Agora, todos os indicadores de desempenho da nossa economia come\u00e7am a sinalizar uma retomada do crescimento e diante desse novo cen\u00e1rio, que aponta como promissor, temos de estar preparados para encarar os novos desafios que inevitavelmente advir\u00e3o.<\/p><p>Existem diversas formas de gerar valor para as empresas e seus acionistas e todas necessitam de aumento da lucratividade. Afinal de contas, \u00e9 o lucro que gera investimentos e dividendos e, por causalidade, crescimento sustentado.<\/p><p>Num mercado competitivo, como o nosso, n\u00e3o \u00e9 uma tarefa f\u00e1cil gerar resultados positivos e todas as pesquisas realizadas pelos \u00f3rg\u00e3os oficiais e patronais apontam que temos de investir no aumento da produtividade e na melhoria da qualidade, que ainda s\u00e3o baixas no Brasil, em compara\u00e7\u00e3o com outros pa\u00edses mais desenvolvidos.<\/p><p>Uma das formas consagradas de aumentar o desempenho das empresas \u00e9 adotar sistemas de produ\u00e7\u00e3o como a Gest\u00e3o Enxuta (Lean Management), baseado no Sistema Toyota de Produ\u00e7\u00e3o.<br \/>A retomada do crescimento da economia em nosso Estado demandar\u00e1 profissionais com compet\u00eancias espec\u00edficas e atualizadas sobre t\u00e9cnicas avan\u00e7adas de gest\u00e3o para aumento de produtividade e redu\u00e7\u00e3o de desperd\u00edcios, integradas com os conceitos de sustentabilidade nos neg\u00f3cios.<\/p><p>O curso de p\u00f3s-gradua\u00e7\u00e3o lato sensu MBA DGA &#8211; Desenvolvimento Gerencial Avan\u00e7ado, \u00eanfase em Produ\u00e7\u00e3o Enxuta Seis Sigma, formar\u00e1 profissionais para implementar e gerenciar os setores industriais e de servi\u00e7os com base na metodologia DMAIC e na filosofia Lean.<\/p><p><strong>Os trabalhos de final de curso &#8211; hands-on &#8211; ser\u00e3o aplicados e conduzidos por profissional Black Belt, visando capacitar os alunos a atuar como Green Belt e os alunos que atenderem a todos os requisitos de aprova\u00e7\u00e3o receber\u00e3o dois certificados: um, de especialista \u2013 lato sensu &#8211; em Desenvolvimento Gerencial Avan\u00e7ado com \u00eanfase em Produ\u00e7\u00e3o Enxuta Seis Sigma, e outro de forma\u00e7\u00e3o em Green Belt.<\/strong><\/p>\t\t\t\t\t\t<\/div>\n\t\t\t\t<\/div>\n\t\t\t\t\t<\/div>\n\t\t<\/div>\n\t\t\t\t\t\t\t<\/div>\n\t\t<\/section>\n\t\t\t\t<section class=\"elementor-section elementor-top-section elementor-element elementor-element-63d48be elementor-section-boxed elementor-section-height-default elementor-section-height-default\" data-id=\"63d48be\" data-element_type=\"section\">\n\t\t\t\t\t\t<div class=\"elementor-container elementor-column-gap-default\">\n\t\t\t\t\t<div class=\"elementor-column elementor-col-50 elementor-top-column elementor-element elementor-element-17d66f7 elementor-invisible\" data-id=\"17d66f7\" data-element_type=\"column\" data-settings=\"{&quot;animation&quot;:&quot;fadeInLeft&quot;}\">\n\t\t\t<div class=\"elementor-widget-wrap elementor-element-populated\">\n\t\t\t\t\t\t\t\t<section class=\"elementor-section elementor-inner-section elementor-element elementor-element-5fb44b3 elementor-section-boxed elementor-section-height-default elementor-section-height-default\" data-id=\"5fb44b3\" data-element_type=\"section\" data-settings=\"{&quot;background_background&quot;:&quot;classic&quot;,&quot;shape_divider_top&quot;:&quot;tilt&quot;,&quot;shape_divider_bottom&quot;:&quot;tilt&quot;}\">\n\t\t\t\t\t<div class=\"elementor-shape elementor-shape-top\" data-negative=\"false\">\n\t\t\t<svg xmlns=\"http:\/\/www.w3.org\/2000\/svg\" viewBox=\"0 0 1000 100\" preserveAspectRatio=\"none\">\n\t<path class=\"elementor-shape-fill\" d=\"M0,6V0h1000v100L0,6z\"\/>\n<\/svg>\t\t<\/div>\n\t\t\t\t<div class=\"elementor-shape elementor-shape-bottom\" data-negative=\"false\">\n\t\t\t<svg xmlns=\"http:\/\/www.w3.org\/2000\/svg\" viewBox=\"0 0 1000 100\" preserveAspectRatio=\"none\">\n\t<path class=\"elementor-shape-fill\" d=\"M0,6V0h1000v100L0,6z\"\/>\n<\/svg>\t\t<\/div>\n\t\t\t\t\t<div class=\"elementor-container elementor-column-gap-default\">\n\t\t\t\t\t<div class=\"elementor-column elementor-col-100 elementor-inner-column elementor-element elementor-element-e36f4e6\" data-id=\"e36f4e6\" data-element_type=\"column\">\n\t\t\t<div class=\"elementor-widget-wrap elementor-element-populated\">\n\t\t\t\t\t\t\t\t<div class=\"elementor-element elementor-element-5d9a543 elementor-widget elementor-widget-heading\" data-id=\"5d9a543\" data-element_type=\"widget\" data-widget_type=\"heading.default\">\n\t\t\t\t<div class=\"elementor-widget-container\">\n\t\t\t<h2 class=\"elementor-heading-title elementor-size-default\">P\u00fablico Alvo<\/h2>\t\t<\/div>\n\t\t\t\t<\/div>\n\t\t\t\t<div class=\"elementor-element elementor-element-daf29d2 elementor-widget elementor-widget-text-editor\" data-id=\"daf29d2\" data-element_type=\"widget\" data-widget_type=\"text-editor.default\">\n\t\t\t\t<div class=\"elementor-widget-container\">\n\t\t\t\t\t\t\t\t<p>Profissionais com gradua\u00e7\u00e3o plena, que exer\u00e7am ou possuam potencial para atuar como gestor nos setores industrial ou de servi\u00e7os, com interesse em pr\u00e1ticas para aumentar a produtividade e reduzir desperd\u00edcios.<\/p>\t\t\t\t\t\t<\/div>\n\t\t\t\t<\/div>\n\t\t\t\t\t<\/div>\n\t\t<\/div>\n\t\t\t\t\t\t\t<\/div>\n\t\t<\/section>\n\t\t\t\t\t<\/div>\n\t\t<\/div>\n\t\t\t\t<div class=\"elementor-column elementor-col-50 elementor-top-column elementor-element elementor-element-b08f4b6 elementor-invisible\" data-id=\"b08f4b6\" data-element_type=\"column\" data-settings=\"{&quot;animation&quot;:&quot;fadeInRight&quot;}\">\n\t\t\t<div class=\"elementor-widget-wrap elementor-element-populated\">\n\t\t\t\t\t\t\t\t<div class=\"elementor-element elementor-element-d82bc12 elementor-widget elementor-widget-heading\" data-id=\"d82bc12\" data-element_type=\"widget\" data-widget_type=\"heading.default\">\n\t\t\t\t<div class=\"elementor-widget-container\">\n\t\t\t<h2 class=\"elementor-heading-title elementor-size-default\">T\u00f3picos<\/h2>\t\t<\/div>\n\t\t\t\t<\/div>\n\t\t\t\t<div class=\"elementor-element elementor-element-bd03c72 elementor-widget elementor-widget-text-editor\" data-id=\"bd03c72\" data-element_type=\"widget\" data-widget_type=\"text-editor.default\">\n\t\t\t\t<div class=\"elementor-widget-container\">\n\t\t\t\t\t\t\t\t<p>\u2022\u00a0\u00a0\u00a0 Princ\u00edpios de Lean Manufacturing e Lean Thinking<br \/>\u2022\u00a0\u00a0\u00a0 Planejamento Estrat\u00e9gico e Desempenho Empresarial<br \/>\u2022\u00a0\u00a0\u00a0 Fundamentos do Seis Sigma aplicados \u00e0 Produ\u00e7\u00e3o Enxuta<br \/>\u2022\u00a0\u00a0\u00a0 Ger\u00eancia de Projetos<br \/>\u2022\u00a0\u00a0\u00a0 Gest\u00e3o de Marketing<br \/>\u2022\u00a0\u00a0\u00a0 Lean Six Sigma e Green Belt<br \/>\u2022\u00a0\u00a0\u00a0 Administra\u00e7\u00e3o Financeira \u2013 An\u00e1lise de Risco<br \/>\u2022\u00a0\u00a0\u00a0 Ferramentas de Lean em Servi\u00e7os (Lean Service)<br \/>\u2022\u00a0\u00a0\u00a0 Mapeamento e Balanceamento do Fluxo de Valor<br \/>\u2022\u00a0\u00a0\u00a0 Gest\u00e3o de Melhoria Cont\u00ednua<br \/>\u2022\u00a0\u00a0\u00a0 Log\u00edstica Empresarial<br \/>\u2022\u00a0\u00a0\u00a0 Gest\u00e3o de Organiza\u00e7\u00f5es Sustent\u00e1veis e \u00c9tica e Responsabilidade Social<br \/>\u2022\u00a0\u00a0\u00a0 Gest\u00e3o do Conhecimento e Tecnologia de Informa\u00e7\u00e3o<br \/>\u2022\u00a0\u00a0\u00a0 Ferramenta de Lean na Manuten\u00e7\u00e3o (Lean Maintenance)<br \/>\u2022\u00a0\u00a0\u00a0 Negocia\u00e7\u00e3o de Contratos<br \/>\u2022\u00a0\u00a0\u00a0 Metodologia Cient\u00edfica<\/p>\t\t\t\t\t\t<\/div>\n\t\t\t\t<\/div>\n\t\t\t\t\t<\/div>\n\t\t<\/div>\n\t\t\t\t\t\t\t<\/div>\n\t\t<\/section>\n\t\t\t\t<section class=\"elementor-section elementor-top-section elementor-element elementor-element-5383a5d elementor-section-boxed elementor-section-height-default elementor-section-height-default\" data-id=\"5383a5d\" data-element_type=\"section\">\n\t\t\t\t\t\t<div class=\"elementor-container elementor-column-gap-default\">\n\t\t\t\t\t<div class=\"elementor-column elementor-col-50 elementor-top-column elementor-element elementor-element-8fc29a8\" data-id=\"8fc29a8\" data-element_type=\"column\">\n\t\t\t<div class=\"elementor-widget-wrap elementor-element-populated\">\n\t\t\t\t\t\t\t\t<div class=\"elementor-element elementor-element-a6dcb85 elementor-invisible elementor-widget elementor-widget-heading\" data-id=\"a6dcb85\" data-element_type=\"widget\" data-settings=\"{&quot;_animation&quot;:&quot;fadeInLeft&quot;}\" data-widget_type=\"heading.default\">\n\t\t\t\t<div class=\"elementor-widget-container\">\n\t\t\t<h2 class=\"elementor-heading-title elementor-size-default\">Objetivos<\/h2>\t\t<\/div>\n\t\t\t\t<\/div>\n\t\t\t\t\t<\/div>\n\t\t<\/div>\n\t\t\t\t<div class=\"elementor-column elementor-col-50 elementor-top-column elementor-element elementor-element-d47a441\" data-id=\"d47a441\" data-element_type=\"column\">\n\t\t\t<div class=\"elementor-widget-wrap elementor-element-populated\">\n\t\t\t\t\t\t\t\t<div class=\"elementor-element elementor-element-3ff3239 elementor-invisible elementor-widget elementor-widget-text-editor\" data-id=\"3ff3239\" data-element_type=\"widget\" data-settings=\"{&quot;_animation&quot;:&quot;fadeInRight&quot;}\" data-widget_type=\"text-editor.default\">\n\t\t\t\t<div class=\"elementor-widget-container\">\n\t\t\t\t\t\t\t\t<p>Preparar profissionais para a implementa\u00e7\u00e3o da Produ\u00e7\u00e3o Enxuta Seis Sigma (<em>Lean Six Sigma<\/em>) visando a melhoria do desempenho de processos na ind\u00fastria e em servi\u00e7os, conectando estrat\u00e9gia, objetivos e indicadores significativos que contribuam para o pleno potencial empresarial. Destaca-se a capacita\u00e7\u00e3o em t\u00e9cnicas gerenciais e operacionais para reduzir ou eliminar a variabilidade dos processos utilizando a metodologia DMAIC, entre outros objetivos secund\u00e1rios, a saber:<\/p><ul><li>prover conhecimentos indispens\u00e1veis para aprofundar a aplica\u00e7\u00e3o da filosofia\u00a0<em>Lean Six Sigma;<\/em><\/li><li>estudar t\u00e9cnicas para agregar valor ao cliente;<\/li><li>desenvolver estudos de caso para a an\u00e1lise e discuss\u00e3o das melhores solu\u00e7\u00f5es integrando a teoria com a realidade do mercado;<\/li><li>analisar e solucionar problemas de forma customizada reduzindo custo e evitando desperd\u00edcios alinhados com o conceito da sustentabilidade;<\/li><li>capacitar de profissionais em m\u00e9todos de solu\u00e7\u00e3o de problemas, utilizando o relat\u00f3rio de gest\u00e3o A3 do Sistema Toyota de Produ\u00e7\u00e3o;<\/li><li>refletir sobre a aplica\u00e7\u00e3o da ferramentas <em>Lean<\/em> em servi\u00e7os e manuten\u00e7\u00e3o.<\/li><\/ul>\t\t\t\t\t\t<\/div>\n\t\t\t\t<\/div>\n\t\t\t\t\t<\/div>\n\t\t<\/div>\n\t\t\t\t\t\t\t<\/div>\n\t\t<\/section>\n\t\t\t\t<section class=\"elementor-section elementor-top-section elementor-element elementor-element-81d3ca8 elementor-section-boxed elementor-section-height-default elementor-section-height-default\" data-id=\"81d3ca8\" data-element_type=\"section\">\n\t\t\t\t\t\t<div class=\"elementor-container elementor-column-gap-default\">\n\t\t\t\t\t<div class=\"elementor-column elementor-col-100 elementor-top-column elementor-element elementor-element-641186e\" data-id=\"641186e\" data-element_type=\"column\">\n\t\t\t<div class=\"elementor-widget-wrap elementor-element-populated\">\n\t\t\t\t\t\t\t\t<div class=\"elementor-element elementor-element-e357d2f elementor-tabs-view-horizontal elementor-invisible elementor-widget elementor-widget-tabs\" data-id=\"e357d2f\" data-element_type=\"widget\" data-settings=\"{&quot;_animation&quot;:&quot;fadeInUp&quot;}\" data-widget_type=\"tabs.default\">\n\t\t\t\t<div class=\"elementor-widget-container\">\n\t\t\t\t\t<div class=\"elementor-tabs\">\n\t\t\t<div class=\"elementor-tabs-wrapper\" role=\"tablist\" >\n\t\t\t\t\t\t\t\t\t<div id=\"elementor-tab-title-2381\" class=\"elementor-tab-title elementor-tab-desktop-title\" aria-selected=\"true\" data-tab=\"1\" role=\"tab\" tabindex=\"0\" aria-controls=\"elementor-tab-content-2381\" aria-expanded=\"false\">Diferenciais <\/div>\n\t\t\t\t\t\t\t\t\t<div id=\"elementor-tab-title-2382\" class=\"elementor-tab-title elementor-tab-desktop-title\" aria-selected=\"false\" data-tab=\"2\" role=\"tab\" tabindex=\"-1\" aria-controls=\"elementor-tab-content-2382\" aria-expanded=\"false\">Metodologia<\/div>\n\t\t\t\t\t\t\t\t\t<div id=\"elementor-tab-title-2383\" class=\"elementor-tab-title elementor-tab-desktop-title\" aria-selected=\"false\" data-tab=\"3\" role=\"tab\" tabindex=\"-1\" aria-controls=\"elementor-tab-content-2383\" aria-expanded=\"false\">Avalia\u00e7\u00f5es e Certificado<\/div>\n\t\t\t\t\t\t\t\t\t<div id=\"elementor-tab-title-2384\" class=\"elementor-tab-title elementor-tab-desktop-title\" aria-selected=\"false\" data-tab=\"4\" role=\"tab\" tabindex=\"-1\" aria-controls=\"elementor-tab-content-2384\" aria-expanded=\"false\">Material Did\u00e1tico<\/div>\n\t\t\t\t\t\t\t\t\t<div id=\"elementor-tab-title-2385\" class=\"elementor-tab-title elementor-tab-desktop-title\" aria-selected=\"false\" data-tab=\"5\" role=\"tab\" tabindex=\"-1\" aria-controls=\"elementor-tab-content-2385\" aria-expanded=\"false\">Documentos para Inscri\u00e7\u00e3o<\/div>\n\t\t\t\t\t\t\t\t\t<div id=\"elementor-tab-title-2386\" class=\"elementor-tab-title elementor-tab-desktop-title\" aria-selected=\"false\" data-tab=\"6\" role=\"tab\" tabindex=\"-1\" aria-controls=\"elementor-tab-content-2386\" aria-expanded=\"false\">Ambiente de Excel\u00eancia<\/div>\n\t\t\t\t\t\t\t<\/div>\n\t\t\t<div class=\"elementor-tabs-content-wrapper\" role=\"tablist\" aria-orientation=\"vertical\">\n\t\t\t\t\t\t\t\t\t<div class=\"elementor-tab-title elementor-tab-mobile-title\" aria-selected=\"true\" data-tab=\"1\" role=\"tab\" tabindex=\"0\" aria-controls=\"elementor-tab-content-2381\" aria-expanded=\"false\">Diferenciais <\/div>\n\t\t\t\t\t<div id=\"elementor-tab-content-2381\" class=\"elementor-tab-content elementor-clearfix\" data-tab=\"1\" role=\"tabpanel\" aria-labelledby=\"elementor-tab-title-2381\" tabindex=\"0\" hidden=\"false\"><ul><li>Certifica\u00e7\u00e3o* em Especializa\u00e7\u00e3o em MBA DGA Desenvolvimento Gerencial Avan\u00e7ado com \u00eanfase em Produ\u00e7\u00e3o Enxuta Seis<em>\u00a0Sigma<\/em>\u00a0(caso atenda os requisitos do curso);<\/li><li>Certifica\u00e7\u00e3o* em forma\u00e7\u00e3o\u00a0<em>Green Belt<\/em>, emitido por profissionais que atuam como\u00a0<em>Black Belt<\/em>\u00a0e experi\u00eancia na aplica\u00e7\u00e3o do Seis Sigma (caso atenda os requisitos do curso);<\/li><li>O curso ser\u00e1 oferecido 100% na modalidade presencial, proporcionando o melhor desempenho no processo ensino-aprendizagem;<\/li><li>Professores reconhecidos no mercado e na academia pela atua\u00e7\u00e3o profissional na \u00e1rea de\u00a0<em>Lean Six Sigma<\/em>;<\/li><li>Trabalho de Conclus\u00e3o de Curso aplicado ao interesse profissional do aluno (<em>hands on<\/em>), orientado com base na forma\u00e7\u00e3o\u00a0<em>Green Belt;<\/em><\/li><li>Oferecimento de\u00a0 m\u00f3dulo Internacional* em Universidade do exterior:\u00a0<em>Lean Enterprise Summer Program (University of Tennessee<\/em>), com visitas t\u00e9cnicas e elabora\u00e7\u00e3o de projetos\u00a0<em>hands-on<\/em>.<\/li><li>Acesso ao evento anual de divulga\u00e7\u00e3o de pesquisas e pr\u00e1ticas de gest\u00e3o, Congresso Nacional de Excel\u00eancia em Gest\u00e3o.\u00a0<\/li><\/ul><p>* O custo do m\u00f3dulo internacional n\u00e3o est\u00e1 inclu\u00eddo no valor do curso de p\u00f3s-gradua\u00e7\u00e3o, sendo pago separadamente pelo aluno interessado.<\/p><\/div>\n\t\t\t\t\t\t\t\t\t<div class=\"elementor-tab-title elementor-tab-mobile-title\" aria-selected=\"false\" data-tab=\"2\" role=\"tab\" tabindex=\"-1\" aria-controls=\"elementor-tab-content-2382\" aria-expanded=\"false\">Metodologia<\/div>\n\t\t\t\t\t<div id=\"elementor-tab-content-2382\" class=\"elementor-tab-content elementor-clearfix\" data-tab=\"2\" role=\"tabpanel\" aria-labelledby=\"elementor-tab-title-2382\" tabindex=\"0\" hidden=\"hidden\"><ul><li>Aulas expositivas dialogadas e din\u00e2micas de grupo;<\/li><li>An\u00e1lise de Estudos de Caso e situa\u00e7\u00f5es reais em empresas;<\/li><li>Trabalhos em grupo e Elabora\u00e7\u00e3o de projeto orientado (hands-on) com base nos crit\u00e9rios \u00e0 forma\u00e7\u00e3o em Green Belt.<\/li><\/ul><\/div>\n\t\t\t\t\t\t\t\t\t<div class=\"elementor-tab-title elementor-tab-mobile-title\" aria-selected=\"false\" data-tab=\"3\" role=\"tab\" tabindex=\"-1\" aria-controls=\"elementor-tab-content-2383\" aria-expanded=\"false\">Avalia\u00e7\u00f5es e Certificado<\/div>\n\t\t\t\t\t<div id=\"elementor-tab-content-2383\" class=\"elementor-tab-content elementor-clearfix\" data-tab=\"3\" role=\"tabpanel\" aria-labelledby=\"elementor-tab-title-2383\" tabindex=\"0\" hidden=\"hidden\"><p>O certificado de Especialista ser\u00e1 emitido pela Universidade Federal Fluminense para todos os alunos que tiverem frequ\u00eancia m\u00ednima de 75%, nota igual ou superior a 7,0 (sete) em cada disciplina e no Trabalho Final do curso. O certificado em forma\u00e7\u00e3o Green Belt ser\u00e1 emitido por profissionais que atuam como Black Belt e experi\u00eancia na aplica\u00e7\u00e3o do Seis Sigma.<\/p><\/div>\n\t\t\t\t\t\t\t\t\t<div class=\"elementor-tab-title elementor-tab-mobile-title\" aria-selected=\"false\" data-tab=\"4\" role=\"tab\" tabindex=\"-1\" aria-controls=\"elementor-tab-content-2384\" aria-expanded=\"false\">Material Did\u00e1tico<\/div>\n\t\t\t\t\t<div id=\"elementor-tab-content-2384\" class=\"elementor-tab-content elementor-clearfix\" data-tab=\"4\" role=\"tabpanel\" aria-labelledby=\"elementor-tab-title-2384\" tabindex=\"0\" hidden=\"hidden\"><p>O material did\u00e1tico das diversas disciplinas do curso ser\u00e1 disponibilizado aos alunos pela secretaria do curso.<\/p><\/div>\n\t\t\t\t\t\t\t\t\t<div class=\"elementor-tab-title elementor-tab-mobile-title\" aria-selected=\"false\" data-tab=\"5\" role=\"tab\" tabindex=\"-1\" aria-controls=\"elementor-tab-content-2385\" aria-expanded=\"false\">Documentos para Inscri\u00e7\u00e3o<\/div>\n\t\t\t\t\t<div id=\"elementor-tab-content-2385\" class=\"elementor-tab-content elementor-clearfix\" data-tab=\"5\" role=\"tabpanel\" aria-labelledby=\"elementor-tab-title-2385\" tabindex=\"0\" hidden=\"hidden\"><p>&#8211; Diploma de Gradua\u00e7\u00e3o Plena reconhecida pelo MEC ou Declara\u00e7\u00e3o de Conclus\u00e3o de curso com data da Cola\u00e7\u00e3o de Grau\u00a0<br \/>&#8211;\u00a0 Curriculum Vitae\u00a0<br \/>&#8211; Identidade<br \/>&#8211;\u00a0 CPF\u00a0<br \/>&#8211; Fotos 3&#215;4\u00a0<\/p><p>\u00a0<\/p><\/div>\n\t\t\t\t\t\t\t\t\t<div class=\"elementor-tab-title elementor-tab-mobile-title\" aria-selected=\"false\" data-tab=\"6\" role=\"tab\" tabindex=\"-1\" aria-controls=\"elementor-tab-content-2386\" aria-expanded=\"false\">Ambiente de Excel\u00eancia<\/div>\n\t\t\t\t\t<div id=\"elementor-tab-content-2386\" class=\"elementor-tab-content elementor-clearfix\" data-tab=\"6\" role=\"tabpanel\" aria-labelledby=\"elementor-tab-title-2386\" tabindex=\"0\" hidden=\"hidden\"><p>Caracter\u00edsticas inseridas nos cursos de p\u00f3s-gradua\u00e7\u00e3o Lato Sensu gerenciados pelo LATEC:<br \/>\u2022\u00a0\u00a0 \u00a0Participa\u00e7\u00e3o de atividades extra-curriculares como o Congresso Nacional de Excel\u00eancia em Gest\u00e3o\u00a0<a href=\"http:\/\/www.excelenciaemgestao.org\/\">www.excelenciaemgestao.org<\/a><br \/>\u2022\u00a0\u00a0 \u00a0Boletim para divulga\u00e7\u00e3o de oportunidades de emprego e participa\u00e7\u00e3o em eventos t\u00e9cnico-cient\u00edficos;<br \/>\u2022\u00a0\u00a0 \u00a0Integra\u00e7\u00e3o em atividades acad\u00eamicas de pesquisa e;<br \/>\u2022\u00a0\u00a0 \u00a0Acesso a profissionais de doc\u00eancia e pesquisa que podem agregar valor a seu Curriculum.<\/p><\/div>\n\t\t\t\t\t\t\t<\/div>\n\t\t<\/div>\n\t\t\t\t<\/div>\n\t\t\t\t<\/div>\n\t\t\t\t\t<\/div>\n\t\t<\/div>\n\t\t\t\t\t\t\t<\/div>\n\t\t<\/section>\n\t\t\t\t<section class=\"elementor-section elementor-top-section elementor-element elementor-element-a176500 elementor-section-boxed elementor-section-height-default elementor-section-height-default\" data-id=\"a176500\" data-element_type=\"section\" data-settings=\"{&quot;background_background&quot;:&quot;classic&quot;}\">\n\t\t\t\t\t\t<div class=\"elementor-container elementor-column-gap-default\">\n\t\t\t\t\t<div class=\"elementor-column elementor-col-50 elementor-top-column elementor-element elementor-element-b9b5d2b\" data-id=\"b9b5d2b\" data-element_type=\"column\" data-settings=\"{&quot;background_background&quot;:&quot;classic&quot;}\">\n\t\t\t<div class=\"elementor-widget-wrap elementor-element-populated\">\n\t\t\t\t\t\t\t\t<div class=\"elementor-element elementor-element-3e45443 elementor-invisible elementor-widget elementor-widget-heading\" data-id=\"3e45443\" data-element_type=\"widget\" data-settings=\"{&quot;_animation&quot;:&quot;bounce&quot;}\" data-widget_type=\"heading.default\">\n\t\t\t\t<div class=\"elementor-widget-container\">\n\t\t\t<h2 class=\"elementor-heading-title elementor-size-default\">Garanta a sua inscri\u00e7\u00e3o. Vagas limitadas! <\/h2>\t\t<\/div>\n\t\t\t\t<\/div>\n\t\t\t\t\t<\/div>\n\t\t<\/div>\n\t\t\t\t<div class=\"elementor-column elementor-col-50 elementor-top-column elementor-element elementor-element-3c3bd76\" data-id=\"3c3bd76\" data-element_type=\"column\">\n\t\t\t<div class=\"elementor-widget-wrap elementor-element-populated\">\n\t\t\t\t\t\t\t\t<div class=\"elementor-element elementor-element-4fa558a elementor-align-center elementor-invisible elementor-widget elementor-widget-button\" data-id=\"4fa558a\" data-element_type=\"widget\" data-settings=\"{&quot;_animation&quot;:&quot;tada&quot;}\" data-widget_type=\"button.default\">\n\t\t\t\t<div class=\"elementor-widget-container\">\n\t\t\t\t\t<div class=\"elementor-button-wrapper\">\n\t\t\t<a href=\"https:\/\/latec.uff.br\/mba\/inscricao\/\" target=\"_blank\" class=\"elementor-button-link elementor-button elementor-size-sm\" role=\"button\">\n\t\t\t\t\t\t<span class=\"elementor-button-content-wrapper\">\n\t\t\t\t\t\t<span class=\"elementor-button-text\">INSCREVA-SE AQUI<\/span>\n\t\t<\/span>\n\t\t\t\t\t<\/a>\n\t\t<\/div>\n\t\t\t\t<\/div>\n\t\t\t\t<\/div>\n\t\t\t\t\t<\/div>\n\t\t<\/div>\n\t\t\t\t\t\t\t<\/div>\n\t\t<\/section>\n\t\t\t\t<section class=\"elementor-section elementor-top-section elementor-element elementor-element-9c262fc elementor-section-boxed elementor-section-height-default elementor-section-height-default\" data-id=\"9c262fc\" data-element_type=\"section\">\n\t\t\t\t\t\t<div class=\"elementor-container elementor-column-gap-default\">\n\t\t\t\t\t<div class=\"elementor-column elementor-col-100 elementor-top-column elementor-element elementor-element-f5e54ad\" data-id=\"f5e54ad\" data-element_type=\"column\">\n\t\t\t<div class=\"elementor-widget-wrap elementor-element-populated\">\n\t\t\t\t\t\t\t\t<div class=\"elementor-element elementor-element-070232b elementor-invisible elementor-widget elementor-widget-heading\" data-id=\"070232b\" data-element_type=\"widget\" data-settings=\"{&quot;_animation&quot;:&quot;fadeInDown&quot;}\" data-widget_type=\"heading.default\">\n\t\t\t\t<div class=\"elementor-widget-container\">\n\t\t\t<h2 class=\"elementor-heading-title elementor-size-default\">Corpo Docente<\/h2>\t\t<\/div>\n\t\t\t\t<\/div>\n\t\t\t\t<div class=\"elementor-element elementor-element-d50d69b elementor-widget elementor-widget-shortcode\" data-id=\"d50d69b\" data-element_type=\"widget\" data-widget_type=\"shortcode.default\">\n\t\t\t\t<div class=\"elementor-widget-container\">\n\t\t\t\t\t<div class=\"elementor-shortcode\">\n\t\t\t\t\t\t<style type=\"text\/css\">\n\t\t\t\t\t\t.team-manager-free-main-area-2310 {\n\t\t\t\t\t\t\tdisplay: block;\n\t\t\t\t\t\t\toverflow: hidden;\n\t\t\t\t\t\t}\n\t\t\t\t\t\t.team-manager-free-main-area-2310 #team-manager-free-single-items-2310 {\n\t\t\t\t\t\t    display: flex;\n\t\t\t\t\t\t    flex-direction: row;\n\t\t\t\t\t\t    flex-wrap: wrap;\n\t\t\t\t\t\t}\n\t\t\t\t\t\t.team-manager-free-items-style3-2310{\n\t\t\t\t\t\t\ttext-align:center;\n\t\t\t\t\t\t\twidth:100%;\n\t\t\t\t\t\t\theight:100%;\n\t\t\t\t\t\t}\n\t\t\t\t\t\t.team-manager-free-items-style3-2310 .team-manager-free-items-style3-pic-2310{\n\t\t\t\t\t\t\tposition: relative;\n\t\t\t\t\t\t\tborder-radius: 50%;\n\t\t\t\t\t\t}\n\t\t\t\t\t\t\t.team-manager-free-items-style3-2310 .team-manager-free-items-style3-pic-2310 img{\n\t\t\t\t\t\t\t\twidth: 100%;\n\t\t\t\t\t\t\t\theight: auto;\n\t\t\t\t\t\t\t\tborder-radius: 50%;\n\t\t\t\t\t\t\t}\n\t\t\t\t\t\t.team-manager-free-items-style3-2310 .pic-bottom{\n\t\t\t\t\t\t\tborder-radius: 50%;\n\t\t\t\t\t\t\tbox-shadow: none;\n\t\t\t\t\t\t\theight: 100%;\n\t\t\t\t\t\t\tleft: 0;\n\t\t\t\t\t\t\toutline: medium none;\n\t\t\t\t\t\t\tposition: absolute;\n\t\t\t\t\t\t\ttop: 0;\n\t\t\t\t\t\t\ttransition: all 0.3s ease 0s;\n\t\t\t\t\t\t\twidth: 100%;\n\t\t\t\t\t\t}\n\t\t\t\t\t\t.team-manager-free-items-style3-2310 .pic-bottom:after{\n\t\t\t\t\t\t\tcontent: \"\\f002\";\n\t\t\t\t\t\t\tfont-family: \"FontAwesome\";\n\t\t\t\t\t\t\tposition: relative;\n\t\t\t\t\t\t\ttop:45%;\n\t\t\t\t\t\t\tleft:0;\n\t\t\t\t\t\t\topacity: 0;\n\t\t\t\t\t\t\tcolor:#fff;\n\t\t\t\t\t\t\tfont-size: 35px;\n\t\t\t\t\t\t\ttransition:all 0.3s ease 0s;\n\t\t\t\t\t\t}\n\t\t\t\t\t\t.team-manager-free-items-style3-2310 .team-manager-free-items-style3-pic-2310:hover .pic-bottom{\n\t\t\t\t\t\t\tbackground:#c1c1c1;\n\t\t\t\t\t\t\topacity: 0.9;\n\t\t\t\t\t\t}\n\t\t\t\t\t\t.team-manager-free-items-style3-2310 .team-manager-free-items-style3-pic-2310:hover .pic-bottom:after{\n\t\t\t\t\t\t\topacity: 1;\n\t\t\t\t\t\t}\n\t\t\t\t\t\t.team-manager-free-items-style3-2310 .team-manager-free-items-style3-post-title-2310{\n\t\t\t\t\t\t\tfont-size: 17px;\n\t\t\t\t\t\t\tfont-weight: 700;\n\t\t\t\t\t\t\tcolor:#0a0000;\n\t\t\t\t\t\t\tline-height: 27px;\n\t\t\t\t\t\t\tmargin-bottom: 5px;\n\t\t\t\t\t\t\ttext-transform: uppercase;\n\t\t\t\t\t\t}\n\t\t\t\t\t\t.team-manager-free-items-style3-2310 .team-manager-free-items-style3-post-title-2310 a{\n\t\t\t\t\t\t\tcolor:#232a34;\n\t\t\t\t\t\t\ttransition: all 0.3s ease 0s;\n\t\t\t\t\t\t}\n\t\t\t\t\t\t.team-manager-free-items-style3-2310 .team-manager-free-items-style3-post-title-2310 a:hover{\n\t\t\t\t\t\t\tcolor:#727cb6;\n\t\t\t\t\t\t\ttext-decoration: none;\n\t\t\t\t\t\t}\n\t\t\t\t\t\t.team-manager-free-items-style3-2310 .team-manager-free-items-style3-post-2310{\n\t\t\t\t\t\t\tmargin-bottom: 10px;\n\t\t\t\t\t\t\tdisplay: block;\n\t\t\t\t\t\t\tcolor:#333333;\n\t\t\t\t\t\t\tfont-size: 15px;\n\t\t\t\t\t\t}\n\t\t\t\t\t\t.team-manager-free-items-style3-2310 .team-manager-free-items-style3-team-social-2310{\n\t\t\t\t\t\t\tlist-style: none;\n\t\t\t\t\t\t\tpadding: 0;\n\t\t\t\t\t\t}\n\t\t\t\t\t\t.team-manager-free-items-style3-2310 .team-manager-free-items-style3-team-social-2310 > li{\n\t\t\t\t\t\t\tdisplay: inline-block;\n\t\t\t\t\t\t\tmargin: 5px;\n\t\t\t\t\t\t\tpadding: 0;\n\t\t\t\t\t\t}\n\t\t\t\t\t\t.team-manager-free-items-style3-2310 .team-manager-free-items-style3-team-social-2310 > li > a{\n\t\t\t\t\t\t\tbackground: #efefef none repeat scroll 0 0;\n\t\t\t\t\t\t\tborder-radius: 50%;\n\t\t\t\t\t\t\tbox-shadow: none;\n\t\t\t\t\t\t\tcolor: #727cb6;\n\t\t\t\t\t\t\tdisplay: block;\n\t\t\t\t\t\t\theight: 30px;\n\t\t\t\t\t\t\tline-height: 30px;\n\t\t\t\t\t\t\toutline: medium none;\n\t\t\t\t\t\t\ttext-decoration: none;\n\t\t\t\t\t\t\ttransition: all 0.3s ease 0s;\n\t\t\t\t\t\t\twidth: 30px;\n\t\t\t\t\t\t\tborder:none;\n\t\t\t\t\t\t}\n\t\t\t\t\t\t.team-manager-free-items-style3-2310 .team-manager-free-items-style3-team-social-2310 > li > a:hover{\n\t\t\t\t\t\t\tbackground: #727cb6;\n\t\t\t\t\t\t\tcolor:#fff;\n\t\t\t\t\t\t}\n\t\t\t\t\t\t@media screen and (max-width: 990px){\n\t\t\t\t\t\t\t.team-manager-free-items-style3-2310{\n\t\t\t\t\t\t\t\tmargin-bottom: 30px;\n\t\t\t\t\t\t\t}\n\t\t\t\t\t\t}\n\n\t\t\t\t\t\t.lightbox { display: none; }\n\n\t\t\t\t\t\t.team_popup_container-2310 {\n\t\t\t\t\t\t\tdisplay: block;\n\t\t\t\t\t\t\toverflow: hidden;\n\t\t\t\t\t\t}\n\t\t\t\t\t\t.team_popup_left_side_area-2310 {\n\t\t\t\t\t\t\tdisplay: block;\n\t\t\t\t\t\t\tfloat: left;\n\t\t\t\t\t\t\theight: auto;\n\t\t\t\t\t\t\tmargin-right: 50px;\n\t\t\t\t\t\t\tmargin-top: 3px;\n\t\t\t\t\t\t\twidth: 300px;\n\t\t\t\t\t\t\toverflow: hidden;\n\t\t\t\t\t\t}\n\t\t\t\t\t\t.team_popup_container-2310 > h2 {\n\t\t\t\t\t\t  display: block;\n\t\t\t\t\t\t  margin-bottom: 20px;\n\t\t\t\t\t\t  overflow: hidden;\n\t\t\t\t\t\t}\n\t\t\t\t\t\t.team_popup_right_side_area-2310 {\n\t\t\t\t\t\t \tmargin-top: 0px;\n\t\t\t\t\t\t\tdisplay: block;\n\t\t\t\t\t\t \toverflow: hidden;\n\t\t\t\t\t\t}\n\t\t\t\t\t\t.team_popup_right_side_area-2310 p {\n\t\t\t\t\t\t  line-height: 28px;\n\t\t\t\t\t\t  font-size: 15px;\n\t\t\t\t\t\t}\n\t\t\t\t\t\t.team_popup_left_side_area_img-2310 > img {\n\t\t\t\t\t\t  display: block;\n\t\t\t\t\t\t  width: 300px;\n\t\t\t\t\t\t  overflow: hidden;\n\t\t\t\t\t\t}\n\t\t\t\t\t\t.team-manager-popup-items-social-2310{\n\t\t\t\t\t\t\tpadding:0;\n\t\t\t\t\t\t\tmargin:0;\n\t\t\t\t\t\t\tlist-style:none;\n\t\t\t\t\t\t}\n\t\t\t\t\t\t.team-manager-popup-items-social-2310 li{\n\t\t\t\t\t\t\tdisplay:inline-block;\n\t\t\t\t\t\t}\n\t\t\t\t\t\t.team-manager-popup-items-social-2310 li a{\n\t\t\t\t\t\t\tbackground: #fff none repeat scroll 0 0;\n\t\t\t\t\t\t\tborder: 1px solid #fff;\n\t\t\t\t\t\t\tbox-shadow: none;\n\t\t\t\t\t\t\tcolor: #da3e65;\n\t\t\t\t\t\t\theight: 25px;\n\t\t\t\t\t\t\tline-height: 25px;\n\t\t\t\t\t\t\toutline: medium none;\n\t\t\t\t\t\t\ttext-align: center;\n\t\t\t\t\t\t\ttransition: all 0.3s ease 0s;\n\t\t\t\t\t\t\twidth: 25px;\n\t\t\t\t\t\t\tmargin-right:5px;\n\t\t\t\t\t\t\ttext-decoration:none;\n\t\t\t\t\t\t}\n\t\t\t\t\t\t.team-manager-popup-items-social-2310 li a:hover{\n\t\t\t\t\t\t\ttext-decoration:none;\n\t\t\t\t\t\t\tcolor:#333;\n\t\t\t\t\t\t}\n\t\t\t\t\t\t.team_popup_contact_area-2310{\n\t\t\t\t\t\t\tdisplay: block;\n\t\t\t\t\t\t\toverflow : hidden;\n\t\t\t\t\t\t\ttext-align: center;\n\t\t\t\t\t\t\tmargin-top : 10px;\n\t\t\t\t\t\t\tline-height: 25px;\n\t\t\t\t\t\t}\n\t\t\t\t\t\t.team_popup_contact_area-2310 span.cemail {\n\t\t\t\t\t\t  display: block;\n\t\t\t\t\t\t  overflow: hidden;\n\t\t\t\t\t\t  text-align: left;\n\t\t\t\t\t\t}\n\t\t\t\t\t\t.team_popup_contact_area-2310 span.cemail a{\n\t\t\t\t\t\t  outline: none;\n\t\t\t\t\t\t  text-decoration: none;\n\t\t\t\t\t\t  box-shadow: none;\n\t\t\t\t\t\t  color:#333;\n\t\t\t\t\t\t}\n\n\n\t\t\t\t\t\t\/* Tablet Layout: 768px. *\/\n\t\t\t\t\t\t@media only screen and (min-width: 768px) and (max-width: 991px) { \n\t\t\t\t\t\t\t.featherlight .featherlight-content {\n\t\t\t\t\t\t\t    margin-left: 30px;\n\t\t\t\t\t\t\t    margin-right: 30px;\n\t\t\t\t\t\t\t    max-height: 98%;\n\t\t\t\t\t\t\t    padding: 10px 10px 0;\n\t\t\t\t\t\t\t    border-bottom: 10px solid transparent;\n\t\t\t\t\t\t\t}\n\t\t\t\t\t\t}\n\n\n\t\t\t\t\t\t\/* Wide Mobile Layout: 480px. *\/\n\t\t\t\t\t\t@media only screen and (min-width: 480px) and (max-width: 767px) {\n\t\t\t\t\t\t\t.team-manager-free-items-style3-2310 .team-manager-free-items-style3-pic-2310 img{\n\t\t\t\t\t\t\t\twidth: 100%;\n\t\t\t\t\t\t\t\theight: auto;\n\t\t\t\t\t\t\t\tborder-radius: 50%;\n\t\t\t\t\t\t\t}\n\t\t\t\t\t\t\t.team_popup_left_side_area-2310 {\n\t\t\t\t\t\t\t    display: block;\n\t\t\t\t\t\t\t    float: none;\n\t\t\t\t\t\t\t    height: auto;\n\t\t\t\t\t\t\t    margin-right: 50px;\n\t\t\t\t\t\t\t    margin-top: 3px;\n\t\t\t\t\t\t\t    width: 100%;\n\t\t\t\t\t\t\t    overflow: hidden;\n\t\t\t\t\t\t\t}\n\n\t\t\t\t\t\t\t.featherlight .featherlight-content {\n\t\t\t\t\t\t\t    margin-left: 30px;\n\t\t\t\t\t\t\t    margin-right: 30px;\n\t\t\t\t\t\t\t    max-height: 98%;\n\t\t\t\t\t\t\t    padding: 10px 10px 0;\n\t\t\t\t\t\t\t    border-bottom: 10px solid transparent;\n\t\t\t\t\t\t\t}\n\t\t\t\t\t\t\t.team_popup_left_side_area_img-2310 > img {\n\t\t\t\t\t\t\t    display: block;\n\t\t\t\t\t\t\t    width: 100%;\n\t\t\t\t\t\t\t    overflow: hidden;\n\t\t\t\t\t\t\t    height: 100%;\n\t\t\t\t\t\t\t}\n\n\t\t\t\t\t\t}\n\n\t\t\t\t\t\t\/* XS Portrait *\/\n\t\t\t\t\t\t@media (max-width: 479px) {\n\t\t\t\t\t\t\t.team-manager-free-items-style3-2310 .team-manager-free-items-style3-pic-2310 img{\n\t\t\t\t\t\t\t\twidth: 100%;\n\t\t\t\t\t\t\t\theight: auto;\n\t\t\t\t\t\t\t\tborder-radius: 50%;\n\t\t\t\t\t\t\t}\n\n\t\t\t\t\t\t\t.team_popup_left_side_area-2310 {\n\t\t\t\t\t\t\t    display: block;\n\t\t\t\t\t\t\t    float: none;\n\t\t\t\t\t\t\t    height: auto;\n\t\t\t\t\t\t\t    margin-right: 50px;\n\t\t\t\t\t\t\t    margin-top: 3px;\n\t\t\t\t\t\t\t    width: 100%;\n\t\t\t\t\t\t\t    overflow: hidden;\n\t\t\t\t\t\t\t}\n\t\t\t\t\t\t\t.featherlight .featherlight-content {\n\t\t\t\t\t\t\t    margin-left: 30px;\n\t\t\t\t\t\t\t    margin-right: 30px;\n\t\t\t\t\t\t\t    max-height: 98%;\n\t\t\t\t\t\t\t    padding: 10px 10px 0;\n\t\t\t\t\t\t\t    border-bottom: 10px solid transparent;\n\t\t\t\t\t\t\t}\n\t\t\t\t\t\t\t.team_popup_left_side_area_img-2310 > img {\n\t\t\t\t\t\t\t    display: block;\n\t\t\t\t\t\t\t    width: 100%;\n\t\t\t\t\t\t\t    overflow: hidden;\n\t\t\t\t\t\t\t    height: 100%;\n\t\t\t\t\t\t\t}\n\t\t\t\t\t\t}\n\t\t\t\t\t\t\n\t\t\t\t\t\t<\/style>\n\t\t\t\t\t\t<div class=\"team-manager-free-main-area-2310\"><div id=\"team-manager-free-single-items-2310\">\n\t\t\t\t\t\t\t<div class=\"teamshowcasefree-col-lg-4 teamshowcasefree-col-md-2 teamshowcasefree-col-sm-2 teamshowcasefree-col-xs-1\">\t\t\t\t\t\t\n\t\t\t\t\t\t\t\t<div class=\"team-manager-free-items-style3-2310\">\n\t\t\t\t\t\t\t\t\t<div class=\"team-manager-free-items-style3-pic-2310\" style=\"background: url(https:\/\/latec.uff.br\/mba\/wp-content\/uploads\/2021\/08\/WhatsApp-Image-2020-04-27-at-09.51.36-Ivando-Silva-De-Faria.jpeg);background-size: 100%;\n    background-position: center center;\">\n\t\t\t\t\t\t\t\t\t\t<!--<img src=\"https:\/\/latec.uff.br\/mba\/wp-content\/uploads\/2021\/08\/WhatsApp-Image-2020-04-27-at-09.51.36-Ivando-Silva-De-Faria.jpeg\" alt=\"\" \/> -->\n\t\t\t\t\t\t\t\t\t\t<a href=\"#\" data-featherlight=\"#fl1477701269\" class=\"pic-bottom\"><\/a>\n\t\t\t\t\t\t\t\t\t\t<div class=\"lightbox\" id=\"fl1477701269\">\n\t\t\t\t\t\t\t\t\t\t\t<div class=\"team_popup_container-2310\">\n\t\t\t\t\t\t\t\t\t\t\t\t<h2>Ivando Silva de Faria<\/h2>\n\t\t\t\t\t\t\t\t\t\t\t\t<div class=\"team_popup_left_side_area-2310\">\n\t\t\t\t\t\t\t\t\t\t\t\t\t<div class=\"team_popup_left_side_area_img-2310\">\n\t\t\t\t\t\t\t\t\t\t\t\t\t\t<img src=\"https:\/\/latec.uff.br\/mba\/wp-content\/uploads\/2021\/08\/WhatsApp-Image-2020-04-27-at-09.51.36-Ivando-Silva-De-Faria.jpeg\" alt=\"\" \/>\n\t\t\t\t\t\t\t\t\t\t\t\t\t<\/div>\n\t\t\t\t\t\t\t\t\t\t\t\t\t<div class=\"team_popup_contact_area-2310\">\n\t\t\t\t\t\t\t\t\t\t\t\t\t\t<span class=\"cemail\"><a style=\"text-align: center;    display: block;    background: #f2f2f2;    font-weight: bold;    padding: 20px;\" href=\"mailto:i.faria@globo.com\">i.faria@globo.com<\/a><\/span>\n\t\t\t\t\t\t\t\t\t\t\t\t\t\t<span class=\"cemail\"><\/span>\n\t\t\t\t\t\t\t\t\t\t\t\t\t\t<span class=\"cemail\"><\/span>\n\t\t\t\t\t\t\t\t\t\t\t\t\t<\/div>\n\t\t\t\t\t\t\t\t\t\t\t\t\t<ul class=\"team-manager-popup-items-social-2310\"><li><a style=\"width:auto;color:#1e73be;border: 1px solid #1e73be;    padding: 10px 20px;    height: auto;margin-top: 10px;\" target=\"_blank\" href=\"https:\/\/wwws.cnpq.br\/cvlattesweb\/PKG_MENU.menu?f_cod=9B915EAD74183132A6875667C2222FAE#\" class=\"fa fa-link\"> Lattes<\/a><\/li><li><a style=\"color:#1e73be;width:auto;border: 1px solid #1e73be;    padding: 10px 20px;    height: auto;margin-top: 10px;\" target=\"_blank\" href=\"https:\/\/www.linkedin.com\/in\/ivando-faria-82333a?lipi=urn%3Ali%3Apage%3Ad_flagship3_profile_view_base_contact_details%3BYVZY%2FtYlQuSaN0XkygDbfw%3D%3D\" class=\"fa fa-linkedin\"> LinkedIn<\/a><\/li><\/ul>\n\t\t\t\t\t\t\t\t\t\t\t\t<\/div>\n\t\t\t\t\t\t\t\t\t\t\t\t<div class=\"team_popup_right_side_area-2310\">\n\t\t\t\t\t\t\t\t\t\t\t\t\t<p>\u2022 Doutor em Economia na UFF (2010)<br \/>\n\u2022 Mestre em Engenharia de Produ\u00e7\u00e3o pela Universidade Federal Fluminense (2000)<br \/>\nDefesa de Tese em : &#8221; A Gest\u00e3o dos Riscos End\u00f3genos Agregando Valor a Empresa &#8221;<br \/>\n\u2022 Engenheiro Civil (EVA), P\u00f3s Graduado em Mercado de Capitais \u2013 (IBMEC \/ FGV) (1986)<br \/>\n\u2022 S\u00f3cio-quotista da Intermercados Desenvolvimento e Consultoria.<br \/>\n\u2022 Professor de Gradua\u00e7\u00e3o da Faculdade de Administra\u00e7\u00e3o da UFF<br \/>\n\u2022 Professor de P\u00f3s-Gradua\u00e7\u00e3o do IBMEC \/ FGV \/ UFF \/ UFRJ &#8211; Mercados de Derivativos Financeiros, Mercados Financeiros, Finan\u00e7as Corporativas, Mercado de Capitais e Avalia\u00e7\u00e3o de Projetos de Investimento.<br \/>\n\u2022 Instrutor BM&amp;F \/ ABAMEC \/ ANBIMA \/ ABERJ \/ ABDE<br \/>\n\u2022 Ex Assessor T\u00e9cnico das Superintend\u00eancias da Bolsa de Valores do Rio de Janeiro<br \/>\n\u2022 Respons\u00e1vel pela Implanta\u00e7\u00e3o dos novos sistemas de negocia\u00e7\u00e3o, liquida\u00e7\u00e3o e compensa\u00e7\u00e3o de garantias na reestrutura\u00e7\u00e3o das Bolsas de Lisboa e do Porto.<br \/>\n\u2022 Ex Diretor de negocia\u00e7\u00e3o das Bolsas de Lisboa e do Porto.<\/p>\n\n\t\t\t\t\t\t\t\t\t\t\t\t<\/div>\n\t\t\t\t\t\t\t\t\t\t\t<\/div>\n\t\t\t\t\t\t\t\t\t\t<\/div>\n\t\t\t\t\t\t\t\t\t<\/div>\n\t\t\t\t\t\t\t\t\t<div class=\"team-manager-free-items-style3-teamprofile-2310\">\n\t\t\t\t\t\t\t\t\t\t<h3 class=\"team-manager-free-items-style3-post-title-2310\">Ivando Silva de Faria<\/h3>\n\t\t\t\t\t\t\t\t\t\t<span class=\"team-manager-free-items-style3-post-2310\"><\/span>\n\t\t\t\t\t\t\t\t\t\t\t<ul class=\"team-manager-free-items-style3-team-social-2310\"><li><a style=\"width:auto;color:#1e73be;border: 1px solid #1e73be;    padding: 10px 20px;    height: auto;margin-top: 10px;\" target=\"_blank\" href=\"https:\/\/wwws.cnpq.br\/cvlattesweb\/PKG_MENU.menu?f_cod=9B915EAD74183132A6875667C2222FAE#\" class=\"fa fa-link\"> Lattes<\/a><\/li><li><a style=\"color:#1e73be;width:auto;border: 1px solid #1e73be;    padding: 10px 20px;    height: auto;margin-top: 10px;\" target=\"_blank\" href=\"https:\/\/www.linkedin.com\/in\/ivando-faria-82333a?lipi=urn%3Ali%3Apage%3Ad_flagship3_profile_view_base_contact_details%3BYVZY%2FtYlQuSaN0XkygDbfw%3D%3D\" class=\"fa fa-linkedin\"> LinkedIn<\/a><\/li><\/ul>\n\t\t\t\t\t\t\t\t\t<\/div>\n\t\t\t\t\t\t\t\t<\/div>\t\t\t\t\n\t\t\t\t\t\t\t<\/div>\n\t\t\t\t\t\t\t<div class=\"teamshowcasefree-col-lg-4 teamshowcasefree-col-md-2 teamshowcasefree-col-sm-2 teamshowcasefree-col-xs-1\">\t\t\t\t\t\t\n\t\t\t\t\t\t\t\t<div class=\"team-manager-free-items-style3-2310\">\n\t\t\t\t\t\t\t\t\t<div class=\"team-manager-free-items-style3-pic-2310\" style=\"background: url(https:\/\/latec.uff.br\/mba\/wp-content\/uploads\/2021\/08\/WhatsApp-Image-2021-06-07-at-09.41.05-Robisom-Damasceno-Calado.jpeg);background-size: 100%;\n    background-position: center center;\">\n\t\t\t\t\t\t\t\t\t\t<!--<img src=\"https:\/\/latec.uff.br\/mba\/wp-content\/uploads\/2021\/08\/WhatsApp-Image-2021-06-07-at-09.41.05-Robisom-Damasceno-Calado.jpeg\" alt=\"\" \/> -->\n\t\t\t\t\t\t\t\t\t\t<a href=\"#\" data-featherlight=\"#fl136765110\" class=\"pic-bottom\"><\/a>\n\t\t\t\t\t\t\t\t\t\t<div class=\"lightbox\" id=\"fl136765110\">\n\t\t\t\t\t\t\t\t\t\t\t<div class=\"team_popup_container-2310\">\n\t\t\t\t\t\t\t\t\t\t\t\t<h2>Robisom Damasceno Calado<\/h2>\n\t\t\t\t\t\t\t\t\t\t\t\t<div class=\"team_popup_left_side_area-2310\">\n\t\t\t\t\t\t\t\t\t\t\t\t\t<div class=\"team_popup_left_side_area_img-2310\">\n\t\t\t\t\t\t\t\t\t\t\t\t\t\t<img src=\"https:\/\/latec.uff.br\/mba\/wp-content\/uploads\/2021\/08\/WhatsApp-Image-2021-06-07-at-09.41.05-Robisom-Damasceno-Calado.jpeg\" alt=\"\" \/>\n\t\t\t\t\t\t\t\t\t\t\t\t\t<\/div>\n\t\t\t\t\t\t\t\t\t\t\t\t\t<div class=\"team_popup_contact_area-2310\">\n\t\t\t\t\t\t\t\t\t\t\t\t\t\t<span class=\"cemail\"><a style=\"text-align: center;    display: block;    background: #f2f2f2;    font-weight: bold;    padding: 20px;\" href=\"mailto:robisomcalado@id.uff.br\">robisomcalado@id.uff.br<\/a><\/span>\n\t\t\t\t\t\t\t\t\t\t\t\t\t\t<span class=\"cemail\"><\/span>\n\t\t\t\t\t\t\t\t\t\t\t\t\t\t<span class=\"cemail\"><\/span>\n\t\t\t\t\t\t\t\t\t\t\t\t\t<\/div>\n\t\t\t\t\t\t\t\t\t\t\t\t\t<ul class=\"team-manager-popup-items-social-2310\"><li><a style=\"width:auto;color:#1e73be;border: 1px solid #1e73be;    padding: 10px 20px;    height: auto;margin-top: 10px;\" target=\"_blank\" href=\"http:\/\/lattes.cnpq.br\/6638118385289879\" class=\"fa fa-link\"> Lattes<\/a><\/li><li><a style=\"color:#1e73be;width:auto;border: 1px solid #1e73be;    padding: 10px 20px;    height: auto;margin-top: 10px;\" target=\"_blank\" href=\"https:\/\/www.linkedin.com\/in\/robisom-d-calado-labdge-uff-473a4621\/?originalSubdomain=br\" class=\"fa fa-linkedin\"> LinkedIn<\/a><\/li><\/ul>\n\t\t\t\t\t\t\t\t\t\t\t\t<\/div>\n\t\t\t\t\t\t\t\t\t\t\t\t<div class=\"team_popup_right_side_area-2310\">\n\t\t\t\t\t\t\t\t\t\t\t\t\t<p>Robisom D. Calado \u00e9 Professor Doutor Adjunto do Departamento de Engenharia, do Instituto de Ci\u00eancia e Tecnologia da Universidade Federal Fluminense (UFF), Brasil. Possui p\u00f3s doutorado e j\u00e1 visitou a Universidade de Coimbra, MIT e Harvard, e coordena o LabDGE \u2013 Laborat\u00f3rio de Design Thinking, Gest\u00e3o e Engenharia Industrial na UFF. A sua atividade profissional atual centra-se no ensino e \/ ou investiga\u00e7\u00e3o em Engenharia e Gest\u00e3o Industrial, principalmente nas seguintes \u00e1reas: Sistemas de Opera\u00e7\u00f5es, Processos e Servi\u00e7os; Gest\u00e3o de Projetos Enxuta e \u00c1gil; Servi\u00e7os Lean; Sistemas de Produ\u00e7\u00e3o Enxuta; Gest\u00e3o de Sa\u00fade Enxuta; Lean Six Sigma, Startup Enxuta; Engenharia de M\u00e9todos; Planejamento e Controle de Produ\u00e7\u00e3o; Sistema de Engenharia e Inclus\u00e3o. Atualmente coordena o Projeto de Pesquisa Lean Healthcare em 50 Unidades de Pronto Atendimento (UPA 24H &#8211; Departamento de Emerg\u00eancia de Sa\u00fade), uma parceria do Minist\u00e9rio da Sa\u00fade do Brasil e a Universidade Federal Fluminense (UFF). Ele possui 25 anos de experi\u00eancia em Engenharia Industrial e Coordena\u00e7\u00e3o de Programa Lean Manufacturing nas industrias (Multibras-Whirlpool, BSH &#8211; Bosch &amp; Siemens e outras). Ele tem mais de 120 publica\u00e7\u00f5es em peri\u00f3dicos, confer\u00eancias, cap\u00edtulos de livros e livros. Ele esteve envolvido em trabalhos editoriais e publica\u00e7\u00f5es no Congresso IFIP-APMS, o International Journal of Lean Six Sigma e International Journal of Productivity and Performance Management.<\/p>\n\n\t\t\t\t\t\t\t\t\t\t\t\t<\/div>\n\t\t\t\t\t\t\t\t\t\t\t<\/div>\n\t\t\t\t\t\t\t\t\t\t<\/div>\n\t\t\t\t\t\t\t\t\t<\/div>\n\t\t\t\t\t\t\t\t\t<div class=\"team-manager-free-items-style3-teamprofile-2310\">\n\t\t\t\t\t\t\t\t\t\t<h3 class=\"team-manager-free-items-style3-post-title-2310\">Robisom Damasceno Calado<\/h3>\n\t\t\t\t\t\t\t\t\t\t<span class=\"team-manager-free-items-style3-post-2310\"><\/span>\n\t\t\t\t\t\t\t\t\t\t\t<ul class=\"team-manager-free-items-style3-team-social-2310\"><li><a style=\"width:auto;color:#1e73be;border: 1px solid #1e73be;    padding: 10px 20px;    height: auto;margin-top: 10px;\" target=\"_blank\" href=\"http:\/\/lattes.cnpq.br\/6638118385289879\" class=\"fa fa-link\"> Lattes<\/a><\/li><li><a style=\"color:#1e73be;width:auto;border: 1px solid #1e73be;    padding: 10px 20px;    height: auto;margin-top: 10px;\" target=\"_blank\" href=\"https:\/\/www.linkedin.com\/in\/robisom-d-calado-labdge-uff-473a4621\/?originalSubdomain=br\" class=\"fa fa-linkedin\"> LinkedIn<\/a><\/li><\/ul>\n\t\t\t\t\t\t\t\t\t<\/div>\n\t\t\t\t\t\t\t\t<\/div>\t\t\t\t\n\t\t\t\t\t\t\t<\/div>\n\t\t\t\t\t\t\t<div class=\"teamshowcasefree-col-lg-4 teamshowcasefree-col-md-2 teamshowcasefree-col-sm-2 teamshowcasefree-col-xs-1\">\t\t\t\t\t\t\n\t\t\t\t\t\t\t\t<div class=\"team-manager-free-items-style3-2310\">\n\t\t\t\t\t\t\t\t\t<div class=\"team-manager-free-items-style3-pic-2310\" style=\"background: url(https:\/\/latec.uff.br\/mba\/wp-content\/uploads\/2021\/08\/IMG_9228-Editar-Copia-Jessica-Galdino-scaled.jpg);background-size: 100%;\n    background-position: center center;\">\n\t\t\t\t\t\t\t\t\t\t<!--<img src=\"https:\/\/latec.uff.br\/mba\/wp-content\/uploads\/2021\/08\/IMG_9228-Editar-Copia-Jessica-Galdino-scaled.jpg\" alt=\"\" \/> -->\n\t\t\t\t\t\t\t\t\t\t<a href=\"#\" data-featherlight=\"#fl11284542515\" class=\"pic-bottom\"><\/a>\n\t\t\t\t\t\t\t\t\t\t<div class=\"lightbox\" id=\"fl11284542515\">\n\t\t\t\t\t\t\t\t\t\t\t<div class=\"team_popup_container-2310\">\n\t\t\t\t\t\t\t\t\t\t\t\t<h2>J\u00e9ssica Galdino de Freitas<\/h2>\n\t\t\t\t\t\t\t\t\t\t\t\t<div class=\"team_popup_left_side_area-2310\">\n\t\t\t\t\t\t\t\t\t\t\t\t\t<div class=\"team_popup_left_side_area_img-2310\">\n\t\t\t\t\t\t\t\t\t\t\t\t\t\t<img src=\"https:\/\/latec.uff.br\/mba\/wp-content\/uploads\/2021\/08\/IMG_9228-Editar-Copia-Jessica-Galdino-scaled.jpg\" alt=\"\" \/>\n\t\t\t\t\t\t\t\t\t\t\t\t\t<\/div>\n\t\t\t\t\t\t\t\t\t\t\t\t\t<div class=\"team_popup_contact_area-2310\">\n\t\t\t\t\t\t\t\t\t\t\t\t\t\t<span class=\"cemail\"><a style=\"text-align: center;    display: block;    background: #f2f2f2;    font-weight: bold;    padding: 20px;\" href=\"mailto:jessica@emboe.com.br\">jessica@emboe.com.br<\/a><\/span>\n\t\t\t\t\t\t\t\t\t\t\t\t\t\t<span class=\"cemail\"><\/span>\n\t\t\t\t\t\t\t\t\t\t\t\t\t\t<span class=\"cemail\"><\/span>\n\t\t\t\t\t\t\t\t\t\t\t\t\t<\/div>\n\t\t\t\t\t\t\t\t\t\t\t\t\t<ul class=\"team-manager-popup-items-social-2310\"><li><a style=\"width:auto;color:#1e73be;border: 1px solid #1e73be;    padding: 10px 20px;    height: auto;margin-top: 10px;\" target=\"_blank\" href=\"http:\/\/lattes.cnpq.br\/1450655490675863\" class=\"fa fa-link\"> Lattes<\/a><\/li><li><a style=\"color:#1e73be;width:auto;border: 1px solid #1e73be;    padding: 10px 20px;    height: auto;margin-top: 10px;\" target=\"_blank\" href=\"http:\/\/www.linkedin.com\/in\/j\u00e9ssica-galdino\" class=\"fa fa-linkedin\"> LinkedIn<\/a><\/li><\/ul>\n\t\t\t\t\t\t\t\t\t\t\t\t<\/div>\n\t\t\t\t\t\t\t\t\t\t\t\t<div class=\"team_popup_right_side_area-2310\">\n\t\t\t\t\t\t\t\t\t\t\t\t\t<p>Doutora em Engenharia de Produ\u00e7\u00e3o pela Universidade Federal Fluminense (UFF), graduada em Administra\u00e7\u00e3o pela Universidade Federal Rural do Rio de Janeiro, MBA em Gest\u00e3o pela Qualidade Total e Mestrado em Engenharia de Produ\u00e7\u00e3o pela UFF . Especialista Green Belt em Lean Seis Sigma, com experi\u00eancia na \u00e1rea de Administra\u00e7\u00e3o, com \u00eanfase em Gest\u00e3o, Engenharia de Produ\u00e7\u00e3o, Qualidade, Gest\u00e3o por processos, Estrat\u00e9gia e Gest\u00e3o da produ\u00e7\u00e3o. Possui experi\u00eancia de trabalho com gest\u00e3o de processos em empresas de grande porte como CSN, BRMalls e Lojas Americanas S.A. e com projetos de Coopera\u00e7\u00e3o T\u00e9cnica.<\/p>\n\n\t\t\t\t\t\t\t\t\t\t\t\t<\/div>\n\t\t\t\t\t\t\t\t\t\t\t<\/div>\n\t\t\t\t\t\t\t\t\t\t<\/div>\n\t\t\t\t\t\t\t\t\t<\/div>\n\t\t\t\t\t\t\t\t\t<div class=\"team-manager-free-items-style3-teamprofile-2310\">\n\t\t\t\t\t\t\t\t\t\t<h3 class=\"team-manager-free-items-style3-post-title-2310\">J\u00e9ssica Galdino de Freitas<\/h3>\n\t\t\t\t\t\t\t\t\t\t<span class=\"team-manager-free-items-style3-post-2310\"><\/span>\n\t\t\t\t\t\t\t\t\t\t\t<ul class=\"team-manager-free-items-style3-team-social-2310\"><li><a style=\"width:auto;color:#1e73be;border: 1px solid #1e73be;    padding: 10px 20px;    height: auto;margin-top: 10px;\" target=\"_blank\" href=\"http:\/\/lattes.cnpq.br\/1450655490675863\" class=\"fa fa-link\"> Lattes<\/a><\/li><li><a style=\"color:#1e73be;width:auto;border: 1px solid #1e73be;    padding: 10px 20px;    height: auto;margin-top: 10px;\" target=\"_blank\" href=\"http:\/\/www.linkedin.com\/in\/j\u00e9ssica-galdino\" class=\"fa fa-linkedin\"> LinkedIn<\/a><\/li><\/ul>\n\t\t\t\t\t\t\t\t\t<\/div>\n\t\t\t\t\t\t\t\t<\/div>\t\t\t\t\n\t\t\t\t\t\t\t<\/div>\n\t\t\t\t\t\t\t<div class=\"teamshowcasefree-col-lg-4 teamshowcasefree-col-md-2 teamshowcasefree-col-sm-2 teamshowcasefree-col-xs-1\">\t\t\t\t\t\t\n\t\t\t\t\t\t\t\t<div class=\"team-manager-free-items-style3-2310\">\n\t\t\t\t\t\t\t\t\t<div class=\"team-manager-free-items-style3-pic-2310\" style=\"background: url(https:\/\/latec.uff.br\/mba\/wp-content\/uploads\/2021\/08\/foto3x4-Guilherme-Tortorella.jpg);background-size: 100%;\n    background-position: center center;\">\n\t\t\t\t\t\t\t\t\t\t<!--<img src=\"https:\/\/latec.uff.br\/mba\/wp-content\/uploads\/2021\/08\/foto3x4-Guilherme-Tortorella.jpg\" alt=\"\" \/> -->\n\t\t\t\t\t\t\t\t\t\t<a href=\"#\" data-featherlight=\"#fl1251660890\" class=\"pic-bottom\"><\/a>\n\t\t\t\t\t\t\t\t\t\t<div class=\"lightbox\" id=\"fl1251660890\">\n\t\t\t\t\t\t\t\t\t\t\t<div class=\"team_popup_container-2310\">\n\t\t\t\t\t\t\t\t\t\t\t\t<h2>Guilherme Luz Tortorella<\/h2>\n\t\t\t\t\t\t\t\t\t\t\t\t<div class=\"team_popup_left_side_area-2310\">\n\t\t\t\t\t\t\t\t\t\t\t\t\t<div class=\"team_popup_left_side_area_img-2310\">\n\t\t\t\t\t\t\t\t\t\t\t\t\t\t<img src=\"https:\/\/latec.uff.br\/mba\/wp-content\/uploads\/2021\/08\/foto3x4-Guilherme-Tortorella.jpg\" alt=\"\" \/>\n\t\t\t\t\t\t\t\t\t\t\t\t\t<\/div>\n\t\t\t\t\t\t\t\t\t\t\t\t\t<div class=\"team_popup_contact_area-2310\">\n\t\t\t\t\t\t\t\t\t\t\t\t\t\t<span class=\"cemail\"><a style=\"text-align: center;    display: block;    background: #f2f2f2;    font-weight: bold;    padding: 20px;\" href=\"mailto:gluztortorella@gmail.com\">gluztortorella@gmail.com<\/a><\/span>\n\t\t\t\t\t\t\t\t\t\t\t\t\t\t<span class=\"cemail\"><\/span>\n\t\t\t\t\t\t\t\t\t\t\t\t\t\t<span class=\"cemail\"><\/span>\n\t\t\t\t\t\t\t\t\t\t\t\t\t<\/div>\n\t\t\t\t\t\t\t\t\t\t\t\t\t<ul class=\"team-manager-popup-items-social-2310\"><li><a style=\"width:auto;color:#1e73be;border: 1px solid #1e73be;    padding: 10px 20px;    height: auto;margin-top: 10px;\" target=\"_blank\" href=\"http:\/\/lattes.cnpq.br\/5104953457585951\" class=\"fa fa-link\"> Lattes<\/a><\/li><li><a style=\"color:#1e73be;width:auto;border: 1px solid #1e73be;    padding: 10px 20px;    height: auto;margin-top: 10px;\" target=\"_blank\" href=\"https:\/\/www.linkedin.com\/in\/guilherme-tortorella-a67a9215\/\" class=\"fa fa-linkedin\"> LinkedIn<\/a><\/li><\/ul>\n\t\t\t\t\t\t\t\t\t\t\t\t<\/div>\n\t\t\t\t\t\t\t\t\t\t\t\t<div class=\"team_popup_right_side_area-2310\">\n\t\t\t\t\t\t\t\t\t\t\t\t\t<p>Professor de engenharia industrial pela Universidade de elbourne, Austr\u00e1lia, e doutor em engenharia de produ\u00e7\u00e3o pela UFRGS. Possui 12 anos de experi\u00eancia na ind\u00fastria automotiva e 7 anos como professor universit\u00e1rio. Autor de mais de 160 artigos, 15 cap\u00edtuos de livros e 2 livros. Editor-chefe do Journal of Lean Systems e editor associado do Operations Management Research e Production.<\/p>\n\n\t\t\t\t\t\t\t\t\t\t\t\t<\/div>\n\t\t\t\t\t\t\t\t\t\t\t<\/div>\n\t\t\t\t\t\t\t\t\t\t<\/div>\n\t\t\t\t\t\t\t\t\t<\/div>\n\t\t\t\t\t\t\t\t\t<div class=\"team-manager-free-items-style3-teamprofile-2310\">\n\t\t\t\t\t\t\t\t\t\t<h3 class=\"team-manager-free-items-style3-post-title-2310\">Guilherme Luz Tortorella<\/h3>\n\t\t\t\t\t\t\t\t\t\t<span class=\"team-manager-free-items-style3-post-2310\"><\/span>\n\t\t\t\t\t\t\t\t\t\t\t<ul class=\"team-manager-free-items-style3-team-social-2310\"><li><a style=\"width:auto;color:#1e73be;border: 1px solid #1e73be;    padding: 10px 20px;    height: auto;margin-top: 10px;\" target=\"_blank\" href=\"http:\/\/lattes.cnpq.br\/5104953457585951\" class=\"fa fa-link\"> Lattes<\/a><\/li><li><a style=\"color:#1e73be;width:auto;border: 1px solid #1e73be;    padding: 10px 20px;    height: auto;margin-top: 10px;\" target=\"_blank\" href=\"https:\/\/www.linkedin.com\/in\/guilherme-tortorella-a67a9215\/\" class=\"fa fa-linkedin\"> LinkedIn<\/a><\/li><\/ul>\n\t\t\t\t\t\t\t\t\t<\/div>\n\t\t\t\t\t\t\t\t<\/div>\t\t\t\t\n\t\t\t\t\t\t\t<\/div>\n\t\t\t\t\t\t\t<div class=\"teamshowcasefree-col-lg-4 teamshowcasefree-col-md-2 teamshowcasefree-col-sm-2 teamshowcasefree-col-xs-1\">\t\t\t\t\t\t\n\t\t\t\t\t\t\t\t<div class=\"team-manager-free-items-style3-2310\">\n\t\t\t\t\t\t\t\t\t<div class=\"team-manager-free-items-style3-pic-2310\" style=\"background: url(https:\/\/latec.uff.br\/mba\/wp-content\/uploads\/2021\/08\/Marcelo-scaled.jpg);background-size: 100%;\n    background-position: center center;\">\n\t\t\t\t\t\t\t\t\t\t<!--<img src=\"https:\/\/latec.uff.br\/mba\/wp-content\/uploads\/2021\/08\/Marcelo-scaled.jpg\" alt=\"\" \/> -->\n\t\t\t\t\t\t\t\t\t\t<a href=\"#\" data-featherlight=\"#fl1723407504\" class=\"pic-bottom\"><\/a>\n\t\t\t\t\t\t\t\t\t\t<div class=\"lightbox\" id=\"fl1723407504\">\n\t\t\t\t\t\t\t\t\t\t\t<div class=\"team_popup_container-2310\">\n\t\t\t\t\t\t\t\t\t\t\t\t<h2>Marcelo J. Meiri\u00f1o<\/h2>\n\t\t\t\t\t\t\t\t\t\t\t\t<div class=\"team_popup_left_side_area-2310\">\n\t\t\t\t\t\t\t\t\t\t\t\t\t<div class=\"team_popup_left_side_area_img-2310\">\n\t\t\t\t\t\t\t\t\t\t\t\t\t\t<img src=\"https:\/\/latec.uff.br\/mba\/wp-content\/uploads\/2021\/08\/Marcelo-scaled.jpg\" alt=\"\" \/>\n\t\t\t\t\t\t\t\t\t\t\t\t\t<\/div>\n\t\t\t\t\t\t\t\t\t\t\t\t\t<div class=\"team_popup_contact_area-2310\">\n\t\t\t\t\t\t\t\t\t\t\t\t\t\t<span class=\"cemail\"><a style=\"text-align: center;    display: block;    background: #f2f2f2;    font-weight: bold;    padding: 20px;\" href=\"mailto:marcelojm@id.uff.br\">marcelojm@id.uff.br<\/a><\/span>\n\t\t\t\t\t\t\t\t\t\t\t\t\t\t<span class=\"cemail\"><\/span>\n\t\t\t\t\t\t\t\t\t\t\t\t\t\t<span class=\"cemail\"><\/span>\n\t\t\t\t\t\t\t\t\t\t\t\t\t<\/div>\n\t\t\t\t\t\t\t\t\t\t\t\t\t<ul class=\"team-manager-popup-items-social-2310\"><li><a style=\"width:auto;color:#1e73be;border: 1px solid #1e73be;    padding: 10px 20px;    height: auto;margin-top: 10px;\" target=\"_blank\" href=\"http:\/\/lattes.cnpq.br\/1209386477961973\" class=\"fa fa-link\"> Lattes<\/a><\/li><li><a style=\"color:#1e73be;width:auto;border: 1px solid #1e73be;    padding: 10px 20px;    height: auto;margin-top: 10px;\" target=\"_blank\" href=\"https:\/\/www.linkedin.com\/in\/marcelo-meiri%C3%B1o-548b9018\/\" class=\"fa fa-linkedin\"> LinkedIn<\/a><\/li><\/ul>\n\t\t\t\t\t\t\t\t\t\t\t\t<\/div>\n\t\t\t\t\t\t\t\t\t\t\t\t<div class=\"team_popup_right_side_area-2310\">\n\t\t\t\t\t\t\t\t\t\t\t\t\t<p><span data-sheets-value=\"{&quot;1&quot;:2,&quot;2&quot;:&quot;Mestre em Sistema de Gest\u00e3o pela UFF- 2013;nEngenheiro Sanitarista e Ambiental pela UERJ \u2013 1999;nEngenheiro de Seguran\u00e7a do Trabalho pelo CEFET\/RJ - 1991;nEngenheiro Civil pela UVA \u2013 1987.nPresidente da Sociedade de Engenharia de Seguran\u00e7a do Trabalho do Estado do Rio de Janeiro \u2013 Sobes-Rio, 2017-2018;nConselheiro na Sociedade de Engenharia de Seguran\u00e7a do Trabalho do Estado do Rio de Janeiro \u2013 Sobes-Rio, 2015-2016nConselheiro Suplente no Conselho Regional de Engenharia e Agronomia do Estado do Rio de Janeiro \u2013 2016 \u2013 2018;nConselheiro no Conselho Regional de Engenharia e Agronomia do Estado do Rio de Janeiro, CREA\/RJ \u2013 2021 - 2023nDocente no Instituto Federal de Educa\u00e7\u00e3o Ci\u00eancia e Tecnologia do Estado do Rio de Janeiro \u2013 Campus Nil\u00f3polis; nProfessor convidado nos cursos de P\u00f3s Gradua\u00e7\u00e3o em Engenharia de Seguran\u00e7a do Trabalho da Universidade Federal Fluminense e Est\u00e1cio;nInstrutor nos cursos de Per\u00edcia de Insalubridade e Periculosidade e Higiene Ocupacional na Sobes-Rio;nDezesseis anos atuando como Coordenador de Seguran\u00e7a do Trabalho e Meio Ambiente na CSN; F\u00e1brica Carioca de Catalisadores, Ind\u00fastria de Produtos Aliment\u00edcios Piraqu\u00ea e Fabrimar S\/A;nDez anos como Engenheiro de Seguran\u00e7a do Trabalho na Minera\u00e7\u00f5es Brasileiras Reunidas, Rede D\u2019Or e Drogarias Pacheco S\u00e3o Paulo S\/A;nVinte e cinco anos de atua\u00e7\u00e3o como Perito em diversas Varas Trabalho do Estado do Rio de Janeiro;n&quot;}\" data-sheets-userformat=\"{&quot;2&quot;:513,&quot;3&quot;:{&quot;1&quot;:0},&quot;12&quot;:0}\">Arquiteto e Urbanista pela UFRJ (1995); Mestre (2008) e Doutor (2012) em Engenharia Civil pela UFF; Engenheiro de Seguran\u00e7a do Trabalho; Especializa\u00e7\u00e3o em Efici\u00eancia Energ\u00e9tica ; Em todos os n\u00edveis de forma\u00e7\u00e3o aprofundou estudos na busca por solu\u00e7\u00f5es Inovadoras, Eficientes e Sustent\u00e1veis em produtos e servi\u00e7os para os mais diversos setores produtivos; Intercambista do International Visitor Leadership Program (IVLP) do United States Department of State; Atual Coordenador do Mestrado Profissional em Sistemas de Gest\u00e3o MSG UFF, Coordenador no N\u00facleo de Inova\u00e7\u00e3o e Tecnologia para a Sustentabilidade (NITS\/UFF); Professor do Departamento de Engenharia Civil da Escola de Engenharia da Universidade Federal Fluminense UFF; Professor do Programa de Doutorado em Sistemas de Gest\u00e3o Sustent\u00e1veis PPSIG UFF e do Programa de Mestrado em Sistemas de Gest\u00e3o MSG UFF; Membro do Comit\u00ea Assessor de Pesquisa da Pr\u00f3-Reitoria de Pesquisa, P\u00f3s-Gradua\u00e7\u00e3o e Inova\u00e7\u00e3o &#8211; PROPPi \/ UFF; Consultor em projetos de P&amp;D (ANEEL); Autor e consultor ad-hoc em peri\u00f3dicos indexados em bases JCR, SCOPUS e SciELO. Coordenador do Grupo de Pesquisas: Inova\u00e7\u00f5es, Estrat\u00e9gias, Sustentabilidade e Sistemas De Gest\u00e3o de Produtos e Servi\u00e7os (CNPq\/UFF) onde coordena pesquisas no campo do Desenvolvimento de Solu\u00e7\u00f5es Inovadoras, Eficientes e Sustent\u00e1veis aplic\u00e1veis \u00e1 Gest\u00e3o de Organiza\u00e7\u00f5es P\u00fablicas e Privadas. Coordenador a edi\u00e7\u00e3o anual do Congresso Nacional de Excel\u00eancia em Gest\u00e3o.<\/span><\/p>\n\n\t\t\t\t\t\t\t\t\t\t\t\t<\/div>\n\t\t\t\t\t\t\t\t\t\t\t<\/div>\n\t\t\t\t\t\t\t\t\t\t<\/div>\n\t\t\t\t\t\t\t\t\t<\/div>\n\t\t\t\t\t\t\t\t\t<div class=\"team-manager-free-items-style3-teamprofile-2310\">\n\t\t\t\t\t\t\t\t\t\t<h3 class=\"team-manager-free-items-style3-post-title-2310\">Marcelo J. Meiri\u00f1o<\/h3>\n\t\t\t\t\t\t\t\t\t\t<span class=\"team-manager-free-items-style3-post-2310\"><\/span>\n\t\t\t\t\t\t\t\t\t\t\t<ul class=\"team-manager-free-items-style3-team-social-2310\"><li><a style=\"width:auto;color:#1e73be;border: 1px solid #1e73be;    padding: 10px 20px;    height: auto;margin-top: 10px;\" target=\"_blank\" href=\"http:\/\/lattes.cnpq.br\/1209386477961973\" class=\"fa fa-link\"> Lattes<\/a><\/li><li><a style=\"color:#1e73be;width:auto;border: 1px solid #1e73be;    padding: 10px 20px;    height: auto;margin-top: 10px;\" target=\"_blank\" href=\"https:\/\/www.linkedin.com\/in\/marcelo-meiri%C3%B1o-548b9018\/\" class=\"fa fa-linkedin\"> LinkedIn<\/a><\/li><\/ul>\n\t\t\t\t\t\t\t\t\t<\/div>\n\t\t\t\t\t\t\t\t<\/div>\t\t\t\t\n\t\t\t\t\t\t\t<\/div>\n\t\t\t\t\t\t\t<div class=\"teamshowcasefree-col-lg-4 teamshowcasefree-col-md-2 teamshowcasefree-col-sm-2 teamshowcasefree-col-xs-1\">\t\t\t\t\t\t\n\t\t\t\t\t\t\t\t<div class=\"team-manager-free-items-style3-2310\">\n\t\t\t\t\t\t\t\t\t<div class=\"team-manager-free-items-style3-pic-2310\" style=\"background: url(https:\/\/latec.uff.br\/mba\/wp-content\/uploads\/2021\/08\/julio-Julio-Vieira-Neto.jpg);background-size: 100%;\n    background-position: center center;\">\n\t\t\t\t\t\t\t\t\t\t<!--<img src=\"https:\/\/latec.uff.br\/mba\/wp-content\/uploads\/2021\/08\/julio-Julio-Vieira-Neto.jpg\" alt=\"\" \/> -->\n\t\t\t\t\t\t\t\t\t\t<a href=\"#\" data-featherlight=\"#fl1570072798\" class=\"pic-bottom\"><\/a>\n\t\t\t\t\t\t\t\t\t\t<div class=\"lightbox\" id=\"fl1570072798\">\n\t\t\t\t\t\t\t\t\t\t\t<div class=\"team_popup_container-2310\">\n\t\t\t\t\t\t\t\t\t\t\t\t<h2>Julio Vieira Neto<\/h2>\n\t\t\t\t\t\t\t\t\t\t\t\t<div class=\"team_popup_left_side_area-2310\">\n\t\t\t\t\t\t\t\t\t\t\t\t\t<div class=\"team_popup_left_side_area_img-2310\">\n\t\t\t\t\t\t\t\t\t\t\t\t\t\t<img src=\"https:\/\/latec.uff.br\/mba\/wp-content\/uploads\/2021\/08\/julio-Julio-Vieira-Neto.jpg\" alt=\"\" \/>\n\t\t\t\t\t\t\t\t\t\t\t\t\t<\/div>\n\t\t\t\t\t\t\t\t\t\t\t\t\t<div class=\"team_popup_contact_area-2310\">\n\t\t\t\t\t\t\t\t\t\t\t\t\t\t<span class=\"cemail\"><a style=\"text-align: center;    display: block;    background: #f2f2f2;    font-weight: bold;    padding: 20px;\" href=\"mailto:julion@id.uff.br\">julion@id.uff.br<\/a><\/span>\n\t\t\t\t\t\t\t\t\t\t\t\t\t\t<span class=\"cemail\"><\/span>\n\t\t\t\t\t\t\t\t\t\t\t\t\t\t<span class=\"cemail\"><\/span>\n\t\t\t\t\t\t\t\t\t\t\t\t\t<\/div>\n\t\t\t\t\t\t\t\t\t\t\t\t\t<ul class=\"team-manager-popup-items-social-2310\"><li><a style=\"width:auto;color:#1e73be;border: 1px solid #1e73be;    padding: 10px 20px;    height: auto;margin-top: 10px;\" target=\"_blank\" href=\"http:\/\/lattes.cnpq.br\/8052370131852533\" class=\"fa fa-link\"> Lattes<\/a><\/li><li><a style=\"color:#1e73be;width:auto;border: 1px solid #1e73be;    padding: 10px 20px;    height: auto;margin-top: 10px;\" target=\"_blank\" href=\"https:\/\/www.linkedin.com\/in\/julio-vieira-neto-162b1633\/?originalSubdomain=br\" class=\"fa fa-linkedin\"> LinkedIn<\/a><\/li><\/ul>\n\t\t\t\t\t\t\t\t\t\t\t\t<\/div>\n\t\t\t\t\t\t\t\t\t\t\t\t<div class=\"team_popup_right_side_area-2310\">\n\t\t\t\t\t\t\t\t\t\t\t\t\t<p><span data-sheets-value=\"{&quot;1&quot;:2,&quot;2&quot;:&quot;Doutorado em Engenharia Civil pela Universidade Federal Fluminense (UFF), Mestrado em Sistema de Gest\u00e3o (UFF), P\u00f3s-Gradua\u00e7\u00e3o com MBA em Organiza\u00e7\u00e3o e Estrat\u00e9gia, e MBA em Gest\u00e3o Empresarial e Gradua\u00e7\u00e3o em Administra\u00e7\u00e3o de Empresas. Atualmente, \u00e9 Professor Associado da Universidade Federal Fluminense lotado no Departamento de Ci\u00eancias Atuariais e Finan\u00e7as onde ministra as disciplinas: Din\u00e2mica Demogr\u00e1fica e M\u00e9todos Quantitativos. Nos cursos de MBA ministra as disciplinas: Finan\u00e7as Corporativas, Planejamento Estrat\u00e9gia e M\u00e9todos Quantitativos aplicados a Gest\u00e3o Organizacional: Nos Cursos Stricto Sensu ministra as disciplinas: Analise do Ciclo de Vida, Relato Integrado, Bibliometria e Metodologia Quali-quantitative. Pesquisador do Programa de Doutorado em Sistemas de Gest\u00e3o Sustent\u00e1veis e do Mestrado Profissional em Sistemas de Gest\u00e3o, ambos pela UFF, nas \u00e1reas de Gerenciamento do Ciclo de Vida do Produto, Custo do Ciclo de Vida do Produto (CCVP), Ativos Intang\u00edveis e Relato Integrado, temas vinculados a Sustentabilidade Organizacional. Atua como Editor Chefe do peri\u00f3dico Brazilian Journal of Operations &amp; Production Management (BJO&amp;PM - ISSN (Online): 2237-8960), Atuou como Editor Chefe da Revista Sistemas &amp; Gest\u00e3o Online LATEC-UFF (ISSN (Online): 1980-5160) at\u00e9 dezembro de 2020. Tamb\u00e9m \u00e9 Membro do Comit\u00ea Gestor do Projeto Conex\u00f5es \u00c9ticas do Terceiro Setor pela UNESCO, Membro da Comiss\u00e3o de Responsabilidade Social do Instituto Brasileiro de Petr\u00f3leo, G\u00e1s e Biocombust\u00edvel (IBP), atuou como Consultor Empresarial nas \u00e1reas de Planejamento Estrat\u00e9gico, Estudos de Viabilidade T\u00e9cnica Econ\u00f4mica (EVTE) e Mapeamento de Processos. Exerceu fun\u00e7\u00f5es na ind\u00fastria como executivo nas \u00e1reas de Desenvolvimento de Novos Neg\u00f3cios e Financeira em empresas de grande e m\u00e9dio porte nos setores de Telecomunica\u00e7\u00f5es, Embalagens e Terceiro Setor&quot;}\" data-sheets-userformat=\"{&quot;2&quot;:513,&quot;3&quot;:{&quot;1&quot;:0},&quot;12&quot;:0}\">Doutorado em Engenharia Civil pela Universidade Federal Fluminense (UFF), Mestrado em Sistema de Gest\u00e3o (UFF), P\u00f3s-Gradua\u00e7\u00e3o com MBA em Organiza\u00e7\u00e3o e Estrat\u00e9gia, e MBA em Gest\u00e3o Empresarial e Gradua\u00e7\u00e3o em Administra\u00e7\u00e3o de Empresas. Atualmente, \u00e9 Professor Associado da Universidade Federal Fluminense lotado no Departamento de Ci\u00eancias Atuariais e Finan\u00e7as onde ministra as disciplinas: Din\u00e2mica Demogr\u00e1fica e M\u00e9todos Quantitativos. Nos cursos de MBA ministra as disciplinas: Finan\u00e7as Corporativas, Planejamento Estrat\u00e9gia e M\u00e9todos Quantitativos aplicados a Gest\u00e3o Organizacional: Nos Cursos Stricto Sensu ministra as disciplinas: Analise do Ciclo de Vida, Relato Integrado, Bibliometria e Metodologia Quali-quantitative. Pesquisador do Programa de Doutorado em Sistemas de Gest\u00e3o Sustent\u00e1veis e do Mestrado Profissional em Sistemas de Gest\u00e3o, ambos pela UFF, nas \u00e1reas de Gerenciamento do Ciclo de Vida do Produto, Custo do Ciclo de Vida do Produto (CCVP), Ativos Intang\u00edveis e Relato Integrado, temas vinculados a Sustentabilidade Organizacional. Atua como Editor Chefe do peri\u00f3dico Brazilian Journal of Operations &amp; Production Management (BJO&amp;PM &#8211; ISSN (Online): 2237-8960), Atuou como Editor Chefe da Revista Sistemas &amp; Gest\u00e3o Online LATEC-UFF (ISSN (Online): 1980-5160) at\u00e9 dezembro de 2020. Tamb\u00e9m \u00e9 Membro do Comit\u00ea Gestor do Projeto Conex\u00f5es \u00c9ticas do Terceiro Setor pela UNESCO, Membro da Comiss\u00e3o de Responsabilidade Social do Instituto Brasileiro de Petr\u00f3leo, G\u00e1s e Biocombust\u00edvel (IBP), atuou como Consultor Empresarial nas \u00e1reas de Planejamento Estrat\u00e9gico, Estudos de Viabilidade T\u00e9cnica Econ\u00f4mica (EVTE) e Mapeamento de Processos. Exerceu fun\u00e7\u00f5es na ind\u00fastria como executivo nas \u00e1reas de Desenvolvimento de Novos Neg\u00f3cios e Financeira em empresas de grande e m\u00e9dio porte nos setores de Telecomunica\u00e7\u00f5es, Embalagens e Terceiro Setor<\/span><\/p>\n\n\t\t\t\t\t\t\t\t\t\t\t\t<\/div>\n\t\t\t\t\t\t\t\t\t\t\t<\/div>\n\t\t\t\t\t\t\t\t\t\t<\/div>\n\t\t\t\t\t\t\t\t\t<\/div>\n\t\t\t\t\t\t\t\t\t<div class=\"team-manager-free-items-style3-teamprofile-2310\">\n\t\t\t\t\t\t\t\t\t\t<h3 class=\"team-manager-free-items-style3-post-title-2310\">Julio Vieira Neto<\/h3>\n\t\t\t\t\t\t\t\t\t\t<span class=\"team-manager-free-items-style3-post-2310\"><\/span>\n\t\t\t\t\t\t\t\t\t\t\t<ul class=\"team-manager-free-items-style3-team-social-2310\"><li><a style=\"width:auto;color:#1e73be;border: 1px solid #1e73be;    padding: 10px 20px;    height: auto;margin-top: 10px;\" target=\"_blank\" href=\"http:\/\/lattes.cnpq.br\/8052370131852533\" class=\"fa fa-link\"> Lattes<\/a><\/li><li><a style=\"color:#1e73be;width:auto;border: 1px solid #1e73be;    padding: 10px 20px;    height: auto;margin-top: 10px;\" target=\"_blank\" href=\"https:\/\/www.linkedin.com\/in\/julio-vieira-neto-162b1633\/?originalSubdomain=br\" class=\"fa fa-linkedin\"> LinkedIn<\/a><\/li><\/ul>\n\t\t\t\t\t\t\t\t\t<\/div>\n\t\t\t\t\t\t\t\t<\/div>\t\t\t\t\n\t\t\t\t\t\t\t<\/div><\/div><\/div><div class=\"clearfix\"><\/div><\/div>\n\t\t\t\t<\/div>\n\t\t\t\t<\/div>\n\t\t\t\t\t<\/div>\n\t\t<\/div>\n\t\t\t\t\t\t\t<\/div>\n\t\t<\/section>\n\t\t\t\t<section class=\"elementor-section elementor-top-section elementor-element elementor-element-0967137 elementor-hidden-desktop elementor-hidden-tablet elementor-hidden-phone elementor-section-boxed elementor-section-height-default elementor-section-height-default\" data-id=\"0967137\" data-element_type=\"section\">\n\t\t\t\t\t\t<div class=\"elementor-container elementor-column-gap-default\">\n\t\t\t\t\t<div class=\"elementor-column elementor-col-100 elementor-top-column elementor-element elementor-element-b2012df\" data-id=\"b2012df\" data-element_type=\"column\">\n\t\t\t<div class=\"elementor-widget-wrap elementor-element-populated\">\n\t\t\t\t\t\t\t\t<div class=\"elementor-element elementor-element-5d18dbc elementor-invisible elementor-widget elementor-widget-text-editor\" data-id=\"5d18dbc\" data-element_type=\"widget\" data-settings=\"{&quot;_animation&quot;:&quot;fadeInUp&quot;}\" data-widget_type=\"text-editor.default\">\n\t\t\t\t<div class=\"elementor-widget-container\">\n\t\t\t\t\t\t\t\t<p><strong>\u2022 Alberto Eduardo Besser Freitag, D.Sc.<\/strong><br \/><em>Doutor em Engenharia Civil &#8211; Gest\u00e3o, Produ\u00e7\u00e3o e Meio Ambiente pela Universidade Federal Fluminense (UFF), Mestre em Gest\u00e3o Empresarial pela Ebape\/Funda\u00e7\u00e3o Get\u00falio Vargas (FGV-RJ), P\u00f3s-graduado em Marketing e Engenheiro Mec\u00e2nico pela Pontif\u00edcia Universidade Cat\u00f3lica do Rio de Janeiro (PUC-RJ). Possui certifica\u00e7\u00e3o Lean Six Sigma Black Belt e \u00e9 membro do Project Management Institute (PMI). Participou de diversos cursos de aperfei\u00e7oamento em institui\u00e7\u00f5es renomadas do Brasil e exterior.\u00a0<\/em><em>S\u00f3lida viv\u00eancia em organiza\u00e7\u00f5es de relacionamento empresarial, apoio ao empreendedorismo, servi\u00e7os tecnol\u00f3gicos, ind\u00fastria de bebidas e engenharia, ocupando cargos de gest\u00e3o h\u00e1 mais de 10 anos. S\u00f3cio-diretor da BD Gest\u00e3o Sustent\u00e1vel Ltda., com carreira constru\u00edda na Federa\u00e7\u00e3o das Ind\u00fastrias do Estado do Rio de Janeiro, Coca-Cola Brasil, Jaakko P\u00f6yry Engenharia e Varig. Conhecimento altamente especializado em gest\u00e3o enxuta (lean), al\u00e9m de vasta experi\u00eancia nas \u00e1reas de gest\u00e3o de pessoas, projetos e processos, educa\u00e7\u00e3o executiva, planejamento estrat\u00e9gico, elabora\u00e7\u00e3o de estudos e an\u00e1lises de viabilidade t\u00e9cnico-econ\u00f4mica, manufatura, qualidade e engenharia. Flu\u00eancia em portugu\u00eas, ingl\u00eas, espanhol e alem\u00e3o, com tra balhos desenvolvidos em n\u00edvel internacional.<\/em><\/p><address><strong>\u2022\u00a0<\/strong><strong>Daniel Luiz de Mattos Nascimento<\/strong><strong>, M.Sc. (Doutorando)<\/strong><br \/><em>\u00c9 consultor de engenharia no Tecgraf Institute \/ PUC-Rio desde 2015, Mestre em Montagem Industrial (Engenharia Mec\u00e2nica) pela Universidade Federal Fluminense. Professor de MBA em Gest\u00e3o pela Qualidade Total, Lean Six Sigma e Gerenciamento Estrat\u00e9gico da Produ\u00e7\u00e3o e Manuten\u00e7\u00e3o do LATEC na Universidade Federal Fluminense e atualmente \u00e9 Ph.D. Candidato em Engenharia Civil e Ambiental da PUC-Rio. Engenheiro de Produ\u00e7\u00e3o e Blackbelt em Six Sigma, Daniel, trabalhou na Petrobras por dez anos em planejamento e controle na constru\u00e7\u00e3o e montagem industrial, atua como pesquisador e tem produ\u00e7\u00f5es cient\u00edficas nas \u00e1reas de Building Information Modeling (BIM), M\u00e9todos Multicrit\u00e9rios, Constru\u00e7\u00e3o de Plantas Industriais, Manufatura, Gerenciamento de Opera\u00e7\u00f5es, Desenvolvimento Sustent\u00e1vel, Constru\u00e7\u00e3o Sustent\u00e1vel, Smart Cities, Ind\u00fastria 4.0 e Lean Systems.<\/em><\/address><p><strong>\u200b<\/strong><strong>\u2022 D<\/strong><strong>ilma L\u00facia da Costa Silva Pimentel, D.Sc.}<\/strong><br \/><em>Doutora em Engenharia Civil pela Universidade Federal Fluminense na Linha de pesquisa Gest\u00e3o Ambiental e Desempenho do Ambiente Constru\u00eddo. Possui mestrado profissional em Sistemas de Gest\u00e3o pela mesma universidade. Graduada em Ci\u00eancias Biol\u00f3gicas pela Universidade Santa \u00darsula. Possui p\u00f3s gradua\u00e7\u00e3o em Gest\u00e3o Estrat\u00e9gica pela Grifo Enterprises, Gest\u00e3o de Neg\u00f3cios Sustent\u00e1veis pela UFF e Educa\u00e7\u00e3o Infantil pela PUCRJ.\u00a0<\/em><em>Atua como consultora de empresas p\u00fablicas e privadas implementando Sistemas de Gest\u00e3o Integrados &#8211; Qualidade, Meio Ambiente, Seguran\u00e7a e Sa\u00fade do Trabalho, Governan\u00e7a e Relacionamento Comunit\u00e1rio. Atua como docente em cursos de p\u00f3s-gradua\u00e7\u00e3o na \u00e1rea de Sustentabilidade, Responsabilidade Social e Sistemas Integrados de Gest\u00e3o nas Universidades UFF, UNICAMP, IBMEC, UVA e UFRJ.<\/em><\/p><address><strong>\u2022 Fernando de Oliveira Lemos, M.Sc.<\/strong><br \/><em>Mestre em Engenharia de Produ\u00e7\u00e3o pela Universidade Federal do Rio Grande do Sul (2006). Atualmente \u00e9 professor do departamento de Engenharia de Produ\u00e7\u00e3o da Pontif\u00edcia Universidade Cat\u00f3lica do Rio Grande do Sul &#8211; PUCRS e consultor t\u00e9cnico da Parametrus Assessoria Empresarial . Tem experi\u00eancia na \u00e1rea de Gest\u00e3o da Produ\u00e7\u00e3o, com \u00eanfase em Cadeias de Suprimentos, atuando principalmente nos seguintes temas: gest\u00e3o de materiais, log\u00edstica, previs\u00e3o de demanda, pesquisa operacional, planejamento e controle da produ\u00e7\u00e3o e gest\u00e3o por processos<\/em><\/address><p><strong>\u2022 Guilherme Luz Tortorella, D,Sc.\u00a0<\/strong><br \/><em>Professor Adjunto da Engenharia de Produ\u00e7\u00e3o na Universidade Federal de Santa Catarina, realizou P\u00f3s-Doutoramento em Sistemas de Produ\u00e7\u00e3o, Doutorado em Engenharia de Produ\u00e7\u00e3o (2012), Mestrado em Sistemas de Produ\u00e7\u00e3o (2005), Especializa\u00e7\u00e3o em Gest\u00e3o Empresarial na Escola de Administra\u00e7\u00e3o (2007) e formado em Engenharia Mec\u00e2nica (2003), todos estes na Universidade Federal do Rio Grande do Sul &#8211; UFRGS. Possui experi\u00eancia na \u00e1rea de Sistemas de Produ\u00e7\u00e3o e Sistemas de Qualidade, tendo lecionado nos programas de P\u00f3s-Gradua\u00e7\u00e3o em Engenharia de Produ\u00e7\u00e3o da UFRGS, ULBRA, PUCRS, UNOESC, FSG e ESADE como Professor convidado. Possui 12 anos de experi\u00eancia na ind\u00fastria automotiva com viv\u00eancia internacional em capacita\u00e7\u00f5es em M\u00e9xico, Inglaterra, EUA e Uruguai. Pertencente aos Laborat\u00f3rios de Produtividade e Melhoria Cont\u00ednua e de Simula\u00e7\u00e3o de Sistemas de Produ\u00e7\u00e3o, e \u00e9 l\u00edder do grupo de pesquisa do CNPq intitulado Produtividade e Melhoria Cont\u00ednua.<\/em><\/p><p><strong>\u2022 Hermes Sim\u00f5es, M.Sc.\u00a0\u00a0<\/strong><br \/><em>Mestre em Sistemas de Gest\u00e3o pela Universidade Federal Fluminense, RJ e P\u00f3s-graduado em Finan\u00e7as pela PUC\/RJ tendo sua forma\u00e7\u00e3o em Administra\u00e7\u00e3o de Empresas pela Universidade Santa \u00darsula-RJ. Experi\u00eancia de 23 anos como Professor convidado em MBA\u00b4s Executivos nas disciplinas Qualidade em Servi\u00e7os, Ferramentas da Qualidade, Gerenciamento de Projetos; Qualidade em Projetos, Negocia\u00e7\u00e3o, Introdu\u00e7\u00e3o ao Seis Sigma, Marketing de Servi\u00e7os, Introdu\u00e7\u00e3o ao Marketing e Qualidade em Servi\u00e7os Tur\u00edsticos. Black Belt Certified pela Xerox Corporation \u2013 NY\/EUA \u2013 George Group &#8211; com a metodologia Lean Six Sigma. Personal &amp; Professional Coaching pela Sociedade Brasileira de Coaching. Consultor de Empresas e Palestrante pela HS SOLU\u00c7\u00d5ES CORPORATIVAS onde presta servi\u00e7os em diversas empresas pelo Brasil como Grupo Embratel, Coca-Cola, TIM, Oi, Petrobr\u00e1s, SENAC-DN,\u00a0 INFOGLOBO, Essilor, Escola Alem\u00e3 Corcovado, PRIMAR &#8211; Administradora de Im\u00f3veis, CIPA \u2013 Administradora de Im\u00f3veis, World Fuel -TERRANA,\u00a0 Endomedical, Amoflex, Prumo Log\u00edstica\u00a0 entre outras.\u00a0<\/em><\/p><p><strong>\u2022 J\u00e9ssica Galdino de Freitas, M.Sc (Doutoranda)\u00a0<\/strong><br \/><em>Doutoranda em Engenharia de Produ\u00e7\u00e3o pela\u00a0 UFF. MBA em Gest\u00e3o pela Qualidade Total (UFF). \u00c9 Bacharel em Administra\u00e7\u00e3o pela UFRRJ. Mestre em Engenharia de Produ\u00e7\u00e3o pela UFF. \u00c9 especialista Lean Green Belt pelo Grupo Werkema. Consultora Lean Seis Sigma \u2013 Evox Empresarial. Conduz treinamentos na \u00e1rea de Desenvolvimento de Lideran\u00e7a e Excel\u00eancia Operacional. Se apaixonou pelo Lean Seis Sigma j\u00e1 no MBA em Gest\u00e3o pela Qualidade Total que fez na UFF onde tamb\u00e9m concluiu o mestrado em Engenharia de Produ\u00e7\u00e3o com disserta\u00e7\u00e3o no campo do Lean Seis Sigma e Sustentabilidade. \u00c9 especialista Lean Green Belt com larga experi\u00eancia em gest\u00e3o de processos em empresas de grande porte como CSN, BRMalls e Lojas Americanas S.A. Atua como consultora para o Banco Nacional de Desenvolvimento Sustent\u00e1vel (BNDES).<\/em><\/p><p><strong>\u2022 Julio Vieira Neto, D.Sc.<\/strong><br \/><em>Possui Doutorado em Eng\u00b0 Civil pela Universidade Federal Fluminense, Mestrado em Sistema de Gest\u00e3o ( UFF ) p\u00f3s-graduado com MBA em Organiza\u00e7\u00e3o e Estrat\u00e9gia e MBA em Gest\u00e3o Empresarial, graduado em Administra\u00e7\u00e3o de Empresas. Atualmente \u00e9 Professor Adjunto pela Universidade Federal Fluminense no Departamento de Ci\u00eancias Cont\u00e1beis, Ministra as disciplinas: Finan\u00e7as Corporativas, Planejamento Estrat\u00e9gico e Bibliometria em cursos Stricto sensu e Lato sensu, Pesquisador nas \u00e1reas do Gerenciamento do Ciclo de vida do Produto e Custo do Ciclo de Vida do Produto (CCVP) vinculados a \u00e1rea de Sustentabilidade, estudos de Viabilidade Econ\u00f4mica de materiais eco-eficientes. Consultor Empresarial nas \u00e1reas de Planejamento Estrat\u00e9gico, Estudos de Viabilidade T\u00e9cnica Econ\u00f4mica (EVTE) e Mapeamento de Processos. Atuou como Executivo na \u00e1rea de desenvolvimento de novos neg\u00f3cios em empresas de Grande e M\u00e9dio Porte nos setores de telecomunica\u00e7\u00f5es e embalagens.<\/em>\u00a0<\/p><p><strong>\u2022 Luis Perez Zotes, D.Sc.<\/strong><br \/><em>Graduado em Engenharia Civil pela Pontif\u00edcia Universidade Cat\u00f3lica do Rio de Janeiro (1973), com mestrado em Engenharia Civil pela Universidade Federal Fluminense (1992) e doutorado em Engenharia de Produ\u00e7\u00e3o pela Universidade Federal do Rio de Janeiro (1994). Atualmente \u00e9 Professor Associado IV da Universidade Federal Fluminense.\u00a0<\/em>Tem experi\u00eancia na \u00e1rea de engenharia civil e na de Administra\u00e7\u00e3o com \u00eanfase em Administra\u00e7\u00e3o Financeira, Administra\u00e7\u00e3o Estrat\u00e9gica e Gerenciamento de Projetos.\u00a0<\/p><p><strong>\u2022 Marcelo Arese, D.Sc.\u00a0<\/strong><br \/><em>Engenheiro Mec\u00e2nico pela Universidade Gama Filho e Analista de Sistemas pela Universidade Estadual do Rio de Janeiro. Especialista em Engenharia de Manuten\u00e7\u00e3o pela Universidade Federal do Rio de Janeiro e Engenharia de Seguran\u00e7a do Trabalho pela Universidade Federal Fluminense e Administra\u00e7\u00e3o Financeira pela Funda\u00e7\u00e3o Get\u00falio Vargas. Mestre em Sistemas de Gest\u00e3o e Doutorando em Sistemas de Gest\u00e3o Sustent\u00e1veis pela Universidade Federal Fluminense.. Trabalhou em planejamento e controle de manuten\u00e7\u00e3o e projetos nas empresas Cosigua, Texaco, Bayer, Santista Alimentos, Votorantim Metais, FCC, Braskem, Mills e SKMTech. Prestou consultoria pela IBM \u00e0 Vale, Novartis, CENESP e Queir\u00f3z Galv\u00e3o \u00d3leo e G\u00e1s. Leciona em MBAs do Latec\/UFF, cursos da Abraman e CREA-RJ. Coordenador executivo do MBA Gest\u00e3o Estrat\u00e9gica da Produ\u00e7\u00e3o e Manutenc\u00e3o da Universidade Federal Fluminense. Professor do curso de Engenharia de Produ\u00e7\u00e3o da Unilasalle.<\/em>\u00a0<\/p><p><strong>\u2022 Marcelo Jasmim Meirino, D.Sc.<\/strong><br \/><em>Professor Adjunto da Escola de Engenharia da Universidade Federal Fluminense UFF; Professor do Programa de Doutorado em Sistemas de Gest\u00e3o Sustent\u00e1veis PPSIG UFF; Professor do Mestrado em Sistemas de Gest\u00e3o MSG UFF; Doutor em Engenharia Civil (UFF), \u00eanfase em Gest\u00e3o, Produ\u00e7\u00e3o, Qualidade e Desenvolvimento Sustent\u00e1vel. Arquiteto e Urbanista (UFRJ); Mestre em Engenharia Civil (UFF); Engenheiro de Seguran\u00e7a do Trabalho (UFF); Coordenador no N\u00facleo de Inova\u00e7\u00e3o e Tecnologia para a Sustentabilidade (NITS \/ UFF); Especialista em Sustentabilidade e Efici\u00eancia Energ\u00e9tica em Edifica\u00e7\u00f5es; Membro da Comiss\u00e3o de Responsabilidade Social do Instituto Brasileiro de Petr\u00f3leo, G\u00e1s e Biocombust\u00edveis (IBP); Coordenador do Congresso Nacional de Excel\u00eancia em Gest\u00e3o (CNEG); Avaliador de peri\u00f3dicos e eventos acad\u00eamicos; Pesquisador e Consultor NITS \/ LATEC \/ UFF.<\/em>\u00a0<\/p><p><strong>\u2022 Osvaldo Luiz Gon\u00e7alves Quelhas, D.Sc.\u00a0<\/strong><br \/><em>Bolsista de Produtividade em Pesquisa do CNPq &#8211; N\u00edvel 2. Coordena o Latec-UFF (Laborat\u00f3rio de Tecnologia, Gest\u00e3o de Neg\u00f3cios e Meio Ambiente). Vice -Coordenador do Mestrado Profissional em Sistemas de Gest\u00e3o do Departamento de Engenharia de Produ\u00e7\u00e3o, UFF. Coordenador do Doutorado em Sistemas de Gest\u00e3o Sustent\u00e1veis. Professor do Programa de P\u00f3s Gradua\u00e7\u00e3o em Engenharia de Produ\u00e7\u00e3o\/UFF. Membro convidado para Bancas de Doutorado e Mestrado em Institui\u00e7\u00f5es como a PUC-Rio, UNICAMP, COPPE\/UFRJ, PUC PR, UFSC, UNIFEI, UFMG, UFBa, UFAM, UFSC, UTFPr, dentre outras. Organizador e autor de diversos livros e cap\u00edtulos de livros, dentre os quais: Planejamento e Controle da Produ\u00e7\u00e3o, (Editora Elsevier Campus, 2008) finalista em 2009 do Pr\u00eamio Jabuti\/CBL C\u00e2mara Brasileira do Livro, na categoria Ci\u00eancia &amp; Tecnologia. Transpar\u00eancia nos Neg\u00f3cios e nas Organiza\u00e7\u00f5es: Os desafios de uma Gest\u00e3o para a Sustentabilidade (Editora Atlas, 2009). Sele\u00e7\u00e3o de Fornecedores: crit\u00e9rios baseados no sistema de custeio Activity Based Costing (ABEPRO, 2006). Sustentabilidade das Organiza\u00e7\u00f5es Brasileiras (ABEPRO, 2006) e T\u00f3picos Emergentes e Desafios Metodol\u00f3gicos em Engenharia de Produ\u00e7\u00e3o: Casos, Experi\u00eancias e Proposi\u00e7\u00f5es(ABEPRO, 2009).<\/em>\u00a0<\/p><p><strong>\u2022 Oydil C\u00e9sar de Figueiredo, M.Sc. (Doutorando)<\/strong><br \/><em>Graduado em Administra\u00e7\u00e3o com \u00eanfase em Qualidade, graduando em Marketing, p\u00f3s-graduado em Log\u00edstica e Comercio Exterior; P\u00f3s graduado em Engenharia de produ\u00e7\u00e3o e Gest\u00e3o da Produ\u00e7\u00e3o (MBA); e Mestrado em Sistemas de Gest\u00e3o. Possui mais de 15 anos de experi\u00eancia na ind\u00fastria automotiva nas \u00e1reas de Qualidade, Log\u00edstica e Lean Manufacturing. Atualmente \u00e9 especialista Lean na planta da Benteler Sistemas Automotivos de Porto Real &#8211; RJ e Joinville &#8211; SC. Coordenando h\u00e1 dez anos a implementa\u00e7\u00e3o das ferramentas e dissemina\u00e7\u00e3o da cultura de gest\u00e3o eficiente de produ\u00e7\u00e3o. Coordenou a implanta\u00e7\u00e3o dos primeiros projetos Lean Manufacture nas plantas de S\u00e3o Jos\u00e9 dos Pinhais-PR e Tigre na Argentina al\u00e9m de ter participa\u00e7\u00e3o ativa nos lean checks de novos projetos em diversos pa\u00edses da Europa. Especializou-se em Administra\u00e7\u00e3o de Materiais e Lean Manufecturing com treinamentos realizados pelo Lean Institute Brasil, Kaizen Institute em Portugal e visitas direcionadas em companhias na Am\u00e9rica do Sul e Europa. \u00c9 palestrante de diversos temas ligados ao Lean Manufacturing, Qualidade, Marketing e Log\u00edstica. \u00c9 professor de: P\u00f3s Gradua\u00e7\u00e3o &#8211; Administra\u00e7\u00e3o de Materiais do curso de Engenharia de Produ\u00e7\u00e3o do LATEC \/ UFF &#8211; Niter\u00f3i. P\u00f3s Gradua\u00e7\u00e3o &#8211; Gest\u00e3o de Resultados na MBA em Gest\u00e3o da Qualidade Total (Lean manufacturing, Just in time e Controle estat\u00edstico de processo) do LATEC \/ UFF &#8211; Niter\u00f3i. P\u00f3s Gradua\u00e7\u00e3o &#8211; Estrat\u00e9gia Empresarial na MBA em Gest\u00e3o estrat\u00e9gica da Produ\u00e7\u00e3o e Manuten\u00e7\u00e3o do LATEC \/ UFF &#8211; Niter\u00f3i. Gradua\u00e7\u00e3o &#8211; Supply Chain, Fundamentos do Com\u00e9rcio Exterior, Macroeconomia, Estat\u00edstica, Marketing, Engenharia do Produto, Log\u00edstica de Distribui\u00e7\u00e3o Aplicada a engenharia, Distribui\u00e7\u00e3o F\u00edsica; Centros de Distribui\u00e7\u00e3o; Projetos Log\u00edsticos; Sistema Puxado e Nivelado, Controle estat\u00edstico da qualidade e Administra\u00e7\u00e3o de Compras e Suprimentos.<\/em>\u00a0<\/p><p><strong>\u2022 Robisom Damasceno Calado, D.Sc.<\/strong><br \/><em>P\u00f3s Doutorado em Engenharia de Produ\u00e7\u00e3o pela UNESP. Doutor e Mestre em Engenharia Mec\u00e2nica pela UNICAMP. Graduado em Engenharia de Produ\u00e7\u00e3o Mec\u00e2nica pela UNIMEP. Especialista em Lean Enterprise pelo MIT e Black Belt em Lean Six Sigma pela EDTI. \u00c9 professor Adjunto da Universidade Federal Fluminense &#8211; UFF \/ RJ. Coordena o grupo de pesquisa CNPq &#8211; Lab DGE (Design Thinking, Gest\u00e3o e Engenharia Industrial) e participa em grupos de pesquisa na USP e UNICAMP. Possui experi\u00eancia de 25 anos em ind\u00fastrias de diversos segmentos, na \u00e1rea de Engenharia Industrial em empresas de m\u00e9dio e grande porte, foi gestor da Engenharia Industrial e Coordenador Lean Manufacturing na BSH &#8211; Bosch &amp; Siemens Eletrodom\u00e9sticos. Leciona no Curso de Engenharia de Produ\u00e7\u00e3o e no Programa de P\u00f3s Gradua\u00e7\u00e3o Stricto Sensu (Mestrado Profissional em Engenharia de Produ\u00e7\u00e3o e Sistemas Computacionais) da UFF, na \u00e1rea de Engenharia de Opera\u00e7\u00f5es e Processos da Produ\u00e7\u00e3o: Engenharia de M\u00e9todos; Lean Six Sigma; Gest\u00e3o de Sistemas de Produ\u00e7\u00e3o e Opera\u00e7\u00f5es; Planejamento, Programa\u00e7\u00e3o e Controle da Produ\u00e7\u00e3o. Tamb\u00e9m leciona no MBA DGA Produ\u00e7\u00e3o Enxuta Seis Sigma (LATEC\/UFF). Seus \u00faltimos trabalhos s\u00e3o sobre: Gest\u00e3o de Reciclagem, Gerenciamento de Capacidade, Benchmarking, Gerenciamento Estrat\u00e9gico (Hoshin Kanri), Lean Six Sigma, Lean Production, Gest\u00e3o em Sa\u00fade (Lean healthcare) e Metodologias ativas no ensino de Engenharia de Produ\u00e7\u00e3o.<\/em>\u00a0<\/p><p><strong>\u2022 Sergio Luiz Braga Fran\u00e7a, D.Sc.<\/strong><br \/><em>Doutor em Engenharia Civil (UFF), \u00eanfase em Gest\u00e3o, Produ\u00e7\u00e3o, Qualidade e Desenvolvimento Sustent\u00e1vel. Graduado em Engenharia Civil (UFF). Especialista em Engenharia de Seguran\u00e7a do Trabalho (UFF). Avaliador do Pr\u00eamio Qualidade Rio (PQRio). Professor Adjunto do Departamento de Engenharia Civil (UFF). Coordenador do N\u00facleo de Inova\u00e7\u00e3o e Tecnologia para a Sustentabilidade (NITS\/UFF). Professor do Programa de Doutorado em Sistemas de Gest\u00e3o Sustent\u00e1veis PPSIG UFF; Professor do Mestrado em Sistemas de Gest\u00e3o MSG UFF.\u00a0 Coordenador de Programas de Capacita\u00e7\u00e3o e Desenvolvimento Profissional em institui\u00e7\u00f5es P\u00fablicas e Privadas. Membro da Comiss\u00e3o Organizadora do Congresso Nacional de Excel\u00eancia em Gest\u00e3o (CNEG). Membro da Comiss\u00e3o Julgadora do Pr\u00eamio VITAE-RIO (SECONCI). Avaliador de peri\u00f3dicos e eventos acad\u00eamicos. Desde 2004 atua em projetos de P&amp;D nas \u00e1reas de Gest\u00e3o, Sustentabilidade, Qualidade, Responsabilidade Social, Seguran\u00e7a do Trabalho e Desenvolvimento de Produto.<\/em><\/p><p>\u00a0<\/p><p>\u00a0<\/p><p>\u00a0<\/p><p>\u00a0<\/p><p>\u00a0<\/p><p>\u00a0<\/p>\t\t\t\t\t\t<\/div>\n\t\t\t\t<\/div>\n\t\t\t\t\t<\/div>\n\t\t<\/div>\n\t\t\t\t\t\t\t<\/div>\n\t\t<\/section>\n\t\t\t\t\t\t<\/div>\n\t\t\t\t\t<\/div>\n\t\t","protected":false},"excerpt":{"rendered":"<p>MBA &#8211; DGA Produ\u00e7\u00e3o Enxuta Seis Sigma In\u00edcio A definir Hor\u00e1rio S\u00e1bados das 8:15h \u00e0s 17h Local Aulas realizadas em formato sala virtual Sobreo curso O Rio de Janeiro foi fortemente afetado pela crise econ\u00f4mica, especialmente os setores\u00a0 industrial e de servi\u00e7os, de grande import\u00e2ncia econ\u00f4mica e social. Em virtude disso, houve desacelera\u00e7\u00e3o econ\u00f4mica, queda &hellip;<\/p>\n<p class=\"read-more\"> <a class=\"\" href=\"https:\/\/latec.uff.br\/mba\/team_mf\/julio-vieira-neto\/\"> <span class=\"screen-reader-text\">Julio Vieira Neto<\/span> Leia mais &raquo;<\/a><\/p>\n","protected":false},"author":1,"featured_media":0,"parent":0,"menu_order":0,"comment_status":"closed","ping_status":"closed","template":"","meta":{"om_disable_all_campaigns":false},"_links":{"self":[{"href":"https:\/\/latec.uff.br\/mba\/wp-json\/wp\/v2\/pages\/1729"}],"collection":[{"href":"https:\/\/latec.uff.br\/mba\/wp-json\/wp\/v2\/pages"}],"about":[{"href":"https:\/\/latec.uff.br\/mba\/wp-json\/wp\/v2\/types\/page"}],"author":[{"embeddable":true,"href":"https:\/\/latec.uff.br\/mba\/wp-json\/wp\/v2\/users\/1"}],"replies":[{"embeddable":true,"href":"https:\/\/latec.uff.br\/mba\/wp-json\/wp\/v2\/comments?post=1729"}],"version-history":[{"count":169,"href":"https:\/\/latec.uff.br\/mba\/wp-json\/wp\/v2\/pages\/1729\/revisions"}],"predecessor-version":[{"id":8491,"href":"https:\/\/latec.uff.br\/mba\/wp-json\/wp\/v2\/pages\/1729\/revisions\/8491"}],"wp:attachment":[{"href":"https:\/\/latec.uff.br\/mba\/wp-json\/wp\/v2\/media?parent=1729"}],"curies":[{"name":"wp","href":"https:\/\/api.w.org\/{rel}","templated":true}]}}