{"id":1886,"date":"2021-06-22T10:41:38","date_gmt":"2021-06-22T13:41:38","guid":{"rendered":"https:\/\/latec.uff.br\/mba\/?page_id=1886"},"modified":"2024-01-23T23:16:41","modified_gmt":"2024-01-24T02:16:41","slug":"especializacao-engenharia-de-seguranca-do-trabalho","status":"publish","type":"page","link":"https:\/\/latec.uff.br\/mba\/especializacao-engenharia-de-seguranca-do-trabalho\/","title":{"rendered":"Especializa\u00e7\u00e3o &#8211; Engenharia de Seguran\u00e7a do Trabalho"},"content":{"rendered":"\t\t<div data-elementor-type=\"wp-page\" data-elementor-id=\"1886\" class=\"elementor elementor-1886\" data-elementor-settings=\"[]\">\n\t\t\t\t\t\t\t<div class=\"elementor-section-wrap\">\n\t\t\t\t\t\t\t<section class=\"elementor-section elementor-top-section elementor-element elementor-element-d963453 elementor-section-boxed elementor-section-height-default elementor-section-height-default\" data-id=\"d963453\" data-element_type=\"section\" data-settings=\"{&quot;background_background&quot;:&quot;classic&quot;}\">\n\t\t\t\t\t\t\t<div class=\"elementor-background-overlay\"><\/div>\n\t\t\t\t\t\t\t<div class=\"elementor-container elementor-column-gap-no\">\n\t\t\t\t\t<div class=\"elementor-column elementor-col-100 elementor-top-column elementor-element elementor-element-d1ec4fc\" data-id=\"d1ec4fc\" data-element_type=\"column\">\n\t\t\t<div class=\"elementor-widget-wrap elementor-element-populated\">\n\t\t\t\t\t\t\t\t<div class=\"elementor-element elementor-element-35e7a1e elementor-invisible elementor-widget elementor-widget-button\" data-id=\"35e7a1e\" data-element_type=\"widget\" data-settings=\"{&quot;_animation&quot;:&quot;fadeInDown&quot;}\" data-widget_type=\"button.default\">\n\t\t\t\t<div class=\"elementor-widget-container\">\n\t\t\t\t\t<div class=\"elementor-button-wrapper\">\n\t\t\t<a href=\"#\" class=\"elementor-button-link elementor-button elementor-size-sm\" role=\"button\">\n\t\t\t\t\t\t<span class=\"elementor-button-content-wrapper\">\n\t\t\t\t\t\t<span class=\"elementor-button-text\">ESPECIALIZA\u00c7\u00c3O<\/span>\n\t\t<\/span>\n\t\t\t\t\t<\/a>\n\t\t<\/div>\n\t\t\t\t<\/div>\n\t\t\t\t<\/div>\n\t\t\t\t<div class=\"elementor-element elementor-element-e26203d elementor-invisible elementor-widget elementor-widget-heading\" data-id=\"e26203d\" data-element_type=\"widget\" data-settings=\"{&quot;_animation&quot;:&quot;fadeInUp&quot;}\" data-widget_type=\"heading.default\">\n\t\t\t\t<div class=\"elementor-widget-container\">\n\t\t\t<h1 class=\"elementor-heading-title elementor-size-default\">Engenharia de Seguran\u00e7a do Trabalho\n<\/h1>\t\t<\/div>\n\t\t\t\t<\/div>\n\t\t\t\t\t<\/div>\n\t\t<\/div>\n\t\t\t\t\t\t\t<\/div>\n\t\t<\/section>\n\t\t\t\t<section class=\"elementor-section elementor-top-section elementor-element elementor-element-4b6c651 elementor-section-boxed elementor-section-height-default elementor-section-height-default\" data-id=\"4b6c651\" data-element_type=\"section\">\n\t\t\t\t\t\t<div class=\"elementor-container elementor-column-gap-default\">\n\t\t\t\t\t<div class=\"elementor-column elementor-col-25 elementor-top-column elementor-element elementor-element-17061d9\" data-id=\"17061d9\" data-element_type=\"column\">\n\t\t\t<div class=\"elementor-widget-wrap\">\n\t\t\t\t\t\t\t\t\t<\/div>\n\t\t<\/div>\n\t\t\t\t<div class=\"elementor-column elementor-col-25 elementor-top-column elementor-element elementor-element-256facf elementor-invisible\" data-id=\"256facf\" data-element_type=\"column\" data-settings=\"{&quot;background_background&quot;:&quot;classic&quot;,&quot;animation&quot;:&quot;fadeInDown&quot;}\">\n\t\t\t<div class=\"elementor-widget-wrap elementor-element-populated\">\n\t\t\t\t\t\t\t\t<div class=\"elementor-element elementor-element-1a3d063 elementor-view-stacked elementor-shape-circle elementor-position-top elementor-vertical-align-top elementor-widget elementor-widget-icon-box\" data-id=\"1a3d063\" data-element_type=\"widget\" data-widget_type=\"icon-box.default\">\n\t\t\t\t<div class=\"elementor-widget-container\">\n\t\t\t\t\t<div class=\"elementor-icon-box-wrapper\">\n\t\t\t\t\t\t<div class=\"elementor-icon-box-icon\">\n\t\t\t\t<span class=\"elementor-icon elementor-animation-\" >\n\t\t\t\t<i aria-hidden=\"true\" class=\"icon icon-calendar-full\"><\/i>\t\t\t\t<\/span>\n\t\t\t<\/div>\n\t\t\t\t\t\t<div class=\"elementor-icon-box-content\">\n\t\t\t\t<h3 class=\"elementor-icon-box-title\">\n\t\t\t\t\t<span >In\u00edcio<\/span>\n\t\t\t\t<\/h3>\n\t\t\t\t\t\t\t\t<p class=\"elementor-icon-box-description\">A definir<\/p>\n\t\t\t\t\t\t\t<\/div>\n\t\t<\/div>\n\t\t\t\t<\/div>\n\t\t\t\t<\/div>\n\t\t\t\t\t<\/div>\n\t\t<\/div>\n\t\t\t\t<div class=\"elementor-column elementor-col-25 elementor-top-column elementor-element elementor-element-c6e1b1e elementor-invisible\" data-id=\"c6e1b1e\" data-element_type=\"column\" data-settings=\"{&quot;background_background&quot;:&quot;classic&quot;,&quot;animation&quot;:&quot;fadeInUp&quot;}\">\n\t\t\t<div class=\"elementor-widget-wrap elementor-element-populated\">\n\t\t\t\t\t\t\t\t<div class=\"elementor-element elementor-element-42430fa elementor-view-stacked elementor-shape-circle elementor-position-top elementor-vertical-align-top elementor-widget elementor-widget-icon-box\" data-id=\"42430fa\" data-element_type=\"widget\" data-widget_type=\"icon-box.default\">\n\t\t\t\t<div class=\"elementor-widget-container\">\n\t\t\t\t\t<div class=\"elementor-icon-box-wrapper\">\n\t\t\t\t\t\t<div class=\"elementor-icon-box-icon\">\n\t\t\t\t<span class=\"elementor-icon elementor-animation-\" >\n\t\t\t\t<i aria-hidden=\"true\" class=\"icon icon-clock2\"><\/i>\t\t\t\t<\/span>\n\t\t\t<\/div>\n\t\t\t\t\t\t<div class=\"elementor-icon-box-content\">\n\t\t\t\t<h3 class=\"elementor-icon-box-title\">\n\t\t\t\t\t<span >Hor\u00e1rio<\/span>\n\t\t\t\t<\/h3>\n\t\t\t\t\t\t\t\t<p class=\"elementor-icon-box-description\">S\u00e1bado<\/p>\n\t\t\t\t\t\t\t<\/div>\n\t\t<\/div>\n\t\t\t\t<\/div>\n\t\t\t\t<\/div>\n\t\t\t\t\t<\/div>\n\t\t<\/div>\n\t\t\t\t<div class=\"elementor-column elementor-col-25 elementor-top-column elementor-element elementor-element-c011c24 elementor-invisible\" data-id=\"c011c24\" data-element_type=\"column\" data-settings=\"{&quot;background_background&quot;:&quot;classic&quot;,&quot;animation&quot;:&quot;fadeInDown&quot;}\">\n\t\t\t<div class=\"elementor-widget-wrap elementor-element-populated\">\n\t\t\t\t\t\t\t\t<div class=\"elementor-element elementor-element-defb9e3 elementor-view-stacked elementor-shape-circle elementor-position-top elementor-vertical-align-top elementor-widget elementor-widget-icon-box\" data-id=\"defb9e3\" data-element_type=\"widget\" data-widget_type=\"icon-box.default\">\n\t\t\t\t<div class=\"elementor-widget-container\">\n\t\t\t\t\t<div class=\"elementor-icon-box-wrapper\">\n\t\t\t\t\t\t<div class=\"elementor-icon-box-icon\">\n\t\t\t\t<span class=\"elementor-icon elementor-animation-\" >\n\t\t\t\t<i aria-hidden=\"true\" class=\"icon icon-google-map\"><\/i>\t\t\t\t<\/span>\n\t\t\t<\/div>\n\t\t\t\t\t\t<div class=\"elementor-icon-box-content\">\n\t\t\t\t<h3 class=\"elementor-icon-box-title\">\n\t\t\t\t\t<span >Local<\/span>\n\t\t\t\t<\/h3>\n\t\t\t\t\t\t\t\t<p class=\"elementor-icon-box-description\">Escola de Engenharia - UFF<\/p>\n\t\t\t\t\t\t\t<\/div>\n\t\t<\/div>\n\t\t\t\t<\/div>\n\t\t\t\t<\/div>\n\t\t\t\t\t<\/div>\n\t\t<\/div>\n\t\t\t\t\t\t\t<\/div>\n\t\t<\/section>\n\t\t\t\t<section class=\"elementor-section elementor-top-section elementor-element elementor-element-18628d9 elementor-section-boxed elementor-section-height-default elementor-section-height-default\" data-id=\"18628d9\" data-element_type=\"section\">\n\t\t\t\t\t\t<div class=\"elementor-container elementor-column-gap-default\">\n\t\t\t\t\t<div class=\"elementor-column elementor-col-50 elementor-top-column elementor-element elementor-element-3b8b81d\" data-id=\"3b8b81d\" data-element_type=\"column\">\n\t\t\t<div class=\"elementor-widget-wrap elementor-element-populated\">\n\t\t\t\t\t\t\t\t<div class=\"elementor-element elementor-element-c88008d elementor-invisible elementor-widget elementor-widget-heading\" data-id=\"c88008d\" data-element_type=\"widget\" data-settings=\"{&quot;_animation&quot;:&quot;fadeInLeft&quot;}\" data-widget_type=\"heading.default\">\n\t\t\t\t<div class=\"elementor-widget-container\">\n\t\t\t<h2 class=\"elementor-heading-title elementor-size-default\">Sobre<br>o curso<\/h2>\t\t<\/div>\n\t\t\t\t<\/div>\n\t\t\t\t\t<\/div>\n\t\t<\/div>\n\t\t\t\t<div class=\"elementor-column elementor-col-50 elementor-top-column elementor-element elementor-element-9823037\" data-id=\"9823037\" data-element_type=\"column\">\n\t\t\t<div class=\"elementor-widget-wrap elementor-element-populated\">\n\t\t\t\t\t\t\t\t<div class=\"elementor-element elementor-element-d630570 elementor-invisible elementor-widget elementor-widget-text-editor\" data-id=\"d630570\" data-element_type=\"widget\" data-settings=\"{&quot;_animation&quot;:&quot;fadeInRight&quot;}\" data-widget_type=\"text-editor.default\">\n\t\t\t\t<div class=\"elementor-widget-container\">\n\t\t\t\t\t\t\t\t<div class=\"field field-name-body field-type-text-with-summary field-label-hidden\"><div class=\"field-items\"><div class=\"field-item even\"><p>\u00a0<\/p><p class=\"rtejustify\">A Universidade Federal Fluminense conta com o reconhecimento p\u00fablico pela compet\u00eancia no treinamento em Engenharia de Seguran\u00e7a do Trabalho.<\/p><\/div><\/div><\/div><div class=\"field field-name-field-tipo field-type-list-text field-label-above\">\u00a0<\/div>\t\t\t\t\t\t<\/div>\n\t\t\t\t<\/div>\n\t\t\t\t\t<\/div>\n\t\t<\/div>\n\t\t\t\t\t\t\t<\/div>\n\t\t<\/section>\n\t\t\t\t<section class=\"elementor-section elementor-top-section elementor-element elementor-element-63d48be elementor-section-boxed elementor-section-height-default elementor-section-height-default\" data-id=\"63d48be\" data-element_type=\"section\">\n\t\t\t\t\t\t<div class=\"elementor-container elementor-column-gap-default\">\n\t\t\t\t\t<div class=\"elementor-column elementor-col-50 elementor-top-column elementor-element elementor-element-17d66f7 elementor-invisible\" data-id=\"17d66f7\" data-element_type=\"column\" data-settings=\"{&quot;animation&quot;:&quot;fadeInLeft&quot;}\">\n\t\t\t<div class=\"elementor-widget-wrap elementor-element-populated\">\n\t\t\t\t\t\t\t\t<section class=\"elementor-section elementor-inner-section elementor-element elementor-element-5fb44b3 elementor-section-boxed elementor-section-height-default elementor-section-height-default\" data-id=\"5fb44b3\" data-element_type=\"section\" data-settings=\"{&quot;background_background&quot;:&quot;classic&quot;,&quot;shape_divider_top&quot;:&quot;tilt&quot;,&quot;shape_divider_bottom&quot;:&quot;tilt&quot;}\">\n\t\t\t\t\t<div class=\"elementor-shape elementor-shape-top\" data-negative=\"false\">\n\t\t\t<svg xmlns=\"http:\/\/www.w3.org\/2000\/svg\" viewBox=\"0 0 1000 100\" preserveAspectRatio=\"none\">\n\t<path class=\"elementor-shape-fill\" d=\"M0,6V0h1000v100L0,6z\"\/>\n<\/svg>\t\t<\/div>\n\t\t\t\t<div class=\"elementor-shape elementor-shape-bottom\" data-negative=\"false\">\n\t\t\t<svg xmlns=\"http:\/\/www.w3.org\/2000\/svg\" viewBox=\"0 0 1000 100\" preserveAspectRatio=\"none\">\n\t<path class=\"elementor-shape-fill\" d=\"M0,6V0h1000v100L0,6z\"\/>\n<\/svg>\t\t<\/div>\n\t\t\t\t\t<div class=\"elementor-container elementor-column-gap-default\">\n\t\t\t\t\t<div class=\"elementor-column elementor-col-100 elementor-inner-column elementor-element elementor-element-e36f4e6\" data-id=\"e36f4e6\" data-element_type=\"column\">\n\t\t\t<div class=\"elementor-widget-wrap elementor-element-populated\">\n\t\t\t\t\t\t\t\t<div class=\"elementor-element elementor-element-5d9a543 elementor-widget elementor-widget-heading\" data-id=\"5d9a543\" data-element_type=\"widget\" data-widget_type=\"heading.default\">\n\t\t\t\t<div class=\"elementor-widget-container\">\n\t\t\t<h2 class=\"elementor-heading-title elementor-size-default\">P\u00fablico Alvo<\/h2>\t\t<\/div>\n\t\t\t\t<\/div>\n\t\t\t\t<div class=\"elementor-element elementor-element-daf29d2 elementor-widget elementor-widget-text-editor\" data-id=\"daf29d2\" data-element_type=\"widget\" data-widget_type=\"text-editor.default\">\n\t\t\t\t<div class=\"elementor-widget-container\">\n\t\t\t\t\t\t\t\t<div class=\"field field-name-field-p-blico-alvo field-type-text-long field-label-above\"><div class=\"field-items\"><div class=\"field-item even\"><p class=\"rtejustify\">O curso \u00e9 dirigido apenas a Engenheiros Plenos ou Arquitetos, conforme Lei n\u00ba. 7.410\/85.<\/p><\/div><\/div><\/div><div class=\"field field-name-field-objetivo field-type-text-long field-label-above\">\u00a0<\/div>\t\t\t\t\t\t<\/div>\n\t\t\t\t<\/div>\n\t\t\t\t\t<\/div>\n\t\t<\/div>\n\t\t\t\t\t\t\t<\/div>\n\t\t<\/section>\n\t\t\t\t\t<\/div>\n\t\t<\/div>\n\t\t\t\t<div class=\"elementor-column elementor-col-50 elementor-top-column elementor-element elementor-element-b08f4b6 elementor-invisible\" data-id=\"b08f4b6\" data-element_type=\"column\" data-settings=\"{&quot;animation&quot;:&quot;fadeInRight&quot;}\">\n\t\t\t<div class=\"elementor-widget-wrap elementor-element-populated\">\n\t\t\t\t\t\t\t\t<div class=\"elementor-element elementor-element-d82bc12 elementor-widget elementor-widget-heading\" data-id=\"d82bc12\" data-element_type=\"widget\" data-widget_type=\"heading.default\">\n\t\t\t\t<div class=\"elementor-widget-container\">\n\t\t\t<h2 class=\"elementor-heading-title elementor-size-default\">T\u00f3picos<\/h2>\t\t<\/div>\n\t\t\t\t<\/div>\n\t\t\t\t<div class=\"elementor-element elementor-element-bd03c72 elementor-widget elementor-widget-text-editor\" data-id=\"bd03c72\" data-element_type=\"widget\" data-widget_type=\"text-editor.default\">\n\t\t\t\t<div class=\"elementor-widget-container\">\n\t\t\t\t\t\t\t\t<ul><li>Administra\u00e7\u00e3o Aplicada \u00e0 Engenharia de Seguran\u00e7a<\/li><li>Ergonomia<\/li><li>Ger\u00eancia de Risco<\/li><li>Higiene do Trabalho<\/li><li>Introdu\u00e7\u00e3o \u00e0 Engenharia de Seguran\u00e7a do Trabalho<\/li><li>Legisla\u00e7\u00e3o e Normas T\u00e9cnicas<\/li><li>O Ambiente e as Doen\u00e7as do Trabalho<\/li><li>Preven\u00e7\u00e3o e Controle de Riscos em M\u00e1quinas, Equipamentos e Instala\u00e7\u00f5es<\/li><li>Prote\u00e7\u00e3o ao Meio Ambiente<\/li><li>Prote\u00e7\u00e3o contra Inc\u00eandio e Explos\u00f5es<\/li><li>Psicologia na Engenharia de Seguran\u00e7a, Comunica\u00e7\u00e3o e Treinamento<\/li><li>Seguran\u00e7a na Constru\u00e7\u00e3o Civil<\/li><li>Seguran\u00e7a em Instala\u00e7\u00f5es El\u00e9tricas<\/li><\/ul>\t\t\t\t\t\t<\/div>\n\t\t\t\t<\/div>\n\t\t\t\t\t<\/div>\n\t\t<\/div>\n\t\t\t\t\t\t\t<\/div>\n\t\t<\/section>\n\t\t\t\t<section class=\"elementor-section elementor-top-section elementor-element elementor-element-5383a5d elementor-section-boxed elementor-section-height-default elementor-section-height-default\" data-id=\"5383a5d\" data-element_type=\"section\">\n\t\t\t\t\t\t<div class=\"elementor-container elementor-column-gap-default\">\n\t\t\t\t\t<div class=\"elementor-column elementor-col-50 elementor-top-column elementor-element elementor-element-8fc29a8\" data-id=\"8fc29a8\" data-element_type=\"column\">\n\t\t\t<div class=\"elementor-widget-wrap elementor-element-populated\">\n\t\t\t\t\t\t\t\t<div class=\"elementor-element elementor-element-a6dcb85 elementor-invisible elementor-widget elementor-widget-heading\" data-id=\"a6dcb85\" data-element_type=\"widget\" data-settings=\"{&quot;_animation&quot;:&quot;fadeInLeft&quot;}\" data-widget_type=\"heading.default\">\n\t\t\t\t<div class=\"elementor-widget-container\">\n\t\t\t<h2 class=\"elementor-heading-title elementor-size-default\">Objetivos<\/h2>\t\t<\/div>\n\t\t\t\t<\/div>\n\t\t\t\t\t<\/div>\n\t\t<\/div>\n\t\t\t\t<div class=\"elementor-column elementor-col-50 elementor-top-column elementor-element elementor-element-d47a441\" data-id=\"d47a441\" data-element_type=\"column\">\n\t\t\t<div class=\"elementor-widget-wrap elementor-element-populated\">\n\t\t\t\t\t\t\t\t<div class=\"elementor-element elementor-element-3ff3239 elementor-invisible elementor-widget elementor-widget-text-editor\" data-id=\"3ff3239\" data-element_type=\"widget\" data-settings=\"{&quot;_animation&quot;:&quot;fadeInRight&quot;}\" data-widget_type=\"text-editor.default\">\n\t\t\t\t<div class=\"elementor-widget-container\">\n\t\t\t\t\t\t\t\t<p class=\"rtejustify\">O Curso de Especializa\u00e7\u00e3o em Engenharia de Seguran\u00e7a do Trabalho oferecido pela Universidade Federal Fluminense oferece este curso, apenas para profissionais com gradua\u00e7\u00e3o em Engenharia Plena e Arquitetura (conforme Lei n\u00ba 7.410\/85). Temos como objetivo formar profissionais com capacidade para intervir no processo produtivo das ind\u00fastrias e em empresas prestadoras de servi\u00e7os e que tenham capacidade para projetar, desenvolver, implantar programas de Qualidade, de melhoria da produtividade, de Seguran\u00e7a Operacional e de Gest\u00e3o Ambiental. O profissional formado ir\u00e1 adquirir vis\u00e3o sist\u00eamica das \u00e1reas de Gest\u00e3o da Seguran\u00e7a Industrial\/Neg\u00f3cios e ser\u00e1 conhecedor dos segredos de t\u00e9cnica operacional da ind\u00fastria, com forma\u00e7\u00e3o human\u00edstica e \u00e9tica mais completa, desenvolvendo-se em termos de contatos humanos e de comunica\u00e7\u00e3o. \u00c9 o profissional destinado a prever e prover meios para que instala\u00e7\u00f5es, equipamentos, constru\u00e7\u00f5es e m\u00e9todos\/ condi\u00e7\u00f5es de trabalho, sejam realmente seguros, tanto do ponto de vista do trabalhador (no risco de acidente do trabalho) quanto com rela\u00e7\u00e3o aos riscos ao patrim\u00f4nio da pr\u00f3pria empresa e ao meio ambiente.<\/p><p class=\"rtejustify\">Esta forma\u00e7\u00e3o objetiva atender as exig\u00eancias decorrentes da Portaria n\u00ba 3214\/78 e das regulamenta\u00e7\u00f5es posteriores, para fazer frente ao cont\u00ednuo crescimento da demanda de tais especialistas nas v\u00e1rias \u00e1reas de produ\u00e7\u00e3o.<\/p>\t\t\t\t\t\t<\/div>\n\t\t\t\t<\/div>\n\t\t\t\t\t<\/div>\n\t\t<\/div>\n\t\t\t\t\t\t\t<\/div>\n\t\t<\/section>\n\t\t\t\t<section class=\"elementor-section elementor-top-section elementor-element elementor-element-81d3ca8 elementor-section-boxed elementor-section-height-default elementor-section-height-default\" data-id=\"81d3ca8\" data-element_type=\"section\">\n\t\t\t\t\t\t<div class=\"elementor-container elementor-column-gap-default\">\n\t\t\t\t\t<div class=\"elementor-column elementor-col-100 elementor-top-column elementor-element elementor-element-641186e\" data-id=\"641186e\" data-element_type=\"column\">\n\t\t\t<div class=\"elementor-widget-wrap elementor-element-populated\">\n\t\t\t\t\t\t\t\t<div class=\"elementor-element elementor-element-e357d2f elementor-tabs-view-horizontal elementor-invisible elementor-widget elementor-widget-tabs\" data-id=\"e357d2f\" data-element_type=\"widget\" data-settings=\"{&quot;_animation&quot;:&quot;fadeInUp&quot;}\" data-widget_type=\"tabs.default\">\n\t\t\t\t<div class=\"elementor-widget-container\">\n\t\t\t\t\t<div class=\"elementor-tabs\">\n\t\t\t<div class=\"elementor-tabs-wrapper\" role=\"tablist\" >\n\t\t\t\t\t\t\t\t\t<div id=\"elementor-tab-title-2381\" class=\"elementor-tab-title elementor-tab-desktop-title\" aria-selected=\"true\" data-tab=\"1\" role=\"tab\" tabindex=\"0\" aria-controls=\"elementor-tab-content-2381\" aria-expanded=\"false\">Metodologia<\/div>\n\t\t\t\t\t\t\t\t\t<div id=\"elementor-tab-title-2382\" class=\"elementor-tab-title elementor-tab-desktop-title\" aria-selected=\"false\" data-tab=\"2\" role=\"tab\" tabindex=\"-1\" aria-controls=\"elementor-tab-content-2382\" aria-expanded=\"false\">Carga Hor\u00e1ria<\/div>\n\t\t\t\t\t\t\t\t\t<div id=\"elementor-tab-title-2383\" class=\"elementor-tab-title elementor-tab-desktop-title\" aria-selected=\"false\" data-tab=\"3\" role=\"tab\" tabindex=\"-1\" aria-controls=\"elementor-tab-content-2383\" aria-expanded=\"false\">Avalia\u00e7\u00f5es e Certificado<\/div>\n\t\t\t\t\t\t\t\t\t<div id=\"elementor-tab-title-2384\" class=\"elementor-tab-title elementor-tab-desktop-title\" aria-selected=\"false\" data-tab=\"4\" role=\"tab\" tabindex=\"-1\" aria-controls=\"elementor-tab-content-2384\" aria-expanded=\"false\">Material Did\u00e1tico<\/div>\n\t\t\t\t\t\t\t\t\t<div id=\"elementor-tab-title-2385\" class=\"elementor-tab-title elementor-tab-desktop-title\" aria-selected=\"false\" data-tab=\"5\" role=\"tab\" tabindex=\"-1\" aria-controls=\"elementor-tab-content-2385\" aria-expanded=\"false\">Documentos para Inscri\u00e7\u00e3o<\/div>\n\t\t\t\t\t\t\t\t\t<div id=\"elementor-tab-title-2386\" class=\"elementor-tab-title elementor-tab-desktop-title\" aria-selected=\"false\" data-tab=\"6\" role=\"tab\" tabindex=\"-1\" aria-controls=\"elementor-tab-content-2386\" aria-expanded=\"false\">Ambiente de Excel\u00eancia<\/div>\n\t\t\t\t\t\t\t<\/div>\n\t\t\t<div class=\"elementor-tabs-content-wrapper\" role=\"tablist\" aria-orientation=\"vertical\">\n\t\t\t\t\t\t\t\t\t<div class=\"elementor-tab-title elementor-tab-mobile-title\" aria-selected=\"true\" data-tab=\"1\" role=\"tab\" tabindex=\"0\" aria-controls=\"elementor-tab-content-2381\" aria-expanded=\"false\">Metodologia<\/div>\n\t\t\t\t\t<div id=\"elementor-tab-content-2381\" class=\"elementor-tab-content elementor-clearfix\" data-tab=\"1\" role=\"tabpanel\" aria-labelledby=\"elementor-tab-title-2381\" tabindex=\"0\" hidden=\"false\"><div class=\"field field-name-field-metodologia field-type-text-long field-label-above\"><div class=\"field-items\"><div class=\"field-item even\"><p class=\"rtejustify\">O curso tem como base uma metodologia de ensino que, al\u00e9m de aulas expositivas, utiliza aulas de conte\u00fado aplicado, audiovisuais, com estudos de caso, apresenta\u00e7\u00f5es, discuss\u00f5es das resolu\u00e7\u00f5es, din\u00e2micas e filmes did\u00e1ticos utilizados para garantir a consolida\u00e7\u00e3o do aprendizado.<\/p><\/div><\/div><\/div><div class=\"field field-name-field-in-cio-das-aulas field-type-text-long field-label-above\">\u00a0<\/div><\/div>\n\t\t\t\t\t\t\t\t\t<div class=\"elementor-tab-title elementor-tab-mobile-title\" aria-selected=\"false\" data-tab=\"2\" role=\"tab\" tabindex=\"-1\" aria-controls=\"elementor-tab-content-2382\" aria-expanded=\"false\">Carga Hor\u00e1ria<\/div>\n\t\t\t\t\t<div id=\"elementor-tab-content-2382\" class=\"elementor-tab-content elementor-clearfix\" data-tab=\"2\" role=\"tabpanel\" aria-labelledby=\"elementor-tab-title-2382\" tabindex=\"0\" hidden=\"hidden\"><p>O curso tem dura\u00e7\u00e3o de 660 horas-aula. As aulas ocorrem em Niter\u00f3i \u00e0s ter\u00e7as, quartas e quintas-feiras, no hor\u00e1rio das 19h \u00e0s 22h. As atividades extracurriculares ou eventuais aulas de reposi\u00e7\u00e3o ocorrem no hor\u00e1rio das 19h \u00e0s 22 h, \u00e0s segundas-feiras.<strong>\u00a0O curso tem dura\u00e7\u00e3o total de 18 meses.\u00a0<\/strong><\/p><\/div>\n\t\t\t\t\t\t\t\t\t<div class=\"elementor-tab-title elementor-tab-mobile-title\" aria-selected=\"false\" data-tab=\"3\" role=\"tab\" tabindex=\"-1\" aria-controls=\"elementor-tab-content-2383\" aria-expanded=\"false\">Avalia\u00e7\u00f5es e Certificado<\/div>\n\t\t\t\t\t<div id=\"elementor-tab-content-2383\" class=\"elementor-tab-content elementor-clearfix\" data-tab=\"3\" role=\"tabpanel\" aria-labelledby=\"elementor-tab-title-2383\" tabindex=\"0\" hidden=\"hidden\"><p>O\u00a0certificado\u00a0de\u00a0Especialista\u00a0ser\u00e1\u00a0emitido\u00a0pela\u00a0Universidade\u00a0Federal\u00a0Fluminense\u00a0para\u00a0todos\u00a0os\u00a0alunos\u00a0que\u00a0tiverem\u00a0frequ\u00eancia\u00a0m\u00ednima\u00a0de 75% e nota\u00a0igual\u00a0ou\u00a0superior a 7 (sete) em\u00a0cada\u00a0disciplina\u00a0e\u00a0aprova\u00e7\u00e3o\u00a0na\u00a0apresenta\u00e7\u00e3o\u00a0e\u00a0defesa\u00a0de\u00a0Projeto\u00a0Final de\u00a0curso.\u00a0Ap\u00f3s\u00a0a\u00a0conclus\u00e3o\u00a0das\u00a0aulas, o\u00a0aluno\u00a0ter\u00e1\u00a02 (dois)\u00a0meses\u00a0para\u00a0apresenta\u00e7\u00e3o\u00a0do\u00a0Trabalho\u00a0Final de\u00a0Curso<\/p><\/div>\n\t\t\t\t\t\t\t\t\t<div class=\"elementor-tab-title elementor-tab-mobile-title\" aria-selected=\"false\" data-tab=\"4\" role=\"tab\" tabindex=\"-1\" aria-controls=\"elementor-tab-content-2384\" aria-expanded=\"false\">Material Did\u00e1tico<\/div>\n\t\t\t\t\t<div id=\"elementor-tab-content-2384\" class=\"elementor-tab-content elementor-clearfix\" data-tab=\"4\" role=\"tabpanel\" aria-labelledby=\"elementor-tab-title-2384\" tabindex=\"0\" hidden=\"hidden\"><div class=\"field field-name-field-material-did-tico field-type-text-long field-label-above\"><div class=\"field-items\"><div class=\"field-item even\"><p class=\"rtejustify\">O material did\u00e1tico das diversas disciplinas do curso ser\u00e1 disponibilizado pela secretaria do curso.<\/p><\/div><\/div><\/div><div class=\"field field-name-field-documentos-para-inscri-o field-type-text-long field-label-above\">\u00a0<\/div><\/div>\n\t\t\t\t\t\t\t\t\t<div class=\"elementor-tab-title elementor-tab-mobile-title\" aria-selected=\"false\" data-tab=\"5\" role=\"tab\" tabindex=\"-1\" aria-controls=\"elementor-tab-content-2385\" aria-expanded=\"false\">Documentos para Inscri\u00e7\u00e3o<\/div>\n\t\t\t\t\t<div id=\"elementor-tab-content-2385\" class=\"elementor-tab-content elementor-clearfix\" data-tab=\"5\" role=\"tabpanel\" aria-labelledby=\"elementor-tab-title-2385\" tabindex=\"0\" hidden=\"hidden\"><ul><li class=\"rtejustify\">1 (uma) foto 3X4<\/li><li class=\"rtejustify\">C\u00f3pia do diploma de gradua\u00e7\u00e3o (registrado ou, na hip\u00f3tese, revalidado) ou certid\u00e3o original de conclus\u00e3o de curso de gradua\u00e7\u00e3o, com as datas de conclus\u00e3o e cola\u00e7\u00e3o de grau.<\/li><li class=\"rtejustify\">C\u00f3pia do RG (evitar CNH, pois n\u00e3o consta a naturalidade).<\/li><li class=\"rtejustify\">C\u00f3pia do CPF (para brasileiros ou estrangeiros com visto de perman\u00eancia no pa\u00eds).<\/li><li class=\"rtejustify\">C\u00f3pia do curriculum vitae.<\/li><\/ul><p class=\"rtejustify\">\u00a0<\/p><\/div>\n\t\t\t\t\t\t\t\t\t<div class=\"elementor-tab-title elementor-tab-mobile-title\" aria-selected=\"false\" data-tab=\"6\" role=\"tab\" tabindex=\"-1\" aria-controls=\"elementor-tab-content-2386\" aria-expanded=\"false\">Ambiente de Excel\u00eancia<\/div>\n\t\t\t\t\t<div id=\"elementor-tab-content-2386\" class=\"elementor-tab-content elementor-clearfix\" data-tab=\"6\" role=\"tabpanel\" aria-labelledby=\"elementor-tab-title-2386\" tabindex=\"0\" hidden=\"hidden\"><p class=\"rtejustify\">Caracter\u00edsticas inseridas nos cursos de p\u00f3s-gradua\u00e7\u00e3o Lato Sensu gerenciados pelo Latec:<\/p><ul><li class=\"rtejustify\">Integra\u00e7\u00e3o em atividades acad\u00eamicas de pesquisa e;<\/li><li class=\"rtejustify\">Acesso a profissionais de doc\u00eancia e pesquisa que podem agregar valor a seu Curriculum.<\/li><\/ul><\/div>\n\t\t\t\t\t\t\t<\/div>\n\t\t<\/div>\n\t\t\t\t<\/div>\n\t\t\t\t<\/div>\n\t\t\t\t\t<\/div>\n\t\t<\/div>\n\t\t\t\t\t\t\t<\/div>\n\t\t<\/section>\n\t\t\t\t<section class=\"elementor-section elementor-top-section elementor-element elementor-element-a176500 elementor-section-boxed elementor-section-height-default elementor-section-height-default\" data-id=\"a176500\" data-element_type=\"section\" data-settings=\"{&quot;background_background&quot;:&quot;classic&quot;}\">\n\t\t\t\t\t\t<div class=\"elementor-container elementor-column-gap-default\">\n\t\t\t\t\t<div class=\"elementor-column elementor-col-50 elementor-top-column elementor-element elementor-element-b9b5d2b\" data-id=\"b9b5d2b\" data-element_type=\"column\" data-settings=\"{&quot;background_background&quot;:&quot;classic&quot;}\">\n\t\t\t<div class=\"elementor-widget-wrap elementor-element-populated\">\n\t\t\t\t\t\t\t\t<div class=\"elementor-element elementor-element-3e45443 elementor-invisible elementor-widget elementor-widget-heading\" data-id=\"3e45443\" data-element_type=\"widget\" data-settings=\"{&quot;_animation&quot;:&quot;bounceIn&quot;}\" data-widget_type=\"heading.default\">\n\t\t\t\t<div class=\"elementor-widget-container\">\n\t\t\t<h2 class=\"elementor-heading-title elementor-size-default\">Garanta a sua inscri\u00e7\u00e3o. Vagas limitadas! <\/h2>\t\t<\/div>\n\t\t\t\t<\/div>\n\t\t\t\t\t<\/div>\n\t\t<\/div>\n\t\t\t\t<div class=\"elementor-column elementor-col-50 elementor-top-column elementor-element elementor-element-3c3bd76\" data-id=\"3c3bd76\" data-element_type=\"column\">\n\t\t\t<div class=\"elementor-widget-wrap elementor-element-populated\">\n\t\t\t\t\t\t\t\t<div class=\"elementor-element elementor-element-4fa558a elementor-align-center elementor-invisible elementor-widget elementor-widget-button\" data-id=\"4fa558a\" data-element_type=\"widget\" data-settings=\"{&quot;_animation&quot;:&quot;tada&quot;}\" data-widget_type=\"button.default\">\n\t\t\t\t<div class=\"elementor-widget-container\">\n\t\t\t\t\t<div class=\"elementor-button-wrapper\">\n\t\t\t<a href=\"#\" class=\"elementor-button-link elementor-button elementor-size-sm\" role=\"button\">\n\t\t\t\t\t\t<span class=\"elementor-button-content-wrapper\">\n\t\t\t\t\t\t<span class=\"elementor-button-text\">INSCREVA-SE AQUI<\/span>\n\t\t<\/span>\n\t\t\t\t\t<\/a>\n\t\t<\/div>\n\t\t\t\t<\/div>\n\t\t\t\t<\/div>\n\t\t\t\t\t<\/div>\n\t\t<\/div>\n\t\t\t\t\t\t\t<\/div>\n\t\t<\/section>\n\t\t\t\t<section class=\"elementor-section elementor-top-section elementor-element elementor-element-9c262fc elementor-section-boxed elementor-section-height-default elementor-section-height-default\" data-id=\"9c262fc\" data-element_type=\"section\">\n\t\t\t\t\t\t<div class=\"elementor-container elementor-column-gap-default\">\n\t\t\t\t\t<div class=\"elementor-column elementor-col-100 elementor-top-column elementor-element elementor-element-f5e54ad\" data-id=\"f5e54ad\" data-element_type=\"column\">\n\t\t\t<div class=\"elementor-widget-wrap elementor-element-populated\">\n\t\t\t\t\t\t\t\t<div class=\"elementor-element elementor-element-070232b elementor-invisible elementor-widget elementor-widget-heading\" data-id=\"070232b\" data-element_type=\"widget\" data-settings=\"{&quot;_animation&quot;:&quot;fadeInDown&quot;}\" data-widget_type=\"heading.default\">\n\t\t\t\t<div class=\"elementor-widget-container\">\n\t\t\t<h2 class=\"elementor-heading-title elementor-size-default\">Corpo Docente<\/h2>\t\t<\/div>\n\t\t\t\t<\/div>\n\t\t\t\t<div class=\"elementor-element elementor-element-5bcd62a elementor-widget elementor-widget-shortcode\" data-id=\"5bcd62a\" data-element_type=\"widget\" data-widget_type=\"shortcode.default\">\n\t\t\t\t<div class=\"elementor-widget-container\">\n\t\t\t\t\t<div class=\"elementor-shortcode\">\n\t\t\t\t\t\t<style type=\"text\/css\">\n\t\t\t\t\t\t.team-manager-free-main-area-2336 {\n\t\t\t\t\t\t\tdisplay: block;\n\t\t\t\t\t\t\toverflow: hidden;\n\t\t\t\t\t\t}\n\t\t\t\t\t\t.team-manager-free-main-area-2336 #team-manager-free-single-items-2336 {\n\t\t\t\t\t\t    display: flex;\n\t\t\t\t\t\t    flex-direction: row;\n\t\t\t\t\t\t    flex-wrap: wrap;\n\t\t\t\t\t\t}\n\t\t\t\t\t\t.team-manager-free-items-style3-2336{\n\t\t\t\t\t\t\ttext-align:center;\n\t\t\t\t\t\t\twidth:100%;\n\t\t\t\t\t\t\theight:100%;\n\t\t\t\t\t\t}\n\t\t\t\t\t\t.team-manager-free-items-style3-2336 .team-manager-free-items-style3-pic-2336{\n\t\t\t\t\t\t\tposition: relative;\n\t\t\t\t\t\t\tborder-radius: 50%;\n\t\t\t\t\t\t}\n\t\t\t\t\t\t\t.team-manager-free-items-style3-2336 .team-manager-free-items-style3-pic-2336 img{\n\t\t\t\t\t\t\t\twidth: 100%;\n\t\t\t\t\t\t\t\theight: auto;\n\t\t\t\t\t\t\t\tborder-radius: 50%;\n\t\t\t\t\t\t\t}\n\t\t\t\t\t\t.team-manager-free-items-style3-2336 .pic-bottom{\n\t\t\t\t\t\t\tborder-radius: 50%;\n\t\t\t\t\t\t\tbox-shadow: none;\n\t\t\t\t\t\t\theight: 100%;\n\t\t\t\t\t\t\tleft: 0;\n\t\t\t\t\t\t\toutline: medium none;\n\t\t\t\t\t\t\tposition: absolute;\n\t\t\t\t\t\t\ttop: 0;\n\t\t\t\t\t\t\ttransition: all 0.3s ease 0s;\n\t\t\t\t\t\t\twidth: 100%;\n\t\t\t\t\t\t}\n\t\t\t\t\t\t.team-manager-free-items-style3-2336 .pic-bottom:after{\n\t\t\t\t\t\t\tcontent: \"\\f002\";\n\t\t\t\t\t\t\tfont-family: \"FontAwesome\";\n\t\t\t\t\t\t\tposition: relative;\n\t\t\t\t\t\t\ttop:45%;\n\t\t\t\t\t\t\tleft:0;\n\t\t\t\t\t\t\topacity: 0;\n\t\t\t\t\t\t\tcolor:#fff;\n\t\t\t\t\t\t\tfont-size: 35px;\n\t\t\t\t\t\t\ttransition:all 0.3s ease 0s;\n\t\t\t\t\t\t}\n\t\t\t\t\t\t.team-manager-free-items-style3-2336 .team-manager-free-items-style3-pic-2336:hover .pic-bottom{\n\t\t\t\t\t\t\tbackground:#c1c1c1;\n\t\t\t\t\t\t\topacity: 0.9;\n\t\t\t\t\t\t}\n\t\t\t\t\t\t.team-manager-free-items-style3-2336 .team-manager-free-items-style3-pic-2336:hover .pic-bottom:after{\n\t\t\t\t\t\t\topacity: 1;\n\t\t\t\t\t\t}\n\t\t\t\t\t\t.team-manager-free-items-style3-2336 .team-manager-free-items-style3-post-title-2336{\n\t\t\t\t\t\t\tfont-size: 17px;\n\t\t\t\t\t\t\tfont-weight: 700;\n\t\t\t\t\t\t\tcolor:#0a0000;\n\t\t\t\t\t\t\tline-height: 27px;\n\t\t\t\t\t\t\tmargin-bottom: 5px;\n\t\t\t\t\t\t\ttext-transform: uppercase;\n\t\t\t\t\t\t}\n\t\t\t\t\t\t.team-manager-free-items-style3-2336 .team-manager-free-items-style3-post-title-2336 a{\n\t\t\t\t\t\t\tcolor:#232a34;\n\t\t\t\t\t\t\ttransition: all 0.3s ease 0s;\n\t\t\t\t\t\t}\n\t\t\t\t\t\t.team-manager-free-items-style3-2336 .team-manager-free-items-style3-post-title-2336 a:hover{\n\t\t\t\t\t\t\tcolor:#727cb6;\n\t\t\t\t\t\t\ttext-decoration: none;\n\t\t\t\t\t\t}\n\t\t\t\t\t\t.team-manager-free-items-style3-2336 .team-manager-free-items-style3-post-2336{\n\t\t\t\t\t\t\tmargin-bottom: 10px;\n\t\t\t\t\t\t\tdisplay: block;\n\t\t\t\t\t\t\tcolor:#333333;\n\t\t\t\t\t\t\tfont-size: 15px;\n\t\t\t\t\t\t}\n\t\t\t\t\t\t.team-manager-free-items-style3-2336 .team-manager-free-items-style3-team-social-2336{\n\t\t\t\t\t\t\tlist-style: none;\n\t\t\t\t\t\t\tpadding: 0;\n\t\t\t\t\t\t}\n\t\t\t\t\t\t.team-manager-free-items-style3-2336 .team-manager-free-items-style3-team-social-2336 > li{\n\t\t\t\t\t\t\tdisplay: inline-block;\n\t\t\t\t\t\t\tmargin: 5px;\n\t\t\t\t\t\t\tpadding: 0;\n\t\t\t\t\t\t}\n\t\t\t\t\t\t.team-manager-free-items-style3-2336 .team-manager-free-items-style3-team-social-2336 > li > a{\n\t\t\t\t\t\t\tbackground: #efefef none repeat scroll 0 0;\n\t\t\t\t\t\t\tborder-radius: 50%;\n\t\t\t\t\t\t\tbox-shadow: none;\n\t\t\t\t\t\t\tcolor: #727cb6;\n\t\t\t\t\t\t\tdisplay: block;\n\t\t\t\t\t\t\theight: 30px;\n\t\t\t\t\t\t\tline-height: 30px;\n\t\t\t\t\t\t\toutline: medium none;\n\t\t\t\t\t\t\ttext-decoration: none;\n\t\t\t\t\t\t\ttransition: all 0.3s ease 0s;\n\t\t\t\t\t\t\twidth: 30px;\n\t\t\t\t\t\t\tborder:none;\n\t\t\t\t\t\t}\n\t\t\t\t\t\t.team-manager-free-items-style3-2336 .team-manager-free-items-style3-team-social-2336 > li > a:hover{\n\t\t\t\t\t\t\tbackground: #727cb6;\n\t\t\t\t\t\t\tcolor:#fff;\n\t\t\t\t\t\t}\n\t\t\t\t\t\t@media screen and (max-width: 990px){\n\t\t\t\t\t\t\t.team-manager-free-items-style3-2336{\n\t\t\t\t\t\t\t\tmargin-bottom: 30px;\n\t\t\t\t\t\t\t}\n\t\t\t\t\t\t}\n\n\t\t\t\t\t\t.lightbox { display: none; }\n\n\t\t\t\t\t\t.team_popup_container-2336 {\n\t\t\t\t\t\t\tdisplay: block;\n\t\t\t\t\t\t\toverflow: hidden;\n\t\t\t\t\t\t}\n\t\t\t\t\t\t.team_popup_left_side_area-2336 {\n\t\t\t\t\t\t\tdisplay: block;\n\t\t\t\t\t\t\tfloat: left;\n\t\t\t\t\t\t\theight: auto;\n\t\t\t\t\t\t\tmargin-right: 50px;\n\t\t\t\t\t\t\tmargin-top: 3px;\n\t\t\t\t\t\t\twidth: 300px;\n\t\t\t\t\t\t\toverflow: hidden;\n\t\t\t\t\t\t}\n\t\t\t\t\t\t.team_popup_container-2336 > h2 {\n\t\t\t\t\t\t  display: block;\n\t\t\t\t\t\t  margin-bottom: 20px;\n\t\t\t\t\t\t  overflow: hidden;\n\t\t\t\t\t\t}\n\t\t\t\t\t\t.team_popup_right_side_area-2336 {\n\t\t\t\t\t\t \tmargin-top: 0px;\n\t\t\t\t\t\t\tdisplay: block;\n\t\t\t\t\t\t \toverflow: hidden;\n\t\t\t\t\t\t}\n\t\t\t\t\t\t.team_popup_right_side_area-2336 p {\n\t\t\t\t\t\t  line-height: 28px;\n\t\t\t\t\t\t  font-size: 15px;\n\t\t\t\t\t\t}\n\t\t\t\t\t\t.team_popup_left_side_area_img-2336 > img {\n\t\t\t\t\t\t  display: block;\n\t\t\t\t\t\t  width: 300px;\n\t\t\t\t\t\t  overflow: hidden;\n\t\t\t\t\t\t}\n\t\t\t\t\t\t.team-manager-popup-items-social-2336{\n\t\t\t\t\t\t\tpadding:0;\n\t\t\t\t\t\t\tmargin:0;\n\t\t\t\t\t\t\tlist-style:none;\n\t\t\t\t\t\t}\n\t\t\t\t\t\t.team-manager-popup-items-social-2336 li{\n\t\t\t\t\t\t\tdisplay:inline-block;\n\t\t\t\t\t\t}\n\t\t\t\t\t\t.team-manager-popup-items-social-2336 li a{\n\t\t\t\t\t\t\tbackground: #fff none repeat scroll 0 0;\n\t\t\t\t\t\t\tborder: 1px solid #fff;\n\t\t\t\t\t\t\tbox-shadow: none;\n\t\t\t\t\t\t\tcolor: #da3e65;\n\t\t\t\t\t\t\theight: 25px;\n\t\t\t\t\t\t\tline-height: 25px;\n\t\t\t\t\t\t\toutline: medium none;\n\t\t\t\t\t\t\ttext-align: center;\n\t\t\t\t\t\t\ttransition: all 0.3s ease 0s;\n\t\t\t\t\t\t\twidth: 25px;\n\t\t\t\t\t\t\tmargin-right:5px;\n\t\t\t\t\t\t\ttext-decoration:none;\n\t\t\t\t\t\t}\n\t\t\t\t\t\t.team-manager-popup-items-social-2336 li a:hover{\n\t\t\t\t\t\t\ttext-decoration:none;\n\t\t\t\t\t\t\tcolor:#333;\n\t\t\t\t\t\t}\n\t\t\t\t\t\t.team_popup_contact_area-2336{\n\t\t\t\t\t\t\tdisplay: block;\n\t\t\t\t\t\t\toverflow : hidden;\n\t\t\t\t\t\t\ttext-align: center;\n\t\t\t\t\t\t\tmargin-top : 10px;\n\t\t\t\t\t\t\tline-height: 25px;\n\t\t\t\t\t\t}\n\t\t\t\t\t\t.team_popup_contact_area-2336 span.cemail {\n\t\t\t\t\t\t  display: block;\n\t\t\t\t\t\t  overflow: hidden;\n\t\t\t\t\t\t  text-align: left;\n\t\t\t\t\t\t}\n\t\t\t\t\t\t.team_popup_contact_area-2336 span.cemail a{\n\t\t\t\t\t\t  outline: none;\n\t\t\t\t\t\t  text-decoration: none;\n\t\t\t\t\t\t  box-shadow: none;\n\t\t\t\t\t\t  color:#333;\n\t\t\t\t\t\t}\n\n\n\t\t\t\t\t\t\/* Tablet Layout: 768px. *\/\n\t\t\t\t\t\t@media only screen and (min-width: 768px) and (max-width: 991px) { \n\t\t\t\t\t\t\t.featherlight .featherlight-content {\n\t\t\t\t\t\t\t    margin-left: 30px;\n\t\t\t\t\t\t\t    margin-right: 30px;\n\t\t\t\t\t\t\t    max-height: 98%;\n\t\t\t\t\t\t\t    padding: 10px 10px 0;\n\t\t\t\t\t\t\t    border-bottom: 10px solid transparent;\n\t\t\t\t\t\t\t}\n\t\t\t\t\t\t}\n\n\n\t\t\t\t\t\t\/* Wide Mobile Layout: 480px. *\/\n\t\t\t\t\t\t@media only screen and (min-width: 480px) and (max-width: 767px) {\n\t\t\t\t\t\t\t.team-manager-free-items-style3-2336 .team-manager-free-items-style3-pic-2336 img{\n\t\t\t\t\t\t\t\twidth: 100%;\n\t\t\t\t\t\t\t\theight: auto;\n\t\t\t\t\t\t\t\tborder-radius: 50%;\n\t\t\t\t\t\t\t}\n\t\t\t\t\t\t\t.team_popup_left_side_area-2336 {\n\t\t\t\t\t\t\t    display: block;\n\t\t\t\t\t\t\t    float: none;\n\t\t\t\t\t\t\t    height: auto;\n\t\t\t\t\t\t\t    margin-right: 50px;\n\t\t\t\t\t\t\t    margin-top: 3px;\n\t\t\t\t\t\t\t    width: 100%;\n\t\t\t\t\t\t\t    overflow: hidden;\n\t\t\t\t\t\t\t}\n\n\t\t\t\t\t\t\t.featherlight .featherlight-content {\n\t\t\t\t\t\t\t    margin-left: 30px;\n\t\t\t\t\t\t\t    margin-right: 30px;\n\t\t\t\t\t\t\t    max-height: 98%;\n\t\t\t\t\t\t\t    padding: 10px 10px 0;\n\t\t\t\t\t\t\t    border-bottom: 10px solid transparent;\n\t\t\t\t\t\t\t}\n\t\t\t\t\t\t\t.team_popup_left_side_area_img-2336 > img {\n\t\t\t\t\t\t\t    display: block;\n\t\t\t\t\t\t\t    width: 100%;\n\t\t\t\t\t\t\t    overflow: hidden;\n\t\t\t\t\t\t\t    height: 100%;\n\t\t\t\t\t\t\t}\n\n\t\t\t\t\t\t}\n\n\t\t\t\t\t\t\/* XS Portrait *\/\n\t\t\t\t\t\t@media (max-width: 479px) {\n\t\t\t\t\t\t\t.team-manager-free-items-style3-2336 .team-manager-free-items-style3-pic-2336 img{\n\t\t\t\t\t\t\t\twidth: 100%;\n\t\t\t\t\t\t\t\theight: auto;\n\t\t\t\t\t\t\t\tborder-radius: 50%;\n\t\t\t\t\t\t\t}\n\n\t\t\t\t\t\t\t.team_popup_left_side_area-2336 {\n\t\t\t\t\t\t\t    display: block;\n\t\t\t\t\t\t\t    float: none;\n\t\t\t\t\t\t\t    height: auto;\n\t\t\t\t\t\t\t    margin-right: 50px;\n\t\t\t\t\t\t\t    margin-top: 3px;\n\t\t\t\t\t\t\t    width: 100%;\n\t\t\t\t\t\t\t    overflow: hidden;\n\t\t\t\t\t\t\t}\n\t\t\t\t\t\t\t.featherlight .featherlight-content {\n\t\t\t\t\t\t\t    margin-left: 30px;\n\t\t\t\t\t\t\t    margin-right: 30px;\n\t\t\t\t\t\t\t    max-height: 98%;\n\t\t\t\t\t\t\t    padding: 10px 10px 0;\n\t\t\t\t\t\t\t    border-bottom: 10px solid transparent;\n\t\t\t\t\t\t\t}\n\t\t\t\t\t\t\t.team_popup_left_side_area_img-2336 > img {\n\t\t\t\t\t\t\t    display: block;\n\t\t\t\t\t\t\t    width: 100%;\n\t\t\t\t\t\t\t    overflow: hidden;\n\t\t\t\t\t\t\t    height: 100%;\n\t\t\t\t\t\t\t}\n\t\t\t\t\t\t}\n\t\t\t\t\t\t\n\t\t\t\t\t\t<\/style>\n\t\t\t\t\t\t<div class=\"team-manager-free-main-area-2336\"><div id=\"team-manager-free-single-items-2336\">\n\t\t\t\t\t\t\t<div class=\"teamshowcasefree-col-lg-4 teamshowcasefree-col-md-2 teamshowcasefree-col-sm-2 teamshowcasefree-col-xs-1\">\t\t\t\t\t\t\n\t\t\t\t\t\t\t\t<div class=\"team-manager-free-items-style3-2336\">\n\t\t\t\t\t\t\t\t\t<div class=\"team-manager-free-items-style3-pic-2336\" style=\"background: url(https:\/\/latec.uff.br\/mba\/wp-content\/uploads\/2021\/08\/Sergio-Barros-Sergio-Ricardo-Da-Silveira-Barros-1-scaled.jpg);background-size: 100%;\n    background-position: center center;\">\n\t\t\t\t\t\t\t\t\t\t<!--<img src=\"https:\/\/latec.uff.br\/mba\/wp-content\/uploads\/2021\/08\/Sergio-Barros-Sergio-Ricardo-Da-Silveira-Barros-1-scaled.jpg\" alt=\"\" \/> -->\n\t\t\t\t\t\t\t\t\t\t<a href=\"#\" data-featherlight=\"#fl12129355513\" class=\"pic-bottom\"><\/a>\n\t\t\t\t\t\t\t\t\t\t<div class=\"lightbox\" id=\"fl12129355513\">\n\t\t\t\t\t\t\t\t\t\t\t<div class=\"team_popup_container-2336\">\n\t\t\t\t\t\t\t\t\t\t\t\t<h2>Sergio Ricardo da S. Barros<\/h2>\n\t\t\t\t\t\t\t\t\t\t\t\t<div class=\"team_popup_left_side_area-2336\">\n\t\t\t\t\t\t\t\t\t\t\t\t\t<div class=\"team_popup_left_side_area_img-2336\">\n\t\t\t\t\t\t\t\t\t\t\t\t\t\t<img src=\"https:\/\/latec.uff.br\/mba\/wp-content\/uploads\/2021\/08\/Sergio-Barros-Sergio-Ricardo-Da-Silveira-Barros-1-scaled.jpg\" alt=\"\" \/>\n\t\t\t\t\t\t\t\t\t\t\t\t\t<\/div>\n\t\t\t\t\t\t\t\t\t\t\t\t\t<div class=\"team_popup_contact_area-2336\">\n\t\t\t\t\t\t\t\t\t\t\t\t\t\t<span class=\"cemail\"><a style=\"text-align: center;    display: block;    background: #f2f2f2;    font-weight: bold;    padding: 20px;\" href=\"mailto:sergiobarros@id.uff.br\">sergiobarros@id.uff.br<\/a><\/span>\n\t\t\t\t\t\t\t\t\t\t\t\t\t\t<span class=\"cemail\"><\/span>\n\t\t\t\t\t\t\t\t\t\t\t\t\t\t<span class=\"cemail\"><\/span>\n\t\t\t\t\t\t\t\t\t\t\t\t\t<\/div>\n\t\t\t\t\t\t\t\t\t\t\t\t\t<ul class=\"team-manager-popup-items-social-2336\"><li><a style=\"width:auto;color:#1e73be;border: 1px solid #1e73be;    padding: 10px 20px;    height: auto;margin-top: 10px;\" target=\"_blank\" href=\"http:\/\/lattes.cnpq.br\/.\/0245365238186836\" class=\"fa fa-link\"> Lattes<\/a><\/li><\/ul>\n\t\t\t\t\t\t\t\t\t\t\t\t<\/div>\n\t\t\t\t\t\t\t\t\t\t\t\t<div class=\"team_popup_right_side_area-2336\">\n\t\t\t\t\t\t\t\t\t\t\t\t\t<p><span data-sheets-value=\"{&quot;1&quot;:2,&quot;2&quot;:&quot;Sergio Ricardo da Silveira Barros \u00e9 Economista com P\u00f3s-Doutorado em Sistemas de Gest\u00e3o pelo LATEC\/ UFF - Laborat\u00f3rio de Tecnologia, Gest\u00e3o de Neg\u00f3cios &amp; Meio Ambiente com apoio da FAPERJ. Atualmente \u00e9 Professor Adjunto do Departamento de An\u00e1lise Geoambiental da Universidade Federal Fluminense - UFF, e Vice Coordenador do Curso de Ci\u00eancia Ambiental. \u00c9 docente do Doutorado em Sistemas de Gest\u00e3o Sustent\u00e1veis e do Mestrado em Sistemas de Gest\u00e3o\/LATEC-UFF na \u00e1rea de Gest\u00e3o Ambiental. \u00c9 Membro do Comit\u00ea Cient\u00edfico da REMADS - Rede UFF de Meio Ambiente e Desenvolvimento Sustent\u00e1vel. Possui Doutorado em Geografia pela Universidade Federal Fluminense na \u00e1rea de Ordenamento Territorial e Ambiental, Mestrado em Ci\u00eancia Ambiental - PGCA pela Universidade Federal Fluminense em Gest\u00e3o Ambiental. Atua na coordena\u00e7\u00e3o e na execu\u00e7\u00e3o de projetos em Gest\u00e3o Ambiental, Planejamento Ambiental e Territorial e de Valora\u00e7\u00e3o Ambiental e Econ\u00f4mica. Participa dos seguintes Grupos de Pesquisas da UFF\/CNPq: em Gerenciamento Costeiro, Gest\u00e3o de Riscos de Processos em Sistemas Industriais&quot;}\" data-sheets-userformat=\"{&quot;2&quot;:513,&quot;3&quot;:{&quot;1&quot;:0},&quot;12&quot;:0}\">Sergio Ricardo da Silveira Barros \u00e9 Economista com P\u00f3s-Doutorado em Sistemas de Gest\u00e3o pelo LATEC\/ UFF &#8211; Laborat\u00f3rio de Tecnologia, Gest\u00e3o de Neg\u00f3cios &amp; Meio Ambiente com apoio da FAPERJ. Atualmente \u00e9 Professor Adjunto do Departamento de An\u00e1lise Geoambiental da Universidade Federal Fluminense &#8211; UFF, e Vice Coordenador do Curso de Ci\u00eancia Ambiental. \u00c9 docente do Doutorado em Sistemas de Gest\u00e3o Sustent\u00e1veis e do Mestrado em Sistemas de Gest\u00e3o\/LATEC-UFF na \u00e1rea de Gest\u00e3o Ambiental. \u00c9 Membro do Comit\u00ea Cient\u00edfico da REMADS &#8211; Rede UFF de Meio Ambiente e Desenvolvimento Sustent\u00e1vel. Possui Doutorado em Geografia pela Universidade Federal Fluminense na \u00e1rea de Ordenamento Territorial e Ambiental, Mestrado em Ci\u00eancia Ambiental &#8211; PGCA pela Universidade Federal Fluminense em Gest\u00e3o Ambiental. Atua na coordena\u00e7\u00e3o e na execu\u00e7\u00e3o de projetos em Gest\u00e3o Ambiental, Planejamento Ambiental e Territorial e de Valora\u00e7\u00e3o Ambiental e Econ\u00f4mica. Participa dos seguintes Grupos de Pesquisas da UFF\/CNPq: em Gerenciamento Costeiro, Gest\u00e3o de Riscos de Processos em Sistemas Industriais.<\/span><\/p>\n\n\t\t\t\t\t\t\t\t\t\t\t\t<\/div>\n\t\t\t\t\t\t\t\t\t\t\t<\/div>\n\t\t\t\t\t\t\t\t\t\t<\/div>\n\t\t\t\t\t\t\t\t\t<\/div>\n\t\t\t\t\t\t\t\t\t<div class=\"team-manager-free-items-style3-teamprofile-2336\">\n\t\t\t\t\t\t\t\t\t\t<h3 class=\"team-manager-free-items-style3-post-title-2336\">Sergio Ricardo da S. Barros<\/h3>\n\t\t\t\t\t\t\t\t\t\t<span class=\"team-manager-free-items-style3-post-2336\"><\/span>\n\t\t\t\t\t\t\t\t\t\t\t<ul class=\"team-manager-free-items-style3-team-social-2336\"><li><a style=\"width:auto;color:#1e73be;border: 1px solid #1e73be;    padding: 10px 20px;    height: auto;margin-top: 10px;\" target=\"_blank\" href=\"http:\/\/lattes.cnpq.br\/.\/0245365238186836\" class=\"fa fa-link\"> Lattes<\/a><\/li><\/ul>\n\t\t\t\t\t\t\t\t\t<\/div>\n\t\t\t\t\t\t\t\t<\/div>\t\t\t\t\n\t\t\t\t\t\t\t<\/div>\n\t\t\t\t\t\t\t<div class=\"teamshowcasefree-col-lg-4 teamshowcasefree-col-md-2 teamshowcasefree-col-sm-2 teamshowcasefree-col-xs-1\">\t\t\t\t\t\t\n\t\t\t\t\t\t\t\t<div class=\"team-manager-free-items-style3-2336\">\n\t\t\t\t\t\t\t\t\t<div class=\"team-manager-free-items-style3-pic-2336\" style=\"background: url(https:\/\/latec.uff.br\/mba\/wp-content\/uploads\/2021\/08\/Professora-Claudia-set-2020-Claudia-Osorio-Da-Silva.jpg);background-size: 100%;\n    background-position: center center;\">\n\t\t\t\t\t\t\t\t\t\t<!--<img src=\"https:\/\/latec.uff.br\/mba\/wp-content\/uploads\/2021\/08\/Professora-Claudia-set-2020-Claudia-Osorio-Da-Silva.jpg\" alt=\"\" \/> -->\n\t\t\t\t\t\t\t\t\t\t<a href=\"#\" data-featherlight=\"#fl1517369835\" class=\"pic-bottom\"><\/a>\n\t\t\t\t\t\t\t\t\t\t<div class=\"lightbox\" id=\"fl1517369835\">\n\t\t\t\t\t\t\t\t\t\t\t<div class=\"team_popup_container-2336\">\n\t\t\t\t\t\t\t\t\t\t\t\t<h2>Claudia Osorio da Silva<\/h2>\n\t\t\t\t\t\t\t\t\t\t\t\t<div class=\"team_popup_left_side_area-2336\">\n\t\t\t\t\t\t\t\t\t\t\t\t\t<div class=\"team_popup_left_side_area_img-2336\">\n\t\t\t\t\t\t\t\t\t\t\t\t\t\t<img src=\"https:\/\/latec.uff.br\/mba\/wp-content\/uploads\/2021\/08\/Professora-Claudia-set-2020-Claudia-Osorio-Da-Silva.jpg\" alt=\"\" \/>\n\t\t\t\t\t\t\t\t\t\t\t\t\t<\/div>\n\t\t\t\t\t\t\t\t\t\t\t\t\t<div class=\"team_popup_contact_area-2336\">\n\t\t\t\t\t\t\t\t\t\t\t\t\t\t<span class=\"cemail\"><a style=\"text-align: center;    display: block;    background: #f2f2f2;    font-weight: bold;    padding: 20px;\" href=\"mailto:claudia.osorio.uff@gmail.com\">claudia.osorio.uff@gmail.com<\/a><\/span>\n\t\t\t\t\t\t\t\t\t\t\t\t\t\t<span class=\"cemail\"><\/span>\n\t\t\t\t\t\t\t\t\t\t\t\t\t\t<span class=\"cemail\"><\/span>\n\t\t\t\t\t\t\t\t\t\t\t\t\t<\/div>\n\t\t\t\t\t\t\t\t\t\t\t\t\t<ul class=\"team-manager-popup-items-social-2336\"><li><a style=\"width:auto;color:#1e73be;border: 1px solid #1e73be;    padding: 10px 20px;    height: auto;margin-top: 10px;\" target=\"_blank\" href=\"http:\/\/buscatextual.cnpq.br\/buscatextual\/visualizacv.do?id=K4768699T6&#038;tokenCaptchar=03AGdBq25qU3B_ju8oJkywcX-M1SFvJOMQ7UOM4IjaI4cjdUZgIUMJ33vmfxIhw7i6vpJcdDJXG59_i989UQ-_PEy5-b7cZw6Nb4LGEZv_XGInAYedB4qTDq0MGizt4Re6J05ZsmyEHQfFhS9-WNc4fyuKDFI04qyS0ZbYrX7sj5JpD0iKCrk_YvNf0Hf_diDlRfooaix-Cbr7sV9j8dGE2cP6hxVImzCpPg3kurqsD_IV7PFxL1Nn9UovOwSstiuYjdx4CA6IQbEusmmGX5-FFjw-yHiOXroq4u89014UzqA-RZO74p-1qMY1UOr-RpmhlDS0DETpWnd0dI8bnkv6DIxd9e77-VlPe9H6RAoMAPjyK7dhhhPfnS8WEpTKxta6a5Kbt0TFDjPO-J5FayGDi3wdZ2WC-0uyQeGvCWv9h5iDjx1_mVL-WvKjblUoTJntbXyLnB4ZadisuE6qMm52PpH7MYvbN13uAqwHEDlif2-t2X5yy9c7VzecO57e7XucXaMh9z9eoBlZ1gwvrYzcCV56dpr2RJdnLw#:~:text=acessar%20este%20CV%3A-,http%3A\/\/lattes.cnpq.br\/9433900740589087,-ID%20Lattes%3A%209433900740589087\" class=\"fa fa-link\"> Lattes<\/a><\/li><\/ul>\n\t\t\t\t\t\t\t\t\t\t\t\t<\/div>\n\t\t\t\t\t\t\t\t\t\t\t\t<div class=\"team_popup_right_side_area-2336\">\n\t\t\t\t\t\t\t\t\t\t\t\t\t<p><span data-sheets-value=\"{&quot;1&quot;:2,&quot;2&quot;:&quot;Gradua\u00e7\u00e3o em Psicologia pela PUC-RJ (1977), especialista em sa\u00fade do trabalhador e ecologia humana pelo Escola Nacional de Sa\u00fade P\u00fablica Sergio Arouca \u2013 Funda\u00e7\u00e3o Oswaldo Cruz, doutora em Sa\u00fade P\u00fablica pela ENSP\/Fiocruz; Professora titular (aposentada) da UFF e docente permanente do PPG Psicologia da UFF. Atuou em Vigil\u00e2ncia em Sa\u00fade do Trabalhador, pela Secretaria de Estado de Sa\u00fade do Rio de Janeiro. &quot;}\" data-sheets-userformat=\"{&quot;2&quot;:513,&quot;3&quot;:{&quot;1&quot;:0},&quot;12&quot;:0}\">Gradua\u00e7\u00e3o em Psicologia pela PUC-RJ (1977), especialista em sa\u00fade do trabalhador e ecologia humana pelo Escola Nacional de Sa\u00fade P\u00fablica Sergio Arouca \u2013 Funda\u00e7\u00e3o Oswaldo Cruz, doutora em Sa\u00fade P\u00fablica pela ENSP\/Fiocruz; Professora titular (aposentada) da UFF e docente permanente do PPG Psicologia da UFF. Atuou em Vigil\u00e2ncia em Sa\u00fade do Trabalhador, pela Secretaria de Estado de Sa\u00fade do Rio de Janeiro. <\/span><\/p>\n\n\t\t\t\t\t\t\t\t\t\t\t\t<\/div>\n\t\t\t\t\t\t\t\t\t\t\t<\/div>\n\t\t\t\t\t\t\t\t\t\t<\/div>\n\t\t\t\t\t\t\t\t\t<\/div>\n\t\t\t\t\t\t\t\t\t<div class=\"team-manager-free-items-style3-teamprofile-2336\">\n\t\t\t\t\t\t\t\t\t\t<h3 class=\"team-manager-free-items-style3-post-title-2336\">Claudia Osorio da Silva<\/h3>\n\t\t\t\t\t\t\t\t\t\t<span class=\"team-manager-free-items-style3-post-2336\"><\/span>\n\t\t\t\t\t\t\t\t\t\t\t<ul class=\"team-manager-free-items-style3-team-social-2336\"><li><a style=\"width:auto;color:#1e73be;border: 1px solid #1e73be;    padding: 10px 20px;    height: auto;margin-top: 10px;\" target=\"_blank\" href=\"http:\/\/buscatextual.cnpq.br\/buscatextual\/visualizacv.do?id=K4768699T6&#038;tokenCaptchar=03AGdBq25qU3B_ju8oJkywcX-M1SFvJOMQ7UOM4IjaI4cjdUZgIUMJ33vmfxIhw7i6vpJcdDJXG59_i989UQ-_PEy5-b7cZw6Nb4LGEZv_XGInAYedB4qTDq0MGizt4Re6J05ZsmyEHQfFhS9-WNc4fyuKDFI04qyS0ZbYrX7sj5JpD0iKCrk_YvNf0Hf_diDlRfooaix-Cbr7sV9j8dGE2cP6hxVImzCpPg3kurqsD_IV7PFxL1Nn9UovOwSstiuYjdx4CA6IQbEusmmGX5-FFjw-yHiOXroq4u89014UzqA-RZO74p-1qMY1UOr-RpmhlDS0DETpWnd0dI8bnkv6DIxd9e77-VlPe9H6RAoMAPjyK7dhhhPfnS8WEpTKxta6a5Kbt0TFDjPO-J5FayGDi3wdZ2WC-0uyQeGvCWv9h5iDjx1_mVL-WvKjblUoTJntbXyLnB4ZadisuE6qMm52PpH7MYvbN13uAqwHEDlif2-t2X5yy9c7VzecO57e7XucXaMh9z9eoBlZ1gwvrYzcCV56dpr2RJdnLw#:~:text=acessar%20este%20CV%3A-,http%3A\/\/lattes.cnpq.br\/9433900740589087,-ID%20Lattes%3A%209433900740589087\" class=\"fa fa-link\"> Lattes<\/a><\/li><\/ul>\n\t\t\t\t\t\t\t\t\t<\/div>\n\t\t\t\t\t\t\t\t<\/div>\t\t\t\t\n\t\t\t\t\t\t\t<\/div>\n\t\t\t\t\t\t\t<div class=\"teamshowcasefree-col-lg-4 teamshowcasefree-col-md-2 teamshowcasefree-col-sm-2 teamshowcasefree-col-xs-1\">\t\t\t\t\t\t\n\t\t\t\t\t\t\t\t<div class=\"team-manager-free-items-style3-2336\">\n\t\t\t\t\t\t\t\t\t<div class=\"team-manager-free-items-style3-pic-2336\" style=\"background: url(https:\/\/latec.uff.br\/mba\/wp-content\/uploads\/2021\/08\/Foto-Antonio-Luiz-Peres-Antonio-Luiz-Peres.jpg);background-size: 100%;\n    background-position: center center;\">\n\t\t\t\t\t\t\t\t\t\t<!--<img src=\"https:\/\/latec.uff.br\/mba\/wp-content\/uploads\/2021\/08\/Foto-Antonio-Luiz-Peres-Antonio-Luiz-Peres.jpg\" alt=\"\" \/> -->\n\t\t\t\t\t\t\t\t\t\t<a href=\"#\" data-featherlight=\"#fl1897341036\" class=\"pic-bottom\"><\/a>\n\t\t\t\t\t\t\t\t\t\t<div class=\"lightbox\" id=\"fl1897341036\">\n\t\t\t\t\t\t\t\t\t\t\t<div class=\"team_popup_container-2336\">\n\t\t\t\t\t\t\t\t\t\t\t\t<h2>Antonio Luiz Peres<\/h2>\n\t\t\t\t\t\t\t\t\t\t\t\t<div class=\"team_popup_left_side_area-2336\">\n\t\t\t\t\t\t\t\t\t\t\t\t\t<div class=\"team_popup_left_side_area_img-2336\">\n\t\t\t\t\t\t\t\t\t\t\t\t\t\t<img src=\"https:\/\/latec.uff.br\/mba\/wp-content\/uploads\/2021\/08\/Foto-Antonio-Luiz-Peres-Antonio-Luiz-Peres.jpg\" alt=\"\" \/>\n\t\t\t\t\t\t\t\t\t\t\t\t\t<\/div>\n\t\t\t\t\t\t\t\t\t\t\t\t\t<div class=\"team_popup_contact_area-2336\">\n\t\t\t\t\t\t\t\t\t\t\t\t\t\t<span class=\"cemail\"><a style=\"text-align: center;    display: block;    background: #f2f2f2;    font-weight: bold;    padding: 20px;\" href=\"mailto:antonio.peres@hotmail.com\">antonio.peres@hotmail.com<\/a><\/span>\n\t\t\t\t\t\t\t\t\t\t\t\t\t\t<span class=\"cemail\"><\/span>\n\t\t\t\t\t\t\t\t\t\t\t\t\t\t<span class=\"cemail\"><\/span>\n\t\t\t\t\t\t\t\t\t\t\t\t\t<\/div>\n\t\t\t\t\t\t\t\t\t\t\t\t\t<ul class=\"team-manager-popup-items-social-2336\"><\/ul>\n\t\t\t\t\t\t\t\t\t\t\t\t<\/div>\n\t\t\t\t\t\t\t\t\t\t\t\t<div class=\"team_popup_right_side_area-2336\">\n\t\t\t\t\t\t\t\t\t\t\t\t\t<p><span data-sheets-value=\"{&quot;1&quot;:2,&quot;2&quot;:&quot;Eng\u00ba Qu\u00edmico (Uff-1981). Eng\u00ba de Seguran\u00e7a (LATEC\/Uff-1999). Mestrado em Planejamento Ambiental (COPPE\/UFRJ-2003). Experi\u00eancia de 40 anos em \u00e1guas industriais, meio ambiente e transporte de g\u00e1s natural em dutos, principalmente na Petrobras, como eng\u00ba de processamento e consultor. Experi\u00eancia de 20 anos como docente em cursos de especializa\u00e7\u00e3o, em institui\u00e7\u00f5es de ensino, p\u00fablicas e privadas. Membro da Comiss\u00e3o de Meio Ambiente do Instituto Brasileiro de Petr\u00f3leo, G\u00e1s e Biocombust\u00edveis \u2013 IBP (1990-1996). Conselheiro do Conselho Empresarial de Recursos H\u00eddricos da Federa\u00e7\u00e3o das Ind\u00fastrias do Estado do Rio de Janeiro \u2013 FIRJAN (2005-2011).&quot;}\" data-sheets-userformat=\"{&quot;2&quot;:513,&quot;3&quot;:{&quot;1&quot;:0},&quot;12&quot;:0}\">Eng\u00ba Qu\u00edmico (Uff-1981). Eng\u00ba de Seguran\u00e7a (LATEC\/Uff-1999). Mestrado em Planejamento Ambiental (COPPE\/UFRJ-2003). Experi\u00eancia de 40 anos em \u00e1guas industriais, meio ambiente e transporte de g\u00e1s natural em dutos, principalmente na Petrobras, como eng\u00ba de processamento e consultor. Experi\u00eancia de 20 anos como docente em cursos de especializa\u00e7\u00e3o, em institui\u00e7\u00f5es de ensino, p\u00fablicas e privadas. Membro da Comiss\u00e3o de Meio Ambiente do Instituto Brasileiro de Petr\u00f3leo, G\u00e1s e Biocombust\u00edveis \u2013 IBP (1990-1996). Conselheiro do Conselho Empresarial de Recursos H\u00eddricos da Federa\u00e7\u00e3o das Ind\u00fastrias do Estado do Rio de Janeiro \u2013 FIRJAN (2005-2011).<\/span><\/p>\n\n\t\t\t\t\t\t\t\t\t\t\t\t<\/div>\n\t\t\t\t\t\t\t\t\t\t\t<\/div>\n\t\t\t\t\t\t\t\t\t\t<\/div>\n\t\t\t\t\t\t\t\t\t<\/div>\n\t\t\t\t\t\t\t\t\t<div class=\"team-manager-free-items-style3-teamprofile-2336\">\n\t\t\t\t\t\t\t\t\t\t<h3 class=\"team-manager-free-items-style3-post-title-2336\">Antonio Luiz Peres<\/h3>\n\t\t\t\t\t\t\t\t\t\t<span class=\"team-manager-free-items-style3-post-2336\"><\/span>\n\t\t\t\t\t\t\t\t\t\t\t<ul class=\"team-manager-free-items-style3-team-social-2336\"><\/ul>\n\t\t\t\t\t\t\t\t\t<\/div>\n\t\t\t\t\t\t\t\t<\/div>\t\t\t\t\n\t\t\t\t\t\t\t<\/div>\n\t\t\t\t\t\t\t<div class=\"teamshowcasefree-col-lg-4 teamshowcasefree-col-md-2 teamshowcasefree-col-sm-2 teamshowcasefree-col-xs-1\">\t\t\t\t\t\t\n\t\t\t\t\t\t\t\t<div class=\"team-manager-free-items-style3-2336\">\n\t\t\t\t\t\t\t\t\t<div class=\"team-manager-free-items-style3-pic-2336\" style=\"background: url(https:\/\/latec.uff.br\/mba\/wp-content\/uploads\/2021\/08\/helton_santana-Helton-Santana.jpg);background-size: 100%;\n    background-position: center center;\">\n\t\t\t\t\t\t\t\t\t\t<!--<img src=\"https:\/\/latec.uff.br\/mba\/wp-content\/uploads\/2021\/08\/helton_santana-Helton-Santana.jpg\" alt=\"\" \/> -->\n\t\t\t\t\t\t\t\t\t\t<a href=\"#\" data-featherlight=\"#fl11282070332\" class=\"pic-bottom\"><\/a>\n\t\t\t\t\t\t\t\t\t\t<div class=\"lightbox\" id=\"fl11282070332\">\n\t\t\t\t\t\t\t\t\t\t\t<div class=\"team_popup_container-2336\">\n\t\t\t\t\t\t\t\t\t\t\t\t<h2>Helton Luiz Santana Oliveira<\/h2>\n\t\t\t\t\t\t\t\t\t\t\t\t<div class=\"team_popup_left_side_area-2336\">\n\t\t\t\t\t\t\t\t\t\t\t\t\t<div class=\"team_popup_left_side_area_img-2336\">\n\t\t\t\t\t\t\t\t\t\t\t\t\t\t<img src=\"https:\/\/latec.uff.br\/mba\/wp-content\/uploads\/2021\/08\/helton_santana-Helton-Santana.jpg\" alt=\"\" \/>\n\t\t\t\t\t\t\t\t\t\t\t\t\t<\/div>\n\t\t\t\t\t\t\t\t\t\t\t\t\t<div class=\"team_popup_contact_area-2336\">\n\t\t\t\t\t\t\t\t\t\t\t\t\t\t<span class=\"cemail\"><a style=\"text-align: center;    display: block;    background: #f2f2f2;    font-weight: bold;    padding: 20px;\" href=\"mailto:heltonsantana@id.uff.br\">heltonsantana@id.uff.br<\/a><\/span>\n\t\t\t\t\t\t\t\t\t\t\t\t\t\t<span class=\"cemail\"><\/span>\n\t\t\t\t\t\t\t\t\t\t\t\t\t\t<span class=\"cemail\"><\/span>\n\t\t\t\t\t\t\t\t\t\t\t\t\t<\/div>\n\t\t\t\t\t\t\t\t\t\t\t\t\t<ul class=\"team-manager-popup-items-social-2336\"><li><a style=\"width:auto;color:#1e73be;border: 1px solid #1e73be;    padding: 10px 20px;    height: auto;margin-top: 10px;\" target=\"_blank\" href=\"http:\/\/lattes.cnpq.br\/6568102487979051\" class=\"fa fa-link\"> Lattes<\/a><\/li><li><a style=\"color:#1e73be;width:auto;border: 1px solid #1e73be;    padding: 10px 20px;    height: auto;margin-top: 10px;\" target=\"_blank\" href=\"https:\/\/www.linkedin.com\/in\/helton-santana-phd-83b75424\/\" class=\"fa fa-linkedin\"> LinkedIn<\/a><\/li><\/ul>\n\t\t\t\t\t\t\t\t\t\t\t\t<\/div>\n\t\t\t\t\t\t\t\t\t\t\t\t<div class=\"team_popup_right_side_area-2336\">\n\t\t\t\t\t\t\t\t\t\t\t\t\t<p><span data-sheets-value=\"{&quot;1&quot;:2,&quot;2&quot;:&quot;\u00c9 graduado em Engenharia Mec\u00e2nica pela Universidade de Bras\u00edlia (1994). Tem Especializa\u00e7\u00e3o em Engenharia De Seguran\u00e7a Do Trabalho pela UNIFENAS (1998), Especialista em Ac\u00fastica Aplicada ao Controle de Ru\u00eddos pela UFSC (2013), p\u00f3s-graduado em An\u00e1lise, Avalia\u00e7\u00e3o e Gerenciamento de Riscos pela UFRJ (2004), Mestre em Sistemas de Gest\u00e3o pela UFF (2005) e Doutor em Engenharia de Produ\u00e7\u00e3o pela UFF (2019). \\nDesde 2002, \u00e9 empregado pr\u00f3prio da Petrobras, admitido por concurso p\u00fablico, onde atua como  Engenheiro de Seguran\u00e7a de N\u00edvel Master, no staff da ger\u00eancia de Implanta\u00e7\u00e3o de Tecnologias e Confiabilidade da \u00e1rea de Engenharia de Po\u00e7os, liderando estudos e modelagens de An\u00e1lise de Riscos e de Engenharia de Confiabilidade em equipamentos e tecnologias para po\u00e7os mar\u00edtimos.\\nPossui ainda experi\u00eancia na \u00e1rea de Engenharia de Mec\u00e2nica e de Produ\u00e7\u00e3o, com \u00eanfase em Seguran\u00e7a do Trabalho, atuando principalmente nos seguintes temas: Engenharia de Confiabilidade, Seguran\u00e7a de processo, An\u00e1lise de riscos industriais, Manuten\u00e7\u00e3o centrada em confiabilidade, Efici\u00eancia produtiva, Integridade de ativos e Inspe\u00e7\u00e3o de equipamentos est\u00e1ticos (Caldeiras, Vasos de Press\u00e3o, Tubula\u00e7\u00f5es, V\u00e1lvulas e Acess\u00f3rios, Tanques de Armazenamento, Fornos e Permutadores de Calor). \\nA diversidade de experi\u00eancias profissionais vivenciadas inclui a atua\u00e7\u00e3o em atividades industriais de: Manuten\u00e7\u00e3o de aeronaves; Manuten\u00e7\u00e3o e opera\u00e7\u00e3o de utilidades industriais no processamento de bebidas (cerveja e refrigerantes); Manuten\u00e7\u00e3o e opera\u00e7\u00e3o de utilidades industriais no abate e processamento de frangos e instala\u00e7\u00f5es de latic\u00ednio; Paradas de manuten\u00e7\u00e3o de ind\u00fastria cimenteira; Constru\u00e7\u00e3o, opera\u00e7\u00e3o e manuten\u00e7\u00e3o de sistemas de gera\u00e7\u00e3o e transmiss\u00e3o de energia el\u00e9trica; Ind\u00fastria de petr\u00f3leo e g\u00e1s;\\n\u00c9 membro efetivo das seguintes sociedades, institutos e associa\u00e7\u00f5es profissionais, t\u00e9cnicas e cient\u00edficas no Brasil e no exterior: ABRISCO - Associa\u00e7\u00e3o Brasileira de An\u00e1lise de Riscos, Confiabilidade e Seguran\u00e7a de Processo, ABRAMAN - Associa\u00e7\u00e3o Brasileira de Manuten\u00e7\u00e3o e Gest\u00e3o de Ativos, SOBRAC - Sociedade Brasileira de Ac\u00fastica, ABCM - Associa\u00e7\u00e3o Brasileira de Engenharia e Ci\u00eancias Mec\u00e2nicas, ABEPRO - Associa\u00e7\u00e3o Brasileira de Engenharia de Produ\u00e7\u00e3o, SBPR - Sociedade Brasileira de Prote\u00e7\u00e3o Radiol\u00f3gica, SBPC - Sociedade Brasileira para o Progresso da Ci\u00eancia; SPE - Society of Petroleum Engineers, AIChE - American Institute of Chemical Engineers, ASME - American Society of Mechanical Engineers, SMRP - Society of Maintenance and Reliability Professionals e PMI - Project Management Institute.\\n&quot;}\" data-sheets-userformat=\"{&quot;2&quot;:513,&quot;3&quot;:{&quot;1&quot;:0},&quot;12&quot;:0}\">\u00c9 graduado em Engenharia Mec\u00e2nica pela Universidade de Bras\u00edlia (1994). Tem Especializa\u00e7\u00e3o em Engenharia De Seguran\u00e7a Do Trabalho pela UNIFENAS (1998), Especialista em Ac\u00fastica Aplicada ao Controle de Ru\u00eddos pela UFSC (2013), p\u00f3s-graduado em An\u00e1lise, Avalia\u00e7\u00e3o e Gerenciamento de Riscos pela UFRJ (2004), Mestre em Sistemas de Gest\u00e3o pela UFF (2005) e Doutor em Engenharia de Produ\u00e7\u00e3o pela UFF (2019).<br \/>\nDesde 2002, \u00e9 empregado pr\u00f3prio da Petrobras, admitido por concurso p\u00fablico, onde atua como Engenheiro de Seguran\u00e7a de N\u00edvel Master, no staff da ger\u00eancia de Implanta\u00e7\u00e3o de Tecnologias e Confiabilidade da \u00e1rea de Engenharia de Po\u00e7os, liderando estudos e modelagens de An\u00e1lise de Riscos e de Engenharia de Confiabilidade em equipamentos e tecnologias para po\u00e7os mar\u00edtimos.<br \/>\nPossui ainda experi\u00eancia na \u00e1rea de Engenharia de Mec\u00e2nica e de Produ\u00e7\u00e3o, com \u00eanfase em Seguran\u00e7a do Trabalho, atuando principalmente nos seguintes temas: Engenharia de Confiabilidade, Seguran\u00e7a de processo, An\u00e1lise de riscos industriais, Manuten\u00e7\u00e3o centrada em confiabilidade, Efici\u00eancia produtiva, Integridade de ativos e Inspe\u00e7\u00e3o de equipamentos est\u00e1ticos (Caldeiras, Vasos de Press\u00e3o, Tubula\u00e7\u00f5es, V\u00e1lvulas e Acess\u00f3rios, Tanques de Armazenamento, Fornos e Permutadores de Calor).<br \/>\nA diversidade de experi\u00eancias profissionais vivenciadas inclui a atua\u00e7\u00e3o em atividades industriais de: Manuten\u00e7\u00e3o de aeronaves; Manuten\u00e7\u00e3o e opera\u00e7\u00e3o de utilidades industriais no processamento de bebidas (cerveja e refrigerantes); Manuten\u00e7\u00e3o e opera\u00e7\u00e3o de utilidades industriais no abate e processamento de frangos e instala\u00e7\u00f5es de latic\u00ednio; Paradas de manuten\u00e7\u00e3o de ind\u00fastria cimenteira; Constru\u00e7\u00e3o, opera\u00e7\u00e3o e manuten\u00e7\u00e3o de sistemas de gera\u00e7\u00e3o e transmiss\u00e3o de energia el\u00e9trica; Ind\u00fastria de petr\u00f3leo e g\u00e1s;<br \/>\n\u00c9 membro efetivo das seguintes sociedades, institutos e associa\u00e7\u00f5es profissionais, t\u00e9cnicas e cient\u00edficas no Brasil e no exterior: ABRISCO &#8211; Associa\u00e7\u00e3o Brasileira de An\u00e1lise de Riscos, Confiabilidade e Seguran\u00e7a de Processo, ABRAMAN &#8211; Associa\u00e7\u00e3o Brasileira de Manuten\u00e7\u00e3o e Gest\u00e3o de Ativos, SOBRAC &#8211; Sociedade Brasileira de Ac\u00fastica, ABCM &#8211; Associa\u00e7\u00e3o Brasileira de Engenharia e Ci\u00eancias Mec\u00e2nicas, ABEPRO &#8211; Associa\u00e7\u00e3o Brasileira de Engenharia de Produ\u00e7\u00e3o, SBPR &#8211; Sociedade Brasileira de Prote\u00e7\u00e3o Radiol\u00f3gica, SBPC &#8211; Sociedade Brasileira para o Progresso da Ci\u00eancia; SPE &#8211; Society of Petroleum Engineers, AIChE &#8211; American Institute of Chemical Engineers, ASME &#8211; American Society of Mechanical Engineers, SMRP &#8211; Society of Maintenance and Reliability Professionals e PMI &#8211; Project Management Institute.<br \/>\n<\/span><\/p>\n\n\t\t\t\t\t\t\t\t\t\t\t\t<\/div>\n\t\t\t\t\t\t\t\t\t\t\t<\/div>\n\t\t\t\t\t\t\t\t\t\t<\/div>\n\t\t\t\t\t\t\t\t\t<\/div>\n\t\t\t\t\t\t\t\t\t<div class=\"team-manager-free-items-style3-teamprofile-2336\">\n\t\t\t\t\t\t\t\t\t\t<h3 class=\"team-manager-free-items-style3-post-title-2336\">Helton Luiz Santana Oliveira<\/h3>\n\t\t\t\t\t\t\t\t\t\t<span class=\"team-manager-free-items-style3-post-2336\"><\/span>\n\t\t\t\t\t\t\t\t\t\t\t<ul class=\"team-manager-free-items-style3-team-social-2336\"><li><a style=\"width:auto;color:#1e73be;border: 1px solid #1e73be;    padding: 10px 20px;    height: auto;margin-top: 10px;\" target=\"_blank\" href=\"http:\/\/lattes.cnpq.br\/6568102487979051\" class=\"fa fa-link\"> Lattes<\/a><\/li><li><a style=\"color:#1e73be;width:auto;border: 1px solid #1e73be;    padding: 10px 20px;    height: auto;margin-top: 10px;\" target=\"_blank\" href=\"https:\/\/www.linkedin.com\/in\/helton-santana-phd-83b75424\/\" class=\"fa fa-linkedin\"> LinkedIn<\/a><\/li><\/ul>\n\t\t\t\t\t\t\t\t\t<\/div>\n\t\t\t\t\t\t\t\t<\/div>\t\t\t\t\n\t\t\t\t\t\t\t<\/div>\n\t\t\t\t\t\t\t<div class=\"teamshowcasefree-col-lg-4 teamshowcasefree-col-md-2 teamshowcasefree-col-sm-2 teamshowcasefree-col-xs-1\">\t\t\t\t\t\t\n\t\t\t\t\t\t\t\t<div class=\"team-manager-free-items-style3-2336\">\n\t\t\t\t\t\t\t\t\t<div class=\"team-manager-free-items-style3-pic-2336\" style=\"background: url(https:\/\/latec.uff.br\/mba\/wp-content\/uploads\/2021\/08\/Eu-Silvio-Andrade.jpg);background-size: 100%;\n    background-position: center center;\">\n\t\t\t\t\t\t\t\t\t\t<!--<img src=\"https:\/\/latec.uff.br\/mba\/wp-content\/uploads\/2021\/08\/Eu-Silvio-Andrade.jpg\" alt=\"\" \/> -->\n\t\t\t\t\t\t\t\t\t\t<a href=\"#\" data-featherlight=\"#fl1446887781\" class=\"pic-bottom\"><\/a>\n\t\t\t\t\t\t\t\t\t\t<div class=\"lightbox\" id=\"fl1446887781\">\n\t\t\t\t\t\t\t\t\t\t\t<div class=\"team_popup_container-2336\">\n\t\t\t\t\t\t\t\t\t\t\t\t<h2>S\u00edlvio Carlos Andrade da Silva<\/h2>\n\t\t\t\t\t\t\t\t\t\t\t\t<div class=\"team_popup_left_side_area-2336\">\n\t\t\t\t\t\t\t\t\t\t\t\t\t<div class=\"team_popup_left_side_area_img-2336\">\n\t\t\t\t\t\t\t\t\t\t\t\t\t\t<img src=\"https:\/\/latec.uff.br\/mba\/wp-content\/uploads\/2021\/08\/Eu-Silvio-Andrade.jpg\" alt=\"\" \/>\n\t\t\t\t\t\t\t\t\t\t\t\t\t<\/div>\n\t\t\t\t\t\t\t\t\t\t\t\t\t<div class=\"team_popup_contact_area-2336\">\n\t\t\t\t\t\t\t\t\t\t\t\t\t\t<span class=\"cemail\"><a style=\"text-align: center;    display: block;    background: #f2f2f2;    font-weight: bold;    padding: 20px;\" href=\"mailto:silvioandrade.uff@gmail.com\">silvioandrade.uff@gmail.com<\/a><\/span>\n\t\t\t\t\t\t\t\t\t\t\t\t\t\t<span class=\"cemail\"><\/span>\n\t\t\t\t\t\t\t\t\t\t\t\t\t\t<span class=\"cemail\"><\/span>\n\t\t\t\t\t\t\t\t\t\t\t\t\t<\/div>\n\t\t\t\t\t\t\t\t\t\t\t\t\t<ul class=\"team-manager-popup-items-social-2336\"><li><a style=\"width:auto;color:#1e73be;border: 1px solid #1e73be;    padding: 10px 20px;    height: auto;margin-top: 10px;\" target=\"_blank\" href=\"http:\/\/lattes.cnpq.br\/4974132846610557%20\" class=\"fa fa-link\"> Lattes<\/a><\/li><li><a style=\"color:#1e73be;width:auto;border: 1px solid #1e73be;    padding: 10px 20px;    height: auto;margin-top: 10px;\" target=\"_blank\" href=\"https:\/\/www.linkedin.com\/in\/prof-silvio-carlos-andrade-da-silva-3142b623\/\" class=\"fa fa-linkedin\"> LinkedIn<\/a><\/li><\/ul>\n\t\t\t\t\t\t\t\t\t\t\t\t<\/div>\n\t\t\t\t\t\t\t\t\t\t\t\t<div class=\"team_popup_right_side_area-2336\">\n\t\t\t\t\t\t\t\t\t\t\t\t\t<p><span data-sheets-value=\"{&quot;1&quot;:2,&quot;2&quot;:&quot;\u00c9 graduado em Engenharia Mec\u00e2nica pela Universidade de Bras\u00edlia (1994). Tem Especializa\u00e7\u00e3o em Engenharia De Seguran\u00e7a Do Trabalho pela UNIFENAS (1998), Especialista em Ac\u00fastica Aplicada ao Controle de Ru\u00eddos pela UFSC (2013), p\u00f3s-graduado em An\u00e1lise, Avalia\u00e7\u00e3o e Gerenciamento de Riscos pela UFRJ (2004), Mestre em Sistemas de Gest\u00e3o pela UFF (2005) e Doutor em Engenharia de Produ\u00e7\u00e3o pela UFF (2019). nDesde 2002, \u00e9 empregado pr\u00f3prio da Petrobras, admitido por concurso p\u00fablico, onde atua como Engenheiro de Seguran\u00e7a de N\u00edvel Master, no staff da ger\u00eancia de Implanta\u00e7\u00e3o de Tecnologias e Confiabilidade da \u00e1rea de Engenharia de Po\u00e7os, liderando estudos e modelagens de An\u00e1lise de Riscos e de Engenharia de Confiabilidade em equipamentos e tecnologias para po\u00e7os mar\u00edtimos.nPossui ainda experi\u00eancia na \u00e1rea de Engenharia de Mec\u00e2nica e de Produ\u00e7\u00e3o, com \u00eanfase em Seguran\u00e7a do Trabalho, atuando principalmente nos seguintes temas: Engenharia de Confiabilidade, Seguran\u00e7a de processo, An\u00e1lise de riscos industriais, Manuten\u00e7\u00e3o centrada em confiabilidade, Efici\u00eancia produtiva, Integridade de ativos e Inspe\u00e7\u00e3o de equipamentos est\u00e1ticos (Caldeiras, Vasos de Press\u00e3o, Tubula\u00e7\u00f5es, V\u00e1lvulas e Acess\u00f3rios, Tanques de Armazenamento, Fornos e Permutadores de Calor). nA diversidade de experi\u00eancias profissionais vivenciadas inclui a atua\u00e7\u00e3o em atividades industriais de: Manuten\u00e7\u00e3o de aeronaves; Manuten\u00e7\u00e3o e opera\u00e7\u00e3o de utilidades industriais no processamento de bebidas (cerveja e refrigerantes); Manuten\u00e7\u00e3o e opera\u00e7\u00e3o de utilidades industriais no abate e processamento de frangos e instala\u00e7\u00f5es de latic\u00ednio; Paradas de manuten\u00e7\u00e3o de ind\u00fastria cimenteira; Constru\u00e7\u00e3o, opera\u00e7\u00e3o e manuten\u00e7\u00e3o de sistemas de gera\u00e7\u00e3o e transmiss\u00e3o de energia el\u00e9trica; Ind\u00fastria de petr\u00f3leo e g\u00e1s;n\u00c9 membro efetivo das seguintes sociedades, institutos e associa\u00e7\u00f5es profissionais, t\u00e9cnicas e cient\u00edficas no Brasil e no exterior: ABRISCO - Associa\u00e7\u00e3o Brasileira de An\u00e1lise de Riscos, Confiabilidade e Seguran\u00e7a de Processo, ABRAMAN - Associa\u00e7\u00e3o Brasileira de Manuten\u00e7\u00e3o e Gest\u00e3o de Ativos, SOBRAC - Sociedade Brasileira de Ac\u00fastica, ABCM - Associa\u00e7\u00e3o Brasileira de Engenharia e Ci\u00eancias Mec\u00e2nicas, ABEPRO - Associa\u00e7\u00e3o Brasileira de Engenharia de Produ\u00e7\u00e3o, SBPR - Sociedade Brasileira de Prote\u00e7\u00e3o Radiol\u00f3gica, SBPC - Sociedade Brasileira para o Progresso da Ci\u00eancia; SPE - Society of Petroleum Engineers, AIChE - American Institute of Chemical Engineers, ASME - American Society of Mechanical Engineers, SMRP - Society of Maintenance and Reliability Professionals e PMI - Project Management Institute.n&quot;}\" data-sheets-userformat=\"{&quot;2&quot;:513,&quot;3&quot;:{&quot;1&quot;:0},&quot;12&quot;:0}\">Possui gradua\u00e7\u00e3o em Medicina pela Universidade Federal do Rio de Janeiro (1976) e gradua\u00e7\u00e3o em Qu\u00edmica pela Faculdade de Humanidades Pedro II (1988). Atualmente \u00e9 Professor Adjunto do Curso de P\u00f3s-Gradua\u00e7\u00e3o em Engenharia de Seguran\u00e7a do Trabalho e MBA (Mestrado Profissional) na Universidade Federal Fluminense, e Professor convidado no Curso de P\u00f3s-Gradua\u00e7\u00e3o em Engenharia de Seguran\u00e7a do Trabalho da Universidade Federal do Rio de Janeiro. e da Universidade Veiga de Almeida em Toxicologia Ocupacional. \u00c9 aposentado da Carreira T\u00edpica do Estado de Auditor do Trabalho na \u00c1rea de Seguran\u00e7a e Sa\u00fade do Trabalhador do Minist\u00e9rio do Trabalho. Foi Professor convidado em cursos de P\u00f3s-Gradua\u00e7\u00e3o em Medicina do Trabalho da Universidade Federal do Rio de Janeiro, da Universidade Gama Filho, e da Funda\u00e7\u00e3o S\u00e3o Camilo. Colaborou, tamb\u00e9m, nos cursos de MBAFunda\u00e7\u00e3o Get\u00falio Vargas\/RJ. Foi Coordenador Regional de Fiscaliza\u00e7\u00e3o de Estabelecimentos de Sa\u00fade e \u00c1rea Alimentar, com \u00eanfase em Riscos Biol\u00f3gicos de 2008 a 2012, tendo auditado cerca de 400 hospitais e centros m\u00e9dicos, no Rio de Janeiro, S\u00e3o Paulo, e Goi\u00e2nia. Membro das Comiss\u00f5es de elabora\u00e7\u00e3o das NR-7, desenvolvedor e implementador da NR-32 e atualmente membro da bancada do governo e coordenador da comiss\u00e3o tripartite que reformula a NR-24 do Minist\u00e9rio do Trabalho e das Normas de Seguran\u00e7a e Sa\u00fade em Limpeza Urbana. Colabora com o site Riscobiologico.org, com interven\u00e7\u00f5es e esclarecimentos. Avaliador Certificador da Organiza\u00e7\u00e3o Nacional de Acredita\u00e7\u00e3o Hospitalar. Diretor de Pesquisas do Instituto Trabalho Digno Gest\u00f5es 2017-2020 e 2020-2022 Revisor t\u00e9cnico e de normaliza\u00e7\u00e3o da Revista Cient\u00edfica Laborare.<\/span><\/p>\n\n\t\t\t\t\t\t\t\t\t\t\t\t<\/div>\n\t\t\t\t\t\t\t\t\t\t\t<\/div>\n\t\t\t\t\t\t\t\t\t\t<\/div>\n\t\t\t\t\t\t\t\t\t<\/div>\n\t\t\t\t\t\t\t\t\t<div class=\"team-manager-free-items-style3-teamprofile-2336\">\n\t\t\t\t\t\t\t\t\t\t<h3 class=\"team-manager-free-items-style3-post-title-2336\">S\u00edlvio Carlos Andrade da Silva<\/h3>\n\t\t\t\t\t\t\t\t\t\t<span class=\"team-manager-free-items-style3-post-2336\"><\/span>\n\t\t\t\t\t\t\t\t\t\t\t<ul class=\"team-manager-free-items-style3-team-social-2336\"><li><a style=\"width:auto;color:#1e73be;border: 1px solid #1e73be;    padding: 10px 20px;    height: auto;margin-top: 10px;\" target=\"_blank\" href=\"http:\/\/lattes.cnpq.br\/4974132846610557%20\" class=\"fa fa-link\"> Lattes<\/a><\/li><li><a style=\"color:#1e73be;width:auto;border: 1px solid #1e73be;    padding: 10px 20px;    height: auto;margin-top: 10px;\" target=\"_blank\" href=\"https:\/\/www.linkedin.com\/in\/prof-silvio-carlos-andrade-da-silva-3142b623\/\" class=\"fa fa-linkedin\"> LinkedIn<\/a><\/li><\/ul>\n\t\t\t\t\t\t\t\t\t<\/div>\n\t\t\t\t\t\t\t\t<\/div>\t\t\t\t\n\t\t\t\t\t\t\t<\/div>\n\t\t\t\t\t\t\t<div class=\"teamshowcasefree-col-lg-4 teamshowcasefree-col-md-2 teamshowcasefree-col-sm-2 teamshowcasefree-col-xs-1\">\t\t\t\t\t\t\n\t\t\t\t\t\t\t\t<div class=\"team-manager-free-items-style3-2336\">\n\t\t\t\t\t\t\t\t\t<div class=\"team-manager-free-items-style3-pic-2336\" style=\"background: url(https:\/\/latec.uff.br\/mba\/wp-content\/uploads\/2021\/08\/Foto-Oxford-Josue-Professor-Josue-E.-Maia-Franca.jpg);background-size: 100%;\n    background-position: center center;\">\n\t\t\t\t\t\t\t\t\t\t<!--<img src=\"https:\/\/latec.uff.br\/mba\/wp-content\/uploads\/2021\/08\/Foto-Oxford-Josue-Professor-Josue-E.-Maia-Franca.jpg\" alt=\"\" \/> -->\n\t\t\t\t\t\t\t\t\t\t<a href=\"#\" data-featherlight=\"#fl1727504178\" class=\"pic-bottom\"><\/a>\n\t\t\t\t\t\t\t\t\t\t<div class=\"lightbox\" id=\"fl1727504178\">\n\t\t\t\t\t\t\t\t\t\t\t<div class=\"team_popup_container-2336\">\n\t\t\t\t\t\t\t\t\t\t\t\t<h2>Josu\u00e9 Eduardo Maia Fran\u00e7a<\/h2>\n\t\t\t\t\t\t\t\t\t\t\t\t<div class=\"team_popup_left_side_area-2336\">\n\t\t\t\t\t\t\t\t\t\t\t\t\t<div class=\"team_popup_left_side_area_img-2336\">\n\t\t\t\t\t\t\t\t\t\t\t\t\t\t<img src=\"https:\/\/latec.uff.br\/mba\/wp-content\/uploads\/2021\/08\/Foto-Oxford-Josue-Professor-Josue-E.-Maia-Franca.jpg\" alt=\"\" \/>\n\t\t\t\t\t\t\t\t\t\t\t\t\t<\/div>\n\t\t\t\t\t\t\t\t\t\t\t\t\t<div class=\"team_popup_contact_area-2336\">\n\t\t\t\t\t\t\t\t\t\t\t\t\t\t<span class=\"cemail\"><a style=\"text-align: center;    display: block;    background: #f2f2f2;    font-weight: bold;    padding: 20px;\" href=\"mailto:josue.maia@gmail.com\">josue.maia@gmail.com<\/a><\/span>\n\t\t\t\t\t\t\t\t\t\t\t\t\t\t<span class=\"cemail\"><\/span>\n\t\t\t\t\t\t\t\t\t\t\t\t\t\t<span class=\"cemail\"><\/span>\n\t\t\t\t\t\t\t\t\t\t\t\t\t<\/div>\n\t\t\t\t\t\t\t\t\t\t\t\t\t<ul class=\"team-manager-popup-items-social-2336\"><li><a style=\"width:auto;color:#1e73be;border: 1px solid #1e73be;    padding: 10px 20px;    height: auto;margin-top: 10px;\" target=\"_blank\" href=\"https:\/\/www.escavador.com\/sobre\/12168355\/josue-eduardo-maia-franca\" class=\"fa fa-link\"> Lattes<\/a><\/li><li><a style=\"color:#1e73be;width:auto;border: 1px solid #1e73be;    padding: 10px 20px;    height: auto;margin-top: 10px;\" target=\"_blank\" href=\"https:\/\/br.linkedin.com\/in\/josue-eduardo-maia-franca-9286a34\" class=\"fa fa-linkedin\"> LinkedIn<\/a><\/li><\/ul>\n\t\t\t\t\t\t\t\t\t\t\t\t<\/div>\n\t\t\t\t\t\t\t\t\t\t\t\t<div class=\"team_popup_right_side_area-2336\">\n\t\t\t\t\t\t\t\t\t\t\t\t\t<p><span data-sheets-value=\"{&quot;1&quot;:2,&quot;2&quot;:&quot;Postdoc em Fatores Humanos (Linnaeus University, Sweden)\\nDoutor em Engenharia Civil (UFF)\\nMestre em Engenharia Ambiental (UFRJ)\\nP\u00f3s Graduado em Neuroci\u00eancia e Comportamento (PUC-RS)\\nP\u00f3s Graduado em Sociologia e Filosofia (PUC-RS)\\nP\u00f3s Graduado em Doc\u00eancia do Ensino Superior (UCAM)\\nEngenheiro Eletricista e de Seguran\u00e7a do Trabalho (UFRJ)\\nT\u00e9cnico em Eletr\u00f4nica e de Opera\u00e7\u00f5es (CEFET-RJ)&quot;}\" data-sheets-userformat=\"{&quot;2&quot;:513,&quot;3&quot;:{&quot;1&quot;:0},&quot;12&quot;:0}\">Postdoc em Fatores Humanos (Linnaeus University, Sweden)<br \/>\nDoutor em Engenharia Civil (UFF)<br \/>\nMestre em Engenharia Ambiental (UFRJ)<br \/>\nP\u00f3s Graduado em Neuroci\u00eancia e Comportamento (PUC-RS)<br \/>\nP\u00f3s Graduado em Sociologia e Filosofia (PUC-RS)<br \/>\nP\u00f3s Graduado em Doc\u00eancia do Ensino Superior (UCAM)<br \/>\nEngenheiro Eletricista e de Seguran\u00e7a do Trabalho (UFRJ)<br \/>\nT\u00e9cnico em Eletr\u00f4nica e de Opera\u00e7\u00f5es (CEFET-RJ)<\/span><\/p>\n\n\t\t\t\t\t\t\t\t\t\t\t\t<\/div>\n\t\t\t\t\t\t\t\t\t\t\t<\/div>\n\t\t\t\t\t\t\t\t\t\t<\/div>\n\t\t\t\t\t\t\t\t\t<\/div>\n\t\t\t\t\t\t\t\t\t<div class=\"team-manager-free-items-style3-teamprofile-2336\">\n\t\t\t\t\t\t\t\t\t\t<h3 class=\"team-manager-free-items-style3-post-title-2336\">Josu\u00e9 Eduardo Maia Fran\u00e7a<\/h3>\n\t\t\t\t\t\t\t\t\t\t<span class=\"team-manager-free-items-style3-post-2336\"><\/span>\n\t\t\t\t\t\t\t\t\t\t\t<ul class=\"team-manager-free-items-style3-team-social-2336\"><li><a style=\"width:auto;color:#1e73be;border: 1px solid #1e73be;    padding: 10px 20px;    height: auto;margin-top: 10px;\" target=\"_blank\" href=\"https:\/\/www.escavador.com\/sobre\/12168355\/josue-eduardo-maia-franca\" class=\"fa fa-link\"> Lattes<\/a><\/li><li><a style=\"color:#1e73be;width:auto;border: 1px solid #1e73be;    padding: 10px 20px;    height: auto;margin-top: 10px;\" target=\"_blank\" href=\"https:\/\/br.linkedin.com\/in\/josue-eduardo-maia-franca-9286a34\" class=\"fa fa-linkedin\"> LinkedIn<\/a><\/li><\/ul>\n\t\t\t\t\t\t\t\t\t<\/div>\n\t\t\t\t\t\t\t\t<\/div>\t\t\t\t\n\t\t\t\t\t\t\t<\/div>\n\t\t\t\t\t\t\t<div class=\"teamshowcasefree-col-lg-4 teamshowcasefree-col-md-2 teamshowcasefree-col-sm-2 teamshowcasefree-col-xs-1\">\t\t\t\t\t\t\n\t\t\t\t\t\t\t\t<div class=\"team-manager-free-items-style3-2336\">\n\t\t\t\t\t\t\t\t\t<div class=\"team-manager-free-items-style3-pic-2336\" style=\"background: url(https:\/\/latec.uff.br\/mba\/wp-content\/uploads\/2021\/08\/UFF-Edison-Nogueira.png);background-size: 100%;\n    background-position: center center;\">\n\t\t\t\t\t\t\t\t\t\t<!--<img src=\"https:\/\/latec.uff.br\/mba\/wp-content\/uploads\/2021\/08\/UFF-Edison-Nogueira.png\" alt=\"\" \/> -->\n\t\t\t\t\t\t\t\t\t\t<a href=\"#\" data-featherlight=\"#fl11962570661\" class=\"pic-bottom\"><\/a>\n\t\t\t\t\t\t\t\t\t\t<div class=\"lightbox\" id=\"fl11962570661\">\n\t\t\t\t\t\t\t\t\t\t\t<div class=\"team_popup_container-2336\">\n\t\t\t\t\t\t\t\t\t\t\t\t<h2>Edison Cesar de Faria Nogueira<\/h2>\n\t\t\t\t\t\t\t\t\t\t\t\t<div class=\"team_popup_left_side_area-2336\">\n\t\t\t\t\t\t\t\t\t\t\t\t\t<div class=\"team_popup_left_side_area_img-2336\">\n\t\t\t\t\t\t\t\t\t\t\t\t\t\t<img src=\"https:\/\/latec.uff.br\/mba\/wp-content\/uploads\/2021\/08\/UFF-Edison-Nogueira.png\" alt=\"\" \/>\n\t\t\t\t\t\t\t\t\t\t\t\t\t<\/div>\n\t\t\t\t\t\t\t\t\t\t\t\t\t<div class=\"team_popup_contact_area-2336\">\n\t\t\t\t\t\t\t\t\t\t\t\t\t\t<span class=\"cemail\"><a style=\"text-align: center;    display: block;    background: #f2f2f2;    font-weight: bold;    padding: 20px;\" href=\"mailto:ecfnog@gmail.com\">ecfnog@gmail.com<\/a><\/span>\n\t\t\t\t\t\t\t\t\t\t\t\t\t\t<span class=\"cemail\"><\/span>\n\t\t\t\t\t\t\t\t\t\t\t\t\t\t<span class=\"cemail\"><\/span>\n\t\t\t\t\t\t\t\t\t\t\t\t\t<\/div>\n\t\t\t\t\t\t\t\t\t\t\t\t\t<ul class=\"team-manager-popup-items-social-2336\"><li><a style=\"width:auto;color:#1e73be;border: 1px solid #1e73be;    padding: 10px 20px;    height: auto;margin-top: 10px;\" target=\"_blank\" href=\"http:\/\/lattes.cnpq.br\/0410518220449682\" class=\"fa fa-link\"> Lattes<\/a><\/li><li><a style=\"color:#1e73be;width:auto;border: 1px solid #1e73be;    padding: 10px 20px;    height: auto;margin-top: 10px;\" target=\"_blank\" href=\"http:\/\/www.linkedin.com\/in\/edisonnogueira\" class=\"fa fa-linkedin\"> LinkedIn<\/a><\/li><\/ul>\n\t\t\t\t\t\t\t\t\t\t\t\t<\/div>\n\t\t\t\t\t\t\t\t\t\t\t\t<div class=\"team_popup_right_side_area-2336\">\n\t\t\t\t\t\t\t\t\t\t\t\t\t<p><span data-sheets-value=\"{&quot;1&quot;:2,&quot;2&quot;:&quot;Mestre em Sistema de Gest\u00e3o pela UFF- 2013;\\nEngenheiro Sanitarista e Ambiental pela UERJ \u2013 1999;\\nEngenheiro de Seguran\u00e7a do Trabalho pelo CEFET\/RJ - 1991;\\nEngenheiro Civil pela UVA \u2013 1987.\\nPresidente da Sociedade de Engenharia de Seguran\u00e7a do Trabalho do Estado do Rio de Janeiro \u2013 Sobes-Rio, 2017-2018;\\nConselheiro na Sociedade de Engenharia de Seguran\u00e7a do Trabalho do Estado do Rio de Janeiro \u2013 Sobes-Rio, 2015-2016\\nConselheiro Suplente  no Conselho Regional de Engenharia e Agronomia do Estado do Rio de Janeiro \u2013 2016 \u2013 2018;\\nConselheiro no Conselho Regional de Engenharia e Agronomia do Estado do Rio de Janeiro, CREA\/RJ \u2013 2021 - 2023\\nDocente no Instituto Federal de Educa\u00e7\u00e3o Ci\u00eancia e Tecnologia do Estado do Rio de Janeiro \u2013 Campus Nil\u00f3polis; \\nProfessor convidado nos cursos de P\u00f3s Gradua\u00e7\u00e3o em Engenharia de Seguran\u00e7a do Trabalho da Universidade Federal Fluminense e Est\u00e1cio;\\nInstrutor nos cursos de Per\u00edcia de Insalubridade e Periculosidade e Higiene Ocupacional na Sobes-Rio;\\nDezesseis anos atuando como Coordenador de Seguran\u00e7a do Trabalho e Meio Ambiente na CSN; F\u00e1brica Carioca de Catalisadores, Ind\u00fastria de Produtos Aliment\u00edcios Piraqu\u00ea e Fabrimar S\/A;\\nDez anos como Engenheiro de Seguran\u00e7a do Trabalho na Minera\u00e7\u00f5es Brasileiras Reunidas, Rede D\u2019Or e Drogarias Pacheco S\u00e3o Paulo S\/A;\\nVinte e cinco anos de atua\u00e7\u00e3o como Perito em diversas Varas Trabalho do Estado do Rio de Janeiro;\\n&quot;}\" data-sheets-userformat=\"{&quot;2&quot;:513,&quot;3&quot;:{&quot;1&quot;:0},&quot;12&quot;:0}\">Mestre em Sistema de Gest\u00e3o pela UFF- 2013;<br \/>\nEngenheiro Sanitarista e Ambiental pela UERJ \u2013 1999;<br \/>\nEngenheiro de Seguran\u00e7a do Trabalho pelo CEFET\/RJ &#8211; 1991;<br \/>\nEngenheiro Civil pela UVA \u2013 1987.<br \/>\nPresidente da Sociedade de Engenharia de Seguran\u00e7a do Trabalho do Estado do Rio de Janeiro \u2013 Sobes-Rio, 2017-2018;<br \/>\nConselheiro na Sociedade de Engenharia de Seguran\u00e7a do Trabalho do Estado do Rio de Janeiro \u2013 Sobes-Rio, 2015-2016<br \/>\nConselheiro Suplente no Conselho Regional de Engenharia e Agronomia do Estado do Rio de Janeiro \u2013 2016 \u2013 2018;<br \/>\nConselheiro no Conselho Regional de Engenharia e Agronomia do Estado do Rio de Janeiro, CREA\/RJ \u2013 2021 &#8211; 2023<br \/>\nDocente no Instituto Federal de Educa\u00e7\u00e3o Ci\u00eancia e Tecnologia do Estado do Rio de Janeiro \u2013 Campus Nil\u00f3polis;<br \/>\nProfessor convidado nos cursos de P\u00f3s Gradua\u00e7\u00e3o em Engenharia de Seguran\u00e7a do Trabalho da Universidade Federal Fluminense e Est\u00e1cio;<br \/>\nInstrutor nos cursos de Per\u00edcia de Insalubridade e Periculosidade e Higiene Ocupacional na Sobes-Rio;<br \/>\nDezesseis anos atuando como Coordenador de Seguran\u00e7a do Trabalho e Meio Ambiente na CSN; F\u00e1brica Carioca de Catalisadores, Ind\u00fastria de Produtos Aliment\u00edcios Piraqu\u00ea e Fabrimar S\/A;<br \/>\nDez anos como Engenheiro de Seguran\u00e7a do Trabalho na Minera\u00e7\u00f5es Brasileiras Reunidas, Rede D\u2019Or e Drogarias Pacheco S\u00e3o Paulo S\/A;<br \/>\nVinte e cinco anos de atua\u00e7\u00e3o como Perito em diversas Varas Trabalho do Estado do Rio de Janeiro;<br \/>\n<\/span><\/p>\n\n\t\t\t\t\t\t\t\t\t\t\t\t<\/div>\n\t\t\t\t\t\t\t\t\t\t\t<\/div>\n\t\t\t\t\t\t\t\t\t\t<\/div>\n\t\t\t\t\t\t\t\t\t<\/div>\n\t\t\t\t\t\t\t\t\t<div class=\"team-manager-free-items-style3-teamprofile-2336\">\n\t\t\t\t\t\t\t\t\t\t<h3 class=\"team-manager-free-items-style3-post-title-2336\">Edison Cesar de Faria Nogueira<\/h3>\n\t\t\t\t\t\t\t\t\t\t<span class=\"team-manager-free-items-style3-post-2336\"><\/span>\n\t\t\t\t\t\t\t\t\t\t\t<ul class=\"team-manager-free-items-style3-team-social-2336\"><li><a style=\"width:auto;color:#1e73be;border: 1px solid #1e73be;    padding: 10px 20px;    height: auto;margin-top: 10px;\" target=\"_blank\" href=\"http:\/\/lattes.cnpq.br\/0410518220449682\" class=\"fa fa-link\"> Lattes<\/a><\/li><li><a style=\"color:#1e73be;width:auto;border: 1px solid #1e73be;    padding: 10px 20px;    height: auto;margin-top: 10px;\" target=\"_blank\" href=\"http:\/\/www.linkedin.com\/in\/edisonnogueira\" class=\"fa fa-linkedin\"> LinkedIn<\/a><\/li><\/ul>\n\t\t\t\t\t\t\t\t\t<\/div>\n\t\t\t\t\t\t\t\t<\/div>\t\t\t\t\n\t\t\t\t\t\t\t<\/div>\n\t\t\t\t\t\t\t<div class=\"teamshowcasefree-col-lg-4 teamshowcasefree-col-md-2 teamshowcasefree-col-sm-2 teamshowcasefree-col-xs-1\">\t\t\t\t\t\t\n\t\t\t\t\t\t\t\t<div class=\"team-manager-free-items-style3-2336\">\n\t\t\t\t\t\t\t\t\t<div class=\"team-manager-free-items-style3-pic-2336\" style=\"background: url(https:\/\/latec.uff.br\/mba\/wp-content\/uploads\/2021\/08\/2018-09-14-16.24.55-Julio-Cesar-Bispo-Neves-1.jpg);background-size: 100%;\n    background-position: center center;\">\n\t\t\t\t\t\t\t\t\t\t<!--<img src=\"https:\/\/latec.uff.br\/mba\/wp-content\/uploads\/2021\/08\/2018-09-14-16.24.55-Julio-Cesar-Bispo-Neves-1.jpg\" alt=\"\" \/> -->\n\t\t\t\t\t\t\t\t\t\t<a href=\"#\" data-featherlight=\"#fl1125525150\" class=\"pic-bottom\"><\/a>\n\t\t\t\t\t\t\t\t\t\t<div class=\"lightbox\" id=\"fl1125525150\">\n\t\t\t\t\t\t\t\t\t\t\t<div class=\"team_popup_container-2336\">\n\t\t\t\t\t\t\t\t\t\t\t\t<h2>J\u00falio C\u00e9sar Bispo Neves<\/h2>\n\t\t\t\t\t\t\t\t\t\t\t\t<div class=\"team_popup_left_side_area-2336\">\n\t\t\t\t\t\t\t\t\t\t\t\t\t<div class=\"team_popup_left_side_area_img-2336\">\n\t\t\t\t\t\t\t\t\t\t\t\t\t\t<img src=\"https:\/\/latec.uff.br\/mba\/wp-content\/uploads\/2021\/08\/2018-09-14-16.24.55-Julio-Cesar-Bispo-Neves-1.jpg\" alt=\"\" \/>\n\t\t\t\t\t\t\t\t\t\t\t\t\t<\/div>\n\t\t\t\t\t\t\t\t\t\t\t\t\t<div class=\"team_popup_contact_area-2336\">\n\t\t\t\t\t\t\t\t\t\t\t\t\t\t<span class=\"cemail\"><a style=\"text-align: center;    display: block;    background: #f2f2f2;    font-weight: bold;    padding: 20px;\" href=\"mailto:juliobispo@id.uff.br\">juliobispo@id.uff.br<\/a><\/span>\n\t\t\t\t\t\t\t\t\t\t\t\t\t\t<span class=\"cemail\"><\/span>\n\t\t\t\t\t\t\t\t\t\t\t\t\t\t<span class=\"cemail\"><\/span>\n\t\t\t\t\t\t\t\t\t\t\t\t\t<\/div>\n\t\t\t\t\t\t\t\t\t\t\t\t\t<ul class=\"team-manager-popup-items-social-2336\"><li><a style=\"width:auto;color:#1e73be;border: 1px solid #1e73be;    padding: 10px 20px;    height: auto;margin-top: 10px;\" target=\"_blank\" href=\"http:\/\/lattes.cnpq.br\/3997944008477885\" class=\"fa fa-link\"> Lattes<\/a><\/li><li><a style=\"color:#1e73be;width:auto;border: 1px solid #1e73be;    padding: 10px 20px;    height: auto;margin-top: 10px;\" target=\"_blank\" href=\"https:\/\/www.linkedin.com\/in\/j%C3%BAlio-c%C3%A9sar-bispo-neves-d-sc-38b52424\/\" class=\"fa fa-linkedin\"> LinkedIn<\/a><\/li><\/ul>\n\t\t\t\t\t\t\t\t\t\t\t\t<\/div>\n\t\t\t\t\t\t\t\t\t\t\t\t<div class=\"team_popup_right_side_area-2336\">\n\t\t\t\t\t\t\t\t\t\t\t\t\t<p><span data-sheets-value=\"{&quot;1&quot;:2,&quot;2&quot;:&quot;\u00c9 professor adjunto do Departamento de Engenharia de Produ\u00e7\u00e3o da Universidade Federal Fluminense. Possui Gradua\u00e7\u00e3o em Desenho Industrial - Projeto de Produto (2000), Especializa\u00e7\u00e3o em Ergonomia pelo GENTE\/COPPE\/UFRJ (2002), Mestrado em Engenharia de Produ\u00e7\u00e3o pela COPPE\/UFRJ (2002) e Doutorado em Engenharia de Produ\u00e7\u00e3o pela COPPE\/UFRJ (2014). \u00c9 ergonomista certificado pela ABERGO foi gestor de Ergonomia para a Michelin Am\u00e9rida do Sul entre 2003 e 2012. Os principais temas de interesse s\u00e3o: An\u00e1lise do Trabalho em Sistemas Sociot\u00e9cnicos Complexos (Ergonomia, Organiza\u00e7\u00e3o do Trabalho, Gest\u00e3o de Sa\u00fade e Seguran\u00e7a do Trabalho, Resili\u00eancia), Inova\u00e7\u00e3o e Gest\u00e3o do Conhecimento e Engenharia do Produto.&quot;}\" data-sheets-userformat=\"{&quot;2&quot;:513,&quot;3&quot;:{&quot;1&quot;:0},&quot;12&quot;:0}\">\u00c9 professor adjunto do Departamento de Engenharia de Produ\u00e7\u00e3o da Universidade Federal Fluminense. Possui Gradua\u00e7\u00e3o em Desenho Industrial &#8211; Projeto de Produto (2000), Especializa\u00e7\u00e3o em Ergonomia pelo GENTE\/COPPE\/UFRJ (2002), Mestrado em Engenharia de Produ\u00e7\u00e3o pela COPPE\/UFRJ (2002) e Doutorado em Engenharia de Produ\u00e7\u00e3o pela COPPE\/UFRJ (2014). \u00c9 ergonomista certificado pela ABERGO foi gestor de Ergonomia para a Michelin Am\u00e9rida do Sul entre 2003 e 2012. Os principais temas de interesse s\u00e3o: An\u00e1lise do Trabalho em Sistemas Sociot\u00e9cnicos Complexos (Ergonomia, Organiza\u00e7\u00e3o do Trabalho, Gest\u00e3o de Sa\u00fade e Seguran\u00e7a do Trabalho, Resili\u00eancia), Inova\u00e7\u00e3o e Gest\u00e3o do Conhecimento e Engenharia do Produto.<\/span><\/p>\n\n\t\t\t\t\t\t\t\t\t\t\t\t<\/div>\n\t\t\t\t\t\t\t\t\t\t\t<\/div>\n\t\t\t\t\t\t\t\t\t\t<\/div>\n\t\t\t\t\t\t\t\t\t<\/div>\n\t\t\t\t\t\t\t\t\t<div class=\"team-manager-free-items-style3-teamprofile-2336\">\n\t\t\t\t\t\t\t\t\t\t<h3 class=\"team-manager-free-items-style3-post-title-2336\">J\u00falio C\u00e9sar Bispo Neves<\/h3>\n\t\t\t\t\t\t\t\t\t\t<span class=\"team-manager-free-items-style3-post-2336\"><\/span>\n\t\t\t\t\t\t\t\t\t\t\t<ul class=\"team-manager-free-items-style3-team-social-2336\"><li><a style=\"width:auto;color:#1e73be;border: 1px solid #1e73be;    padding: 10px 20px;    height: auto;margin-top: 10px;\" target=\"_blank\" href=\"http:\/\/lattes.cnpq.br\/3997944008477885\" class=\"fa fa-link\"> Lattes<\/a><\/li><li><a style=\"color:#1e73be;width:auto;border: 1px solid #1e73be;    padding: 10px 20px;    height: auto;margin-top: 10px;\" target=\"_blank\" href=\"https:\/\/www.linkedin.com\/in\/j%C3%BAlio-c%C3%A9sar-bispo-neves-d-sc-38b52424\/\" class=\"fa fa-linkedin\"> LinkedIn<\/a><\/li><\/ul>\n\t\t\t\t\t\t\t\t\t<\/div>\n\t\t\t\t\t\t\t\t<\/div>\t\t\t\t\n\t\t\t\t\t\t\t<\/div>\n\t\t\t\t\t\t\t<div class=\"teamshowcasefree-col-lg-4 teamshowcasefree-col-md-2 teamshowcasefree-col-sm-2 teamshowcasefree-col-xs-1\">\t\t\t\t\t\t\n\t\t\t\t\t\t\t\t<div class=\"team-manager-free-items-style3-2336\">\n\t\t\t\t\t\t\t\t\t<div class=\"team-manager-free-items-style3-pic-2336\" style=\"background: url(https:\/\/latec.uff.br\/mba\/wp-content\/uploads\/2023\/08\/Carlos-coutinho.jpg);background-size: 100%;\n    background-position: center center;\">\n\t\t\t\t\t\t\t\t\t\t<!--<img src=\"https:\/\/latec.uff.br\/mba\/wp-content\/uploads\/2023\/08\/Carlos-coutinho.jpg\" alt=\"\" \/> -->\n\t\t\t\t\t\t\t\t\t\t<a href=\"#\" data-featherlight=\"#fl11232628389\" class=\"pic-bottom\"><\/a>\n\t\t\t\t\t\t\t\t\t\t<div class=\"lightbox\" id=\"fl11232628389\">\n\t\t\t\t\t\t\t\t\t\t\t<div class=\"team_popup_container-2336\">\n\t\t\t\t\t\t\t\t\t\t\t\t<h2>Carlos Roberto Coutinho de Souza<\/h2>\n\t\t\t\t\t\t\t\t\t\t\t\t<div class=\"team_popup_left_side_area-2336\">\n\t\t\t\t\t\t\t\t\t\t\t\t\t<div class=\"team_popup_left_side_area_img-2336\">\n\t\t\t\t\t\t\t\t\t\t\t\t\t\t<img src=\"https:\/\/latec.uff.br\/mba\/wp-content\/uploads\/2023\/08\/Carlos-coutinho.jpg\" alt=\"\" \/>\n\t\t\t\t\t\t\t\t\t\t\t\t\t<\/div>\n\t\t\t\t\t\t\t\t\t\t\t\t\t<div class=\"team_popup_contact_area-2336\">\n\t\t\t\t\t\t\t\t\t\t\t\t\t\t<span class=\"cemail\"><a style=\"text-align: center;    display: block;    background: #f2f2f2;    font-weight: bold;    padding: 20px;\" href=\"mailto:crobertocoutinho@yahoo.com.br\">crobertocoutinho@yahoo.com.br<\/a><\/span>\n\t\t\t\t\t\t\t\t\t\t\t\t\t\t<span class=\"cemail\"><\/span>\n\t\t\t\t\t\t\t\t\t\t\t\t\t\t<span class=\"cemail\"><\/span>\n\t\t\t\t\t\t\t\t\t\t\t\t\t<\/div>\n\t\t\t\t\t\t\t\t\t\t\t\t\t<ul class=\"team-manager-popup-items-social-2336\"><li><a style=\"width:auto;color:#1e73be;border: 1px solid #1e73be;    padding: 10px 20px;    height: auto;margin-top: 10px;\" target=\"_blank\" href=\"http:\/\/lattes.cnpq.br\/6252321905897001\" class=\"fa fa-link\"> Lattes<\/a><\/li><li><a style=\"color:#1e73be;width:auto;border: 1px solid #1e73be;    padding: 10px 20px;    height: auto;margin-top: 10px;\" target=\"_blank\" href=\"https:\/\/www.linkedin.com\/in\/carlos-roberto-coutinho-de-souza-2b8242246\/\" class=\"fa fa-linkedin\"> LinkedIn<\/a><\/li><\/ul>\n\t\t\t\t\t\t\t\t\t\t\t\t<\/div>\n\t\t\t\t\t\t\t\t\t\t\t\t<div class=\"team_popup_right_side_area-2336\">\n\t\t\t\t\t\t\t\t\t\t\t\t\t<p>Mestre em Sistema de Gest\u00e3o de Seguran\u00e7a do Trabalho e Sa\u00fade Ocupacional &#8211; UFF\/RJ (2002), Engenheiro Qu\u00edmico &#8211; UERJ\/RJ (1975), Engenheiro de Seguran\u00e7a do Trabalho &#8211; Univ. Souza Marques (1979); MBA em Administra\u00e7\u00e3o de Empresas &#8211; PDG\/IBMEC; MBA em Planejamento Estrat\u00e9gico AD.ESG\/UFF. Professor Convidado do LATEC &#8211; UFF\/RJ dos Cursos: P\u00f3s Gradua\u00e7\u00e3o de Engenharia de Seguran\u00e7a; &#8211; MBA em Gest\u00e3o de Neg\u00f3cios Sustent\u00e1veis; Mestrado Profissional Sistema de Gest\u00e3o; Professor Convidado dos Cursos ?In Company? do IBMEC, Gest\u00e3o de Seguran\u00e7a e Sa\u00fade. Professor Convidado dos Cursos ?In Company? da Funda\u00e7\u00e3o Dom Cabral FDC, Gest\u00e3o de Seguran\u00e7a e Sa\u00fade. Especialista em Gest\u00e3o da Seguran\u00e7a, Sa\u00fade e Meio Ambiente; Especialista em Gerenciamento de Riscos Industriais. Ex-Presidente da ABPA &#8211; Associa\u00e7\u00e3o Brasileira para Preven\u00e7\u00e3o de Acidentes; Co-autor do livro Normas Regulamentadoras Comentadas 2\u00aa ed\/2000; Co-autor do Manual T\u00e9cnico de Qualifica\u00e7\u00e3o em SMS para os Empregados Prestadores de Servi\u00e7os da Petrobras &#8211; 2004; Autor do Manual Ferramentas de Dire\u00e7\u00e3o Segura ? FDS, para o E&amp;P ? SMS Corp. da Petrobras 2007. Avaliador do Pr\u00eamio Gest\u00e3o de SMS da Petrobras 2007 e 2008; S\u00f3cio-Diretor da CRC Consultoria SMS &#8211; Seguran\u00e7a, Meio Ambiente e Sa\u00fade<\/p>\n\n\t\t\t\t\t\t\t\t\t\t\t\t<\/div>\n\t\t\t\t\t\t\t\t\t\t\t<\/div>\n\t\t\t\t\t\t\t\t\t\t<\/div>\n\t\t\t\t\t\t\t\t\t<\/div>\n\t\t\t\t\t\t\t\t\t<div class=\"team-manager-free-items-style3-teamprofile-2336\">\n\t\t\t\t\t\t\t\t\t\t<h3 class=\"team-manager-free-items-style3-post-title-2336\">Carlos Roberto Coutinho de Souza<\/h3>\n\t\t\t\t\t\t\t\t\t\t<span class=\"team-manager-free-items-style3-post-2336\"><\/span>\n\t\t\t\t\t\t\t\t\t\t\t<ul class=\"team-manager-free-items-style3-team-social-2336\"><li><a style=\"width:auto;color:#1e73be;border: 1px solid #1e73be;    padding: 10px 20px;    height: auto;margin-top: 10px;\" target=\"_blank\" href=\"http:\/\/lattes.cnpq.br\/6252321905897001\" class=\"fa fa-link\"> Lattes<\/a><\/li><li><a style=\"color:#1e73be;width:auto;border: 1px solid #1e73be;    padding: 10px 20px;    height: auto;margin-top: 10px;\" target=\"_blank\" href=\"https:\/\/www.linkedin.com\/in\/carlos-roberto-coutinho-de-souza-2b8242246\/\" class=\"fa fa-linkedin\"> LinkedIn<\/a><\/li><\/ul>\n\t\t\t\t\t\t\t\t\t<\/div>\n\t\t\t\t\t\t\t\t<\/div>\t\t\t\t\n\t\t\t\t\t\t\t<\/div><\/div><\/div><div class=\"clearfix\"><\/div><\/div>\n\t\t\t\t<\/div>\n\t\t\t\t<\/div>\n\t\t\t\t\t<\/div>\n\t\t<\/div>\n\t\t\t\t\t\t\t<\/div>\n\t\t<\/section>\n\t\t\t\t<section class=\"elementor-section elementor-top-section elementor-element elementor-element-0967137 elementor-hidden-desktop elementor-hidden-tablet elementor-hidden-phone elementor-section-boxed elementor-section-height-default elementor-section-height-default\" data-id=\"0967137\" data-element_type=\"section\">\n\t\t\t\t\t\t<div class=\"elementor-container elementor-column-gap-default\">\n\t\t\t\t\t<div class=\"elementor-column elementor-col-100 elementor-top-column elementor-element elementor-element-b2012df\" data-id=\"b2012df\" data-element_type=\"column\">\n\t\t\t<div class=\"elementor-widget-wrap elementor-element-populated\">\n\t\t\t\t\t\t\t\t<div class=\"elementor-element elementor-element-5d18dbc elementor-invisible elementor-widget elementor-widget-text-editor\" data-id=\"5d18dbc\" data-element_type=\"widget\" data-settings=\"{&quot;_animation&quot;:&quot;fadeInUp&quot;}\" data-widget_type=\"text-editor.default\">\n\t\t\t\t<div class=\"elementor-widget-container\">\n\t\t\t\t\t\t\t\t<ul><li class=\"rtejustify\"><strong>Antonio Luiz Peres<\/strong>,\u00a0<strong>D.Sc.<\/strong><\/li><\/ul><ul><li class=\"rtejustify\"><strong>Carlos Roberto Coutinho de Souza<\/strong>,\u00a0<strong>M.Sc.<\/strong>\u00a0Mestre em Sistema de Gest\u00e3o de Seguran\u00e7a e Sa\u00fade Ocupacional, UFF\/RJ; Engenheiro\u00a0 Qu\u00edmico, UERJ; Engenheiro de Seguran\u00e7a do Trabalho, FTESM; MBA em Administra\u00e7\u00e3o de Empresas, PDG\/IBMEC; MBA Planejamento Estrat\u00e9gico, AD\/ESG; Professor do MBA Gest\u00e3o de Neg\u00f3cios Sustent\u00e1veis, UFF\/RJ; Professor da P\u00f3s Gradua\u00e7\u00e3o de Engenharia de Seguran\u00e7a, UFF\/RJ; Professor Convidado dos Cursos \u00cfn Company\u201d do IBMEC; Professor Convidado da Funda\u00e7\u00e3o Dom Cabral \u2013 FDC; Ex- Presidente e atual Diretor da ABPA \u2013 Associa\u00e7\u00e3o Brasileira de Preven\u00e7\u00e3o de Acidentes; S\u00f3cio-Diretor da CRC Consultoria e Assessoria Seguran\u00e7a do Trabalho e Meio Ambiente; Ex-Gestor de Seguran\u00e7a, Sa\u00fade e Emerg\u00eancias da Bayer (18 anos); Gestor de Seguran\u00e7a e Meio Ambiente da Piraqu\u00ea; Co-autor do livro Normas Regulamentadoras Comentadas (1999); Co-autor do Manual T\u00e9cnico e Did\u00e1tico do Projeto Corporativo de Qualifica\u00e7\u00e3o em SMS para Empregados de Empresas Prestadoras de Servi\u00e7o da Petrobr\u00e1s (2004).\u00a0<\/li><\/ul><ul><li class=\"rtejustify\"><strong>Claudia Osorio da Silva<\/strong>,\u00a0<strong>D.Sc.<\/strong>\u00a0Gradua\u00e7\u00e3o em Psicologia pela Pontif\u00edcia Universidade Cat\u00f3lica do Rio de Janeiro (1977), mestrado em Sa\u00fade P\u00fablica pela Funda\u00e7\u00e3o Oswaldo Cruz (1994), doutorado em Sa\u00fade P\u00fablica pela Funda\u00e7\u00e3o Oswaldo Cruz (2002) e p\u00f3s doutorado em Linguagem e Trabalho na Universidade Estadual do Rio de Janeiro (2009-2010). Atualmente \u00e9 professora associada do Departamento de Psicologia da Universidade Federal Fluminense, lecionando disciplinas da \u00e1rea de psicologia do trabalho. Tem experi\u00eancia na \u00e1rea de Psicologia, com \u00eanfase em sa\u00fade do trabalhador, atuando principalmente nos seguintes temas: sa\u00fade p\u00fablica, forma\u00e7\u00e3o de trabalhadores da sa\u00fade, vigil\u00e2ncia em sa\u00fade do trabalhador, processo de trabalho em sa\u00fade, subjetividade e trabalho. Pesquisador do grupo de trabalho : Modos de vida e trabalho, na ANPEPP.<\/li><\/ul><ul><li class=\"rtejustify\"><strong>Dicler de Almeida Ferreira<\/strong>, Engenheiro de Seguran\u00e7a do Trabalho.<\/li><\/ul><ul><li class=\"rtejustify\"><strong>Fernando Toledo Ferraz<\/strong>,\u00a0<strong>D.Sc.<\/strong>\u00a0Professor Associado do Departamento de Engenharia de Produ\u00e7\u00e3o da UFF, com atua\u00e7\u00e3o no Programa de P\u00f3s-Gradua\u00e7\u00e3o em Engenharia de Produ\u00e7\u00e3o e no Mestrado em Sistemas de Gest\u00e3o da mesma Universidade. Possui gradua\u00e7\u00e3o em Engenharia de Produ\u00e7\u00e3o pela Escola de Engenharia (1988), mestrado em Engenharia de Produ\u00e7\u00e3o pelo Instituto Alberto Luiz Coimbra de P\u00f3s Gradua\u00e7\u00e3o e Pesquisa de Engenharia (1991) e doutorado em Engenharia de Produ\u00e7\u00e3o pela Universidade Federal do Rio de Janeiro (1999). Tem experi\u00eancia na \u00e1rea de Engenharia de Produ\u00e7\u00e3o, com \u00eanfase em Ergonomia, Qualidade e Gest\u00e3o da Inova\u00e7\u00e3o e Desenvolvimento Local. \u00c1reas de interesse e atua\u00e7\u00e3o: Ergonomia, seguran\u00e7a, gest\u00e3o de pessoas e inova\u00e7\u00e3o e desenvolvimento sustent\u00e1vel.<\/li><\/ul><ul><li class=\"rtejustify\"><strong>Gilson Brito Alves Lima<\/strong>,\u00a0<strong>D.Sc.<\/strong>\u00a0Possui Gradua\u00e7\u00e3o em Engenharia Civil (1988), Especializa\u00e7\u00e3o em Engenharia de Seguran\u00e7a do Trabalho (1995), Extens\u00e3o em Gest\u00e3o Ambiental Empresarial (1995), Extens\u00e3o em Ciclo de Estudos de Pol\u00edticas e Estrat\u00e9gia (1996), Mestrado em Engenharia Civil (1992) e Doutorado em Engenharia de Produ\u00e7\u00e3o (2000). Professor Associado do Departamento de Engenharia de Produ\u00e7\u00e3o da Universidade Federal Fluminense. Coordenador do Curso de Especializa\u00e7\u00e3o em Engenharia de Seguran\u00e7a do Trabalho; Sub-Coordenador do Programa de Doutorado em Sistemas de Gest\u00e3o Sustent\u00e1veis. Atua nas \u00e1reas de Ensino, Pesquisa e Extens\u00e3o, atrav\u00e9s de projetos de forma\u00e7\u00e3o e desenvolvimento tecnol\u00f3gico, com \u00eanfase nos seguintes temas da Gest\u00e3o Industrial: Seguran\u00e7a, Meio Ambiente, Riscos e Manuten\u00e7\u00e3o.<\/li><\/ul><ul><li class=\"rtejustify\"><strong>Helton Luiz Santana Oliveira<\/strong>,\u00a0<strong>D.Sc.**<\/strong>\u00a0\u00c9 graduado em ENGENHARIA MEC\u00c2NICA pela Universidade de Bras\u00edlia (1994). Tem Especializa\u00e7\u00e3o em ENGENHARIA DE SEGURAN\u00c7A DO TRABALHO pela UNIFENAS (1998), Especializa\u00e7\u00e3o em AC\u00daSTICA APLICADA AO CONTROLE DE RU\u00cdDOS pela UFSC (2013), p\u00f3s-gradua\u00e7\u00e3o em AN\u00c1LISE, AVALIA\u00c7\u00c3O E GERENCIAMENTO DE RISCOS pela UFRJ (2004), MESTRADO PROFISSIONALIZANTE EM SISTEMAS DE GEST\u00c3O pela UFF (2005) e atualmente \u00e9 aluno do curso de DOUTORADO EM ENGENHARIA DE PRODU\u00c7\u00c3O na UFF. Possui experi\u00eancia na \u00e1rea de Engenharia de Mec\u00e2nica e de Produ\u00e7\u00e3o, com \u00eanfase em Higiene e Seguran\u00e7a do Trabalho, atuando principalmente nos seguintes temas: Seguran\u00e7a de processo, An\u00e1lise de riscos industriais, Engenharia de Confiabilidade, Manuten\u00e7\u00e3o centrada em confiabilidade, Efici\u00eancia produtiva, Integridade de ativos e Inspe\u00e7\u00e3o de equipamentos est\u00e1ticos (Caldeiras, Vasos de Press\u00e3o, Tubula\u00e7\u00f5es, Tanques de Armazenamento, Fornos e Permutadores de Calor). \u00c9 Engenheiro de Seguran\u00e7a S\u00eanior da Petrobras admitido por concurso p\u00fablico em 2002, e exerceu a Coordena\u00e7\u00e3o de SMS (2007 a 2011) e a Ger\u00eancia Setorial de implementa\u00e7\u00e3o de programas de capacita\u00e7\u00e3o nas \u00e1reas de Seguran\u00e7a, Meio Ambiente, Efici\u00eancia energ\u00e9tica e Sa\u00fade (2011 a 2016) ambos na UNIVERSIDADE PETROBRAS. Atualmente atua no staff da ger\u00eancia de Qualifica\u00e7\u00e3o e Confiabilidade da \u00e1rea de Compet\u00eancias T\u00e9cnicas de Po\u00e7os e Sondagem da Petrobras, conduzindo estudos de riscos e confiabilidade de equipamentos de po\u00e7os mar\u00edtimos. Atua externamente como professor convidado das seguintes institui\u00e7\u00f5es de ensino superior: Universidade Federal Fluminense (UFF\/LATEC &amp; UFF\/LABCEO) desde 2006, da Universidade Federal do Rio de Janeiro (UFRJ\/COPPE\/LabOceano &#8211; Laborat\u00f3rio de Educa\u00e7\u00e3o Continuada Offshore e do UFRJ\/Gestore: N\u00facleo de Pesquisa em Sistemas e Gest\u00e3o de Engenharia) desde 2010, do IBP- Instituto Brasileiro de Petr\u00f3leo, G\u00e1s e Biocombust\u00edveis desde 2010, da PUC-Rio (Departamento de Engenharia de Materiais) desde 2014 e do IPETEC &#8211; Instituto de Pesquisa, Educa\u00e7\u00e3o e Tecnologia (Ex-FUNCEFET-RJ) vinculado \u00e0 Universidade Cat\u00f3lica de Petr\u00f3polis, desde 2009. \u00c9 membro efetivo da SOBRAC &#8211; Sociedade Brasileira de Ac\u00fastica, membro efetivo da ABEPRO &#8211; Associa\u00e7\u00e3o Brasileira de Engenharia de Produ\u00e7\u00e3o. \u00c9 membro efetivo e integrante do conselho fiscal (gest\u00e3o 2017-2018) da ABRISCO &#8211; Associa\u00e7\u00e3o Brasileira de An\u00e1lise de Riscos, Confiabilidade e Seguran\u00e7a de Processo.<\/li><\/ul><ul><li class=\"rtejustify\"><strong>James Hall<\/strong>,\u00a0<strong>D.Sc.**<\/strong>\u00a0Possui gradua\u00e7\u00e3o em Engenharia Civil pela Universidade Federal Fluminense (1982) e mestrado em Engenharia Civil pela Universidade Federal Fluminense (2001). Atualmente cursa o Doutorado na mesma institui\u00e7\u00e3o e, \u00e9 engenheiro civil da Universidade Federal Fluminense, acumulando o cargo de professor universit\u00e1rio na gradua\u00e7\u00e3o da citada universidade e, atuando ainda como professor na p\u00f3s-gradua\u00e7\u00e3o n\u00edvel lato sensu. Leciona em diversos cursos lato sensu dentro da \u00e1rea. Tem experi\u00eancia na \u00e1rea de Engenharia Civil, com \u00eanfase em Seguran\u00e7a do Trabalho, atuando principalmente nos seguintes temas: gest\u00e3o de riscos, competitividade, administra\u00e7\u00e3o da produ\u00e7\u00e3o, higiene e seguran\u00e7a do trabalho, atuando, ainda, na inciativa privada como consultor t\u00e9cnico e avaliador em empreendimentos da constru\u00e7\u00e3o. Como linhas de pesquisa principais, cita-se: 1) Modelagem em gest\u00e3o de riscos na Constru\u00e7\u00e3o Civil;2) Modelagem para gest\u00e3o da seguran\u00e7a do trabalho, com \u00eanfase em procedimentos;3)Modelagem para gest\u00e3o de servi\u00e7os, \u00eanfase em clientes, para a Constru\u00e7\u00e3o Civil.<\/li><\/ul><ul><li class=\"rtejustify\"><strong>Leandro Erthal<\/strong>,\u00a0<strong>D.Sc<\/strong>. Possui doutorado em Programa de P\u00f3s-Gradua\u00e7\u00e3o em Tecnologia de Process pela Escola de Qu\u00edmica da UFRJ(2015). Atualmente \u00e9 Engenheiro de Seguran\u00e7a do Petr\u00f3leo Brasileiro &#8211; Rio de Janeiro &#8211; Matriz. Tem experi\u00eancia na \u00e1rea de Engenharia El\u00e9trica.<\/li><\/ul><ul><li class=\"rtejustify\"><strong>Osvaldo Luiz Gon\u00e7alves Quelhas<\/strong>,\u00a0<strong>D.Sc.<\/strong>\u00a0Bolsista de Produtividade em Pesquisa do CNPq &#8211; N\u00edvel 2 &#8211; CA PE &#8211; Engenharia de Produ\u00e7\u00e3o e de Transportes. Pr\u00eamio L\u00e1urea ao M\u00e9rito CREA RJ, 2013. Presidente da ABEPRO (Associa\u00e7\u00e3o Brasileira de Engenharia de Produ\u00e7\u00e3o) nos mandatos 2006-2007 e 2008-2009. Coordena o Latec-UFF (Laborat\u00f3rio de Tecnologia, Gest\u00e3o de Neg\u00f3cios e Meio Ambiente) . Vice -Coordenador do Mestrado Profissional em Sistemas de Gest\u00e3o do Departamento de Engenharia de Produ\u00e7\u00e3o, UFF. Coordenador do Doutorado em Sistemas de Gest\u00e3o Sustent\u00e1veis. Professor do Programa de P\u00f3s Gradua\u00e7\u00e3o em Engenharia de Produ\u00e7\u00e3o\/UFF. Membro convidado para Bancas de Doutorado e Mestrado em Institui\u00e7\u00f5es como a PUC-Rio, UNICAMP, COPPE\/UFRJ, PUC PR, UFSC, UNIFEI, UFMG, UFBa, UFAM, UFSC , UTFPr, dentre outras. Organizador e autor de diversos livros e cap\u00edtulos de livros, dentre os quais: Planejamento e Controle da Produ\u00e7\u00e3o, (Editora Elsevier Campus, 2008) finalista em 2009 do Pr\u00eamio Jabuti\/CBL C\u00e2mara Brasileira do Livro, na categoria Ci\u00eancia &amp; Tecnologia. Transpar\u00eancia nos Neg\u00f3cios e nas Organiza\u00e7\u00f5es &#8211; Os desafios de uma Gest\u00e3o para a Sustentabilidade; (Editora Atlas, 2009). Sele\u00e7\u00e3o de Fornecedores: crit\u00e9rios baseados no sistema de custeio Activity Based Costing (ABEPRO, 2006).Sustentabilidade das Organiza\u00e7\u00f5es Brasileiras (ABEPRO, 2006) e T\u00f3picos Emergentes e Desafios Metodol\u00f3gicos em Engenharia de Produ\u00e7\u00e3o: Casos, Experi\u00eancias e Proposi\u00e7\u00f5es(ABEPRO, 2009) . Autor de cap\u00edtulo do Livro: Introdu\u00e7\u00e3o \u00e0 Engenharia de Produ\u00e7\u00e3o(Elsevier-Campus, 2008), Pr\u00eamio Jabuti\/CBL C\u00e2mara Brasileira do Livro, como melhor livro na categoria Ci\u00eancia &amp; Tecnologia em 2008. Pr\u00e1ticas de Ensino de Responsabilidade Social (Editora Atlas, 2012) e Gest\u00e3o Ambiental de Unidades Produtivas (Editora Campus \/ Abepro, Cole\u00e7\u00e3o de Livros Did\u00e1ticos em Engenharia de Produ\u00e7\u00e3o), 2012. Organizador dos eventos CNEG &#8211; Congresso Nacional de Excel\u00eancia em Gest\u00e3o e INOVARSE &#8211; INOVA\u00c7\u00c3O &amp; RESPONSABILIDADE SOCIAL APLICADA, com articula\u00e7\u00e3o entre UFF, CEFET RJ, INPI, IBP, IFF CAMPOS e FIRJAN &#8211; Federa\u00e7\u00e3o das Ind\u00fastrias do Estado do Rio de Janeiro. Atua como referee em diversas revistas cient\u00edficas do pa\u00eds (Produ\u00e7\u00e3o ABEPRO; Produ\u00e7\u00e3o Online ABEPRO; BJOPM Brazilian Journal Operation Management; Gest\u00e3o e Produ\u00e7\u00e3o, UFSCar) ; Revista Sistemas &amp; Gest\u00e3o, UFF. Editor Convidado do International Journal of Environment and Sustainable Development (IJESD) , Edi\u00e7\u00e3o Especial em 2013(ISSN (Online): 1478-7466 &#8211; ISSN (Print): 1474-6778). Editor Convidado para edi\u00e7\u00e3o especial, em 2013 , do Social Responsibility Journal (ISSN: 1747-1117), 2013. Editor do BJOPM Brazilian Journal Operation Management ABEPRO. Coordenador de Projetos de Pesquisa e Desenvolvimento da ANEEL. Membro efetivo da Comiss\u00e3o de Responsabilidade Social do IBP &#8211; Instituto Brasileiro de Petr\u00f3leo, G\u00e1s e Biocombust\u00edveis. Possui gradua\u00e7\u00e3o em Engenharia Civil pela Universidade Federal Fluminense (1978), Mestrado em Engenharia Civil pela Universidade Federal Fluminense (1984), Doutorado em Engenharia de Produ\u00e7\u00e3o pela COPPE(1994 &#8211; UFRJ Universidade Federal do Rio de Janeiro ) e atividades de P\u00f3s-Doutorado na Universidade do Minho (Portugal. 2005), Campus Guimar\u00e3es.<\/li><\/ul><ul><li class=\"rtejustify\"><strong>Paulo C\u00e9sar Pulitini Campos<\/strong>,\u00a0<strong>M.Sc.\u00a0<\/strong>M\u00e9dico formado pela Universidade Federal Fluminense \u2013 UFF &#8211; (1976); P\u00f3s Gradua\u00e7\u00e3o em Medicina do Trabalho (1978) Universidade Gama Filho; T\u00edtulo de Especialista em Medicina do Trabalho em concurso da Associa\u00e7\u00e3o Nacional de Medicina do Trabalho \u2013 ANAMT \u2013\u00a0 e registro no CRM RJ; Mestrado em Sistema de Gest\u00e3o na \u00e1rea de Sa\u00fade e Seguran\u00e7a do Trabalho pelo LATEC \/ UFF (2005 -2007); Titular da cadeira 60 da Academia Nacional de Medicina do Trabalho. Membro Titular da Associa\u00e7\u00e3o Nacional de Medicina do Trabalho. P\u00f3s Gradua\u00e7\u00e3o em Acupuntura pelo Instituto de Acupuntura do Rio de Janeiro atualmente n\u00e3o mais praticando essa especialidade. Especialista em Medicina Legal \u2013 Perito Legista da Secretaria de Seguran\u00e7a P\u00fablica do Governo do Estado do Rio de Janeiro -1978 at\u00e9 2010 aposentado tempo de servi\u00e7o Medico plantonista do setor de Pronto Socorro em diferentes cl\u00ednicas e hospitais.\u00a0 Atendimento em ambulat\u00f3rios de empresas\/ind\u00fastrias de diferentes portes e segmentos econ\u00f4micos, realizando o atendimento emergencial e de rotina assistencial e ocupacional desde 1978. Gerente M\u00e9dico e M\u00e9dico do Trabalho da AGA S.A. (multinacional sueca da ind\u00fastria qu\u00edmica) onde organizamos o SESMT e implantamos o sistema de sa\u00fade ocupacional em todas as unidades da empresa no Brasil. Gerenciava 4 m\u00e9dicos coordenadores do trabalho distribu\u00eddos conforme sua \u00e1rea geogr\u00e1fica de atua\u00e7\u00e3o com cobertura em quase todos os estados brasileiros &#8211; 1983 at\u00e9 2000 (17 anos); Gerente M\u00e9dico respons\u00e1vel pela elabora\u00e7\u00e3o, implanta\u00e7\u00e3o e acompanhamento da qualidade e da sinistralidade do Plano de Assist\u00eancia M\u00e9dica de Auto Gest\u00e3o da AGA S.A. nas unidades que apresentavam concentra\u00e7\u00e3o populacional compat\u00edvel com a abordagem do plano (regi\u00f5es metropolitanas de S\u00e3o Paulo, Rio de Janeiro, Belo Horizonte e Recife). O plano oferecia uma cobertura total em regime ambulatorial\/consult\u00f3rios e interna\u00e7\u00f5es. Tamb\u00e9m era responsabilidade do cargo gerenciar a revis\u00e3o e o pagamento das faturas que eram apresentadas pelos prestadores de servi\u00e7os. (1983 at\u00e9 2000). Elabora\u00e7\u00e3o\/Implanta\u00e7\u00e3o do Plano de Assist\u00eancia M\u00e9dica &#8211; Auto Gest\u00e3o da ALCOA(Pe); Professor do PROMINP &#8211; Programa de Mobiliza\u00e7\u00e3o da Ind\u00fastria Nacional de Petr\u00f3leo e G\u00e1s Natural &#8211; PETROBRAS-UFF nas disciplinas: Sa\u00fade do Trabalhador &#8211; Primeiros Socorros &#8211; Riscos e Insalubridade \u2013 para Engenheiros de Campo; Autor do livro: &#8211; Primeiros Socorros para Leigos &#8211; (junho de 2000) Autor do trabalho: NR 7 Comentada, publicado como parte do livro: Normas Regulamentadoras Comentadas (1\u00aa, 2\u00aa e 3\u00aa edi\u00e7\u00f5es &#8211; 2002-) de outros autores. Ex-presidente da Sociedade Fluminense de Medicina do Trabalho e membro do Conselho Superior de Presidentes. Trabalhos em Congressos e Semin\u00e1rios: Stress e Qualidade de Vida; Acupuntura no Tratamento dos DORT-LER; Dificuldades Administrativas na Implanta\u00e7\u00e3o do PCMSO. Larga experi\u00eancia na administra\u00e7\u00e3o e terceiriza\u00e7\u00e3o de ambulat\u00f3rios m\u00e9dico-odontol\u00f3gico em empresas, para o atendimento eletivo e de urg\u00eancia, com\u00a0 treinamento de uma Brigada de Primeiros Socorros com base no ITLS. Implanta\u00e7\u00e3o de programas de orienta\u00e7\u00e3o e controle do Tabagismo, Hipertens\u00e3o Arterial, Diabetes, Obesidade\/Dislipidemias, Controle do Stress, AIDS-DST, C\u00e2ncer do homem e da mulher; Drogas l\u00edcitas e il\u00edcitas; Acidentes dom\u00e9sticos; Amamenta\u00e7\u00e3o e Controle da Natalidade, Sexo e Prazer dentre outras. Larga experi\u00eancia como perito judicial e assistente t\u00e9cnico em per\u00edcia trabalhista. Conhecimento em Higiene Ocupacional relativa \u00e1s metodologias de avalia\u00e7\u00e3o quantitativa de agentes ambientais f\u00edsicos e qu\u00edmicos. L\u00edngua estrangeiras: ingl\u00eas com n\u00edvel intermedi\u00e1rio b\u00e1sico e espanhol regular para leitura e compreens\u00e3o Atividades Atuais; Diretor T\u00e9cnico e m\u00e9dico do trabalho atuante da COMET Consultoria em Medicina e Seguran\u00e7a do Trabalho Ltda, com matriz na Rua Senador Dantas n\u00ba117, conjunto 1741, Centro, Rio de Janeiro telefone 21- 22628769, fundada em junho de 1991, com clientes e parceiros de m\u00e9dio e grande porte de diferentes atividades econ\u00f4micas. Professor do curso de P\u00f3s Gradua\u00e7\u00e3o de Engenharia de Seguran\u00e7a do Trabalho da Universidade Federal Fluminense &#8211; LATEC \u2013 disciplina: Ambiente e as Doen\u00e7as Relacionadas ao Trabalho. Curso de ITLS advanced com validade at\u00e9 novembro\/2015 \u2013 Renovado em 02\/09\/15. M\u00e9dico do Trabalho participante das equipes m\u00e9dicas que atuam nas empresas parceiras. Atualmente em atividades nas unidades: Faet (Noventa) \u2013 Ind\u00fastria termo-pl\u00e1stica\u00a0 &#8211; eletrodom\u00e9sticos \u2013 In\u00edcio 1996; Farmoqu\u00edmica (FQM) \u2013 Ind\u00fastria Farmac\u00eautica \u2013 in\u00edcio 1997; UTC Engenharia &#8211; base Niter\u00f3i e base Maca\u00e9 Tecab \u2013 Ind\u00fastria de Constru\u00e7\u00e3o e Montagem Mec\u00e2nica \u2013 In\u00edcio 2002; Sun Chemical \u2013 Ind\u00fastria Qu\u00edmica \u2013 in\u00edcio 2006; Master Frio \u2013 Ind\u00fastria Mec\u00e2nica \u2013 Refrigeradores e Filtros de \u00e1gua \u2013 in\u00edcio 2012 anos; Civil Master \u2013 Constru\u00e7\u00e3o civil especializada em atividades utilizando escaladores In\u00edcio em 2014; Silimed \u2013 Ind\u00fastria Qu\u00edmica \u2013 l\u00edder na produ\u00e7\u00e3o de pr\u00f3teses de silicone \u2013 IN\u00cdCIO 2015<\/li><\/ul><ul><li class=\"rtejustify\"><strong>Ricardo Abranches Felix Cardoso J\u00fanior<\/strong>,\u00a0<strong>D.Sc.<\/strong>\u00a0Possui Gradua\u00e7\u00e3o em Engenharia Agr\u00edcola e Ambiental pela Universidade Federal Fluminense &#8211; UFF &#8211; (2005), Mestrado em Engenharia de Transportes pelo Instituto Militar de Engenharia &#8211; IME &#8211; (2007), p\u00f3s-graduado em Engenharia de Seguran\u00e7a do Trabalho &#8211; UFF &#8211; (2009) e Doutorado em Planejamento Energ\u00e9tico pelo Programa de Planejamento Energ\u00e9tico da COPPE\/UFRJ (2014). Atualmente \u00e9 Coordenador de Projetos da Concremat Ambiental; Professor Adjunto I da Universidade Federal Fluminense (Gradua\u00e7\u00e3o de Engenharia de Recursos H\u00eddricos e Meio Ambiente, P\u00f3s-gradua\u00e7\u00e3o de Engenharia de Seguran\u00e7a do Trabalho). Tem experi\u00eancia nas \u00e1reas de Engenharia Ambiental, Engenharia de Seguran\u00e7a do Trabalho, Licenciamento Ambiental, Auditoria, Per\u00edcia, Avalia\u00e7\u00e3o de Desempenho, Setor Energia, Engenharia de Transportes, Recursos H\u00eddricos, Hidr\u00e1ulica, Desenvolvimento de Produtos Sustent\u00e1veis, Processos Produtivos Sustent\u00e1veis e Silvicultura.<\/li><\/ul><ul><li class=\"rtejustify\"><strong>Ricardo Pereira Mattos<\/strong>,\u00a0<strong>M.Sc.<\/strong>\u00a0Possui gradua\u00e7\u00e3o em ENGENHARIA EL\u00c9TRICA pela UFRJ &#8211; Universidade Federal do Rio de Janeiro (1991) e p\u00f3s-gradua\u00e7\u00e3o em ENGENHARIA DE SEGURAN\u00c7A DO TRABALHO pela PUC-RIO &#8211; Pontif\u00edcia Universidade Cat\u00f3lica do Rio de Janeiro (1996). Mestrado Profissional em Sistemas de Gest\u00e3o de Seguran\u00e7a do Trabalho, na UFF &#8211; Universidade Federal Fluminense. \u00c9 Engenheiro de Seguran\u00e7a da PETROBRAS &#8211; Petr\u00f3leo Brasileiro S\/A, atuando como Gerente Setorial de Seguran\u00e7a e Meio Ambiente, dos Servi\u00e7os Compartilhados. Tamb\u00e9m atua como docente de cursos de forma\u00e7\u00e3o e de aperfei\u00e7oamento em SMS &#8211; Seguran\u00e7a, Meio ambiente e Sa\u00fade na Universidade Petrobras. Professor convidado da Universidade C\u00e2ndido Mendes e da Universidade Federal Fluminense (UFF) nos cursos de p\u00f3s-gradua\u00e7\u00e3o em Engenharia de Seguran\u00e7a do Trabalho. Mant\u00e9m, desde 1996, um portal de informa\u00e7\u00f5es na Internet, voltado \u00e0 Seguran\u00e7a e Sa\u00fade no Trabalho, contendo resumos, artigos, indica\u00e7\u00f5es bibliogr\u00e1ficas, rela\u00e7\u00f5es de endere\u00e7os eletr\u00f4nicos entre outras informa\u00e7\u00f5es relevantes, no endere\u00e7o\u00a0<a href=\"http:\/\/www.ricardomattos.com\/\">www.RicardoMattos.com<\/a>.<\/li><\/ul><ul><li class=\"rtejustify\"><strong>Silvio Carlos Andrade<\/strong>,\u00a0<strong>Esp.<\/strong>\u00a0Possui gradua\u00e7\u00e3o em Medicina pela Universidade Federal do Rio de Janeiro (1976) e gradua\u00e7\u00e3o em Qu\u00edmica pela Faculdade de Humanidades Pedro II (1988). Atualmente \u00e9 funcion\u00e1rio de Carreira T\u00edpica do Estado como Auditor do Trabalho na \u00c1rea de Seguran\u00e7a e Sa\u00fade do Trabalhador do Minist\u00e9rio do Trabalho e Emprego (em vias de aposentadoria). Foi Professor convidado em cursos de P\u00f3s-gradua\u00e7\u00e3o em Medicina do Trabalho da Universidade Federal do Rio de Janeiro, da Universidade Gama Filho, e da Funda\u00e7\u00e3o S\u00e3o Camilo. Atualmente \u00e9 Professor Convidado do Curso de P\u00f3s-Gradua\u00e7\u00e3o em Engenharia de Seguran\u00e7a do Trabalho na Universidade Federal Fluminense. Colaborou, tamb\u00e9m, nos curso de MBA da UFF e da Funda\u00e7\u00e3o Get\u00falio Vargas\/RJ. Foi Coordenador Regional de Fiscaliza\u00e7\u00e3o de Estabelecimentos de Sa\u00fade e \u00c1rea Alimentar, com \u00eanfase em Riscos Biol\u00f3gicos de 2008 a 2012, tendo auditado cerca de 400 hospitais e centros m\u00e9dicos, no Rio de Janeiro, S\u00e3o Paulo, e Goi\u00e2nia. Membro das Comiss\u00f5es de elabora\u00e7\u00e3o das NR-7, desenvolvedor e implementador da NR-32 e atualmente da reformula\u00e7\u00e3o da NR-24 do Minist\u00e9rio do Trabalho. Atualmente colabora com o site Riscobiologico.org, com interven\u00e7\u00f5es e esclarecimentos.<\/li><\/ul><ul><li class=\"rtejustify\"><strong>Suzana Dantas Hecksher<\/strong>,\u00a0<strong>D.Sc.<\/strong>\u00a0Professora adjunta do Departamento de Engenharia de Produ\u00e7\u00e3o da Universidade Federal Fluminense. Possui gradua\u00e7\u00e3o em Engenharia Mec\u00e2nica pela UFRJ &#8211; Universidade Federal do Rio de Janeiro (1997), mestrado em Engenharia de Produ\u00e7\u00e3o pela COPPE\/UFRJ (2002) e doutorado em Engenharia de Produ\u00e7\u00e3o pela COPPE\/UFRJ (2007). Atua em pesquisa, projeto e gest\u00e3o de sistemas s\u00f3cio-t\u00e9cnicos, principalmente nos seguintes temas: ergonomia e fatores humanos, organiza\u00e7\u00e3o do trabalho, inova\u00e7\u00e3o, estrat\u00e9gia e gest\u00e3o da qualidade.<\/li><\/ul><ul><li class=\"rtejustify\"><strong>Ueldo da Silva Macedo<\/strong>,\u00a0<strong>M.Sc.\u00a0<\/strong>Possui gradua\u00e7\u00e3o em Engenharia Mec\u00e2nica pela Funda\u00e7\u00e3o T\u00e9cnico-Educacional Souza Marques (1991), especializa\u00e7\u00e3o em Engenharia de Seguran\u00e7a do Trabalho pela Universidade Federal Fluminense (2005) e especializa\u00e7\u00e3o em Engenharia de Seguran\u00e7a Aplicada a Projetos de Explora\u00e7\u00e3o &amp; Produ\u00e7\u00e3o (mar\u00e7o\/2013). Est\u00e1 cursando o Mestrado Profissional em Sistemas de Gest\u00e3o (Stricto Sensu) da Universidade Federal Fluminense. Atualmente \u00e9 Engenheiro de Seguran\u00e7a do Trabalho da PETROBRAS &#8211; Petr\u00f3leo Brasileiro, atuando como orientador did\u00e1tico e docente da Universidade Petrobras. \u00c9 docente convidado da UFF na Especializa\u00e7\u00e3o em Engenharia de Seguran\u00e7a do Trabalho na disciplina de Prote\u00e7\u00e3o Contra Inc\u00eandio. Tem experi\u00eancia na \u00e1rea de Seguran\u00e7a Industrial, atuando principalmente nas seguintes tem\u00e1ticas: Prote\u00e7\u00e3o Contra Inc\u00eandios, Gerenciamento de Risco, Seguran\u00e7a de Processos e Seguran\u00e7a em Espa\u00e7os Confinados.<\/li><\/ul><p>\u00a0<\/p><p>\u00a0<\/p><p>\u00a0<\/p><p>\u00a0<\/p><p>\u00a0<\/p><p>\u00a0<\/p><p>\u00a0<\/p>\t\t\t\t\t\t<\/div>\n\t\t\t\t<\/div>\n\t\t\t\t\t<\/div>\n\t\t<\/div>\n\t\t\t\t\t\t\t<\/div>\n\t\t<\/section>\n\t\t\t\t<section class=\"elementor-section elementor-top-section elementor-element elementor-element-f8bc5d2 elementor-section-boxed elementor-section-height-default elementor-section-height-default\" data-id=\"f8bc5d2\" data-element_type=\"section\">\n\t\t\t\t\t\t<div class=\"elementor-container elementor-column-gap-default\">\n\t\t\t\t\t<div class=\"elementor-column elementor-col-100 elementor-top-column elementor-element elementor-element-b5592ee\" data-id=\"b5592ee\" data-element_type=\"column\">\n\t\t\t<div class=\"elementor-widget-wrap elementor-element-populated\">\n\t\t\t\t\t\t\t\t<div class=\"elementor-element elementor-element-29b460c elementor-widget elementor-widget-text-editor\" data-id=\"29b460c\" data-element_type=\"widget\" data-widget_type=\"text-editor.default\">\n\t\t\t\t<div class=\"elementor-widget-container\">\n\t\t\t\t\t\t\t\t<p><span style=\"font-size: 16px;\">(*) Mestrando (**) Doutorando<\/span><\/p>\t\t\t\t\t\t<\/div>\n\t\t\t\t<\/div>\n\t\t\t\t\t<\/div>\n\t\t<\/div>\n\t\t\t\t\t\t\t<\/div>\n\t\t<\/section>\n\t\t\t\t\t\t<\/div>\n\t\t\t\t\t<\/div>\n\t\t","protected":false},"excerpt":{"rendered":"<p>ESPECIALIZA\u00c7\u00c3O Engenharia de Seguran\u00e7a do Trabalho In\u00edcio A definir Hor\u00e1rio S\u00e1bado Local Escola de Engenharia &#8211; UFF Sobreo curso \u00a0 A Universidade Federal Fluminense conta com o reconhecimento p\u00fablico pela compet\u00eancia no treinamento em Engenharia de Seguran\u00e7a do Trabalho. \u00a0 P\u00fablico Alvo O curso \u00e9 dirigido apenas a Engenheiros Plenos ou Arquitetos, conforme Lei n\u00ba. &hellip;<\/p>\n<p class=\"read-more\"> <a class=\"\" href=\"https:\/\/latec.uff.br\/mba\/team_mf\/carlos-roberto-coutinho-de-souza\/\"> <span class=\"screen-reader-text\">Carlos Roberto Coutinho de Souza<\/span> Leia mais &raquo;<\/a><\/p>\n","protected":false},"author":1,"featured_media":0,"parent":0,"menu_order":0,"comment_status":"closed","ping_status":"closed","template":"","meta":{"om_disable_all_campaigns":false},"_links":{"self":[{"href":"https:\/\/latec.uff.br\/mba\/wp-json\/wp\/v2\/pages\/1886"}],"collection":[{"href":"https:\/\/latec.uff.br\/mba\/wp-json\/wp\/v2\/pages"}],"about":[{"href":"https:\/\/latec.uff.br\/mba\/wp-json\/wp\/v2\/types\/page"}],"author":[{"embeddable":true,"href":"https:\/\/latec.uff.br\/mba\/wp-json\/wp\/v2\/users\/1"}],"replies":[{"embeddable":true,"href":"https:\/\/latec.uff.br\/mba\/wp-json\/wp\/v2\/comments?post=1886"}],"version-history":[{"count":50,"href":"https:\/\/latec.uff.br\/mba\/wp-json\/wp\/v2\/pages\/1886\/revisions"}],"predecessor-version":[{"id":8518,"href":"https:\/\/latec.uff.br\/mba\/wp-json\/wp\/v2\/pages\/1886\/revisions\/8518"}],"wp:attachment":[{"href":"https:\/\/latec.uff.br\/mba\/wp-json\/wp\/v2\/media?parent=1886"}],"curies":[{"name":"wp","href":"https:\/\/api.w.org\/{rel}","templated":true}]}}