{"id":4394,"date":"2024-05-02T00:24:05","date_gmt":"2024-05-02T03:24:05","guid":{"rendered":"https:\/\/latec.uff.br\/msg\/?page_id=4394"},"modified":"2026-03-10T15:20:16","modified_gmt":"2026-03-10T18:20:16","slug":"edital-com-inscricoes-encerradas","status":"publish","type":"page","link":"https:\/\/latec.uff.br\/msg\/edital-com-inscricoes-encerradas\/","title":{"rendered":"Edital com Inscri\u00e7\u00f5es Encerradas"},"content":{"rendered":"\t\t<div data-elementor-type=\"wp-page\" data-elementor-id=\"4394\" class=\"elementor elementor-4394\">\n\t\t\t\t\t\t\t\t\t<section class=\"elementor-section elementor-top-section elementor-element elementor-element-6f17fc0 elementor-section-boxed elementor-section-height-default elementor-section-height-default\" data-id=\"6f17fc0\" data-element_type=\"section\" data-settings=\"{&quot;background_background&quot;:&quot;slideshow&quot;,&quot;background_slideshow_gallery&quot;:[{&quot;id&quot;:2956,&quot;url&quot;:&quot;https:\\\/\\\/latec.uff.br\\\/msg\\\/wp-content\\\/uploads\\\/2022\\\/04\\\/5_Easy-Resize.com_.jpg&quot;}],&quot;background_slideshow_loop&quot;:&quot;yes&quot;,&quot;background_slideshow_slide_duration&quot;:5000,&quot;background_slideshow_slide_transition&quot;:&quot;fade&quot;,&quot;background_slideshow_transition_duration&quot;:500}\">\n\t\t\t\t\t\t\t<div class=\"elementor-background-overlay\"><\/div>\n\t\t\t\t\t\t\t<div class=\"elementor-container elementor-column-gap-no\">\n\t\t\t\t\t<div class=\"elementor-column elementor-col-100 elementor-top-column elementor-element elementor-element-a00af66\" data-id=\"a00af66\" data-element_type=\"column\">\n\t\t\t<div class=\"elementor-widget-wrap elementor-element-populated\">\n\t\t\t\t\t\t\t\t<div class=\"elementor-element elementor-element-1162bbb elementor-widget elementor-widget-heading\" data-id=\"1162bbb\" data-element_type=\"widget\" data-widget_type=\"heading.default\">\n\t\t\t\t<div class=\"elementor-widget-container\">\n\t\t\t<style>\/*! elementor - v3.7.8 - 02-10-2022 *\/\n.elementor-heading-title{padding:0;margin:0;line-height:1}.elementor-widget-heading .elementor-heading-title[class*=elementor-size-]>a{color:inherit;font-size:inherit;line-height:inherit}.elementor-widget-heading .elementor-heading-title.elementor-size-small{font-size:15px}.elementor-widget-heading .elementor-heading-title.elementor-size-medium{font-size:19px}.elementor-widget-heading .elementor-heading-title.elementor-size-large{font-size:29px}.elementor-widget-heading .elementor-heading-title.elementor-size-xl{font-size:39px}.elementor-widget-heading .elementor-heading-title.elementor-size-xxl{font-size:59px}<\/style><h1 class=\"elementor-heading-title elementor-size-default\">Edital com Inscri\u00e7\u00f5es Encerradas<\/h1>\t\t<\/div>\n\t\t\t\t<\/div>\n\t\t\t\t\t<\/div>\n\t\t<\/div>\n\t\t\t\t\t\t\t<\/div>\n\t\t<\/section>\n\t\t\t\t<section class=\"elementor-section elementor-top-section elementor-element elementor-element-760f4c5 elementor-section-full_width elementor-section-height-default elementor-section-height-default\" data-id=\"760f4c5\" data-element_type=\"section\">\n\t\t\t\t\t\t<div class=\"elementor-container elementor-column-gap-no\">\n\t\t\t\t\t<div class=\"elementor-column elementor-col-100 elementor-top-column elementor-element elementor-element-5842bef\" data-id=\"5842bef\" data-element_type=\"column\">\n\t\t\t<div class=\"elementor-widget-wrap elementor-element-populated\">\n\t\t\t\t\t\t\t\t<section class=\"elementor-section elementor-inner-section elementor-element elementor-element-1e07566 elementor-section-full_width elementor-section-height-default elementor-section-height-default\" data-id=\"1e07566\" data-element_type=\"section\" data-settings=\"{&quot;background_background&quot;:&quot;classic&quot;}\">\n\t\t\t\t\t\t<div class=\"elementor-container elementor-column-gap-no\">\n\t\t\t\t\t<div class=\"elementor-column elementor-col-100 elementor-inner-column elementor-element elementor-element-e5d0f34\" data-id=\"e5d0f34\" data-element_type=\"column\" data-settings=\"{&quot;background_background&quot;:&quot;classic&quot;}\">\n\t\t\t<div class=\"elementor-widget-wrap elementor-element-populated\">\n\t\t\t\t\t\t\t\t<div class=\"elementor-element elementor-element-931c30d elementor-widget elementor-widget-text-editor\" data-id=\"931c30d\" data-element_type=\"widget\" data-widget_type=\"text-editor.default\">\n\t\t\t\t<div class=\"elementor-widget-container\">\n\t\t\t<style>\/*! elementor - v3.7.8 - 02-10-2022 *\/\n.elementor-widget-text-editor.elementor-drop-cap-view-stacked .elementor-drop-cap{background-color:#818a91;color:#fff}.elementor-widget-text-editor.elementor-drop-cap-view-framed .elementor-drop-cap{color:#818a91;border:3px solid;background-color:transparent}.elementor-widget-text-editor:not(.elementor-drop-cap-view-default) .elementor-drop-cap{margin-top:8px}.elementor-widget-text-editor:not(.elementor-drop-cap-view-default) .elementor-drop-cap-letter{width:1em;height:1em}.elementor-widget-text-editor .elementor-drop-cap{float:left;text-align:center;line-height:1;font-size:50px}.elementor-widget-text-editor .elementor-drop-cap-letter{display:inline-block}<\/style>\t\t\t\t\t\t\t\t\t\t<\/div>\n\t\t\t\t<\/div>\n\t\t\t\t\t<\/div>\n\t\t<\/div>\n\t\t\t\t\t\t\t<\/div>\n\t\t<\/section>\n\t\t\t\t\t<\/div>\n\t\t<\/div>\n\t\t\t\t\t\t\t<\/div>\n\t\t<\/section>\n\t\t\t\t<section class=\"elementor-section elementor-top-section elementor-element elementor-element-5d62010 elementor-section-boxed elementor-section-height-default elementor-section-height-default\" data-id=\"5d62010\" data-element_type=\"section\">\n\t\t\t\t\t\t<div class=\"elementor-container elementor-column-gap-no\">\n\t\t\t\t\t<div class=\"elementor-column elementor-col-100 elementor-top-column elementor-element elementor-element-3e0b6ed\" data-id=\"3e0b6ed\" data-element_type=\"column\">\n\t\t\t<div class=\"elementor-widget-wrap elementor-element-populated\">\n\t\t\t\t\t\t\t\t<div class=\"elementor-element elementor-element-ed2a6bc elementor-widget elementor-widget-heading\" data-id=\"ed2a6bc\" data-element_type=\"widget\" data-widget_type=\"heading.default\">\n\t\t\t\t<div class=\"elementor-widget-container\">\n\t\t\t<h2 class=\"elementor-heading-title elementor-size-default\">Edital com Inscri\u00e7\u00f5es Encerradas\n<\/h2>\t\t<\/div>\n\t\t\t\t<\/div>\n\t\t\t\t<section class=\"elementor-section elementor-inner-section elementor-element elementor-element-28858d7 elementor-section-boxed elementor-section-height-default elementor-section-height-default\" data-id=\"28858d7\" data-element_type=\"section\">\n\t\t\t\t\t\t<div class=\"elementor-container elementor-column-gap-default\">\n\t\t\t\t\t<div class=\"elementor-column elementor-col-100 elementor-inner-column elementor-element elementor-element-a3d81e2\" data-id=\"a3d81e2\" data-element_type=\"column\">\n\t\t\t<div class=\"elementor-widget-wrap elementor-element-populated\">\n\t\t\t\t\t\t\t\t<div class=\"elementor-element elementor-element-d04ec3f elementor-widget elementor-widget-heading\" data-id=\"d04ec3f\" data-element_type=\"widget\" data-widget_type=\"heading.default\">\n\t\t\t\t<div class=\"elementor-widget-container\">\n\t\t\t<h2 class=\"elementor-heading-title elementor-size-default\">EDITAL 01\/2025 - INSCRI\u00c7\u00d5ES ENCERRADAS<\/h2>\t\t<\/div>\n\t\t\t\t<\/div>\n\t\t\t\t<div class=\"elementor-element elementor-element-988e433 elementor-widget elementor-widget-text-editor\" data-id=\"988e433\" data-element_type=\"widget\" data-widget_type=\"text-editor.default\">\n\t\t\t\t<div class=\"elementor-widget-container\">\n\t\t\t\t\t\t\t<ul><li><a href=\"https:\/\/latec.uff.br\/msg\/wp-content\/uploads\/2025\/05\/Edital_MPSG_01_2025_assinado.pdf\" target=\"_blank\" rel=\"noopener\"><b>EDITAL MPSG, N\u00ba 01\/2025 &#8211; TURMA REGULAR<\/b><\/a><\/li><li><a href=\"https:\/\/latec.uff.br\/msg\/wp-content\/uploads\/2025\/05\/ANEXOS-Edital-MPSG-01_2025.docx\" target=\"_blank\" rel=\"noopener\"><b>ANEXOS &#8211; EDITAL<\/b>\u00a0<b>MPSG, N\u00ba 01\/2025<\/b><\/a><\/li><\/ul><p><span style=\"font-weight: bold;\">Entre em contato para maiores informa\u00e7\u00f5es!<\/span><\/p><ul><li><a href=\"https:\/\/drive.google.com\/file\/d\/1Lrgp8Nep0NG88fyWo5fm52QbyUCFQ4n0\/view?usp=sharing\" target=\"_blank\" rel=\"noopener\">Divulga\u00e7\u00e3o do Resultado Final ap\u00f3s an\u00e1lise dos recursos<\/a><\/li><li><a href=\"https:\/\/drive.google.com\/file\/d\/1b9ltWMdySqpeaDYwZaXc4J5tJaIeqoJ6\/view?usp=sharing\" target=\"_blank\" rel=\"noopener\">Divulga\u00e7\u00e3o do Resultado Final<\/a><\/li><li><a href=\"https:\/\/drive.google.com\/file\/d\/1GCL1cki9tVJcz8GAXaAE53DPk3wU9ZAa\/view?usp=sharing\" target=\"_blank\" rel=\"noopener\">Resultado, ap\u00f3s an\u00e1lise dos recursos, da 3\u00aa Etapa (classificat\u00f3ria) Analise do Plano de trabalho<\/a><\/li><li><a href=\"https:\/\/drive.google.com\/file\/d\/1CuTNzYmb98Mskxww3eAJUTkM8G_DUoau\/view?usp=sharing\" target=\"_blank\" rel=\"noopener\">Resultado preliminar da 3\u00aa Etapa (classificat\u00f3ria) An\u00e1lise do Plano de Trabalho<\/a><\/li><li><a href=\"https:\/\/drive.google.com\/file\/d\/1jSLkmP_KIDgcfP3eF4bKThBTVFUrrvFc\/view?usp=sharing\">Resultado, ap\u00f3s an\u00e1lise dos recursos, da 2\u00aa Etapa (eliminat\u00f3ria) An\u00e1lise Curricular (BAREMA)<\/a><\/li><li><a href=\"https:\/\/drive.google.com\/file\/d\/1_brf_DHH43CJgZ1swj-jJ9Yw4HD3dlZt\/view?usp=sharing\" target=\"_blank\" rel=\"noopener\">Resultado preliminar da 2\u00aa Etapa (eliminat\u00f3ria) An\u00e1lise Curricular (BAREMA)<\/a><\/li><li><a href=\"https:\/\/drive.google.com\/file\/d\/1hRGDpiBmGHp-65xJ7Hjb0aVs6da3G_KK\/view?usp=sharing\" target=\"_blank\" rel=\"noopener\">Resultado, ap\u00f3s an\u00e1lise dos recursos, da 1\u00aaEtapa (eliminat\u00f3ria) &#8211; An\u00e1lise da Documenta\u00e7\u00e3o de Inscri\u00e7\u00e3o<\/a><\/li><li><a href=\"https:\/\/drive.google.com\/file\/d\/1Qm8UXJ-Sy7SYZYGk7_OwR2C7do7wMAxX\/view?usp=sharing\" target=\"_blank\" rel=\"noopener\">Resultado preliminar da 1\u00aa Etapa (eliminat\u00f3ria) &#8211; An\u00e1lise da Documenta\u00e7\u00e3o de Inscri\u00e7\u00e3o<\/a><\/li><\/ul>\t\t\t\t\t\t<\/div>\n\t\t\t\t<\/div>\n\t\t\t\t<div class=\"elementor-element elementor-element-96881ae elementor-widget elementor-widget-heading\" data-id=\"96881ae\" data-element_type=\"widget\" data-widget_type=\"heading.default\">\n\t\t\t\t<div class=\"elementor-widget-container\">\n\t\t\t<h6 class=\"elementor-heading-title elementor-size-small\">EDITAL 02\/2025 - INSCRI\u00c7\u00d5ES ENCERRADAS EM\n  31\/10\/2025<\/h6>\t\t<\/div>\n\t\t\t\t<\/div>\n\t\t\t\t<div class=\"elementor-element elementor-element-a026c3c elementor-widget elementor-widget-text-editor\" data-id=\"a026c3c\" data-element_type=\"widget\" data-widget_type=\"text-editor.default\">\n\t\t\t\t<div class=\"elementor-widget-container\">\n\t\t\t\t\t\t\t<ul><li><a href=\"https:\/\/latec.uff.br\/msg\/wp-content\/uploads\/2025\/06\/Edital_MPSG_02_2025_FINAL_assinado.pdf\" target=\"_blank\" rel=\"noopener\"><b>EDITAL MPSG, N\u00ba 02\/2025 &#8211; TURMA SOB DEMANDA<\/b><\/a><\/li><li><a href=\"https:\/\/latec.uff.br\/msg\/wp-content\/uploads\/2025\/06\/ANEXOS-Edital-MPSG-02_2025.docx\" target=\"_blank\" rel=\"noopener\"><b>ANEXOS &#8211; EDITAL<\/b>\u00a0<b>MPSG, N\u00ba 02\/2025<\/b><\/a><\/li><li><a href=\"https:\/\/drive.google.com\/file\/d\/1KKAyTnBtiEoaIqzdRsrwIJ63XEtM5vxc\/view?usp=sharing\" target=\"_blank\" rel=\"noopener\"><strong>Aditamento com prorroga\u00e7\u00e3o das inscri\u00e7\u00f5es at\u00e9 31\/10\/2025<\/strong><\/a><\/li><\/ul><p><strong>\u00a0<\/strong><\/p><p><span style=\"font-weight: bold;\">Entre em contato para maiores informa\u00e7\u00f5es!<\/span><\/p><ul><li><a href=\"https:\/\/drive.google.com\/file\/d\/17KWMlkPLPeoiIN6NfFiyAa-HGc2pSmJZ\/view?usp=sharing\" target=\"_blank\" rel=\"noopener\">Resultado Final ap\u00f3s an\u00e1lise dos recursos<\/a><\/li><li><a href=\"https:\/\/drive.google.com\/file\/d\/1Uir_GTUIaxT7RqEG_M2m_2fLsGBMEZM0\/view?usp=sharing\" target=\"_blank\" rel=\"noopener\">Resultado Final<\/a><\/li><li><a href=\"https:\/\/drive.google.com\/file\/d\/1x7fm_luUNlMkVUimUj7lVT0qseDT723b\/view?usp=sharing\" target=\"_blank\" rel=\"noopener\">Resultado, ap\u00f3s an\u00e1lise dos recursos, da 3\u00aa Etapa (classificat\u00f3ria) &#8211; An\u00e1lise do Plano de Trabalho<\/a><\/li><li><a href=\"https:\/\/drive.google.com\/file\/d\/1TsKIW71CsDD_w_xWz7y3uhaNBgAiwEUp\/view?usp=sharing\" target=\"_blank\" rel=\"noopener\">Resultado preliminar da 3\u00aa Etapa (classificat\u00f3ria) &#8211; An\u00e1lise do Plano de Trabalho<\/a><\/li><li><a href=\"https:\/\/drive.google.com\/file\/d\/1whEvLSFfk7PdjBeR6YNPI4WoMB8f2BEG\/view?usp=sharing\" target=\"_blank\" rel=\"noopener\">Resultado, ap\u00f3s an\u00e1lise dos recursos, da 2\u00aa Etapa (classificat\u00f3ria) &#8211; An\u00e1lise Curricular (BAREMA)<\/a><\/li><li><a href=\"https:\/\/drive.google.com\/file\/d\/1vK0VpGJEp6W9HA9KoKUmwZwc2DY0xCR3\/view?usp=sharing\" target=\"_blank\" rel=\"noopener\">Resultado preliminar da 2\u00aa Etapa (classificat\u00f3ria) &#8211; An\u00e1lise Curricular (BAREMA)<\/a><\/li><li><a href=\"https:\/\/drive.google.com\/file\/d\/1zpF9GgduCOlkTDEGLjSp3XK3-yb0n0sz\/view?usp=sharing\" target=\"_blank\" rel=\"noopener\">Resultado, ap\u00f3s an\u00e1lise dos recursos, da 1\u00aa Etapa (eliminat\u00f3ria) &#8211; An\u00e1lise da Documenta\u00e7\u00e3o de Inscri\u00e7\u00e3o<\/a><\/li><li><a href=\"https:\/\/drive.google.com\/file\/d\/1wsy5nFEyj1RHLcpqfLiEa0evG21qX6i9\/view?usp=sharing\" target=\"_blank\" rel=\"noopener\">Resultado preliminar da 1\u00aa Etapa (eliminat\u00f3ria) &#8211; An\u00e1lise da Documenta\u00e7\u00e3o de Inscri\u00e7\u00e3o<\/a><\/li><\/ul><p><span style=\"font-weight: bold;\">\u00a0<\/span><\/p>\t\t\t\t\t\t<\/div>\n\t\t\t\t<\/div>\n\t\t\t\t<div class=\"elementor-element elementor-element-b10c873 elementor-widget elementor-widget-heading\" data-id=\"b10c873\" data-element_type=\"widget\" data-widget_type=\"heading.default\">\n\t\t\t\t<div class=\"elementor-widget-container\">\n\t\t\t<h2 class=\"elementor-heading-title elementor-size-default\">EDITAL 03\/2025 - INSCRI\u00c7\u00d5ES ENCERRADAS<\/h2>\t\t<\/div>\n\t\t\t\t<\/div>\n\t\t\t\t<div class=\"elementor-element elementor-element-8906b68 elementor-widget elementor-widget-text-editor\" data-id=\"8906b68\" data-element_type=\"widget\" data-widget_type=\"text-editor.default\">\n\t\t\t\t<div class=\"elementor-widget-container\">\n\t\t\t\t\t\t\t<ul><li><strong><a href=\"https:\/\/latec.uff.br\/msg\/wp-content\/uploads\/2025\/05\/EDITAL_MPSG_03_2025_ABAR___FINAL_FINAL_assinado.pdf\" target=\"_blank\" rel=\"noopener\">EDITAL MPSG n. 03\/2025<\/a> &#8211; PARA ASSOCIADOS ABAR (ASSOCIA\u00c7\u00c3O BRASILEIRA DE AG\u00caNCIAS REGULADORAS) e OUTRAS ENTIDADES AFINS<\/strong><\/li><li><a href=\"https:\/\/latec.uff.br\/msg\/wp-content\/uploads\/2025\/05\/ANEXOS-EDITAL-MPSG-03_2025-ABAR-_-FINAL.docx\" target=\"_blank\" rel=\"noopener\"><b>ANEXOS &#8211; EDITAL<\/b>\u00a0<b>MPSG, N\u00ba 03\/2025<\/b><\/a><\/li><li><a href=\"https:\/\/drive.google.com\/file\/d\/1ll6OWiWCHxElYxi0QK-8GXy0PjAMUcDs\/view?usp=sharing\" target=\"_blank\" rel=\"noopener\"><strong>Aditamento com prorroga\u00e7\u00e3o das inscri\u00e7\u00f5es at\u00e9 30\/06\/25<\/strong><\/a><\/li><\/ul><p><span style=\"font-weight: bold;\">Entre em contato para maiores informa\u00e7\u00f5es!<\/span><\/p><ul><li><a href=\"https:\/\/drive.google.com\/file\/d\/1Xwg-mvJWgVMTQDltT-1jAE6oGKTKo__f\/view?usp=sharing\" target=\"_blank\" rel=\"noopener\">Resultado Final ap\u00f3s an\u00e1lise dos recursos<\/a><\/li><li><a href=\"https:\/\/drive.google.com\/file\/d\/1EgfCbRWRkFxziFHBcR0C6QjGrSeQnBkI\/view?usp=sharing\" target=\"_blank\" rel=\"noopener\">Resultado Final<\/a><\/li><li><a href=\"https:\/\/drive.google.com\/file\/d\/1p2DrrmdpChHdJgFQPA5XSbz2ceiVgsGO\/view?usp=sharing\" target=\"_blank\" rel=\"noopener\">Resultado, ap\u00f3s an\u00e1lise dos recursos, da 3\u00aa Etapa (classificat\u00f3ria) &#8211; An\u00e1lise do Plano de Trabalho<\/a><\/li><li><a href=\"https:\/\/drive.google.com\/file\/d\/1MJr_76s9WymWsARFGMl_bQRQoevxOWK_\/view?usp=sharing\" target=\"_blank\" rel=\"noopener\">Resultado preliminar da 3\u00aa Etapa (classificat\u00f3ria) &#8211; An\u00e1lise do Plano de Trabalho<\/a><\/li><li><a href=\"https:\/\/drive.google.com\/file\/d\/1sdyDHB-10P4YyBiCa5UPgYcGakPZt8Cq\/view?usp=sharing\" target=\"_blank\" rel=\"noopener\">Resultado, ap\u00f3s an\u00e1lise dos recursos, da 2\u00aa Etapa (classificat\u00f3ria) &#8211; An\u00e1lise Curricular (BAREMA)<\/a><\/li><li><a href=\"https:\/\/drive.google.com\/file\/d\/1DEU2OtCZBmKcPpjp__jmlsYfTEkF9hOR\/view?usp=sharing\" target=\"_blank\" rel=\"noopener\">Resultado preliminar da 2\u00aa Etapa (classificat\u00f3ria) &#8211; An\u00e1lise Curricular (BAREMA)<\/a><\/li><li><a href=\"https:\/\/drive.google.com\/file\/d\/1nPZ7lgC6Q3JJbpEDFtHHGrzzUgK72GiD\/view?usp=sharing\" target=\"_blank\" rel=\"noopener\">Resultado, ap\u00f3s an\u00e1lise dos recursos, da 1\u00aa Etapa (eliminat\u00f3ria) &#8211; An\u00e1lise da Documenta\u00e7\u00e3o de Inscri\u00e7\u00e3o<\/a><\/li><li><a href=\"https:\/\/drive.google.com\/file\/d\/1gXBDoFp4_Id7RT39ZrYHjemfGwnPCG89\/view?usp=sharing\" target=\"_blank\" rel=\"noopener\">Resultado preliminar da 1\u00aa Etapa (eliminat\u00f3ria) &#8211; An\u00e1lise da Documenta\u00e7\u00e3o de Inscri\u00e7\u00e3o<\/a><\/li><\/ul>\t\t\t\t\t\t<\/div>\n\t\t\t\t<\/div>\n\t\t\t\t<div class=\"elementor-element elementor-element-af26a2a elementor-widget elementor-widget-heading\" data-id=\"af26a2a\" data-element_type=\"widget\" data-widget_type=\"heading.default\">\n\t\t\t\t<div class=\"elementor-widget-container\">\n\t\t\t<h2 class=\"elementor-heading-title elementor-size-default\">EDITAL 03\/2024 - Turma para servidores do CEFET RJ - INSCRI\u00c7\u00d5ES ENCERRADAS<\/h2>\t\t<\/div>\n\t\t\t\t<\/div>\n\t\t\t\t<div class=\"elementor-element elementor-element-2089ffa elementor-widget elementor-widget-text-editor\" data-id=\"2089ffa\" data-element_type=\"widget\" data-widget_type=\"text-editor.default\">\n\t\t\t\t<div class=\"elementor-widget-container\">\n\t\t\t\t\t\t\t<ul><li><a href=\"https:\/\/drive.google.com\/file\/d\/1Ql6Zj3E1iPMinVqhmoU_i6KeRG6hBO2W\/view?usp=sharing\" target=\"_blank\" rel=\"noopener\"><strong>EDITAL MPSG n. 03\/2024 &#8211; Turma CEFET RJ<\/strong><\/a><\/li><li><a href=\"https:\/\/latec.uff.br\/msg\/wp-content\/uploads\/2024\/07\/ANEXOS-do-Edital_MPSG_03_2024_CEFET.doc\" target=\"_blank\" rel=\"noopener\"><strong>ANEXOS &#8211; EDITAL MPSG n. 03\/2024\u00a0<\/strong><\/a><\/li><\/ul><p><span style=\"font-weight: bold;\">Entre em contato para maiores informa\u00e7\u00f5es!<\/span><strong><br \/><\/strong><\/p><ul><li><a href=\"https:\/\/drive.google.com\/file\/d\/11eFNqw4vqjMTEXD_3u8UhjEfb536S4Uh\/view?usp=sharing\" target=\"_blank\" rel=\"noopener\">Divulga\u00e7\u00e3o do Resultado Final ap\u00f3s desist\u00eancia de duas matr\u00edculas<\/a><\/li><li><a href=\"https:\/\/drive.google.com\/file\/d\/1d-wUL-tdrq_Vn_h6JRBsn7nzDJu2Twnz\/view?usp=sharing\" target=\"_blank\" rel=\"noopener\">Divulga\u00e7\u00e3o do Resultado Final ap\u00f3s desist\u00eancia de matr\u00edcula &#8211; ERRATA<\/a><\/li><li><a href=\"https:\/\/drive.google.com\/file\/d\/1dd8bFEV6FnrUnyow93QCOwBVqr7KzLtH\/view?usp=sharing\" target=\"_blank\" rel=\"noopener\">Divulga\u00e7\u00e3o do Resultado Final ap\u00f3s desist\u00eancia de matr\u00edcula &#8211; substitu\u00eddo pela ERRATA<\/a><\/li><li><a href=\"https:\/\/drive.google.com\/file\/d\/1arkHxG54ks5DYHMAB0R5omUCeS9-bNSw\/view?usp=sharing\" target=\"_blank\" rel=\"noopener\">Divulga\u00e7\u00e3o do Resultado Final ap\u00f3s an\u00e1lise dos recursos<\/a><\/li><li><a href=\"https:\/\/drive.google.com\/file\/d\/1_ecumuZLkitTyhldMleN0yn3LPGZ_3m9\/view?usp=sharing\">Divulga\u00e7\u00e3o do Resultado Final<\/a><\/li><li><a href=\"https:\/\/drive.google.com\/file\/d\/1ZZUO-if-tbf3xj4XnTXbYG0gB2pmIBPw\/view?usp=sharing\" target=\"_blank\" rel=\"noopener\">Resultado, ap\u00f3s an\u00e1lise dos recursos, da 3\u00aa Etapa &#8211; An\u00e1lise do Plano de Trabalho<\/a><\/li><li><a href=\"https:\/\/drive.google.com\/file\/d\/1XcPIVCgFUwc3WlQSjr_BY25tDJl2_7u2\/view?usp=sharing\" target=\"_blank\" rel=\"noopener\">Resultado preliminar da 3\u00aa Etapa &#8211; An\u00e1lise do Plano de Trabalho<\/a><\/li><li><a href=\"https:\/\/drive.google.com\/file\/d\/1WyC01YFZmDDPwgkrcMX3ltbPrO2T5a7o\/view?usp=sharing\" target=\"_blank\" rel=\"noopener\">Resultado, ap\u00f3s an\u00e1lise dos recursos, da 2\u00aa Etapa (classificat\u00f3ria) An\u00e1lise curricular (Barema)<\/a><\/li><li><a href=\"https:\/\/drive.google.com\/file\/d\/1WAMKl1hrGINg9JnbUyGEZfQsaApozvKH\/view?usp=sharing\" target=\"_blank\" rel=\"noopener\">Resultado preliminar da 2\u00aa Etapa (classificat\u00f3ria)\u00a0 &#8211; An\u00e1lise curricular (Barema)<\/a><\/li><li><a href=\"https:\/\/drive.google.com\/file\/d\/1VNaFLwC6_eIyLtNRk5q27_kFJ5Nk_wgd\/view?usp=sharing\" target=\"_blank\" rel=\"noopener\">Resultado, ap\u00f3s an\u00e1lise dos recursos, da 1\u00aa Etapa (eliminat\u00f3ria) &#8211; An\u00e1lise da documenta\u00e7\u00e3o de inscri\u00e7\u00e3o<\/a><\/li><li><a href=\"https:\/\/drive.google.com\/file\/d\/1U-8y2aHNpoMygijWlfCEWoECHQaJbGMX\/view?usp=sharing\" target=\"_blank\" rel=\"noopener\">Resultado preliminar da 1\u00aa Etapa (eliminat\u00f3ria) &#8211;\u00a0 An\u00e1lise da documenta\u00e7\u00e3o de inscri\u00e7\u00e3o<\/a><\/li><\/ul>\t\t\t\t\t\t<\/div>\n\t\t\t\t<\/div>\n\t\t\t\t<div class=\"elementor-element elementor-element-31107ef elementor-widget-divider--view-line elementor-widget elementor-widget-divider\" data-id=\"31107ef\" data-element_type=\"widget\" data-widget_type=\"divider.default\">\n\t\t\t\t<div class=\"elementor-widget-container\">\n\t\t\t<style>\/*! elementor - v3.7.8 - 02-10-2022 *\/\n.elementor-widget-divider{--divider-border-style:none;--divider-border-width:1px;--divider-color:#2c2c2c;--divider-icon-size:20px;--divider-element-spacing:10px;--divider-pattern-height:24px;--divider-pattern-size:20px;--divider-pattern-url:none;--divider-pattern-repeat:repeat-x}.elementor-widget-divider .elementor-divider{display:-webkit-box;display:-ms-flexbox;display:flex}.elementor-widget-divider .elementor-divider__text{font-size:15px;line-height:1;max-width:95%}.elementor-widget-divider .elementor-divider__element{margin:0 var(--divider-element-spacing);-ms-flex-negative:0;flex-shrink:0}.elementor-widget-divider .elementor-icon{font-size:var(--divider-icon-size)}.elementor-widget-divider .elementor-divider-separator{display:-webkit-box;display:-ms-flexbox;display:flex;margin:0;direction:ltr}.elementor-widget-divider--view-line_icon .elementor-divider-separator,.elementor-widget-divider--view-line_text .elementor-divider-separator{-webkit-box-align:center;-ms-flex-align:center;align-items:center}.elementor-widget-divider--view-line_icon .elementor-divider-separator:after,.elementor-widget-divider--view-line_icon .elementor-divider-separator:before,.elementor-widget-divider--view-line_text .elementor-divider-separator:after,.elementor-widget-divider--view-line_text .elementor-divider-separator:before{display:block;content:\"\";border-bottom:0;-webkit-box-flex:1;-ms-flex-positive:1;flex-grow:1;border-top:var(--divider-border-width) var(--divider-border-style) var(--divider-color)}.elementor-widget-divider--element-align-left .elementor-divider .elementor-divider-separator>.elementor-divider__svg:first-of-type{-webkit-box-flex:0;-ms-flex-positive:0;flex-grow:0;-ms-flex-negative:100;flex-shrink:100}.elementor-widget-divider--element-align-left .elementor-divider-separator:before{content:none}.elementor-widget-divider--element-align-left .elementor-divider__element{margin-left:0}.elementor-widget-divider--element-align-right .elementor-divider .elementor-divider-separator>.elementor-divider__svg:last-of-type{-webkit-box-flex:0;-ms-flex-positive:0;flex-grow:0;-ms-flex-negative:100;flex-shrink:100}.elementor-widget-divider--element-align-right .elementor-divider-separator:after{content:none}.elementor-widget-divider--element-align-right .elementor-divider__element{margin-right:0}.elementor-widget-divider:not(.elementor-widget-divider--view-line_text):not(.elementor-widget-divider--view-line_icon) .elementor-divider-separator{border-top:var(--divider-border-width) var(--divider-border-style) var(--divider-color)}.elementor-widget-divider--separator-type-pattern{--divider-border-style:none}.elementor-widget-divider--separator-type-pattern.elementor-widget-divider--view-line .elementor-divider-separator,.elementor-widget-divider--separator-type-pattern:not(.elementor-widget-divider--view-line) .elementor-divider-separator:after,.elementor-widget-divider--separator-type-pattern:not(.elementor-widget-divider--view-line) .elementor-divider-separator:before,.elementor-widget-divider--separator-type-pattern:not([class*=elementor-widget-divider--view]) .elementor-divider-separator{width:100%;min-height:var(--divider-pattern-height);-webkit-mask-size:var(--divider-pattern-size) 100%;mask-size:var(--divider-pattern-size) 100%;-webkit-mask-repeat:var(--divider-pattern-repeat);mask-repeat:var(--divider-pattern-repeat);background-color:var(--divider-color);-webkit-mask-image:var(--divider-pattern-url);mask-image:var(--divider-pattern-url)}.elementor-widget-divider--no-spacing{--divider-pattern-size:auto}.elementor-widget-divider--bg-round{--divider-pattern-repeat:round}.rtl .elementor-widget-divider .elementor-divider__text{direction:rtl}.e-container>.elementor-widget-divider{width:var(--container-widget-width,100%);--flex-grow:var(--container-widget-flex-grow,0)}<\/style>\t\t<div class=\"elementor-divider\">\n\t\t\t<span class=\"elementor-divider-separator\">\n\t\t\t\t\t\t<\/span>\n\t\t<\/div>\n\t\t\t\t<\/div>\n\t\t\t\t<\/div>\n\t\t\t\t<div class=\"elementor-element elementor-element-924e886 elementor-widget elementor-widget-heading\" data-id=\"924e886\" data-element_type=\"widget\" data-widget_type=\"heading.default\">\n\t\t\t\t<div class=\"elementor-widget-container\">\n\t\t\t<h2 class=\"elementor-heading-title elementor-size-default\">EDITAL 02\/2024<\/h2>\t\t<\/div>\n\t\t\t\t<\/div>\n\t\t\t\t<div class=\"elementor-element elementor-element-89d2f15 elementor-widget elementor-widget-text-editor\" data-id=\"89d2f15\" data-element_type=\"widget\" data-widget_type=\"text-editor.default\">\n\t\t\t\t<div class=\"elementor-widget-container\">\n\t\t\t\t\t\t\t<ul><li><strong><a href=\"https:\/\/drive.google.com\/file\/d\/148SWzGGS3i59znl7k0y_5bMR8-ktai8U\/view?usp=sharing\" target=\"_blank\" rel=\"noopener\">EDITAL MPSG n. 02\/2024<\/a> &#8211; Turma sob demanda<\/strong><\/li><li><strong><a href=\"https:\/\/latec.uff.br\/msg\/wp-content\/uploads\/2024\/02\/Anexos-ao-Edital-MPSG-02_2024.docx\">ANEXOS &#8211; EDITAL MPSG n. 02\/2024\u00a0<\/a><\/strong><\/li><li><a href=\"https:\/\/docs.google.com\/document\/d\/1CQ5agpjXb3epJwCyyetE6wIuLh2RomZ6\/edit?usp=sharing&amp;ouid=109103479126246838681&amp;rtpof=true&amp;sd=true\" target=\"_blank\" rel=\"noopener\"><strong>Novo link para emiss\u00e3o da GRU<\/strong><\/a><\/li><li><a href=\"https:\/\/drive.google.com\/file\/d\/12qXge-qQdDrK-fEVmmA5Nlf8slyoAaYt\/view?usp=sharing\" target=\"_blank\" rel=\"noopener\"><strong>Aditamento com prorroga\u00e7\u00e3o do Edital MPSG 02\/2024<\/strong><\/a><\/li><\/ul><p><b>As aulas nesta turma sob demanda e financiada por organiza\u00e7\u00f5es ocorrem \u00e0s sextas-feiras, das 18:00h \u00e0s 21:30h, e aos s\u00e1bados, das 8:30 \u00e0s 17:00h. A frequ\u00eancia de realiza\u00e7\u00e3o das aulas ser\u00e1 de 2 (dois) finais de semana consecutivos com aulas, seguido de 1 (um) final de semana sem aulas<\/b>.<\/p><p><span style=\"font-weight: bold;\">Entre em contato para maiores informa\u00e7\u00f5es!<\/span><strong><br \/><\/strong><\/p><ul><li><a href=\"https:\/\/drive.google.com\/file\/d\/1aV-wrk32GJrb6NTlOnSzVPP-X_7trSnJ\/view?usp=sharing\" target=\"_blank\" rel=\"noopener\">Divulga\u00e7\u00e3o do Resultado Final ap\u00f3s an\u00e1lise dos recursos<\/a><\/li><li><a href=\"https:\/\/drive.google.com\/file\/d\/1_bAr6HSYdFepSud3CAgMc5KMjXUhT_FT\/view?usp=sharing\" target=\"_blank\" rel=\"noopener\">Divulga\u00e7\u00e3o do Resultado Final<\/a><\/li><li><a href=\"https:\/\/drive.google.com\/file\/d\/1_7uh4LwI9vBGbB0OwlFY-FGSCzky6cHP\/view?usp=sharing\" target=\"_blank\" rel=\"noopener\">Resultado, ap\u00f3s an\u00e1lise dos recursos, da 3\u00aa Etapa (classificat\u00f3ria) &#8211; An\u00e1lise do Plano de Trabalho (PT)<\/a><\/li><li><a href=\"https:\/\/drive.google.com\/file\/d\/1ZgwoHdpy-1WsR3oMB9hx2A3Q7bEkFopL\/view?usp=sharing\" target=\"_blank\" rel=\"noopener\">Resultado preliminar da 3\u00aa Etapa (classificat\u00f3ria) &#8211; An\u00e1lise do Plano de Trabalho (PT)<\/a><\/li><li><a href=\"https:\/\/drive.google.com\/file\/d\/1YZnTvpMsssFm1tk0RyP_wM8NvmzdeqGe\/view?usp=sharing\" target=\"_blank\" rel=\"noopener\">Resultado, ap\u00f3s an\u00e1lise dos recursos, da 2\u00aaEtapa (classificat\u00f3ria) &#8211; An\u00e1lise curricular (BAREMA)<\/a><\/li><li><a href=\"https:\/\/drive.google.com\/file\/d\/1Wue0FZ-TfeplMSqh76XC9F-_xDO1gVga\/view?usp=sharing\" target=\"_blank\" rel=\"noopener\">Resultado preliminar da 2\u00aa Etapa (classificat\u00f3ria) &#8211; An\u00e1lise curricular (BAREMA)<\/a><\/li><li><a href=\"https:\/\/drive.google.com\/file\/d\/1WiyglJl5LYBuNw3XeoYMT4s-fPiwBqwX\/view?usp=sharing\" target=\"_blank\" rel=\"noopener\">Resultado, ap\u00f3s an\u00e1lise dos recursos, da 1\u00aa Etapa (eliminat\u00f3ria) &#8211; An\u00e1lise da documenta\u00e7\u00e3o de inscri\u00e7\u00e3o<\/a><\/li><li><a href=\"https:\/\/drive.google.com\/file\/d\/1WUmZjYcQIFrUfLuO2fRMGArRuoL88q1u\/view?usp=sharing\" target=\"_blank\" rel=\"noopener\">Resultado preliminar da 1\u00aa Etapa (eliminat\u00f3ria) &#8211; An\u00e1lise da documenta\u00e7\u00e3o de inscri\u00e7\u00e3o<\/a><\/li><\/ul>\t\t\t\t\t\t<\/div>\n\t\t\t\t<\/div>\n\t\t\t\t<div class=\"elementor-element elementor-element-559568f elementor-widget-divider--view-line elementor-widget elementor-widget-divider\" data-id=\"559568f\" data-element_type=\"widget\" data-widget_type=\"divider.default\">\n\t\t\t\t<div class=\"elementor-widget-container\">\n\t\t\t\t\t<div class=\"elementor-divider\">\n\t\t\t<span class=\"elementor-divider-separator\">\n\t\t\t\t\t\t<\/span>\n\t\t<\/div>\n\t\t\t\t<\/div>\n\t\t\t\t<\/div>\n\t\t\t\t<div class=\"elementor-element elementor-element-aefae64 elementor-widget elementor-widget-heading\" data-id=\"aefae64\" data-element_type=\"widget\" data-widget_type=\"heading.default\">\n\t\t\t\t<div class=\"elementor-widget-container\">\n\t\t\t<h2 class=\"elementor-heading-title elementor-size-default\">EDITAL 2024\/01<\/h2>\t\t<\/div>\n\t\t\t\t<\/div>\n\t\t\t\t<div class=\"elementor-element elementor-element-140c4e7 elementor-widget elementor-widget-text-editor\" data-id=\"140c4e7\" data-element_type=\"widget\" data-widget_type=\"text-editor.default\">\n\t\t\t\t<div class=\"elementor-widget-container\">\n\t\t\t\t\t\t\t<ul><li><strong><a href=\"https:\/\/latec.uff.br\/msg\/wp-content\/uploads\/2024\/02\/Edital_MPSG_01_2024.pdf\" target=\"_blank\" rel=\"noopener\">EDITAL MPSG n. 01\/2024<\/a> &#8211; Turma regular<\/strong><\/li><li><strong><a href=\"https:\/\/latec.uff.br\/msg\/wp-content\/uploads\/2024\/02\/Anexos-ao-Edital-MPSG-01_2024.docx\">ANEXOS &#8211; EDITAL MPSG n. 01\/2024\u00a0<\/a><\/strong><\/li><li><a href=\"https:\/\/docs.google.com\/document\/d\/1CQ5agpjXb3epJwCyyetE6wIuLh2RomZ6\/edit?usp=sharing&amp;ouid=109103479126246838681&amp;rtpof=true&amp;sd=true\" target=\"_blank\" rel=\"noopener\"><strong>Novo link para emiss\u00e3o da GRU<\/strong><\/a><b style=\"font-size: 1rem;\"><\/b><\/li><\/ul><p><b style=\"font-size: 1rem;\">\u00a0 \u00a0 \u00a0 \u00a0 \u00a0As aulas ocorrem no per\u00edodo de segunda-feira a sexta-feira, entre 08h e 22h, de forma presencial, na Escola de Engenharia da UFF.\u00a0<\/b><\/p><ul><li style=\"list-style-type: none;\"><ul><li><a href=\"https:\/\/drive.google.com\/file\/d\/1N6Z_OQlaWwkxzRjIN-KOMGJRNNVsyNOa\/view?usp=sharing\" target=\"_blank\" rel=\"noopener\">Divulga\u00e7\u00e3o do Resultado Final ap\u00f3s an\u00e1lise dos recursos<\/a><\/li><li><a href=\"https:\/\/drive.google.com\/file\/d\/1MAQV5SV9lRDYqD6WsyNNj7B5sLUyiL83\/view?usp=sharing\" target=\"_blank\" rel=\"noopener\">Divulga\u00e7\u00e3o do Resultado Final<\/a><\/li><li><a href=\"https:\/\/drive.google.com\/file\/d\/1LO5y0_IeUQFjpwL7HL05goMMZ4N2x51v\/view?usp=sharing\" target=\"_blank\" rel=\"noopener\">Resultado, ap\u00f3s recursos, da 3\u00aa Etapa (classificat\u00f3ria) &#8211; An\u00e1lise do Plano de Trabalho (PT)<\/a><\/li><li><a href=\"https:\/\/drive.google.com\/file\/d\/1KuavkXur6j3JV6Bty-jrVnk4JKQ9GYu1\/view?usp=sharing\" target=\"_blank\" rel=\"noopener\">Resultado preliminar da 3\u00aa Etapa (classificat\u00f3ria) &#8211; An\u00e1lise do Plano de Trabalho (PT)<\/a><\/li><li><a href=\"https:\/\/drive.google.com\/file\/d\/1JEVW6qcdO2w_PKOf2hMx2YZ2BUt40M8h\/view?usp=sharing\" target=\"_blank\" rel=\"noopener\">Resultado, ap\u00f3s recursos, da 2\u00aa Etapa (eliminat\u00f3ria) &#8211; An\u00e1lise Curricular (Barema)<\/a><\/li><li><a href=\"https:\/\/drive.google.com\/file\/d\/1Hh_Fwy0ajenKYM4uyrtiKUj1dnAdci_L\/view?usp=sharing\">Resultado preliminar da 2\u00aa Etapa (eliminat\u00f3ria) &#8211; An\u00e1lise Curricular (Barema)<\/a><\/li><li><strong>\u00a0<\/strong><a style=\"font-size: 16px; background-color: #ffffff;\" href=\"https:\/\/drive.google.com\/file\/d\/1GOnm-41mt-cuHXL0FjdkURI87-S-wlwU\/view?usp=sharing\" target=\"_blank\" rel=\"noopener\">Resultado preliminar da 1\u00aa Etapa (eliminat\u00f3ria) &#8211; An\u00e1lise da documenta\u00e7\u00e3o de inscri\u00e7\u00e3o<\/a><\/li><li><a href=\"https:\/\/drive.google.com\/file\/d\/1GtJ86XYzlAllzsNVSeE785jfQIhVJB-i\/view?usp=sharing\" target=\"_blank\" rel=\"noopener\">Resultado, ap\u00f3s recursos, da 1\u00aa Etapa (eliminat\u00f3ria) &#8211; An\u00e1lise da documenta\u00e7\u00e3o de inscri\u00e7\u00e3o<\/a><\/li><\/ul><\/li><\/ul>\t\t\t\t\t\t<\/div>\n\t\t\t\t<\/div>\n\t\t\t\t<div class=\"elementor-element elementor-element-b9a1e1c elementor-widget-divider--view-line elementor-widget elementor-widget-divider\" data-id=\"b9a1e1c\" data-element_type=\"widget\" data-widget_type=\"divider.default\">\n\t\t\t\t<div class=\"elementor-widget-container\">\n\t\t\t\t\t<div class=\"elementor-divider\">\n\t\t\t<span class=\"elementor-divider-separator\">\n\t\t\t\t\t\t<\/span>\n\t\t<\/div>\n\t\t\t\t<\/div>\n\t\t\t\t<\/div>\n\t\t\t\t<div class=\"elementor-element elementor-element-fca5d5a elementor-widget elementor-widget-heading\" data-id=\"fca5d5a\" data-element_type=\"widget\" data-widget_type=\"heading.default\">\n\t\t\t\t<div class=\"elementor-widget-container\">\n\t\t\t<h2 class=\"elementor-heading-title elementor-size-default\">EDITAL 2023-03<\/h2>\t\t<\/div>\n\t\t\t\t<\/div>\n\t\t\t\t<div class=\"elementor-element elementor-element-16b184a elementor-widget elementor-widget-text-editor\" data-id=\"16b184a\" data-element_type=\"widget\" data-widget_type=\"text-editor.default\">\n\t\t\t\t<div class=\"elementor-widget-container\">\n\t\t\t\t\t\t\t<p><a href=\"https:\/\/drive.google.com\/file\/d\/1InqZ8ebsKhKDkKyKEH8sjXLAZwEXomAr\/view?usp=sharing\" target=\"_blank\" rel=\"noopener\"><strong>EDITAL 03-2023<\/strong><\/a>\u00a0\u2013 TURMA REGULAR<strong> &#8211;\u00a0 INSCRI\u00c7\u00d5ES ENCERRADAS<\/strong><\/p><p>As aulas ocorrem no per\u00edodo de segunda-feira a sexta-feira, entre 08h e 22h, de forma presencial, na Escola de Engenharia da UFF. \u00a0(<a href=\"https:\/\/latec.uff.br\/msg\/wp-content\/uploads\/2023\/03\/ANEXOS-ao-Edital-MPSG-03_2023.docx\" target=\"_blank\" rel=\"noopener\">ANEXOS do EDITAL 20<\/a><a href=\"https:\/\/latec.uff.br\/msg\/wp-content\/uploads\/2023\/03\/ANEXOS-ao-Edital-MPSG-03_2023.docx\" target=\"_blank\" rel=\"noopener\">23-03)<\/a><\/p><ul><li><a href=\"https:\/\/drive.google.com\/file\/d\/1IfCb-q9p-E2SpkQFlJb18E9YgRKqVEvg\/view?usp=sharing\">Resultado Final ap\u00f3s an\u00e1lise e recursos<\/a>.<\/li><li><a href=\"https:\/\/drive.google.com\/file\/d\/18q4dZTwO1684ZuNZ7_lLBPwZFiUF94x3\/view?usp=sharing\">Divulga\u00e7\u00e3o do Resultado Final<\/a><\/li><li><a href=\"https:\/\/drive.google.com\/file\/d\/1HKbwPWGyWR0I0g9FMdRfLaamIPrMn0MZ\/view?usp=sharing\">Resultado, ap\u00f3s an\u00e1lise de recursos, referente a 3\u00aa Etapa (Classificat\u00f3ria) &#8211; An\u00e1lise do plano de trabalho.<\/a><\/li><li><a href=\"https:\/\/drive.google.com\/file\/d\/1HOjQnnOS9tKUttc1jHLaEZI9DcjZc92Z\/view?usp=sharing\">Resultado preliminar, referente a 3\u00aa Etapa (Classificat\u00f3ria) &#8211; An\u00e1lise do plano de trabalho<\/a>.<\/li><li><a href=\"https:\/\/drive.google.com\/file\/d\/1EMuyyaEYcaC3RciRvq5f1MB4pH4GTvf2\/view?usp=sharing\">Resultado, ap\u00f3s an\u00e1lise dos recursos, referente a 2\u00aa Etapa (eliminat\u00f3ria) &#8211; An\u00e1lise curricular\u00a0 (Barema).<\/a><\/li><li><a href=\"https:\/\/drive.google.com\/file\/d\/1SVoyz4BzkW32NTX2buMluDFb3aFOi3as\/view?usp=sharing\" target=\"_blank\" rel=\"noopener\">Resultado preliminar referente a 2\u00aa Etapa (eliminat\u00f3ria) &#8211; An\u00e1lise Curricular (Barema)<\/a><\/li><li><a href=\"https:\/\/drive.google.com\/file\/d\/1S-zOK5j2K82zhjZbyMKC36_717iCaFpX\/view?usp=sharing\" target=\"_blank\" rel=\"noopener\">Resultado, ap\u00f3s an\u00e1lise dos recursos, referente a 1\u00aa Etapa (Eliminat\u00f3ria) &#8211; An\u00e1lise da documenta\u00e7\u00e3o de inscri\u00e7\u00e3o<\/a><\/li><li><a href=\"https:\/\/drive.google.com\/file\/d\/17QhZuItsMcC7R0PDlE7EQrfHO3jXgcFe\/view?usp=sharing\" target=\"_blank\" rel=\"noopener\">Resultado preliminar referente a 1\u00aa Etapa (Eliminat\u00f3ria) &#8211; An\u00e1lise da documenta\u00e7\u00e3o de inscri\u00e7\u00e3o<\/a><\/li><\/ul>\t\t\t\t\t\t<\/div>\n\t\t\t\t<\/div>\n\t\t\t\t<div class=\"elementor-element elementor-element-9950fd1 elementor-widget-divider--view-line elementor-widget elementor-widget-divider\" data-id=\"9950fd1\" data-element_type=\"widget\" data-widget_type=\"divider.default\">\n\t\t\t\t<div class=\"elementor-widget-container\">\n\t\t\t\t\t<div class=\"elementor-divider\">\n\t\t\t<span class=\"elementor-divider-separator\">\n\t\t\t\t\t\t<\/span>\n\t\t<\/div>\n\t\t\t\t<\/div>\n\t\t\t\t<\/div>\n\t\t\t\t<div class=\"elementor-element elementor-element-609c94d elementor-widget elementor-widget-heading\" data-id=\"609c94d\" data-element_type=\"widget\" data-widget_type=\"heading.default\">\n\t\t\t\t<div class=\"elementor-widget-container\">\n\t\t\t<h2 class=\"elementor-heading-title elementor-size-default\">Edital 2023-02<\/h2>\t\t<\/div>\n\t\t\t\t<\/div>\n\t\t\t\t<div class=\"elementor-element elementor-element-d11ef6b elementor-widget elementor-widget-text-editor\" data-id=\"d11ef6b\" data-element_type=\"widget\" data-widget_type=\"text-editor.default\">\n\t\t\t\t<div class=\"elementor-widget-container\">\n\t\t\t\t\t\t\t<p><a href=\"https:\/\/drive.google.com\/file\/d\/1du44nF6I4S6wLiKd29_NMXF12aAisKjc\/view?usp=sharing\" target=\"_blank\" rel=\"noopener\"><strong>EDITAL 2023-02<\/strong><\/a> \u2013 TURMA SOB DEMANDA &#8211; <strong>INSCRI\u00c7\u00d5ES ENCERRADAS<\/strong><\/p><p><strong>\u00a0<\/strong>As aulas nesta turma sob demanda e financiada por organiza\u00e7\u00f5es ocorrem \u00e0s sextas-feiras, das 18:00h \u00e0s 21:30h, e aos s\u00e1bados, das 8:30 \u00e0s 17:00h. A frequ\u00eancia de realiza\u00e7\u00e3o das aulas ser\u00e1 de 2 (dois) finais de semana consecutivos com aulas, seguido de 1 (um) final de semana sem aulas.\u00a0 \u00a0(<a href=\"https:\/\/latec.uff.br\/msg\/wp-content\/uploads\/2023\/03\/ANEXOS-ao-Edital-02_2023.docx\" target=\"_blank\" rel=\"noopener\">ANEXOS do EDITAL 02-2023<\/a>)<\/p><ul><li><a href=\"https:\/\/drive.google.com\/file\/d\/1r-ms6SV541Wb2n_Ug4DWTJWCGmOpScis\/view?usp=sharing\" target=\"_blank\" rel=\"noopener\">Resultado Final ap\u00f3s an\u00e1lise de recursos<\/a><\/li><li><a href=\"https:\/\/drive.google.com\/file\/d\/1q6UxBlygzcsZ08vaut1Ulbhx4bLdW6ZF\/view?usp=sharing\" target=\"_blank\" rel=\"noopener\" data-wplink-edit=\"true\">Divulga\u00e7\u00e3o do Resultado Final<\/a><\/li><li><a href=\"https:\/\/drive.google.com\/file\/d\/1psLOA6aTqiX8LMHmotzIw80eGFVItpvl\/view?usp=sharing\" target=\"_blank\" rel=\"noopener\">Resultado, ap\u00f3s an\u00e1lise dos recursos, referente a 3\u00aa Etapa (classificat\u00f3ria) &#8211; An\u00e1lise do Plano de Trabalho<\/a><\/li><li><a href=\"https:\/\/drive.google.com\/file\/d\/1p6yqS-wkHcIYvcPoJ4RBfdqiPdW6EBrN\/view?usp=sharing\" target=\"_blank\" rel=\"noopener\">Resultado preliminar, referente a 3\u00aa Etapa (classificat\u00f3ria) &#8211; An\u00e1lise do Plano de Trabalho<\/a><\/li><li><a href=\"https:\/\/drive.google.com\/file\/d\/1orgYCC9gXWEeY8oJtxLSqPBDo3UjzqD8\/view?usp=sharing\" target=\"_blank\" rel=\"noopener\">Resultado, ap\u00f3s an\u00e1lise dos recursos referente a 2\u00aa Etapa (classificat\u00f3ria) &#8211; An\u00e1lise Curricular (Barema)<\/a><\/li><li><a style=\"font-size: 16px; background-color: #ffffff;\" href=\"https:\/\/drive.google.com\/file\/d\/1ogMpnHNF0ceOasIUoYCSwFPlK-pWVamW\/view?usp=sharing\" target=\"_blank\" rel=\"noopener\">Resultado preliminar referente a 2\u00aa Etapa (classificat\u00f3ria) \u2013 An\u00e1lise Curricular (Barema)<\/a><\/li><li><a href=\"https:\/\/drive.google.com\/file\/d\/1oNLJbhgsPMFbYHBxjQ5aB4vQIc-MZeez\/view?usp=sharing\" target=\"_blank\" rel=\"noopener\">Resultado, ap\u00f3s an\u00e1lise dos recursos, referente a 1\u00aa Etapa (Eliminat\u00f3ria) &#8211; An\u00e1lise da documenta\u00e7\u00e3o de inscri\u00e7\u00e3o<\/a><\/li><li><a href=\"https:\/\/drive.google.com\/file\/d\/1o4r7p-2wGWNarm_ufK5EBk3RfTJXYneh\/view?usp=sharing\" target=\"_blank\" rel=\"noopener\">Resultado preliminar referente a 1\u00aa Etapa (Eliminat\u00f3ria) &#8211; An\u00e1lise da documenta\u00e7\u00e3o de inscri\u00e7\u00e3o<\/a><\/li><\/ul>\t\t\t\t\t\t<\/div>\n\t\t\t\t<\/div>\n\t\t\t\t<div class=\"elementor-element elementor-element-43ed1b0 elementor-widget-divider--view-line elementor-widget elementor-widget-divider\" data-id=\"43ed1b0\" data-element_type=\"widget\" data-widget_type=\"divider.default\">\n\t\t\t\t<div class=\"elementor-widget-container\">\n\t\t\t\t\t<div class=\"elementor-divider\">\n\t\t\t<span class=\"elementor-divider-separator\">\n\t\t\t\t\t\t<\/span>\n\t\t<\/div>\n\t\t\t\t<\/div>\n\t\t\t\t<\/div>\n\t\t\t\t<div class=\"elementor-element elementor-element-5c32cca elementor-widget elementor-widget-heading\" data-id=\"5c32cca\" data-element_type=\"widget\" data-widget_type=\"heading.default\">\n\t\t\t\t<div class=\"elementor-widget-container\">\n\t\t\t<h2 class=\"elementor-heading-title elementor-size-default\">Edital 2022-02<\/h2>\t\t<\/div>\n\t\t\t\t<\/div>\n\t\t\t\t<div class=\"elementor-element elementor-element-7b47dbb elementor-widget elementor-widget-text-editor\" data-id=\"7b47dbb\" data-element_type=\"widget\" data-widget_type=\"text-editor.default\">\n\t\t\t\t<div class=\"elementor-widget-container\">\n\t\t\t\t\t\t\t<ul><li><a href=\"https:\/\/latec.uff.br\/msg\/wp-content\/uploads\/2022\/12\/8.-Divulgacao-do-Resultado-Final_apos-recursos.pdf\"><b>Resultado Final ap\u00f3s an\u00e1lise dos recursos<\/b><\/a><\/li><li><a href=\"https:\/\/latec.uff.br\/msg\/wp-content\/uploads\/2022\/11\/7.-Divulgacao-do-Resultado-Final.pdf\">Divulga\u00e7\u00e3o do Resultado Final<\/a><\/li><li><a href=\"https:\/\/latec.uff.br\/msg\/wp-content\/uploads\/2022\/11\/6.-Divulgacao-do-resultado-apos-analise-do-recurso-3a-etapa-analise-do-Plano-de-Trabalho-PT-1.pdf\">Resultado, ap\u00f3s an\u00e1lise dos recursos, referente a 3\u00aa Etapa (Classificat\u00f3rio) \u2013 An\u00e1lise do Plano de Trabalho (PT)<\/a><\/li><li><a href=\"https:\/\/latec.uff.br\/msg\/wp-content\/uploads\/2022\/11\/5.-Divulgacao-do-resultado-preliminar-apos-analise-do-Plano-de-Trabalho.pdf\">Resultado preliminar referente a 3\u00aa Etapa (Classificat\u00f3rio) \u2013 An\u00e1lise do Plano de Trabalho (PT)<\/a><\/li><li><a href=\"https:\/\/latec.uff.br\/msg\/wp-content\/uploads\/2022\/11\/4.-Divulgacao-do-resultado-apos-analise-do-recurso-2a-Etapa_Analise-Curricular_Barema-1.pdf\" target=\"_blank\" rel=\"noopener\">Resultado, ap\u00f3s an\u00e1lise dos recursos, referente 2\u00aa Etapa (classificat\u00f3rio) \u2013 An\u00e1lise Curricular (Barema)<\/a><\/li><li><a href=\"https:\/\/latec.uff.br\/msg\/wp-content\/uploads\/2022\/11\/3.-Divulgacao-do-resultado-preliminar-2a-Etapa_Analise-Curricular_Barema.pdf\">Resultado preliminar referente a 2\u00aa Etapa (classificat\u00f3rio) \u2013 An\u00e1lise Curricular (Barema)<\/a><\/li><li><a href=\"https:\/\/latec.uff.br\/msg\/wp-content\/uploads\/2022\/11\/2.-Divulgacao-do-resultado-apos-analise-dos-recursos-1a-Etapa_Analise-da-doc-inscricao.pdf\">Resultado, ap\u00f3s an\u00e1lise dos recursos, referente a 1\u00aa Etapa (Eliminat\u00f3ria) &#8211; An\u00e1lise da documenta\u00e7\u00e3o de inscri\u00e7\u00e3o <\/a><\/li><li>Resultado preliminar referente a 1\u00aa Etapa (Eliminat\u00f3ria) &#8211; An\u00e1lise da documenta\u00e7\u00e3o de inscri\u00e7\u00e3o &#8211; <a href=\"https:\/\/latec.uff.br\/msg\/wp-content\/uploads\/2022\/11\/1.-Divulgacao-do-resultado-preliminar-1a-Etapa_Analise-da-doc-inscricao.pdf\">clique aqui<\/a><\/li><\/ul><p>Nesta modalidade de turma as aulas ocorrem \u00e0s sextas (noite) e s\u00e1bados (manh\u00e3 e tarde).<\/p><p class=\"rteindent1\">Leia no edital, os crit\u00e9rios para candidatura ao processo seletivo.<\/p><ul><li><strong><a href=\"https:\/\/latec.uff.br\/mestrado\/old\/sites\/default\/files\/edital_mpsg_02_2022_segundo_aditamento_bs.pdf\">Edital 2022\/02 &#8211; Turma por Contrato<\/a>\u00a0&#8211; Inscri\u00e7\u00f5es Prorrogadas at\u00e9 04\/11\/2022<\/strong><\/li><li><strong><a href=\"https:\/\/latec.uff.br\/mestrado\/old\/sites\/default\/files\/edital_mpsg_02_2022_anexos_0.docx\">ANEXOS\u00a0<\/a>do edital 2022\/02<\/strong><\/li><\/ul><p>Obs: As informa\u00e7\u00f5es constantes no site n\u00e3o desobrigam o candidato de realizar a leitura completa do edital.<\/p>\t\t\t\t\t\t<\/div>\n\t\t\t\t<\/div>\n\t\t\t\t\t<\/div>\n\t\t<\/div>\n\t\t\t\t\t\t\t<\/div>\n\t\t<\/section>\n\t\t\t\t\t<\/div>\n\t\t<\/div>\n\t\t\t\t\t\t\t<\/div>\n\t\t<\/section>\n\t\t\t\t\t\t\t<\/div>\n\t\t","protected":false},"excerpt":{"rendered":"<p>Edital com Inscri\u00e7\u00f5es Encerradas Edital com Inscri\u00e7\u00f5es Encerradas EDITAL 01\/2025 &#8211; INSCRI\u00c7\u00d5ES ENCERRADAS EDITAL MPSG, N\u00ba 01\/2025 &#8211; TURMA REGULAR ANEXOS &#8211; EDITAL\u00a0MPSG, N\u00ba 01\/2025 Entre em contato para maiores informa\u00e7\u00f5es! Divulga\u00e7\u00e3o do Resultado Final ap\u00f3s an\u00e1lise dos recursos Divulga\u00e7\u00e3o do Resultado Final Resultado, ap\u00f3s an\u00e1lise dos recursos, da 3\u00aa Etapa (classificat\u00f3ria) Analise do Plano &hellip;<\/p>\n<p class=\"read-more\"> <a class=\"\" href=\"https:\/\/latec.uff.br\/msg\/edital-com-inscricoes-encerradas\/\"> <span class=\"screen-reader-text\">Edital com Inscri\u00e7\u00f5es Encerradas<\/span> Leia mais &raquo;<\/a><\/p>\n","protected":false},"author":5,"featured_media":0,"parent":0,"menu_order":0,"comment_status":"closed","ping_status":"closed","template":"","meta":{"om_disable_all_campaigns":false,"_mi_skip_tracking":false,"_monsterinsights_sitenote_active":false,"_monsterinsights_sitenote_note":"","_monsterinsights_sitenote_category":0,"_expiration-date-status":"","_expiration-date":0,"_expiration-date-type":"","_expiration-date-categories":[],"_expiration-date-options":[]},"_links":{"self":[{"href":"https:\/\/latec.uff.br\/msg\/wp-json\/wp\/v2\/pages\/4394"}],"collection":[{"href":"https:\/\/latec.uff.br\/msg\/wp-json\/wp\/v2\/pages"}],"about":[{"href":"https:\/\/latec.uff.br\/msg\/wp-json\/wp\/v2\/types\/page"}],"author":[{"embeddable":true,"href":"https:\/\/latec.uff.br\/msg\/wp-json\/wp\/v2\/users\/5"}],"replies":[{"embeddable":true,"href":"https:\/\/latec.uff.br\/msg\/wp-json\/wp\/v2\/comments?post=4394"}],"version-history":[{"count":128,"href":"https:\/\/latec.uff.br\/msg\/wp-json\/wp\/v2\/pages\/4394\/revisions"}],"predecessor-version":[{"id":5110,"href":"https:\/\/latec.uff.br\/msg\/wp-json\/wp\/v2\/pages\/4394\/revisions\/5110"}],"wp:attachment":[{"href":"https:\/\/latec.uff.br\/msg\/wp-json\/wp\/v2\/media?parent=4394"}],"curies":[{"name":"wp","href":"https:\/\/api.w.org\/{rel}","templated":true}]}}